{"id":9263,"date":"2022-11-24T15:09:47","date_gmt":"2022-11-24T15:09:47","guid":{"rendered":"https:\/\/italchamber.qc.ca\/events\/abruzzo-wine-resto-week\/"},"modified":"2024-10-11T19:36:17","modified_gmt":"2024-10-11T19:36:17","slug":"abruzzo-wine-resto-week","status":"publish","type":"event","link":"https:\/\/italchamber.qc.ca\/it\/events\/abruzzo-wine-resto-week\/","title":{"rendered":"Abruzzo Wine Resto Week"},"content":{"rendered":"<div>\n<div class=\"flexible-intro\">\n<p>In recent decades, Abruzzo viticulture has made significant progress in terms of quality growth. Thanks to the constant and omnipresent work of development of the territory and its indigenous vineyards carried out by a new generation of producers, its\u00a0<strong>wines receive continuous recognition both in Italy and abroad<\/strong>, registering an increasingly keen interest from the markets.<\/p>\n<\/div>\n<\/div>\n<div>\n<div class=\"flexible-col-desc\">\n<p>Quebec customers will be able to taste the region\u2019s wines with the \u201c<strong>Abruzzo Wine Resto Week<\/strong>\u201c, an initiative proposed by the\u00a0<a href=\"https:\/\/www.vinidabruzzo.it\/en\/\" target=\"_blank\" rel=\"noopener\">Consorzio Tutela Vini D\u2019Abruzzo<\/a>\u00a0to promote the brand and increase awareness of Abruzzo wines among Quebec consumers.<\/p>\n<p>From\u00a0<strong>November 21 to 27, 2022<\/strong>, 15 selected restaurants across Quebec will offer their customers to a\u00a0<strong>selection of Abruzzo wines<\/strong>\u00a0from different producers, including Montepulciano d\u2019Abruzzo DOC, an appellation considered for several years as one of the great red grape varieties of Italy.<\/p>\n<p>The wines of Abruzzo are also part of\u00a0<a href=\"https:\/\/www.charmingtasteofeurope.eu\/en\/\" target=\"_blank\" rel=\"noopener\">The Charming Taste of Europe<\/a>\u00a0campaign, a unique project that connects the flavors of wine from Italy and France, as well as fresh fruit from Greece, and introduces the United States and Canada to these exquisite items that evoke all of Europe\u2019s beauty and grace. The campaign is co-funded by the European Union and aims to promote the merits of European agricultural products, such as\u00a0<strong>quality, tradition, traceability, safety and high production standard<\/strong>s. Quality is one of the greatest assets of the producers across the EU in their attempt to meet the consumer demand, to increase the competitiveness of the EU products on US and Canada markets.<\/p>\n<\/div>\n<\/div>\n<div>\n<h2 class=\"flexible-title\">LIST OF PARTICIPATING RESTAURANTS<\/h2>\n<\/div>\n<div>\n<div class=\"flexible-col-desc\">\n<p><b><i>Montreal and surrounding areas<\/i><\/b><\/p>\n<\/div>\n<\/div>\n<div>\n<div class=\"flexible-col-desc\">\n<div>\n<p><strong><a href=\"https:\/\/www.andrearistorante.com\/\" target=\"_blank\" rel=\"nofollow noopener\">Andrea Ristorante<\/a><\/strong><\/p>\n<p>3194 Bd Saint-Joseph, Lachine, Qu\u00e9bec H8S 2P4<\/p>\n<p><strong><a href=\"https:\/\/www.lemuscadin.ca\/\" target=\"_blank\" rel=\"nofollow noopener\">Le Muscadin<\/a><\/strong><\/p>\n<p>443 R. Saint-Vincent, Montr\u00e9al, Qu\u00e9bec H2Y 3A6<\/p>\n<p><strong><a href=\"https:\/\/lerichmond.com\/\" target=\"_blank\" rel=\"nofollow noopener\">Le Richmond<\/a><\/strong><\/p>\n<p>377 Ave Richmond, Montr\u00e9al, Qu\u00e9bec H3J 1T9<\/p>\n<p><strong><a href=\"https:\/\/www.restaurantlocanda.com\/\" target=\"_blank\" rel=\"nofollow noopener\">Locanda<\/a><\/strong><\/p>\n<p>Ouest March\u00e9 Public 440, 3535 A. Jean-No\u00ebl-Lavoie, Laval, Qu\u00e9bec H7P 5G9<\/p>\n<p><strong><a href=\"http:\/\/www.restaurantlucca.ca\/\" target=\"_blank\" rel=\"nofollow noopener\">Lucca<\/a><\/strong><\/p>\n<p>12 Rue Dante, Montr\u00e9al, Qu\u00e9bec H2S 1J5<\/p>\n<p><strong><a href=\"https:\/\/primosecondo.ca\/\" target=\"_blank\" rel=\"nofollow noopener\">Primo e Secondo<\/a><\/strong><\/p>\n<p>7023 Saint Dominique St., Montr\u00e9al, Qu\u00e9bec H2S 3B6<\/p>\n<\/div>\n<div>\n<p><strong><a href=\"https:\/\/www.osteriamkt.com\/\" target=\"_blank\" rel=\"nofollow noopener\">Osteria mkt<\/a><\/strong><\/p>\n<p>1333 Blvd Robert-Bourassa, Montr\u00e9al, Qu\u00e9bec H3A 1T9<\/p>\n<p><strong><a href=\"http:\/\/ristorantequattro.com\/\" target=\"_blank\" rel=\"nofollow noopener\">Quattro<\/a><\/strong><\/p>\n<p>17 Notre-Dame St W, Montr\u00e9al, Qu\u00e9bec H2Y 1S5<\/p>\n<p><strong><a href=\"https:\/\/restaurant-renoir.com\/\" target=\"_blank\" rel=\"nofollow noopener\">Renoir (Hotel Sofitel)<\/a><\/strong><\/p>\n<p>1155 Sherbrooke St W, Montr\u00e9al, Qu\u00e9bec H3A 2N3<\/p>\n<p><strong><a href=\"https:\/\/stellapizzeria.ca\/\" target=\"_blank\" rel=\"nofollow noopener\">Stella Pizzeria \u2013 B\u00e9langer<\/a><\/strong><\/p>\n<p>1100 Rue B\u00e9langer, Montr\u00e9al, Qu\u00e9bec H2S 2H3<\/p>\n<p><strong><a href=\"https:\/\/stellapizzeria.ca\/\" target=\"_blank\" rel=\"nofollow noopener\">Stella Pizzeria \u2013 Laurier<\/a><\/strong><\/p>\n<p>1327 Laurier Ave E, Montr\u00e9al, Qu\u00e9bec H2J 1H4<\/p>\n<\/div>\n<\/div>\n<\/div>\n<div>\n<div class=\"flexible-col-desc\">\n<p><b><i>Qu\u00e9bec city<\/i><\/b><\/p>\n<\/div>\n<\/div>\n<div>\n<div class=\"flexible-col-desc\">\n<div>\n<p><a href=\"https:\/\/ilteatro.ca\/reservation\/\" target=\"_blank\" rel=\"nofollow noopener\"><strong>Il Teatro<\/strong><\/a><\/p>\n<p>972 Rue Saint-Jean, Qu\u00e9bec, QC G1R 1R5<\/p>\n<\/div>\n<div>\n<p><strong><a href=\"https:\/\/lebonneentente.com\/\" target=\"_blank\" rel=\"nofollow noopener\">Le Bonne Entente<\/a><\/strong><\/p>\n<p>3400 Ch. Ste-Foy, Qu\u00e9bec, QC G1X 1S6<\/p>\n<\/div>\n<\/div>\n<\/div>\n<div>\n<div class=\"flexible-col-desc\">\n<p><b><i>Hudson city<\/i><\/b><\/p>\n<\/div>\n<\/div>\n<div>\n<div class=\"flexible-col-desc\">\n<p><strong><a href=\"http:\/\/www.wendigohudson.ca\/\" target=\"_blank\" rel=\"nofollow noopener\">Wendigo Hudson<\/a><\/strong><\/p>\n<p>72 Rue Cameron, Hudson, QC J0P 1H0<\/p>\n<\/div>\n<\/div>\n<div>\n<h2 class=\"flexible-title\">CONSORZIO TUTELA VINI D\u2019ABRUZZO<\/h2>\n<\/div>\n<div>\n<div class=\"flexible-col-desc\">\n<p><img decoding=\"async\" class=\"size-full wp-image-41108 alignright lazyloaded\" src=\"https:\/\/italchamber.qc.ca\/wp-content\/uploads\/2024\/10\/vini-abruzzo.png\" alt=\"\" width=\"160\" height=\"142\" data-src=\"https:\/\/italchamber.qc.ca\/wp-content\/uploads\/2024\/10\/vini-abruzzo.png\" \/><\/p>\n<p>The\u00a0<a href=\"https:\/\/www.vinidabruzzo.it\/en\/\" target=\"_blank\" rel=\"nofollow noopener\">Consorzio Tutela Vini d\u2019Abruzzo<\/a>\u00a0(Consortium for the Protection of Abruzzo Wines) is a non-profit association, composed of all the entities that are part of the control system, which aims to protect, enhance and take care of the interests relating to the controlled designations of origin of the regional territory. It currently associates about 200 wine houses.<\/p>\n<p>The territory of Abruzzo, naturally predisposed to viticulture, is located between the Adriatic Sea and the Gran Sasso and Majella massifs. Today, the production of DOC wines includes 33,000 hectares of vines and 3.4 million hectoliters, including 800,000 hectoliters of Montepulciano d\u2019Abruzzo, Montepulciano, one of the most widespread grape varieties grown on about 17,000 hectares.<\/p>\n<p>Next comes Trebbiano, covering more than 10,000 hectares, as well as various indigenous grape varieties, including Pecorino, Passerina, Cococciola and Montonico, all notable for their growing popularity in the market.<\/p>\n<\/div>\n<\/div>\n","protected":false},"excerpt":{"rendered":"<p>In recent decades, Abruzzo viticulture has made significant progress in terms of quality growth. Thanks to the constant and omnipresent work of development of the territory and its indigenous vineyards carried out by a new generation of producers, its\u00a0wines receive continuous recognition both in Italy and abroad, registering an increasingly keen interest from the markets. [&hellip;]<\/p>\n","protected":false},"featured_media":5337,"template":"","event_category":[],"class_list":["post-9263","event","type-event","status-publish","has-post-thumbnail","hentry"],"acf":[],"yoast_head":"<!-- This site is optimized with the Yoast SEO plugin v27.4 - https:\/\/yoast.com\/product\/yoast-seo-wordpress\/ -->\n<title>Abruzzo Wine Resto Week - ICCC<\/title>\n<meta name=\"robots\" content=\"index, follow, max-snippet:-1, max-image-preview:large, max-video-preview:-1\" \/>\n<link rel=\"canonical\" href=\"https:\/\/italchamber.qc.ca\/it\/events\/abruzzo-wine-resto-week\/\" \/>\n<meta property=\"og:locale\" content=\"it_IT\" \/>\n<meta property=\"og:type\" content=\"article\" \/>\n<meta property=\"og:title\" content=\"Abruzzo Wine Resto Week - ICCC\" \/>\n<meta property=\"og:description\" content=\"In recent decades, Abruzzo viticulture has made significant progress in terms of quality growth. Thanks to the constant and omnipresent work of development of the territory and its indigenous vineyards carried out by a new generation of producers, its\u00a0wines receive continuous recognition both in Italy and abroad, registering an increasingly keen interest from the markets. [&hellip;]\" \/>\n<meta property=\"og:url\" content=\"https:\/\/italchamber.qc.ca\/it\/events\/abruzzo-wine-resto-week\/\" \/>\n<meta property=\"og:site_name\" content=\"ICCC\" \/>\n<meta property=\"article:modified_time\" content=\"2024-10-11T19:36:17+00:00\" \/>\n<meta property=\"og:image\" content=\"https:\/\/italchamber.qc.ca\/wp-content\/uploads\/2024\/10\/Support-Made-in-Italy-web-1.png\" \/>\n\t<meta property=\"og:image:width\" content=\"860\" \/>\n\t<meta property=\"og:image:height\" content=\"315\" \/>\n\t<meta property=\"og:image:type\" content=\"image\/png\" \/>\n<meta name=\"twitter:card\" content=\"summary_large_image\" \/>\n<meta name=\"twitter:label1\" content=\"Tempo di lettura stimato\" \/>\n\t<meta name=\"twitter:data1\" content=\"3 minuti\" \/>\n<script type=\"application\/ld+json\" class=\"yoast-schema-graph\">{\"@context\":\"https:\\\/\\\/schema.org\",\"@graph\":[{\"@type\":\"WebPage\",\"@id\":\"https:\\\/\\\/italchamber.qc.ca\\\/it\\\/events\\\/abruzzo-wine-resto-week\\\/\",\"url\":\"https:\\\/\\\/italchamber.qc.ca\\\/it\\\/events\\\/abruzzo-wine-resto-week\\\/\",\"name\":\"Abruzzo Wine Resto Week - ICCC\",\"isPartOf\":{\"@id\":\"https:\\\/\\\/italchamber.qc.ca\\\/it\\\/#website\"},\"primaryImageOfPage\":{\"@id\":\"https:\\\/\\\/italchamber.qc.ca\\\/it\\\/events\\\/abruzzo-wine-resto-week\\\/#primaryimage\"},\"image\":{\"@id\":\"https:\\\/\\\/italchamber.qc.ca\\\/it\\\/events\\\/abruzzo-wine-resto-week\\\/#primaryimage\"},\"thumbnailUrl\":\"https:\\\/\\\/italchamber.qc.ca\\\/wp-content\\\/uploads\\\/2024\\\/10\\\/Support-Made-in-Italy-web-1.png\",\"datePublished\":\"2022-11-24T15:09:47+00:00\",\"dateModified\":\"2024-10-11T19:36:17+00:00\",\"breadcrumb\":{\"@id\":\"https:\\\/\\\/italchamber.qc.ca\\\/it\\\/events\\\/abruzzo-wine-resto-week\\\/#breadcrumb\"},\"inLanguage\":\"it-IT\",\"potentialAction\":[{\"@type\":\"ReadAction\",\"target\":[\"https:\\\/\\\/italchamber.qc.ca\\\/it\\\/events\\\/abruzzo-wine-resto-week\\\/\"]}]},{\"@type\":\"ImageObject\",\"inLanguage\":\"it-IT\",\"@id\":\"https:\\\/\\\/italchamber.qc.ca\\\/it\\\/events\\\/abruzzo-wine-resto-week\\\/#primaryimage\",\"url\":\"https:\\\/\\\/italchamber.qc.ca\\\/wp-content\\\/uploads\\\/2024\\\/10\\\/Support-Made-in-Italy-web-1.png\",\"contentUrl\":\"https:\\\/\\\/italchamber.qc.ca\\\/wp-content\\\/uploads\\\/2024\\\/10\\\/Support-Made-in-Italy-web-1.png\",\"width\":860,\"height\":315},{\"@type\":\"BreadcrumbList\",\"@id\":\"https:\\\/\\\/italchamber.qc.ca\\\/it\\\/events\\\/abruzzo-wine-resto-week\\\/#breadcrumb\",\"itemListElement\":[{\"@type\":\"ListItem\",\"position\":1,\"name\":\"Home\",\"item\":\"https:\\\/\\\/italchamber.qc.ca\\\/it\\\/home\\\/\"},{\"@type\":\"ListItem\",\"position\":2,\"name\":\"Events\",\"item\":\"https:\\\/\\\/italchamber.qc.ca\\\/it\\\/events\\\/\"},{\"@type\":\"ListItem\",\"position\":3,\"name\":\"Abruzzo Wine Resto Week\"}]},{\"@type\":\"WebSite\",\"@id\":\"https:\\\/\\\/italchamber.qc.ca\\\/it\\\/#website\",\"url\":\"https:\\\/\\\/italchamber.qc.ca\\\/it\\\/\",\"name\":\"ICCC\",\"description\":\"Italian Chamber of Commerce in Canada\",\"publisher\":{\"@id\":\"https:\\\/\\\/italchamber.qc.ca\\\/it\\\/#organization\"},\"potentialAction\":[{\"@type\":\"SearchAction\",\"target\":{\"@type\":\"EntryPoint\",\"urlTemplate\":\"https:\\\/\\\/italchamber.qc.ca\\\/it\\\/?s={search_term_string}\"},\"query-input\":{\"@type\":\"PropertyValueSpecification\",\"valueRequired\":true,\"valueName\":\"search_term_string\"}}],\"inLanguage\":\"it-IT\"},{\"@type\":\"Organization\",\"@id\":\"https:\\\/\\\/italchamber.qc.ca\\\/it\\\/#organization\",\"name\":\"ICCC\",\"url\":\"https:\\\/\\\/italchamber.qc.ca\\\/it\\\/\",\"logo\":{\"@type\":\"ImageObject\",\"inLanguage\":\"it-IT\",\"@id\":\"https:\\\/\\\/italchamber.qc.ca\\\/it\\\/#\\\/schema\\\/logo\\\/image\\\/\",\"url\":\"https:\\\/\\\/italchamber.qc.ca\\\/wp-content\\\/uploads\\\/2025\\\/05\\\/ICCC-Logo-Italian.svg\",\"contentUrl\":\"https:\\\/\\\/italchamber.qc.ca\\\/wp-content\\\/uploads\\\/2025\\\/05\\\/ICCC-Logo-Italian.svg\",\"caption\":\"ICCC\"},\"image\":{\"@id\":\"https:\\\/\\\/italchamber.qc.ca\\\/it\\\/#\\\/schema\\\/logo\\\/image\\\/\"}}]}<\/script>\n<!-- \/ Yoast SEO plugin. -->","yoast_head_json":{"title":"Abruzzo Wine Resto Week - ICCC","robots":{"index":"index","follow":"follow","max-snippet":"max-snippet:-1","max-image-preview":"max-image-preview:large","max-video-preview":"max-video-preview:-1"},"canonical":"https:\/\/italchamber.qc.ca\/it\/events\/abruzzo-wine-resto-week\/","og_locale":"it_IT","og_type":"article","og_title":"Abruzzo Wine Resto Week - ICCC","og_description":"In recent decades, Abruzzo viticulture has made significant progress in terms of quality growth. Thanks to the constant and omnipresent work of development of the territory and its indigenous vineyards carried out by a new generation of producers, its\u00a0wines receive continuous recognition both in Italy and abroad, registering an increasingly keen interest from the markets. [&hellip;]","og_url":"https:\/\/italchamber.qc.ca\/it\/events\/abruzzo-wine-resto-week\/","og_site_name":"ICCC","article_modified_time":"2024-10-11T19:36:17+00:00","og_image":[{"width":860,"height":315,"url":"https:\/\/italchamber.qc.ca\/wp-content\/uploads\/2024\/10\/Support-Made-in-Italy-web-1.png","type":"image\/png"}],"twitter_card":"summary_large_image","twitter_misc":{"Tempo di lettura stimato":"3 minuti"},"schema":{"@context":"https:\/\/schema.org","@graph":[{"@type":"WebPage","@id":"https:\/\/italchamber.qc.ca\/it\/events\/abruzzo-wine-resto-week\/","url":"https:\/\/italchamber.qc.ca\/it\/events\/abruzzo-wine-resto-week\/","name":"Abruzzo Wine Resto Week - ICCC","isPartOf":{"@id":"https:\/\/italchamber.qc.ca\/it\/#website"},"primaryImageOfPage":{"@id":"https:\/\/italchamber.qc.ca\/it\/events\/abruzzo-wine-resto-week\/#primaryimage"},"image":{"@id":"https:\/\/italchamber.qc.ca\/it\/events\/abruzzo-wine-resto-week\/#primaryimage"},"thumbnailUrl":"https:\/\/italchamber.qc.ca\/wp-content\/uploads\/2024\/10\/Support-Made-in-Italy-web-1.png","datePublished":"2022-11-24T15:09:47+00:00","dateModified":"2024-10-11T19:36:17+00:00","breadcrumb":{"@id":"https:\/\/italchamber.qc.ca\/it\/events\/abruzzo-wine-resto-week\/#breadcrumb"},"inLanguage":"it-IT","potentialAction":[{"@type":"ReadAction","target":["https:\/\/italchamber.qc.ca\/it\/events\/abruzzo-wine-resto-week\/"]}]},{"@type":"ImageObject","inLanguage":"it-IT","@id":"https:\/\/italchamber.qc.ca\/it\/events\/abruzzo-wine-resto-week\/#primaryimage","url":"https:\/\/italchamber.qc.ca\/wp-content\/uploads\/2024\/10\/Support-Made-in-Italy-web-1.png","contentUrl":"https:\/\/italchamber.qc.ca\/wp-content\/uploads\/2024\/10\/Support-Made-in-Italy-web-1.png","width":860,"height":315},{"@type":"BreadcrumbList","@id":"https:\/\/italchamber.qc.ca\/it\/events\/abruzzo-wine-resto-week\/#breadcrumb","itemListElement":[{"@type":"ListItem","position":1,"name":"Home","item":"https:\/\/italchamber.qc.ca\/it\/home\/"},{"@type":"ListItem","position":2,"name":"Events","item":"https:\/\/italchamber.qc.ca\/it\/events\/"},{"@type":"ListItem","position":3,"name":"Abruzzo Wine Resto Week"}]},{"@type":"WebSite","@id":"https:\/\/italchamber.qc.ca\/it\/#website","url":"https:\/\/italchamber.qc.ca\/it\/","name":"ICCC","description":"Italian Chamber of Commerce in Canada","publisher":{"@id":"https:\/\/italchamber.qc.ca\/it\/#organization"},"potentialAction":[{"@type":"SearchAction","target":{"@type":"EntryPoint","urlTemplate":"https:\/\/italchamber.qc.ca\/it\/?s={search_term_string}"},"query-input":{"@type":"PropertyValueSpecification","valueRequired":true,"valueName":"search_term_string"}}],"inLanguage":"it-IT"},{"@type":"Organization","@id":"https:\/\/italchamber.qc.ca\/it\/#organization","name":"ICCC","url":"https:\/\/italchamber.qc.ca\/it\/","logo":{"@type":"ImageObject","inLanguage":"it-IT","@id":"https:\/\/italchamber.qc.ca\/it\/#\/schema\/logo\/image\/","url":"https:\/\/italchamber.qc.ca\/wp-content\/uploads\/2025\/05\/ICCC-Logo-Italian.svg","contentUrl":"https:\/\/italchamber.qc.ca\/wp-content\/uploads\/2025\/05\/ICCC-Logo-Italian.svg","caption":"ICCC"},"image":{"@id":"https:\/\/italchamber.qc.ca\/it\/#\/schema\/logo\/image\/"}}]}},"_links":{"self":[{"href":"https:\/\/italchamber.qc.ca\/it\/wp-json\/wp\/v2\/event\/9263","targetHints":{"allow":["GET"]}}],"collection":[{"href":"https:\/\/italchamber.qc.ca\/it\/wp-json\/wp\/v2\/event"}],"about":[{"href":"https:\/\/italchamber.qc.ca\/it\/wp-json\/wp\/v2\/types\/event"}],"version-history":[{"count":0,"href":"https:\/\/italchamber.qc.ca\/it\/wp-json\/wp\/v2\/event\/9263\/revisions"}],"wp:featuredmedia":[{"embeddable":true,"href":"https:\/\/italchamber.qc.ca\/it\/wp-json\/wp\/v2\/media\/5337"}],"wp:attachment":[{"href":"https:\/\/italchamber.qc.ca\/it\/wp-json\/wp\/v2\/media?parent=9263"}],"wp:term":[{"taxonomy":"event_category","embeddable":true,"href":"https:\/\/italchamber.qc.ca\/it\/wp-json\/wp\/v2\/event_category?post=9263"}],"curies":[{"name":"wp","href":"https:\/\/api.w.org\/{rel}","templated":true}]}}