{"id":9249,"date":"2022-07-04T00:14:54","date_gmt":"2022-07-04T00:14:54","guid":{"rendered":"https:\/\/italchamber.qc.ca\/events\/semaine-resto-week-prosecco-doc-et-prosecco-doc-rose-petille-ton-quotidien-2\/"},"modified":"2022-07-04T00:14:54","modified_gmt":"2022-07-04T00:14:54","slug":"semaine-resto-week-prosecco-doc-et-prosecco-doc-rose-petille-ton-quotidien-2","status":"publish","type":"event","link":"https:\/\/italchamber.qc.ca\/it\/events\/semaine-resto-week-prosecco-doc-et-prosecco-doc-rose-petille-ton-quotidien-2\/","title":{"rendered":"Semaine Resto Week Prosecco DOC et Prosecco DOC Ros\u00e9 &#8211; P\u00e9tille ton quotidien"},"content":{"rendered":"<p>Du<strong> 4 au 10 juillet<\/strong>, 20 restaurants s\u00e9lectionn\u00e9s \u00e0 travers le Qu\u00e9bec offriront \u00e0 leurs clients des cartes Prosecco DOC \u00e9ph\u00e9m\u00e8res, soulignant la versatilit\u00e9 du Prosecco DOC et du Prosecco DOC Ros\u00e9.<\/p>\n<p>Visitez ces restaurants pour faire p\u00e9tiller votre\u00a0 quotidien!<\/p>\n<p><em>Concours aux consommateurs<\/em><br \/>\nCourrez la chance de gagner une s\u00e9lection de 6 bouteilles Prosecco DOC en publiant une photo de vous, dans un restaurant participant, avec un verre de Prosecco DOC \u00e0 la main sur votre compte Instagram.<\/p>\n<p><strong>LISTE DES RESTAURANTS PARTICIPANTS<\/strong><\/p>\n<p><em>Montr\u00e9al<\/em><\/p>\n<ul>\n<li><a href=\"https:\/\/all.accor.com\/hotel\/3646\/index.en.shtml?utm_campaign=seo+maps&amp;utm_medium=seo+maps&amp;utm_source=google+Maps\">H\u00f4tel Sofitel<\/a><br \/>\n1155 Sherbrooke Ouest<br \/>\nMontr\u00e9al, H3A 2N3<\/li>\n<\/ul>\n<ul>\n<li><a href=\"https:\/\/www.osteriamkt.com\/\">MKT<\/a><\/li>\n<li>1333 Blvd Robert-Bourassa<\/li>\n<li>Montr\u00e9al, H3A 1T9<\/li>\n<\/ul>\n<p><em>Ville de Qu\u00e9bec<\/em><\/p>\n<ul>\n<li><a href=\"https:\/\/blaxton.com\/\">Blaxton Cartier<\/a><br \/>\n1179 Av. Cartier<br \/>\nQu\u00e9bec, G1R 2S9<\/li>\n<\/ul>\n<ul>\n<li><a href=\"https:\/\/blaxton.com\/restaurant\/lebourgneuf\/\">Blaxton Lebourgneuf<\/a><br \/>\n1255 Bd Lebourgneuf, Local \u2013 100<br \/>\nQu\u00e9bec, G2K 0M6<\/li>\n<\/ul>\n<ul>\n<li><a href=\"https:\/\/blaxton.com\/en\/restaurant\/st-romuald\/\">Blaxton St-Romuald<\/a><br \/>\n1242 Rue de la Concorde<br \/>\nL\u00e9vis, G6W 0M7<\/li>\n<\/ul>\n<ul>\n<li><a href=\"https:\/\/birrabasta.com\/\">Birra &amp; Basta<\/a><br \/>\n802 Rue Saint-Joseph Est<br \/>\nQu\u00e9bec, G1K 3C9<\/li>\n<\/ul>\n<ul>\n<li><a href=\"https:\/\/www.restaurantbleumarine.com\/\">Bleu Marine<\/a><br \/>\n50 Rue Saint-Louis<br \/>\nQu\u00e9bec, G1R 3Z3<\/li>\n<\/ul>\n<ul>\n<li><a href=\"https:\/\/chezvictorburger.com\/restaurants\/\">Chez Victor<\/a><br \/>\n300 Rue Saint-Paul #140<br \/>\nQu\u00e9bec, G1K 7R1<\/li>\n<\/ul>\n<ul>\n<li><a href=\"http:\/\/www.lehobbit.com\/\">Hobbit<\/a><br \/>\n700 Rue Saint-Jean<br \/>\nQu\u00e9bec, G1R 1P9<\/li>\n<\/ul>\n<ul>\n<li><a href=\"https:\/\/lebonneentente.com\/\">Le Bonne Entente<\/a><br \/>\n3400 Ch Ste-Foy<br \/>\nQu\u00e9bec, G1X 1S6<\/li>\n<\/ul>\n<ul>\n<li><a href=\"http:\/\/montegoclub.com\/wp-content\/uploads\/2015\/11\/menu-carte.pdf\">Le Montego<\/a><br \/>\n1460 Av. Maguire<br \/>\nQu\u00e9bec, G1T 1Z4<\/li>\n<\/ul>\n<ul>\n<li><a href=\"https:\/\/lesbotanistes.ca\/\">Les Botanistes<\/a><br \/>\n2010 Av. Jules-Verne<br \/>\nQu\u00e9bec, G2G 2R2<\/li>\n<\/ul>\n<ul>\n<li><a href=\"http:\/\/www.petitscreux.corsica\/\">Petits Creux et Grands Crus<\/a><br \/>\n1125 Av. Cartier<br \/>\nQu\u00e9bec, G1R 2S6<\/li>\n<\/ul>\n<ul>\n<li><a href=\"https:\/\/www.restaurantsinsemilla.ca\/?lang=fr\">Sinsemilia<\/a><br \/>\n665 Rue Saint-Jean<br \/>\nQu\u00e9bec, G1R 1P7<\/li>\n<\/ul>\n<ul>\n<li><a href=\"https:\/\/www.tapasetliege.com\/?lang=fr\">Tapas et Li\u00e8ge<\/a><br \/>\n1297 Av. Maguire<br \/>\nQu\u00e9bec, G1T 1Z2<\/li>\n<\/ul>\n<p><em>Aux alentours de Qu\u00e9bec<\/em><\/p>\n<ul>\n<li><a href=\"http:\/\/bistrocafesummum.com\/bistro-cafe-summum-chicoutimi\">Bistro Caf\u00e9 Summum<\/a><\/li>\n<li>\n<div class=\"desktop-title-content\">250 Rue Racine E<\/div>\n<p><span class=\"desktop-title-subcontent\">Chicoutimi, QC G7H 1R9<\/span><\/li>\n<\/ul>\n<ul>\n<li><a href=\"https:\/\/www.kinipi.ca\/fr\/restaurant\">Kinippi &#8211; Trois Rivi\u00e8res<\/a><br \/>\n8210 Bd des Forges<br \/>\nTrois-Rivi\u00e8res, G8Y 4W2<\/li>\n<li><a href=\"http:\/\/batifolbargrill.ca\/menus\/\">Le Batifol Bar &amp; Grill &#8211; Beauport<\/a><br \/>\n3401 Bd Sainte-Anne<br \/>\nQu\u00e9bec, G1E 3L4<\/li>\n<\/ul>\n<ul>\n<li><a href=\"http:\/\/batifollacbeauport.ca\/menus\/\">Le Batifol &#8211; Lac Beauport<\/a><br \/>\n995 Bd du Lac<br \/>\nLac-Beauport, G3B 0W6<\/li>\n<\/ul>\n<ul>\n<li>Tavola &#8211; Baie St-Paul<br \/>\n23 Rue St Jean Baptiste<br \/>\nBaie-Saint-Paul, G3Z 1M2<\/li>\n<\/ul>\n","protected":false},"excerpt":{"rendered":"<p>Du 4 au 10 juillet, 20 restaurants s\u00e9lectionn\u00e9s \u00e0 travers le Qu\u00e9bec offriront \u00e0 leurs clients des cartes Prosecco DOC \u00e9ph\u00e9m\u00e8res, soulignant la versatilit\u00e9 du Prosecco DOC et du Prosecco DOC Ros\u00e9. Visitez ces restaurants pour faire p\u00e9tiller votre\u00a0 quotidien!<\/p>\n","protected":false},"featured_media":9246,"template":"","event_category":[],"class_list":["post-9249","event","type-event","status-publish","has-post-thumbnail","hentry"],"acf":[],"yoast_head":"<!-- This site is optimized with the Yoast SEO plugin v27.4 - https:\/\/yoast.com\/product\/yoast-seo-wordpress\/ -->\n<title>Semaine Resto Week Prosecco DOC et Prosecco DOC Ros\u00e9 - P\u00e9tille ton quotidien - ICCC<\/title>\n<meta name=\"robots\" content=\"index, follow, max-snippet:-1, max-image-preview:large, max-video-preview:-1\" \/>\n<link rel=\"canonical\" href=\"https:\/\/italchamber.qc.ca\/it\/events\/semaine-resto-week-prosecco-doc-et-prosecco-doc-rose-petille-ton-quotidien-2\/\" \/>\n<meta property=\"og:locale\" content=\"it_IT\" \/>\n<meta property=\"og:type\" content=\"article\" \/>\n<meta property=\"og:title\" content=\"Semaine Resto Week Prosecco DOC et Prosecco DOC Ros\u00e9 - P\u00e9tille ton quotidien - ICCC\" \/>\n<meta property=\"og:description\" content=\"Du 4 au 10 juillet, 20 restaurants s\u00e9lectionn\u00e9s \u00e0 travers le Qu\u00e9bec offriront \u00e0 leurs clients des cartes Prosecco DOC \u00e9ph\u00e9m\u00e8res, soulignant la versatilit\u00e9 du Prosecco DOC et du Prosecco DOC Ros\u00e9. Visitez ces restaurants pour faire p\u00e9tiller votre\u00a0 quotidien!\" \/>\n<meta property=\"og:url\" content=\"https:\/\/italchamber.qc.ca\/it\/events\/semaine-resto-week-prosecco-doc-et-prosecco-doc-rose-petille-ton-quotidien-2\/\" \/>\n<meta property=\"og:site_name\" content=\"ICCC\" \/>\n<meta property=\"og:image\" content=\"https:\/\/italchamber.qc.ca\/wp-content\/uploads\/2024\/10\/PROSECCO-DOC_RESTO-WEEK_ENTETE_French.png\" \/>\n\t<meta property=\"og:image:width\" content=\"820\" \/>\n\t<meta property=\"og:image:height\" content=\"360\" \/>\n\t<meta property=\"og:image:type\" content=\"image\/png\" \/>\n<meta name=\"twitter:card\" content=\"summary_large_image\" \/>\n<meta name=\"twitter:label1\" content=\"Tempo di lettura stimato\" \/>\n\t<meta name=\"twitter:data1\" content=\"1 minuto\" \/>\n<script type=\"application\/ld+json\" class=\"yoast-schema-graph\">{\"@context\":\"https:\\\/\\\/schema.org\",\"@graph\":[{\"@type\":\"WebPage\",\"@id\":\"https:\\\/\\\/italchamber.qc.ca\\\/it\\\/events\\\/semaine-resto-week-prosecco-doc-et-prosecco-doc-rose-petille-ton-quotidien-2\\\/\",\"url\":\"https:\\\/\\\/italchamber.qc.ca\\\/it\\\/events\\\/semaine-resto-week-prosecco-doc-et-prosecco-doc-rose-petille-ton-quotidien-2\\\/\",\"name\":\"Semaine Resto Week Prosecco DOC et Prosecco DOC Ros\u00e9 - P\u00e9tille ton quotidien - ICCC\",\"isPartOf\":{\"@id\":\"https:\\\/\\\/italchamber.qc.ca\\\/it\\\/#website\"},\"primaryImageOfPage\":{\"@id\":\"https:\\\/\\\/italchamber.qc.ca\\\/it\\\/events\\\/semaine-resto-week-prosecco-doc-et-prosecco-doc-rose-petille-ton-quotidien-2\\\/#primaryimage\"},\"image\":{\"@id\":\"https:\\\/\\\/italchamber.qc.ca\\\/it\\\/events\\\/semaine-resto-week-prosecco-doc-et-prosecco-doc-rose-petille-ton-quotidien-2\\\/#primaryimage\"},\"thumbnailUrl\":\"https:\\\/\\\/italchamber.qc.ca\\\/wp-content\\\/uploads\\\/2024\\\/10\\\/PROSECCO-DOC_RESTO-WEEK_ENTETE_French.png\",\"datePublished\":\"2022-07-04T00:14:54+00:00\",\"breadcrumb\":{\"@id\":\"https:\\\/\\\/italchamber.qc.ca\\\/it\\\/events\\\/semaine-resto-week-prosecco-doc-et-prosecco-doc-rose-petille-ton-quotidien-2\\\/#breadcrumb\"},\"inLanguage\":\"it-IT\",\"potentialAction\":[{\"@type\":\"ReadAction\",\"target\":[\"https:\\\/\\\/italchamber.qc.ca\\\/it\\\/events\\\/semaine-resto-week-prosecco-doc-et-prosecco-doc-rose-petille-ton-quotidien-2\\\/\"]}]},{\"@type\":\"ImageObject\",\"inLanguage\":\"it-IT\",\"@id\":\"https:\\\/\\\/italchamber.qc.ca\\\/it\\\/events\\\/semaine-resto-week-prosecco-doc-et-prosecco-doc-rose-petille-ton-quotidien-2\\\/#primaryimage\",\"url\":\"https:\\\/\\\/italchamber.qc.ca\\\/wp-content\\\/uploads\\\/2024\\\/10\\\/PROSECCO-DOC_RESTO-WEEK_ENTETE_French.png\",\"contentUrl\":\"https:\\\/\\\/italchamber.qc.ca\\\/wp-content\\\/uploads\\\/2024\\\/10\\\/PROSECCO-DOC_RESTO-WEEK_ENTETE_French.png\",\"width\":820,\"height\":360},{\"@type\":\"BreadcrumbList\",\"@id\":\"https:\\\/\\\/italchamber.qc.ca\\\/it\\\/events\\\/semaine-resto-week-prosecco-doc-et-prosecco-doc-rose-petille-ton-quotidien-2\\\/#breadcrumb\",\"itemListElement\":[{\"@type\":\"ListItem\",\"position\":1,\"name\":\"Home\",\"item\":\"https:\\\/\\\/italchamber.qc.ca\\\/it\\\/home\\\/\"},{\"@type\":\"ListItem\",\"position\":2,\"name\":\"Events\",\"item\":\"https:\\\/\\\/italchamber.qc.ca\\\/it\\\/events\\\/\"},{\"@type\":\"ListItem\",\"position\":3,\"name\":\"Semaine Resto Week Prosecco DOC et Prosecco DOC Ros\u00e9 &#8211; P\u00e9tille ton quotidien\"}]},{\"@type\":\"WebSite\",\"@id\":\"https:\\\/\\\/italchamber.qc.ca\\\/it\\\/#website\",\"url\":\"https:\\\/\\\/italchamber.qc.ca\\\/it\\\/\",\"name\":\"ICCC\",\"description\":\"Italian Chamber of Commerce in Canada\",\"publisher\":{\"@id\":\"https:\\\/\\\/italchamber.qc.ca\\\/it\\\/#organization\"},\"potentialAction\":[{\"@type\":\"SearchAction\",\"target\":{\"@type\":\"EntryPoint\",\"urlTemplate\":\"https:\\\/\\\/italchamber.qc.ca\\\/it\\\/?s={search_term_string}\"},\"query-input\":{\"@type\":\"PropertyValueSpecification\",\"valueRequired\":true,\"valueName\":\"search_term_string\"}}],\"inLanguage\":\"it-IT\"},{\"@type\":\"Organization\",\"@id\":\"https:\\\/\\\/italchamber.qc.ca\\\/it\\\/#organization\",\"name\":\"ICCC\",\"url\":\"https:\\\/\\\/italchamber.qc.ca\\\/it\\\/\",\"logo\":{\"@type\":\"ImageObject\",\"inLanguage\":\"it-IT\",\"@id\":\"https:\\\/\\\/italchamber.qc.ca\\\/it\\\/#\\\/schema\\\/logo\\\/image\\\/\",\"url\":\"https:\\\/\\\/italchamber.qc.ca\\\/wp-content\\\/uploads\\\/2025\\\/05\\\/ICCC-Logo-Italian.svg\",\"contentUrl\":\"https:\\\/\\\/italchamber.qc.ca\\\/wp-content\\\/uploads\\\/2025\\\/05\\\/ICCC-Logo-Italian.svg\",\"caption\":\"ICCC\"},\"image\":{\"@id\":\"https:\\\/\\\/italchamber.qc.ca\\\/it\\\/#\\\/schema\\\/logo\\\/image\\\/\"}}]}<\/script>\n<!-- \/ Yoast SEO plugin. -->","yoast_head_json":{"title":"Semaine Resto Week Prosecco DOC et Prosecco DOC Ros\u00e9 - P\u00e9tille ton quotidien - ICCC","robots":{"index":"index","follow":"follow","max-snippet":"max-snippet:-1","max-image-preview":"max-image-preview:large","max-video-preview":"max-video-preview:-1"},"canonical":"https:\/\/italchamber.qc.ca\/it\/events\/semaine-resto-week-prosecco-doc-et-prosecco-doc-rose-petille-ton-quotidien-2\/","og_locale":"it_IT","og_type":"article","og_title":"Semaine Resto Week Prosecco DOC et Prosecco DOC Ros\u00e9 - P\u00e9tille ton quotidien - ICCC","og_description":"Du 4 au 10 juillet, 20 restaurants s\u00e9lectionn\u00e9s \u00e0 travers le Qu\u00e9bec offriront \u00e0 leurs clients des cartes Prosecco DOC \u00e9ph\u00e9m\u00e8res, soulignant la versatilit\u00e9 du Prosecco DOC et du Prosecco DOC Ros\u00e9. Visitez ces restaurants pour faire p\u00e9tiller votre\u00a0 quotidien!","og_url":"https:\/\/italchamber.qc.ca\/it\/events\/semaine-resto-week-prosecco-doc-et-prosecco-doc-rose-petille-ton-quotidien-2\/","og_site_name":"ICCC","og_image":[{"width":820,"height":360,"url":"https:\/\/italchamber.qc.ca\/wp-content\/uploads\/2024\/10\/PROSECCO-DOC_RESTO-WEEK_ENTETE_French.png","type":"image\/png"}],"twitter_card":"summary_large_image","twitter_misc":{"Tempo di lettura stimato":"1 minuto"},"schema":{"@context":"https:\/\/schema.org","@graph":[{"@type":"WebPage","@id":"https:\/\/italchamber.qc.ca\/it\/events\/semaine-resto-week-prosecco-doc-et-prosecco-doc-rose-petille-ton-quotidien-2\/","url":"https:\/\/italchamber.qc.ca\/it\/events\/semaine-resto-week-prosecco-doc-et-prosecco-doc-rose-petille-ton-quotidien-2\/","name":"Semaine Resto Week Prosecco DOC et Prosecco DOC Ros\u00e9 - P\u00e9tille ton quotidien - ICCC","isPartOf":{"@id":"https:\/\/italchamber.qc.ca\/it\/#website"},"primaryImageOfPage":{"@id":"https:\/\/italchamber.qc.ca\/it\/events\/semaine-resto-week-prosecco-doc-et-prosecco-doc-rose-petille-ton-quotidien-2\/#primaryimage"},"image":{"@id":"https:\/\/italchamber.qc.ca\/it\/events\/semaine-resto-week-prosecco-doc-et-prosecco-doc-rose-petille-ton-quotidien-2\/#primaryimage"},"thumbnailUrl":"https:\/\/italchamber.qc.ca\/wp-content\/uploads\/2024\/10\/PROSECCO-DOC_RESTO-WEEK_ENTETE_French.png","datePublished":"2022-07-04T00:14:54+00:00","breadcrumb":{"@id":"https:\/\/italchamber.qc.ca\/it\/events\/semaine-resto-week-prosecco-doc-et-prosecco-doc-rose-petille-ton-quotidien-2\/#breadcrumb"},"inLanguage":"it-IT","potentialAction":[{"@type":"ReadAction","target":["https:\/\/italchamber.qc.ca\/it\/events\/semaine-resto-week-prosecco-doc-et-prosecco-doc-rose-petille-ton-quotidien-2\/"]}]},{"@type":"ImageObject","inLanguage":"it-IT","@id":"https:\/\/italchamber.qc.ca\/it\/events\/semaine-resto-week-prosecco-doc-et-prosecco-doc-rose-petille-ton-quotidien-2\/#primaryimage","url":"https:\/\/italchamber.qc.ca\/wp-content\/uploads\/2024\/10\/PROSECCO-DOC_RESTO-WEEK_ENTETE_French.png","contentUrl":"https:\/\/italchamber.qc.ca\/wp-content\/uploads\/2024\/10\/PROSECCO-DOC_RESTO-WEEK_ENTETE_French.png","width":820,"height":360},{"@type":"BreadcrumbList","@id":"https:\/\/italchamber.qc.ca\/it\/events\/semaine-resto-week-prosecco-doc-et-prosecco-doc-rose-petille-ton-quotidien-2\/#breadcrumb","itemListElement":[{"@type":"ListItem","position":1,"name":"Home","item":"https:\/\/italchamber.qc.ca\/it\/home\/"},{"@type":"ListItem","position":2,"name":"Events","item":"https:\/\/italchamber.qc.ca\/it\/events\/"},{"@type":"ListItem","position":3,"name":"Semaine Resto Week Prosecco DOC et Prosecco DOC Ros\u00e9 &#8211; P\u00e9tille ton quotidien"}]},{"@type":"WebSite","@id":"https:\/\/italchamber.qc.ca\/it\/#website","url":"https:\/\/italchamber.qc.ca\/it\/","name":"ICCC","description":"Italian Chamber of Commerce in Canada","publisher":{"@id":"https:\/\/italchamber.qc.ca\/it\/#organization"},"potentialAction":[{"@type":"SearchAction","target":{"@type":"EntryPoint","urlTemplate":"https:\/\/italchamber.qc.ca\/it\/?s={search_term_string}"},"query-input":{"@type":"PropertyValueSpecification","valueRequired":true,"valueName":"search_term_string"}}],"inLanguage":"it-IT"},{"@type":"Organization","@id":"https:\/\/italchamber.qc.ca\/it\/#organization","name":"ICCC","url":"https:\/\/italchamber.qc.ca\/it\/","logo":{"@type":"ImageObject","inLanguage":"it-IT","@id":"https:\/\/italchamber.qc.ca\/it\/#\/schema\/logo\/image\/","url":"https:\/\/italchamber.qc.ca\/wp-content\/uploads\/2025\/05\/ICCC-Logo-Italian.svg","contentUrl":"https:\/\/italchamber.qc.ca\/wp-content\/uploads\/2025\/05\/ICCC-Logo-Italian.svg","caption":"ICCC"},"image":{"@id":"https:\/\/italchamber.qc.ca\/it\/#\/schema\/logo\/image\/"}}]}},"_links":{"self":[{"href":"https:\/\/italchamber.qc.ca\/it\/wp-json\/wp\/v2\/event\/9249","targetHints":{"allow":["GET"]}}],"collection":[{"href":"https:\/\/italchamber.qc.ca\/it\/wp-json\/wp\/v2\/event"}],"about":[{"href":"https:\/\/italchamber.qc.ca\/it\/wp-json\/wp\/v2\/types\/event"}],"version-history":[{"count":0,"href":"https:\/\/italchamber.qc.ca\/it\/wp-json\/wp\/v2\/event\/9249\/revisions"}],"wp:featuredmedia":[{"embeddable":true,"href":"https:\/\/italchamber.qc.ca\/it\/wp-json\/wp\/v2\/media\/9246"}],"wp:attachment":[{"href":"https:\/\/italchamber.qc.ca\/it\/wp-json\/wp\/v2\/media?parent=9249"}],"wp:term":[{"taxonomy":"event_category","embeddable":true,"href":"https:\/\/italchamber.qc.ca\/it\/wp-json\/wp\/v2\/event_category?post=9249"}],"curies":[{"name":"wp","href":"https:\/\/api.w.org\/{rel}","templated":true}]}}