{"id":9112,"date":"2021-04-30T22:06:15","date_gmt":"2021-04-30T22:06:15","guid":{"rendered":"https:\/\/italchamber.qc.ca\/events\/conversazione-con-presidente-del-consiglio-icao-salvatore-sciacchitano\/"},"modified":"2024-10-11T19:33:45","modified_gmt":"2024-10-11T19:33:45","slug":"conversazione-con-presidente-del-consiglio-icao-salvatore-sciacchitano","status":"publish","type":"event","link":"https:\/\/italchamber.qc.ca\/it\/events\/conversazione-con-presidente-del-consiglio-icao-salvatore-sciacchitano\/","title":{"rendered":"Conversazione con Presidente del Consiglio ICAO Salvatore Sciacchitano"},"content":{"rendered":"<p>La <a href=\"http:\/\/t.eflyermaker.com\/bp7\/p\/z\/x9ddcj\/n\/z8jgw\/p\/t.htm\"><strong>Camera di Commercio Italiana in Canada (CCIC)<\/strong><\/a>\u00a0\u00e8 onorata di avere come relatore principale il <strong>Sig. Salvatore Sciacchitano, <\/strong>attuale Presidente del Consiglio dell&#8217;<strong><a href=\"http:\/\/t.eflyermaker.com\/qqg\/p\/z\/x9ddcj\/n\/bsmt5\/q\/t.htm\">ICAO<\/a><\/strong> (International Civil Aviation Organization).<\/p>\n<p>Il<strong> Sig. Sciacchitano <\/strong>ci parlera del <strong>\u201cRuolo dell&#8217; ICAO e dell&#8217;Aviazione durante la Pandemia Globale e delle strategie di ripesa\u201d.<\/strong><\/p>\n<p style=\"text-align: center;\"><strong>Il webinar avr\u00e0 luogo l&#8217;<span style=\"color: #3366ff;\">11 Maggio<\/span><\/strong><span style=\"color: #3366ff;\"><strong>\u00a0\u2014 17:00-18:00 (ora italiana)\u00a0<span style=\"color: #333333;\">in<\/span><\/strong><\/span><strong>\u00a0videoconferenza.<\/strong><\/p>\n<ul>\n<li>Discorso di apertura e presentazione del relatore principale da parte di\u00a0<a href=\"https:\/\/sidlee.com\/en\/team\/vito-piazza?eflyer_rand=298841925\" target=\"_blank\" rel=\"noopener\"><strong><span style=\"color: #3366ff;\">Vito Piazza<\/span><\/strong><\/a>, CEO di Sidlee<\/li>\n<li>Intervento di\u00a0<span style=\"color: #3366ff;\"><a style=\"color: #3366ff;\" href=\"https:\/\/italchamber.qc.ca\/speakers\/silvia-constantini-consule-general-ditalie-a-montreal\/?eflyer_rand=1008986582\" target=\"_blank\" rel=\"noopener\"><strong>Silvia Costantini<\/strong><\/a><\/span>, Rappresentante Permanente dell&#8217;Italia presso l&#8217;ICAO e Console Generale dell&#8217;Italia<\/li>\n<li>Intervista del\u00a0<span style=\"color: #3366ff;\"><a style=\"color: #3366ff;\" href=\"https:\/\/www.icao.int\/about-icao\/MrSciacchitano\/Pages\/biography.aspx?eflyer_rand=1613975783\" target=\"_blank\" rel=\"noopener\"><strong>Presidente Sciacchitano<\/strong><\/a><\/span>\u00a0condotta dal <a href=\"https:\/\/www.mcgill.ca\/desautels\/karl-moore?eflyer_rand=670434087\" target=\"_blank\" rel=\"noopener\"><strong><span style=\"color: #3366ff;\">Dr. Karl Moore<\/span><\/strong><\/a>, Professore associato, Desautels Faculty of Management, McGill University<\/li>\n<li>Ringraziamenti da <span style=\"color: #3366ff;\"><strong><a style=\"color: #3366ff;\" href=\"https:\/\/www.admtl.com\/fr\/adm\/entreprise\/organisation\/comite-de-direction\" target=\"_blank\" rel=\"noopener\">Philippe Rainville<\/a><\/strong><\/span>, Presidente e CEO, A\u00e9roports de Montreal<\/li>\n<li>Discorso di chiusura di<a style=\"background-color: #ffffff;\" href=\"https:\/\/italchamber.qc.ca\/2021\/01\/20\/nomination_carmine_dargenio\/?eflyer_rand=1131191713\" target=\"_blank\" rel=\"noopener\"><strong><span style=\"color: #3366ff;\">\u00a0Carmine D\u2019Argenio<\/span><\/strong><\/a>, Presidente del Consiglio di Amministrazione e Presidente della Camera di Commercio Italiana.<\/li>\n<\/ul>\n<p><span style=\"color: #808080;\"><em>Si noti che la sessione sar\u00e0 tenuta interamente in lingua inglese.<\/em><\/span><\/p>\n<hr \/>\n<hr \/>\n<p><a href=\"https:\/\/bit.ly\/2PX6zHE\" target=\"_blank\" rel=\"noopener\"><img decoding=\"async\" class=\"aligncenter wp-image-19292\" src=\"https:\/\/italchamber.qc.ca\/wp-content\/uploads\/2024\/10\/JOINWEBINAREN-300x86.png\" alt=\"\" width=\"331\" height=\"95\" \/><\/a><\/p>\n<p style=\"text-align: left;\"><strong><span style=\"color: #3366ff;\">Per ulteriori informazioni, contattare Connie Russo:<\/span><span style=\"color: #3366ff;\"><em><a style=\"color: #3366ff;\" href=\"mailto:russo.montreal@italchamber.qc.ca\"> russo.montreal@italchamber.qc.ca<\/a><br \/>\n<\/em><\/span><\/strong>Ci auguriamo che vi unirete a noi!<br \/>\nIl team della ICCC<\/p>\n<hr \/>\n<p><img fetchpriority=\"high\" decoding=\"async\" class=\"aligncenter wp-image-19211\" src=\"https:\/\/italchamber.qc.ca\/wp-content\/uploads\/2024\/10\/schiatchitano-300x200.png\" alt=\"\" width=\"600\" height=\"400\" \/><strong>Il Presidente Salvatore Sciacchitano<\/strong><\/p>\n<p>Salvatore Sciacchitano \u00e8 il sesto Presidente del Consiglio ICAO. Laureato in Ingegneria delle Telecomunicazioni presso l&#8217;Universit\u00e0 degli Studi di Catania, ha iniziato la sua carriera nell&#8217;aviazione nel 1980, entrando a far parte dell&#8217;Autorit\u00e0 Italiana di Aeronavigabilit\u00e0 (RAI) dove ha ricevuto incarichi di crescente responsabilit\u00e0, ricoprendo nel 1992 il ruolo di Direttore Regolatore dell&#8217;Organizzazione, poi quello di Direttore Tecnico e, nel 1996, quello di Direttore Generale.<\/p>\n<p>Con la fusione della sezione aeronautica del Ministero dei Trasporti e della RAI, e la successiva costituzione dell&#8217;Ente Nazionale per l&#8217;Aviazione Civile (ENAC), Sciacchitano ha assunto la carica di Vicedirettore Generale. Gli sono stati inoltre affidati molteplici mandati internazionali, quali la presidenza \u00a0della Commissione Permanente di EUROCONTROL, la rappresentanza dell&#8217;Italia nel Consiglio di Amministrazione dell&#8217;Agenzia Europea per la sicurezza aerea (EASA), la vicepresidenza del Consiglio provvisorio di EUROCONTROL ed il coordinamento della delegazione italiana durante le Assemblee dell&#8217;ICAO.<\/p>\n<p>Come risultato della sua vasta esperienza negli affari internazionali dell&#8217;aviazione, nel 2010 Sciacchitano \u00e8 stato nominato Segretario Esecutivo della Conferenza Europea dell&#8217;Aviazione Civile (ECAC).<\/p>\n<p><a href=\"http:\/\/t.eflyermaker.com\/qpk\/p\/z\/x9ddcj\/n\/bsmt6\/r\/t.htm\"><strong>Leggete la biografia completa \u00a0<\/strong><\/a><\/p>\n<hr \/>\n<div id='gallery-1' class='gallery galleryid-9112 gallery-columns-4 gallery-size-thumbnail'><figure class='gallery-item'>\n\t\t\t<div class='gallery-icon portrait'>\n\t\t\t\t<a href='https:\/\/italchamber.qc.ca\/it\/events\/conversation-with-icao-council-president-salvatore-sciacchitano\/vitoplaza\/'><img decoding=\"async\" width=\"150\" height=\"150\" src=\"https:\/\/italchamber.qc.ca\/wp-content\/uploads\/2024\/10\/vitoplaza-150x150.png\" class=\"attachment-thumbnail size-thumbnail\" alt=\"\" aria-describedby=\"gallery-1-9089\" \/><\/a>\n\t\t\t<\/div>\n\t\t\t\t<figcaption class='wp-caption-text gallery-caption' id='gallery-1-9089'>\n\t\t\t\tVito Piazza CEO di Sid Lee Group\n\t\t\t\t<\/figcaption><\/figure><figure class='gallery-item'>\n\t\t\t<div class='gallery-icon portrait'>\n\t\t\t\t<a href='https:\/\/italchamber.qc.ca\/it\/events\/conversation-with-icao-council-president-salvatore-sciacchitano\/karlmoore\/'><img loading=\"lazy\" decoding=\"async\" width=\"150\" height=\"150\" src=\"https:\/\/italchamber.qc.ca\/wp-content\/uploads\/2024\/10\/karlmoore-150x150.png\" class=\"attachment-thumbnail size-thumbnail\" alt=\"\" aria-describedby=\"gallery-1-9094\" \/><\/a>\n\t\t\t<\/div>\n\t\t\t\t<figcaption class='wp-caption-text gallery-caption' id='gallery-1-9094'>\n\t\t\t\tKarl Moore Professor McGill faculty of management  and consultant\n\t\t\t\t<\/figcaption><\/figure><figure class='gallery-item'>\n\t\t\t<div class='gallery-icon portrait'>\n\t\t\t\t<a href='https:\/\/italchamber.qc.ca\/it\/events\/conversation-with-icao-council-president-salvatore-sciacchitano\/silviaconstantini\/'><img loading=\"lazy\" decoding=\"async\" width=\"150\" height=\"150\" src=\"https:\/\/italchamber.qc.ca\/wp-content\/uploads\/2024\/10\/silviaconstantini-150x150.png\" class=\"attachment-thumbnail size-thumbnail\" alt=\"\" aria-describedby=\"gallery-1-9093\" \/><\/a>\n\t\t\t<\/div>\n\t\t\t\t<figcaption class='wp-caption-text gallery-caption' id='gallery-1-9093'>\n\t\t\t\tSilvia Constantini Italian Consul General and Permanent representative of Italy to ICAO\n\t\t\t\t<\/figcaption><\/figure><figure class='gallery-item'>\n\t\t\t<div class='gallery-icon portrait'>\n\t\t\t\t<a href='https:\/\/italchamber.qc.ca\/it\/carminedargenio-2\/'><img loading=\"lazy\" decoding=\"async\" width=\"150\" height=\"150\" src=\"https:\/\/italchamber.qc.ca\/wp-content\/uploads\/2024\/10\/carminedargenio-150x150.png\" class=\"attachment-thumbnail size-thumbnail\" alt=\"\" \/><\/a>\n\t\t\t<\/div><\/figure>\n\t\t<\/div>\n\n<p><a href=\"https:\/\/sidlee.com\/en\/team\/vito-piazza?eflyer_rand=298841925\" target=\"_blank\" rel=\"noopener\"><strong><span style=\"color: #3366ff;\">Vito Piazza<\/span><\/strong><\/a>, CEO di Sidlee, <span style=\"color: #3366ff;\"><a style=\"color: #3366ff;\" href=\"https:\/\/italchamber.qc.ca\/speakers\/silvia-constantini-consule-general-ditalie-a-montreal\/?eflyer_rand=1008986582\" target=\"_blank\" rel=\"noopener\"><strong>Silvia Costantini<\/strong><\/a><\/span>, Rappresentante Permanente dell&#8217;Italia presso l&#8217;ICAO e Console Generale dell&#8217;Italia, <a href=\"https:\/\/www.mcgill.ca\/desautels\/karl-moore?eflyer_rand=670434087\" target=\"_blank\" rel=\"noopener\"><strong><span style=\"color: #3366ff;\">Dr. Karl Moore<\/span><\/strong><\/a>, Professore associato, Desautels Faculty of Management, McGill University, <span style=\"color: #3366ff;\"><strong><a style=\"color: #3366ff;\" href=\"https:\/\/www.admtl.com\/fr\/adm\/entreprise\/organisation\/comite-de-direction\" target=\"_blank\" rel=\"noopener\">Philippe Rainville<\/a><\/strong><\/span>, Presidente e CEO, A\u00e9roports de Montreal, <a style=\"background-color: #ffffff;\" href=\"https:\/\/italchamber.qc.ca\/2021\/01\/20\/nomination_carmine_dargenio\/?eflyer_rand=1131191713\" target=\"_blank\" rel=\"noopener\"><strong><span style=\"color: #3366ff;\">Carmine D\u2019Argenio<\/span><\/strong><\/a>, Presidente del Consiglio di Amministrazione e Presidente della Camera di Commercio Italiana.<\/p>\n<hr \/>\n<p><span style=\"color: #3366ff;\"><strong><a style=\"color: #3366ff;\" href=\"http:\/\/t.eflyermaker.com\/bl8\/p\/z\/x9ddcj\/n\/bsmt9\/z\/t.htm\">Sull&#8217; ICAO\u00a0<\/a><\/strong><\/span><\/p>\n<p>L&#8217;ICAO \u00e8 finanziato e diretto da 193 governi nazionali per sostenere la diplomazia e cooperazione nel trasporto aereo in quanto stati firmatari della Convenzione di Chicago (1944). La sua funzione principale \u00e8 quella di mantenere una burocrazia amministrativa ed esperta (il Segretariato dell&#8217;ICAO) a sostegno di queste interazioni diplomatiche e di ricercare nuove politiche del trasporto aereo e innovazioni nella standardizzazione, come indicato e approvato dai governi attraverso l&#8217;Assemblea dell&#8217;ICAO o dal Consiglio dell&#8217;ICAO eletto dall&#8217;Assemblea<\/p>\n<p>Anche gruppi industriali e della societ\u00e0 civile, nonch\u00e9 altre organizzazioni regionali e internazionali interessate, partecipano all&#8217;esplorazione e allo sviluppo di nuovi standard presso l&#8217;ICAO in qualit\u00e0 di &#8220;Organizzazioni invitate&#8221;. Poich\u00e9 queste parti interessate presentano nuove priorit\u00e0, il Segretariato dell&#8217;ICAO convoca gruppi di lavoro, task force, conferenze e seminari per esplorarne gli aspetti tecnici, politici, socioeconomici e di altro tipo. Fornisce quindi ai governi i migliori risultati e consigli possibili in quanto stabiliscono collettivamente e diplomaticamente nuovi standard internazionali e pratiche per l&#8217;aviazione civile raccomandate a livello internazionale.<\/p>\n","protected":false},"excerpt":{"rendered":"<p>La Camera di Commercio Italiana in Canada (CCIC)\u00a0\u00e8 onorata di avere come relatore principale il Sig. Salvatore Sciacchitano, attuale Presidente del Consiglio dell&#8217;ICAO (International Civil Aviation Organization). Il Sig. Sciacchitano ci parlera del \u201cRuolo dell&#8217; ICAO e dell&#8217;Aviazione durante la Pandemia Globale e delle strategie di ripesa\u201d. Il webinar avr\u00e0 luogo l&#8217;11 Maggio\u00a0\u2014 17:00-18:00 (ora [&hellip;]<\/p>\n","protected":false},"featured_media":9097,"template":"","event_category":[171],"class_list":["post-9112","event","type-event","status-publish","has-post-thumbnail","hentry","event_category-webinaires-it"],"acf":[],"yoast_head":"<!-- This site is optimized with the Yoast SEO plugin v27.4 - https:\/\/yoast.com\/product\/yoast-seo-wordpress\/ -->\n<title>Conversazione con Presidente del Consiglio ICAO Salvatore Sciacchitano - ICCC<\/title>\n<meta name=\"robots\" content=\"index, follow, max-snippet:-1, max-image-preview:large, max-video-preview:-1\" \/>\n<link rel=\"canonical\" href=\"https:\/\/italchamber.qc.ca\/it\/events\/conversazione-con-presidente-del-consiglio-icao-salvatore-sciacchitano\/\" \/>\n<meta property=\"og:locale\" content=\"it_IT\" \/>\n<meta property=\"og:type\" content=\"article\" \/>\n<meta property=\"og:title\" content=\"Conversazione con Presidente del Consiglio ICAO Salvatore Sciacchitano - ICCC\" \/>\n<meta property=\"og:description\" content=\"La Camera di Commercio Italiana in Canada (CCIC)\u00a0\u00e8 onorata di avere come relatore principale il Sig. Salvatore Sciacchitano, attuale Presidente del Consiglio dell&#8217;ICAO (International Civil Aviation Organization). Il Sig. Sciacchitano ci parlera del \u201cRuolo dell&#8217; ICAO e dell&#8217;Aviazione durante la Pandemia Globale e delle strategie di ripesa\u201d. Il webinar avr\u00e0 luogo l&#8217;11 Maggio\u00a0\u2014 17:00-18:00 (ora [&hellip;]\" \/>\n<meta property=\"og:url\" content=\"https:\/\/italchamber.qc.ca\/it\/events\/conversazione-con-presidente-del-consiglio-icao-salvatore-sciacchitano\/\" \/>\n<meta property=\"og:site_name\" content=\"ICCC\" \/>\n<meta property=\"article:modified_time\" content=\"2024-10-11T19:33:45+00:00\" \/>\n<meta property=\"og:image\" content=\"https:\/\/italchamber.qc.ca\/wp-content\/uploads\/2024\/10\/icao-EN-V2.png\" \/>\n\t<meta property=\"og:image:width\" content=\"2304\" \/>\n\t<meta property=\"og:image:height\" content=\"576\" \/>\n\t<meta property=\"og:image:type\" content=\"image\/png\" \/>\n<meta name=\"twitter:card\" content=\"summary_large_image\" \/>\n<meta name=\"twitter:label1\" content=\"Tempo di lettura stimato\" \/>\n\t<meta name=\"twitter:data1\" content=\"3 minuti\" \/>\n<script type=\"application\/ld+json\" class=\"yoast-schema-graph\">{\"@context\":\"https:\\\/\\\/schema.org\",\"@graph\":[{\"@type\":\"WebPage\",\"@id\":\"https:\\\/\\\/italchamber.qc.ca\\\/it\\\/events\\\/conversazione-con-presidente-del-consiglio-icao-salvatore-sciacchitano\\\/\",\"url\":\"https:\\\/\\\/italchamber.qc.ca\\\/it\\\/events\\\/conversazione-con-presidente-del-consiglio-icao-salvatore-sciacchitano\\\/\",\"name\":\"Conversazione con Presidente del Consiglio ICAO Salvatore Sciacchitano - ICCC\",\"isPartOf\":{\"@id\":\"https:\\\/\\\/italchamber.qc.ca\\\/it\\\/#website\"},\"primaryImageOfPage\":{\"@id\":\"https:\\\/\\\/italchamber.qc.ca\\\/it\\\/events\\\/conversazione-con-presidente-del-consiglio-icao-salvatore-sciacchitano\\\/#primaryimage\"},\"image\":{\"@id\":\"https:\\\/\\\/italchamber.qc.ca\\\/it\\\/events\\\/conversazione-con-presidente-del-consiglio-icao-salvatore-sciacchitano\\\/#primaryimage\"},\"thumbnailUrl\":\"https:\\\/\\\/italchamber.qc.ca\\\/wp-content\\\/uploads\\\/2024\\\/10\\\/icao-EN-V2.png\",\"datePublished\":\"2021-04-30T22:06:15+00:00\",\"dateModified\":\"2024-10-11T19:33:45+00:00\",\"breadcrumb\":{\"@id\":\"https:\\\/\\\/italchamber.qc.ca\\\/it\\\/events\\\/conversazione-con-presidente-del-consiglio-icao-salvatore-sciacchitano\\\/#breadcrumb\"},\"inLanguage\":\"it-IT\",\"potentialAction\":[{\"@type\":\"ReadAction\",\"target\":[\"https:\\\/\\\/italchamber.qc.ca\\\/it\\\/events\\\/conversazione-con-presidente-del-consiglio-icao-salvatore-sciacchitano\\\/\"]}]},{\"@type\":\"ImageObject\",\"inLanguage\":\"it-IT\",\"@id\":\"https:\\\/\\\/italchamber.qc.ca\\\/it\\\/events\\\/conversazione-con-presidente-del-consiglio-icao-salvatore-sciacchitano\\\/#primaryimage\",\"url\":\"https:\\\/\\\/italchamber.qc.ca\\\/wp-content\\\/uploads\\\/2024\\\/10\\\/icao-EN-V2.png\",\"contentUrl\":\"https:\\\/\\\/italchamber.qc.ca\\\/wp-content\\\/uploads\\\/2024\\\/10\\\/icao-EN-V2.png\",\"width\":2304,\"height\":576},{\"@type\":\"BreadcrumbList\",\"@id\":\"https:\\\/\\\/italchamber.qc.ca\\\/it\\\/events\\\/conversazione-con-presidente-del-consiglio-icao-salvatore-sciacchitano\\\/#breadcrumb\",\"itemListElement\":[{\"@type\":\"ListItem\",\"position\":1,\"name\":\"Home\",\"item\":\"https:\\\/\\\/italchamber.qc.ca\\\/it\\\/home\\\/\"},{\"@type\":\"ListItem\",\"position\":2,\"name\":\"Events\",\"item\":\"https:\\\/\\\/italchamber.qc.ca\\\/it\\\/events\\\/\"},{\"@type\":\"ListItem\",\"position\":3,\"name\":\"Conversazione con Presidente del Consiglio ICAO Salvatore Sciacchitano\"}]},{\"@type\":\"WebSite\",\"@id\":\"https:\\\/\\\/italchamber.qc.ca\\\/it\\\/#website\",\"url\":\"https:\\\/\\\/italchamber.qc.ca\\\/it\\\/\",\"name\":\"ICCC\",\"description\":\"Italian Chamber of Commerce in Canada\",\"publisher\":{\"@id\":\"https:\\\/\\\/italchamber.qc.ca\\\/it\\\/#organization\"},\"potentialAction\":[{\"@type\":\"SearchAction\",\"target\":{\"@type\":\"EntryPoint\",\"urlTemplate\":\"https:\\\/\\\/italchamber.qc.ca\\\/it\\\/?s={search_term_string}\"},\"query-input\":{\"@type\":\"PropertyValueSpecification\",\"valueRequired\":true,\"valueName\":\"search_term_string\"}}],\"inLanguage\":\"it-IT\"},{\"@type\":\"Organization\",\"@id\":\"https:\\\/\\\/italchamber.qc.ca\\\/it\\\/#organization\",\"name\":\"ICCC\",\"url\":\"https:\\\/\\\/italchamber.qc.ca\\\/it\\\/\",\"logo\":{\"@type\":\"ImageObject\",\"inLanguage\":\"it-IT\",\"@id\":\"https:\\\/\\\/italchamber.qc.ca\\\/it\\\/#\\\/schema\\\/logo\\\/image\\\/\",\"url\":\"https:\\\/\\\/italchamber.qc.ca\\\/wp-content\\\/uploads\\\/2025\\\/05\\\/ICCC-Logo-Italian.svg\",\"contentUrl\":\"https:\\\/\\\/italchamber.qc.ca\\\/wp-content\\\/uploads\\\/2025\\\/05\\\/ICCC-Logo-Italian.svg\",\"caption\":\"ICCC\"},\"image\":{\"@id\":\"https:\\\/\\\/italchamber.qc.ca\\\/it\\\/#\\\/schema\\\/logo\\\/image\\\/\"}}]}<\/script>\n<!-- \/ Yoast SEO plugin. -->","yoast_head_json":{"title":"Conversazione con Presidente del Consiglio ICAO Salvatore Sciacchitano - ICCC","robots":{"index":"index","follow":"follow","max-snippet":"max-snippet:-1","max-image-preview":"max-image-preview:large","max-video-preview":"max-video-preview:-1"},"canonical":"https:\/\/italchamber.qc.ca\/it\/events\/conversazione-con-presidente-del-consiglio-icao-salvatore-sciacchitano\/","og_locale":"it_IT","og_type":"article","og_title":"Conversazione con Presidente del Consiglio ICAO Salvatore Sciacchitano - ICCC","og_description":"La Camera di Commercio Italiana in Canada (CCIC)\u00a0\u00e8 onorata di avere come relatore principale il Sig. Salvatore Sciacchitano, attuale Presidente del Consiglio dell&#8217;ICAO (International Civil Aviation Organization). Il Sig. Sciacchitano ci parlera del \u201cRuolo dell&#8217; ICAO e dell&#8217;Aviazione durante la Pandemia Globale e delle strategie di ripesa\u201d. Il webinar avr\u00e0 luogo l&#8217;11 Maggio\u00a0\u2014 17:00-18:00 (ora [&hellip;]","og_url":"https:\/\/italchamber.qc.ca\/it\/events\/conversazione-con-presidente-del-consiglio-icao-salvatore-sciacchitano\/","og_site_name":"ICCC","article_modified_time":"2024-10-11T19:33:45+00:00","og_image":[{"width":2304,"height":576,"url":"https:\/\/italchamber.qc.ca\/wp-content\/uploads\/2024\/10\/icao-EN-V2.png","type":"image\/png"}],"twitter_card":"summary_large_image","twitter_misc":{"Tempo di lettura stimato":"3 minuti"},"schema":{"@context":"https:\/\/schema.org","@graph":[{"@type":"WebPage","@id":"https:\/\/italchamber.qc.ca\/it\/events\/conversazione-con-presidente-del-consiglio-icao-salvatore-sciacchitano\/","url":"https:\/\/italchamber.qc.ca\/it\/events\/conversazione-con-presidente-del-consiglio-icao-salvatore-sciacchitano\/","name":"Conversazione con Presidente del Consiglio ICAO Salvatore Sciacchitano - ICCC","isPartOf":{"@id":"https:\/\/italchamber.qc.ca\/it\/#website"},"primaryImageOfPage":{"@id":"https:\/\/italchamber.qc.ca\/it\/events\/conversazione-con-presidente-del-consiglio-icao-salvatore-sciacchitano\/#primaryimage"},"image":{"@id":"https:\/\/italchamber.qc.ca\/it\/events\/conversazione-con-presidente-del-consiglio-icao-salvatore-sciacchitano\/#primaryimage"},"thumbnailUrl":"https:\/\/italchamber.qc.ca\/wp-content\/uploads\/2024\/10\/icao-EN-V2.png","datePublished":"2021-04-30T22:06:15+00:00","dateModified":"2024-10-11T19:33:45+00:00","breadcrumb":{"@id":"https:\/\/italchamber.qc.ca\/it\/events\/conversazione-con-presidente-del-consiglio-icao-salvatore-sciacchitano\/#breadcrumb"},"inLanguage":"it-IT","potentialAction":[{"@type":"ReadAction","target":["https:\/\/italchamber.qc.ca\/it\/events\/conversazione-con-presidente-del-consiglio-icao-salvatore-sciacchitano\/"]}]},{"@type":"ImageObject","inLanguage":"it-IT","@id":"https:\/\/italchamber.qc.ca\/it\/events\/conversazione-con-presidente-del-consiglio-icao-salvatore-sciacchitano\/#primaryimage","url":"https:\/\/italchamber.qc.ca\/wp-content\/uploads\/2024\/10\/icao-EN-V2.png","contentUrl":"https:\/\/italchamber.qc.ca\/wp-content\/uploads\/2024\/10\/icao-EN-V2.png","width":2304,"height":576},{"@type":"BreadcrumbList","@id":"https:\/\/italchamber.qc.ca\/it\/events\/conversazione-con-presidente-del-consiglio-icao-salvatore-sciacchitano\/#breadcrumb","itemListElement":[{"@type":"ListItem","position":1,"name":"Home","item":"https:\/\/italchamber.qc.ca\/it\/home\/"},{"@type":"ListItem","position":2,"name":"Events","item":"https:\/\/italchamber.qc.ca\/it\/events\/"},{"@type":"ListItem","position":3,"name":"Conversazione con Presidente del Consiglio ICAO Salvatore Sciacchitano"}]},{"@type":"WebSite","@id":"https:\/\/italchamber.qc.ca\/it\/#website","url":"https:\/\/italchamber.qc.ca\/it\/","name":"ICCC","description":"Italian Chamber of Commerce in Canada","publisher":{"@id":"https:\/\/italchamber.qc.ca\/it\/#organization"},"potentialAction":[{"@type":"SearchAction","target":{"@type":"EntryPoint","urlTemplate":"https:\/\/italchamber.qc.ca\/it\/?s={search_term_string}"},"query-input":{"@type":"PropertyValueSpecification","valueRequired":true,"valueName":"search_term_string"}}],"inLanguage":"it-IT"},{"@type":"Organization","@id":"https:\/\/italchamber.qc.ca\/it\/#organization","name":"ICCC","url":"https:\/\/italchamber.qc.ca\/it\/","logo":{"@type":"ImageObject","inLanguage":"it-IT","@id":"https:\/\/italchamber.qc.ca\/it\/#\/schema\/logo\/image\/","url":"https:\/\/italchamber.qc.ca\/wp-content\/uploads\/2025\/05\/ICCC-Logo-Italian.svg","contentUrl":"https:\/\/italchamber.qc.ca\/wp-content\/uploads\/2025\/05\/ICCC-Logo-Italian.svg","caption":"ICCC"},"image":{"@id":"https:\/\/italchamber.qc.ca\/it\/#\/schema\/logo\/image\/"}}]}},"_links":{"self":[{"href":"https:\/\/italchamber.qc.ca\/it\/wp-json\/wp\/v2\/event\/9112","targetHints":{"allow":["GET"]}}],"collection":[{"href":"https:\/\/italchamber.qc.ca\/it\/wp-json\/wp\/v2\/event"}],"about":[{"href":"https:\/\/italchamber.qc.ca\/it\/wp-json\/wp\/v2\/types\/event"}],"version-history":[{"count":0,"href":"https:\/\/italchamber.qc.ca\/it\/wp-json\/wp\/v2\/event\/9112\/revisions"}],"wp:featuredmedia":[{"embeddable":true,"href":"https:\/\/italchamber.qc.ca\/it\/wp-json\/wp\/v2\/media\/9097"}],"wp:attachment":[{"href":"https:\/\/italchamber.qc.ca\/it\/wp-json\/wp\/v2\/media?parent=9112"}],"wp:term":[{"taxonomy":"event_category","embeddable":true,"href":"https:\/\/italchamber.qc.ca\/it\/wp-json\/wp\/v2\/event_category?post=9112"}],"curies":[{"name":"wp","href":"https:\/\/api.w.org\/{rel}","templated":true}]}}