{"id":8771,"date":"2019-12-17T22:17:30","date_gmt":"2019-12-17T22:17:30","guid":{"rendered":"https:\/\/italchamber.qc.ca\/events\/calendario-degli-eventi-2020\/"},"modified":"2024-10-11T19:19:15","modified_gmt":"2024-10-11T19:19:15","slug":"calendario-degli-eventi-2020","status":"publish","type":"event","link":"https:\/\/italchamber.qc.ca\/it\/events\/calendario-degli-eventi-2020\/","title":{"rendered":"CALENDARIO DEGLI EVENTI 2020"},"content":{"rendered":"<p><span style=\"color: #808080;\"><span style=\"color: #008000;\">23rd April<\/span>\u00a0&#8211;\u00a0Soir\u00e9e de d\u00e9gustation 2.0 \u2013 Veneto<\/span><\/p>\n<p><span style=\"color: #808080;\"><span style=\"color: #008000;\">29th April &#8211; <\/span><a style=\"color: #808080;\" href=\"https:\/\/italchamber.qc.ca\/events\/webinar-the-canadian-and-italian-agri-food-industries-during-covid-19\/?lang=fr\" target=\"_blank\" rel=\"noopener noreferrer\">Webinar with Italian and Canadian experts of the agri-food sector<\/a><\/span><\/p>\n<p><span style=\"color: #808080;\"><span style=\"color: #008000;\">14th May &#8211; <\/span>Soir\u00e9e de d\u00e9gustation 2.0\u00a0\u2013 Lombardia, Emilia-Romagna and Piemonte<\/span><\/p>\n<p><span style=\"color: #808080;\"><span style=\"color: #008000;\"><a style=\"color: #008000;\" href=\"https:\/\/italchamber.qc.ca\/events\/souper-gourmand-italien-la-maison\/?lang=fr\" target=\"_blank\" rel=\"noopener noreferrer\">26th May<\/a>\u00a0&#8211;\u00a0<\/span><a style=\"color: #808080;\" href=\"https:\/\/italchamber.qc.ca\/events\/souper-gourmand-italien-la-maison\/?lang=fr\" target=\"_blank\" rel=\"noopener noreferrer\">Souper Gourmand Italien\u00a0chez soi, with chef Graziella Battista \u2013 Restaurant Graziella<\/a><\/span><\/p>\n<p><span style=\"color: #808080;\"><span style=\"color: #008000;\">3rd June &#8211; <\/span>Annual General Assembly \u00a0 \u00a0 \u00a0<\/span><\/p>\n<p><span style=\"color: #808080;\"><span style=\"color: #008000;\"><a style=\"color: #008000;\" href=\"https:\/\/italchamber.qc.ca\/events\/souper-gourmand-italien-chez-soi\/?lang=fr\" target=\"_blank\" rel=\"noopener noreferrer\">17th June\u00a0<\/a>&#8211; <\/span><a style=\"color: #808080;\" href=\"https:\/\/italchamber.qc.ca\/events\/souper-gourmand-italien-chez-soi\/?lang=fr\" target=\"_blank\" rel=\"noopener noreferrer\">Souper Gourmand Italien\u00a0chez soi, with chef Roberto Stabile \u2013 Restaurant Primo &amp; Secondo<\/a><\/span><\/p>\n<p><span style=\"color: #808080;\"><a style=\"color: #808080;\" href=\"https:\/\/italchamber.qc.ca\/events\/souper-gourmand-italien-chez-soi-3\/?lang=fr\" target=\"_blank\" rel=\"noopener noreferrer\"><span style=\"color: #008000;\">7th July<\/span>\u00a0&#8211;<\/a> <a style=\"color: #808080;\" href=\"https:\/\/italchamber.qc.ca\/events\/souper-gourmand-italien-chez-soi-3\/?lang=fr\" target=\"_blank\" rel=\"noopener noreferrer\">Souper gourmand italien chez soi, with chef Giovanni Baldolini \u2013 Restaurant Fiorellino<\/a><\/span><\/p>\n<p><span style=\"color: #808080;\"><span style=\"color: #008000;\"><a style=\"color: #008000;\" href=\"https:\/\/italchamber.qc.ca\/events\/souper-gourmand-italien-chez-soi-4-2\/?lang=fr\" target=\"_blank\" rel=\"noopener noreferrer\">14th September<\/a>\u00a0&#8211;\u00a0<\/span><a style=\"color: #808080;\" href=\"https:\/\/italchamber.qc.ca\/events\/souper-gourmand-italien-chez-soi-4-2\/?lang=fr\" target=\"_blank\" rel=\"noopener noreferrer\">Souper gourmand italien chez soi, with chef Pasquale Vari<\/a><\/span><\/p>\n<p><span style=\"color: #808080;\"><span style=\"color: #008000;\"><a style=\"color: #008000;\" href=\"https:\/\/italchamber.qc.ca\/events\/souper-gourmand-italien-chez-soi-4\/?lang=fr\" target=\"_blank\" rel=\"noopener noreferrer\">22nd September<\/a>\u00a0&#8211;\u00a0<\/span><a style=\"color: #808080;\" href=\"https:\/\/italchamber.qc.ca\/events\/souper-gourmand-italien-chez-soi-4\/?lang=fr\" target=\"_blank\" rel=\"noopener noreferrer\">Souper gourmand italien chez soi, with chef Gianfranco Schifano \u2013 Le Richmond<\/a><\/span><\/p>\n<p><span style=\"color: #808080;\"><a style=\"color: #808080;\" href=\"https:\/\/italchamber.qc.ca\/events\/souper-gourmand-italien-chez-soi-6\/?lang=fr\" target=\"_blank\" rel=\"noopener noreferrer\"><span style=\"color: #008000;\">29th <\/span><\/a><a style=\"color: #008000;\" href=\"https:\/\/italchamber.qc.ca\/events\/souper-gourmand-italien-chez-soi-4\/?lang=fr\" target=\"_blank\" rel=\"noopener noreferrer\">September<\/a><\/span>\u00a0&#8211; <a style=\"color: #808080;\" href=\"https:\/\/italchamber.qc.ca\/events\/souper-gourmand-italien-chez-soi-6\/?lang=fr\" target=\"_blank\" rel=\"noopener noreferrer\">Souper gourmand italien chez soi, with chef Adele Forgione \u2013 Beatrice<\/a><\/p>\n<p><span style=\"color: #808080;\"><span style=\"color: #008000;\"><a style=\"color: #008000;\" href=\"https:\/\/italchamber.qc.ca\/events\/webinar-creativerescue\/?lang=fr\" target=\"_blank\" rel=\"noopener noreferrer\">30th <\/a><a style=\"color: #008000;\" href=\"https:\/\/italchamber.qc.ca\/events\/souper-gourmand-italien-chez-soi-4\/?lang=fr\" target=\"_blank\" rel=\"noopener noreferrer\">September<\/a><a style=\"color: #008000;\" href=\"https:\/\/italchamber.qc.ca\/events\/webinar-creativerescue\/?lang=fr\" target=\"_blank\" rel=\"noopener noreferrer\"> &#8211; <\/a><\/span><a style=\"color: #808080;\" href=\"https:\/\/italchamber.qc.ca\/events\/webinar-creativerescue\/?lang=fr\" target=\"_blank\" rel=\"noopener noreferrer\">Webinar \u00ab\u00a0Utiliser la cr\u00e9ativit\u00e9 pour b\u00e2tir le monde de demain\u00a0\u00bb<\/a><\/span><\/p>\n<p><span style=\"color: #808080;\"><a style=\"color: #808080;\" href=\"https:\/\/italchamber.qc.ca\/forum-daffaires-sur-lintelligence-artificielle-2020\/?lang=fr\" target=\"_blank\" rel=\"noopener noreferrer\"><span style=\"color: #008000;\">18th \u2013 20th November<\/span>\u00a0&#8211; II Business Fo<\/a><a style=\"color: #808080;\" href=\"https:\/\/italchamber.qc.ca\/forum-daffaires-sur-lintelligence-artificielle-2020\/?lang=fr\" target=\"_blank\" rel=\"noopener noreferrer\">rum Canada-Italy on Artificial Intelligence 2020<\/a><\/span><\/p>\n<p><span style=\"color: #808080;\"><span style=\"color: #008000;\">8th December<\/span>\u00a0&#8211; I Masterclass with Chef Pasquale Vari<\/span><\/p>\n<p><span style=\"color: #808080;\"><span style=\"color: #008000;\">15th December<\/span>\u00a0&#8211; II Masterclass with Chef Pasquale Vari<\/span><\/p>\n<p>&nbsp;<\/p>\n<p><span style=\"color: #808080;\"><a style=\"color: #808080;\" href=\"https:\/\/italchamber.qc.ca\/membership\/?lang=it\"><img fetchpriority=\"high\" decoding=\"async\" class=\"aligncenter wp-image-2795\" src=\"https:\/\/italchamber.qc.ca\/wp-content\/uploads\/2024\/10\/Action-button.png\" alt=\"\" width=\"400\" height=\"192\" \/><\/a><\/span><\/p>\n<p>&nbsp;<\/p>\n","protected":false},"excerpt":{"rendered":"<p>The ICCC is excited to present a sneak peek of its 2020 calendar!<\/p>\n","protected":false},"featured_media":8770,"template":"","event_category":[],"class_list":["post-8771","event","type-event","status-publish","has-post-thumbnail","hentry"],"acf":[],"yoast_head":"<!-- This site is optimized with the Yoast SEO plugin v27.4 - https:\/\/yoast.com\/product\/yoast-seo-wordpress\/ -->\n<title>CALENDARIO DEGLI EVENTI 2020 - ICCC<\/title>\n<meta name=\"robots\" content=\"index, follow, max-snippet:-1, max-image-preview:large, max-video-preview:-1\" \/>\n<link rel=\"canonical\" href=\"https:\/\/italchamber.qc.ca\/it\/events\/calendario-degli-eventi-2020\/\" \/>\n<meta property=\"og:locale\" content=\"it_IT\" \/>\n<meta property=\"og:type\" content=\"article\" \/>\n<meta property=\"og:title\" content=\"CALENDARIO DEGLI EVENTI 2020 - ICCC\" \/>\n<meta property=\"og:description\" content=\"The ICCC is excited to present a sneak peek of its 2020 calendar!\" \/>\n<meta property=\"og:url\" content=\"https:\/\/italchamber.qc.ca\/it\/events\/calendario-degli-eventi-2020\/\" \/>\n<meta property=\"og:site_name\" content=\"ICCC\" \/>\n<meta property=\"article:modified_time\" content=\"2024-10-11T19:19:15+00:00\" \/>\n<meta property=\"og:image\" content=\"https:\/\/italchamber.qc.ca\/wp-content\/uploads\/2024\/10\/Evenements-a-venir-2020.png\" \/>\n\t<meta property=\"og:image:width\" content=\"820\" \/>\n\t<meta property=\"og:image:height\" content=\"250\" \/>\n\t<meta property=\"og:image:type\" content=\"image\/png\" \/>\n<meta name=\"twitter:card\" content=\"summary_large_image\" \/>\n<meta name=\"twitter:label1\" content=\"Tempo di lettura stimato\" \/>\n\t<meta name=\"twitter:data1\" content=\"1 minuto\" \/>\n<script type=\"application\/ld+json\" class=\"yoast-schema-graph\">{\"@context\":\"https:\\\/\\\/schema.org\",\"@graph\":[{\"@type\":\"WebPage\",\"@id\":\"https:\\\/\\\/italchamber.qc.ca\\\/it\\\/events\\\/calendario-degli-eventi-2020\\\/\",\"url\":\"https:\\\/\\\/italchamber.qc.ca\\\/it\\\/events\\\/calendario-degli-eventi-2020\\\/\",\"name\":\"CALENDARIO DEGLI EVENTI 2020 - ICCC\",\"isPartOf\":{\"@id\":\"https:\\\/\\\/italchamber.qc.ca\\\/it\\\/#website\"},\"primaryImageOfPage\":{\"@id\":\"https:\\\/\\\/italchamber.qc.ca\\\/it\\\/events\\\/calendario-degli-eventi-2020\\\/#primaryimage\"},\"image\":{\"@id\":\"https:\\\/\\\/italchamber.qc.ca\\\/it\\\/events\\\/calendario-degli-eventi-2020\\\/#primaryimage\"},\"thumbnailUrl\":\"https:\\\/\\\/italchamber.qc.ca\\\/wp-content\\\/uploads\\\/2024\\\/10\\\/Evenements-a-venir-2020.png\",\"datePublished\":\"2019-12-17T22:17:30+00:00\",\"dateModified\":\"2024-10-11T19:19:15+00:00\",\"breadcrumb\":{\"@id\":\"https:\\\/\\\/italchamber.qc.ca\\\/it\\\/events\\\/calendario-degli-eventi-2020\\\/#breadcrumb\"},\"inLanguage\":\"it-IT\",\"potentialAction\":[{\"@type\":\"ReadAction\",\"target\":[\"https:\\\/\\\/italchamber.qc.ca\\\/it\\\/events\\\/calendario-degli-eventi-2020\\\/\"]}]},{\"@type\":\"ImageObject\",\"inLanguage\":\"it-IT\",\"@id\":\"https:\\\/\\\/italchamber.qc.ca\\\/it\\\/events\\\/calendario-degli-eventi-2020\\\/#primaryimage\",\"url\":\"https:\\\/\\\/italchamber.qc.ca\\\/wp-content\\\/uploads\\\/2024\\\/10\\\/Evenements-a-venir-2020.png\",\"contentUrl\":\"https:\\\/\\\/italchamber.qc.ca\\\/wp-content\\\/uploads\\\/2024\\\/10\\\/Evenements-a-venir-2020.png\",\"width\":820,\"height\":250},{\"@type\":\"BreadcrumbList\",\"@id\":\"https:\\\/\\\/italchamber.qc.ca\\\/it\\\/events\\\/calendario-degli-eventi-2020\\\/#breadcrumb\",\"itemListElement\":[{\"@type\":\"ListItem\",\"position\":1,\"name\":\"Home\",\"item\":\"https:\\\/\\\/italchamber.qc.ca\\\/it\\\/home\\\/\"},{\"@type\":\"ListItem\",\"position\":2,\"name\":\"Events\",\"item\":\"https:\\\/\\\/italchamber.qc.ca\\\/it\\\/events\\\/\"},{\"@type\":\"ListItem\",\"position\":3,\"name\":\"CALENDARIO DEGLI EVENTI 2020\"}]},{\"@type\":\"WebSite\",\"@id\":\"https:\\\/\\\/italchamber.qc.ca\\\/it\\\/#website\",\"url\":\"https:\\\/\\\/italchamber.qc.ca\\\/it\\\/\",\"name\":\"ICCC\",\"description\":\"Italian Chamber of Commerce in Canada\",\"publisher\":{\"@id\":\"https:\\\/\\\/italchamber.qc.ca\\\/it\\\/#organization\"},\"potentialAction\":[{\"@type\":\"SearchAction\",\"target\":{\"@type\":\"EntryPoint\",\"urlTemplate\":\"https:\\\/\\\/italchamber.qc.ca\\\/it\\\/?s={search_term_string}\"},\"query-input\":{\"@type\":\"PropertyValueSpecification\",\"valueRequired\":true,\"valueName\":\"search_term_string\"}}],\"inLanguage\":\"it-IT\"},{\"@type\":\"Organization\",\"@id\":\"https:\\\/\\\/italchamber.qc.ca\\\/it\\\/#organization\",\"name\":\"ICCC\",\"url\":\"https:\\\/\\\/italchamber.qc.ca\\\/it\\\/\",\"logo\":{\"@type\":\"ImageObject\",\"inLanguage\":\"it-IT\",\"@id\":\"https:\\\/\\\/italchamber.qc.ca\\\/it\\\/#\\\/schema\\\/logo\\\/image\\\/\",\"url\":\"https:\\\/\\\/italchamber.qc.ca\\\/wp-content\\\/uploads\\\/2025\\\/05\\\/ICCC-Logo-Italian.svg\",\"contentUrl\":\"https:\\\/\\\/italchamber.qc.ca\\\/wp-content\\\/uploads\\\/2025\\\/05\\\/ICCC-Logo-Italian.svg\",\"caption\":\"ICCC\"},\"image\":{\"@id\":\"https:\\\/\\\/italchamber.qc.ca\\\/it\\\/#\\\/schema\\\/logo\\\/image\\\/\"}}]}<\/script>\n<!-- \/ Yoast SEO plugin. -->","yoast_head_json":{"title":"CALENDARIO DEGLI EVENTI 2020 - ICCC","robots":{"index":"index","follow":"follow","max-snippet":"max-snippet:-1","max-image-preview":"max-image-preview:large","max-video-preview":"max-video-preview:-1"},"canonical":"https:\/\/italchamber.qc.ca\/it\/events\/calendario-degli-eventi-2020\/","og_locale":"it_IT","og_type":"article","og_title":"CALENDARIO DEGLI EVENTI 2020 - ICCC","og_description":"The ICCC is excited to present a sneak peek of its 2020 calendar!","og_url":"https:\/\/italchamber.qc.ca\/it\/events\/calendario-degli-eventi-2020\/","og_site_name":"ICCC","article_modified_time":"2024-10-11T19:19:15+00:00","og_image":[{"width":820,"height":250,"url":"https:\/\/italchamber.qc.ca\/wp-content\/uploads\/2024\/10\/Evenements-a-venir-2020.png","type":"image\/png"}],"twitter_card":"summary_large_image","twitter_misc":{"Tempo di lettura stimato":"1 minuto"},"schema":{"@context":"https:\/\/schema.org","@graph":[{"@type":"WebPage","@id":"https:\/\/italchamber.qc.ca\/it\/events\/calendario-degli-eventi-2020\/","url":"https:\/\/italchamber.qc.ca\/it\/events\/calendario-degli-eventi-2020\/","name":"CALENDARIO DEGLI EVENTI 2020 - ICCC","isPartOf":{"@id":"https:\/\/italchamber.qc.ca\/it\/#website"},"primaryImageOfPage":{"@id":"https:\/\/italchamber.qc.ca\/it\/events\/calendario-degli-eventi-2020\/#primaryimage"},"image":{"@id":"https:\/\/italchamber.qc.ca\/it\/events\/calendario-degli-eventi-2020\/#primaryimage"},"thumbnailUrl":"https:\/\/italchamber.qc.ca\/wp-content\/uploads\/2024\/10\/Evenements-a-venir-2020.png","datePublished":"2019-12-17T22:17:30+00:00","dateModified":"2024-10-11T19:19:15+00:00","breadcrumb":{"@id":"https:\/\/italchamber.qc.ca\/it\/events\/calendario-degli-eventi-2020\/#breadcrumb"},"inLanguage":"it-IT","potentialAction":[{"@type":"ReadAction","target":["https:\/\/italchamber.qc.ca\/it\/events\/calendario-degli-eventi-2020\/"]}]},{"@type":"ImageObject","inLanguage":"it-IT","@id":"https:\/\/italchamber.qc.ca\/it\/events\/calendario-degli-eventi-2020\/#primaryimage","url":"https:\/\/italchamber.qc.ca\/wp-content\/uploads\/2024\/10\/Evenements-a-venir-2020.png","contentUrl":"https:\/\/italchamber.qc.ca\/wp-content\/uploads\/2024\/10\/Evenements-a-venir-2020.png","width":820,"height":250},{"@type":"BreadcrumbList","@id":"https:\/\/italchamber.qc.ca\/it\/events\/calendario-degli-eventi-2020\/#breadcrumb","itemListElement":[{"@type":"ListItem","position":1,"name":"Home","item":"https:\/\/italchamber.qc.ca\/it\/home\/"},{"@type":"ListItem","position":2,"name":"Events","item":"https:\/\/italchamber.qc.ca\/it\/events\/"},{"@type":"ListItem","position":3,"name":"CALENDARIO DEGLI EVENTI 2020"}]},{"@type":"WebSite","@id":"https:\/\/italchamber.qc.ca\/it\/#website","url":"https:\/\/italchamber.qc.ca\/it\/","name":"ICCC","description":"Italian Chamber of Commerce in Canada","publisher":{"@id":"https:\/\/italchamber.qc.ca\/it\/#organization"},"potentialAction":[{"@type":"SearchAction","target":{"@type":"EntryPoint","urlTemplate":"https:\/\/italchamber.qc.ca\/it\/?s={search_term_string}"},"query-input":{"@type":"PropertyValueSpecification","valueRequired":true,"valueName":"search_term_string"}}],"inLanguage":"it-IT"},{"@type":"Organization","@id":"https:\/\/italchamber.qc.ca\/it\/#organization","name":"ICCC","url":"https:\/\/italchamber.qc.ca\/it\/","logo":{"@type":"ImageObject","inLanguage":"it-IT","@id":"https:\/\/italchamber.qc.ca\/it\/#\/schema\/logo\/image\/","url":"https:\/\/italchamber.qc.ca\/wp-content\/uploads\/2025\/05\/ICCC-Logo-Italian.svg","contentUrl":"https:\/\/italchamber.qc.ca\/wp-content\/uploads\/2025\/05\/ICCC-Logo-Italian.svg","caption":"ICCC"},"image":{"@id":"https:\/\/italchamber.qc.ca\/it\/#\/schema\/logo\/image\/"}}]}},"_links":{"self":[{"href":"https:\/\/italchamber.qc.ca\/it\/wp-json\/wp\/v2\/event\/8771","targetHints":{"allow":["GET"]}}],"collection":[{"href":"https:\/\/italchamber.qc.ca\/it\/wp-json\/wp\/v2\/event"}],"about":[{"href":"https:\/\/italchamber.qc.ca\/it\/wp-json\/wp\/v2\/types\/event"}],"version-history":[{"count":0,"href":"https:\/\/italchamber.qc.ca\/it\/wp-json\/wp\/v2\/event\/8771\/revisions"}],"wp:featuredmedia":[{"embeddable":true,"href":"https:\/\/italchamber.qc.ca\/it\/wp-json\/wp\/v2\/media\/8770"}],"wp:attachment":[{"href":"https:\/\/italchamber.qc.ca\/it\/wp-json\/wp\/v2\/media?parent=8771"}],"wp:term":[{"taxonomy":"event_category","embeddable":true,"href":"https:\/\/italchamber.qc.ca\/it\/wp-json\/wp\/v2\/event_category?post=8771"}],"curies":[{"name":"wp","href":"https:\/\/api.w.org\/{rel}","templated":true}]}}