{"id":7895,"date":"2018-11-15T17:46:29","date_gmt":"2018-11-15T17:46:29","guid":{"rendered":"https:\/\/italchamber.qc.ca\/events\/launch-of-wine-and-travel-italy-emilia-romagna-terra-con-lanima-2\/"},"modified":"2024-10-11T18:19:45","modified_gmt":"2024-10-11T18:19:45","slug":"launch-of-wine-and-travel-italy-emilia-romagna-terra-con-lanima-2","status":"publish","type":"event","link":"https:\/\/italchamber.qc.ca\/it\/events\/launch-of-wine-and-travel-italy-emilia-romagna-terra-con-lanima-2\/","title":{"rendered":"Launch of Wine and Travel Italy \u2013 Emilia-Romagna : Terra con l\u2019anima"},"content":{"rendered":"<p><span style=\"color: #000000;\">La Chambre de commerce italienne au Canada convie les <span style=\"color: #00938a;\">m\u00e9dias sp\u00e9cialis\u00e9s, les professionnels du secteur du tourisme et ses partenaires<\/span> \u00e0 la pr\u00e9sentation de la nouvelle version du site <a href=\"http:\/\/www.voyagevinitalie.com\" target=\"_blank\" rel=\"noopener\">Voyage Vin Italie<\/a>, qui offre aux visiteurs la possibilit\u00e9 d\u2019explorer l\u2019Italie et ses excellences \u00e0 travers le <span style=\"color: #00938a;\">vin<\/span>, les <span style=\"color: #00938a;\">sp\u00e9cialit\u00e9s alimentaires<\/span>, le <span style=\"color: #00938a;\">territoire<\/span>, ses <span style=\"color: #00938a;\">habitants<\/span> et des <span style=\"color: #00938a;\">exp\u00e9riences inoubliables<\/span>.<\/span><\/p>\n<p><span style=\"color: #a92c5c;\">Intervenants<\/span><\/p>\n<ul>\n<li><span style=\"color: #000000;\">Danielle Virone, CCIC<\/span><\/li>\n<li><span style=\"color: #000000;\">Repr\u00e9sentants de la r\u00e9gion d&#8217;Emilia-Romagna\u00a0<\/span><\/li>\n<li><span style=\"color: #000000;\">Producteurs de sp\u00e9cialit\u00e9s italiennes<\/span><\/li>\n<li><span style=\"color: #000000;\">Gu\u00e9na\u00ebl Revel, historien et chroniqueur de vin\u00a0<\/span><\/li>\n<li><span style=\"color: #000000;\">Marie-Claude Di Lillo, journaliste \u00e9picurienne et auteure \u00e0 Le Carnet de MC\u00a0<\/span><\/li>\n<li><span style=\"color: #000000;\">Harry Goetschi, Tours Chanteclerc<\/span><\/li>\n<\/ul>\n<p><span style=\"color: #000000;\">La\u00a0pr\u00e9sentation\u00a0sera\u00a0suivie\u00a0d&#8217;un\u00a0cocktail\u00a0d\u00eenatoire\u00a0aux\u00a0go\u00fbts\u00a0et\u00a0saveurs\u00a0d&#8217;<span style=\"color: #00938a;\">Emilia-Romagna<\/span>,\u00a0capitale\u00a0gastronomique\u00a0de\u00a0l&#8217;Italie, pr\u00e9par\u00e9 par des Chefs invit\u00e9s de la prestigieuse \u00e9cole de cuisine Casa D&#8217;Artusi.\u00a0<\/span><\/p>\n<p><span style=\"color: #a92c5c;\">Heure<\/span>:\u00a0<span style=\"color: #000000;\">17h00\u00a0\u00e0\u00a017h45<\/span><br \/>\n<span style=\"color: #a92c5c;\">Lieu<\/span>:\u00a0 \u00a0<span style=\"color: #000000;\"> ITHQ &#8211; Salle La Rel\u00e8ve , 2e \u00e9tage<\/span><\/p>\n<p><span style=\"color: #a92c5c;\">RSVP obligatoire:<\/span><br \/>\n<span style=\"color: #000000;\">Connie Russo : 514-844-4249 #229 ou\u00a0<\/span>\u00a0<a href=\"mailto:russo.montreal@italchamber.qc.ca\">russo.montreal@italchamber.qc.ca\u00a0<\/a><\/p>\n<p><img fetchpriority=\"high\" decoding=\"async\" class=\"alignleft size-full wp-image-5843\" src=\"https:\/\/italchamber.qc.ca\/wp-content\/uploads\/2024\/10\/Piadina_Parmigiano-resized.jpg\" alt=\"\" width=\"1326\" height=\"1500\" \/> <img decoding=\"async\" class=\"alignleft size-full wp-image-5847\" src=\"https:\/\/italchamber.qc.ca\/wp-content\/uploads\/2024\/10\/DAN_1822-resized.jpg\" alt=\"\" width=\"1095\" height=\"1500\" \/> <img decoding=\"async\" class=\"alignleft size-full wp-image-5850\" src=\"https:\/\/italchamber.qc.ca\/wp-content\/uploads\/2024\/10\/DAN_1827-resized.jpg\" alt=\"\" width=\"1500\" height=\"1001\" \/> <img loading=\"lazy\" decoding=\"async\" class=\"alignleft size-full wp-image-5853\" src=\"https:\/\/italchamber.qc.ca\/wp-content\/uploads\/2024\/10\/DAN_1834-resized.jpg\" alt=\"\" width=\"1201\" height=\"1500\" \/> <img loading=\"lazy\" decoding=\"async\" class=\"alignleft size-full wp-image-5856\" src=\"https:\/\/italchamber.qc.ca\/wp-content\/uploads\/2024\/10\/DAN_1836-resized.jpg\" alt=\"\" width=\"1500\" height=\"947\" \/> <img loading=\"lazy\" decoding=\"async\" class=\"alignleft size-full wp-image-5859\" src=\"https:\/\/italchamber.qc.ca\/wp-content\/uploads\/2024\/10\/DAN_1838-resized.jpg\" alt=\"\" width=\"1500\" height=\"1001\" \/> <img loading=\"lazy\" decoding=\"async\" class=\"alignleft size-full wp-image-5862\" src=\"https:\/\/italchamber.qc.ca\/wp-content\/uploads\/2024\/10\/DAN_1852-resized.jpg\" alt=\"\" width=\"1500\" height=\"1001\" \/> <img loading=\"lazy\" decoding=\"async\" class=\"alignleft size-full wp-image-5865\" src=\"https:\/\/italchamber.qc.ca\/wp-content\/uploads\/2024\/10\/DAN_1870-resized.jpg\" alt=\"\" width=\"1001\" height=\"1500\" \/> <img loading=\"lazy\" decoding=\"async\" class=\"alignleft size-full wp-image-5868\" src=\"https:\/\/italchamber.qc.ca\/wp-content\/uploads\/2024\/10\/DAN_1883-resized.jpg\" alt=\"\" width=\"1500\" height=\"1001\" \/> <img loading=\"lazy\" decoding=\"async\" class=\"alignleft size-full wp-image-5871\" src=\"https:\/\/italchamber.qc.ca\/wp-content\/uploads\/2024\/10\/DAN_1886-resized.jpg\" alt=\"\" width=\"1001\" height=\"1500\" \/> <img loading=\"lazy\" decoding=\"async\" class=\"alignleft size-full wp-image-5874\" src=\"https:\/\/italchamber.qc.ca\/wp-content\/uploads\/2024\/10\/DAN_1888-Copie-resized.jpg\" alt=\"\" width=\"1500\" height=\"1001\" \/> <img loading=\"lazy\" decoding=\"async\" class=\"alignleft size-full wp-image-5877\" src=\"https:\/\/italchamber.qc.ca\/wp-content\/uploads\/2024\/10\/DAN_1890-resized.jpg\" alt=\"\" width=\"1500\" height=\"1001\" \/> <img loading=\"lazy\" decoding=\"async\" class=\"alignleft size-full wp-image-5880\" src=\"https:\/\/italchamber.qc.ca\/wp-content\/uploads\/2024\/10\/DAN_1903-resized.jpg\" alt=\"\" width=\"1500\" height=\"1001\" \/> <img loading=\"lazy\" decoding=\"async\" class=\"alignleft size-full wp-image-5883\" src=\"https:\/\/italchamber.qc.ca\/wp-content\/uploads\/2024\/10\/LS7_8133-resized.jpg\" alt=\"\" width=\"1500\" height=\"937\" \/> <img loading=\"lazy\" decoding=\"async\" class=\"alignleft size-full wp-image-5886\" src=\"https:\/\/italchamber.qc.ca\/wp-content\/uploads\/2024\/10\/LS7_8136-resized.jpg\" alt=\"\" width=\"1500\" height=\"937\" \/> <img loading=\"lazy\" decoding=\"async\" class=\"alignleft size-full wp-image-5889\" src=\"https:\/\/italchamber.qc.ca\/wp-content\/uploads\/2024\/10\/LS7_8152-resized.jpg\" alt=\"\" width=\"1500\" height=\"937\" \/> <img loading=\"lazy\" decoding=\"async\" class=\"alignleft size-full wp-image-5892\" src=\"https:\/\/italchamber.qc.ca\/wp-content\/uploads\/2024\/10\/LS7_8353-resized.jpg\" alt=\"\" width=\"1500\" height=\"937\" \/> <img loading=\"lazy\" decoding=\"async\" class=\"alignleft size-full wp-image-5895\" src=\"https:\/\/italchamber.qc.ca\/wp-content\/uploads\/2024\/10\/DAN_1935-resized.jpg\" alt=\"\" width=\"1500\" height=\"1001\" \/><\/p>\n","protected":false},"excerpt":{"rendered":"<p>La Chambre de commerce italienne au Canada convie les m\u00e9dias sp\u00e9cialis\u00e9s, les professionnels du secteur du tourisme et ses partenaires \u00e0 la pr\u00e9sentation de la nouvelle version du site Voyage Vin Italie, qui offre aux visiteurs la possibilit\u00e9 d\u2019explorer l\u2019Italie et ses excellences \u00e0 travers le vin, les sp\u00e9cialit\u00e9s alimentaires, le territoire, ses habitants et [&hellip;]<\/p>\n","protected":false},"featured_media":7893,"template":"","event_category":[],"class_list":["post-7895","event","type-event","status-publish","has-post-thumbnail","hentry"],"acf":[],"yoast_head":"<!-- This site is optimized with the Yoast SEO plugin v27.4 - https:\/\/yoast.com\/product\/yoast-seo-wordpress\/ -->\n<title>Launch of Wine and Travel Italy \u2013 Emilia-Romagna : Terra con l\u2019anima - ICCC<\/title>\n<meta name=\"robots\" content=\"index, follow, max-snippet:-1, max-image-preview:large, max-video-preview:-1\" \/>\n<link rel=\"canonical\" href=\"https:\/\/italchamber.qc.ca\/it\/events\/launch-of-wine-and-travel-italy-emilia-romagna-terra-con-lanima-2\/\" \/>\n<meta property=\"og:locale\" content=\"it_IT\" \/>\n<meta property=\"og:type\" content=\"article\" \/>\n<meta property=\"og:title\" content=\"Launch of Wine and Travel Italy \u2013 Emilia-Romagna : Terra con l\u2019anima - ICCC\" \/>\n<meta property=\"og:description\" content=\"La Chambre de commerce italienne au Canada convie les m\u00e9dias sp\u00e9cialis\u00e9s, les professionnels du secteur du tourisme et ses partenaires \u00e0 la pr\u00e9sentation de la nouvelle version du site Voyage Vin Italie, qui offre aux visiteurs la possibilit\u00e9 d\u2019explorer l\u2019Italie et ses excellences \u00e0 travers le vin, les sp\u00e9cialit\u00e9s alimentaires, le territoire, ses habitants et [&hellip;]\" \/>\n<meta property=\"og:url\" content=\"https:\/\/italchamber.qc.ca\/it\/events\/launch-of-wine-and-travel-italy-emilia-romagna-terra-con-lanima-2\/\" \/>\n<meta property=\"og:site_name\" content=\"ICCC\" \/>\n<meta property=\"article:modified_time\" content=\"2024-10-11T18:19:45+00:00\" \/>\n<meta property=\"og:image\" content=\"https:\/\/italchamber.qc.ca\/wp-content\/uploads\/2024\/10\/header-VVI-Relaunch.png\" \/>\n\t<meta property=\"og:image:width\" content=\"766\" \/>\n\t<meta property=\"og:image:height\" content=\"176\" \/>\n\t<meta property=\"og:image:type\" content=\"image\/png\" \/>\n<meta name=\"twitter:card\" content=\"summary_large_image\" \/>\n<meta name=\"twitter:label1\" content=\"Tempo di lettura stimato\" \/>\n\t<meta name=\"twitter:data1\" content=\"1 minuto\" \/>\n<script type=\"application\/ld+json\" class=\"yoast-schema-graph\">{\"@context\":\"https:\\\/\\\/schema.org\",\"@graph\":[{\"@type\":\"WebPage\",\"@id\":\"https:\\\/\\\/italchamber.qc.ca\\\/it\\\/events\\\/launch-of-wine-and-travel-italy-emilia-romagna-terra-con-lanima-2\\\/\",\"url\":\"https:\\\/\\\/italchamber.qc.ca\\\/it\\\/events\\\/launch-of-wine-and-travel-italy-emilia-romagna-terra-con-lanima-2\\\/\",\"name\":\"Launch of Wine and Travel Italy \u2013 Emilia-Romagna : Terra con l\u2019anima - ICCC\",\"isPartOf\":{\"@id\":\"https:\\\/\\\/italchamber.qc.ca\\\/it\\\/#website\"},\"primaryImageOfPage\":{\"@id\":\"https:\\\/\\\/italchamber.qc.ca\\\/it\\\/events\\\/launch-of-wine-and-travel-italy-emilia-romagna-terra-con-lanima-2\\\/#primaryimage\"},\"image\":{\"@id\":\"https:\\\/\\\/italchamber.qc.ca\\\/it\\\/events\\\/launch-of-wine-and-travel-italy-emilia-romagna-terra-con-lanima-2\\\/#primaryimage\"},\"thumbnailUrl\":\"https:\\\/\\\/italchamber.qc.ca\\\/wp-content\\\/uploads\\\/2024\\\/10\\\/header-VVI-Relaunch.png\",\"datePublished\":\"2018-11-15T17:46:29+00:00\",\"dateModified\":\"2024-10-11T18:19:45+00:00\",\"breadcrumb\":{\"@id\":\"https:\\\/\\\/italchamber.qc.ca\\\/it\\\/events\\\/launch-of-wine-and-travel-italy-emilia-romagna-terra-con-lanima-2\\\/#breadcrumb\"},\"inLanguage\":\"it-IT\",\"potentialAction\":[{\"@type\":\"ReadAction\",\"target\":[\"https:\\\/\\\/italchamber.qc.ca\\\/it\\\/events\\\/launch-of-wine-and-travel-italy-emilia-romagna-terra-con-lanima-2\\\/\"]}]},{\"@type\":\"ImageObject\",\"inLanguage\":\"it-IT\",\"@id\":\"https:\\\/\\\/italchamber.qc.ca\\\/it\\\/events\\\/launch-of-wine-and-travel-italy-emilia-romagna-terra-con-lanima-2\\\/#primaryimage\",\"url\":\"https:\\\/\\\/italchamber.qc.ca\\\/wp-content\\\/uploads\\\/2024\\\/10\\\/header-VVI-Relaunch.png\",\"contentUrl\":\"https:\\\/\\\/italchamber.qc.ca\\\/wp-content\\\/uploads\\\/2024\\\/10\\\/header-VVI-Relaunch.png\",\"width\":766,\"height\":176},{\"@type\":\"BreadcrumbList\",\"@id\":\"https:\\\/\\\/italchamber.qc.ca\\\/it\\\/events\\\/launch-of-wine-and-travel-italy-emilia-romagna-terra-con-lanima-2\\\/#breadcrumb\",\"itemListElement\":[{\"@type\":\"ListItem\",\"position\":1,\"name\":\"Home\",\"item\":\"https:\\\/\\\/italchamber.qc.ca\\\/it\\\/home\\\/\"},{\"@type\":\"ListItem\",\"position\":2,\"name\":\"Events\",\"item\":\"https:\\\/\\\/italchamber.qc.ca\\\/it\\\/events\\\/\"},{\"@type\":\"ListItem\",\"position\":3,\"name\":\"Launch of Wine and Travel Italy \u2013 Emilia-Romagna : Terra con l\u2019anima\"}]},{\"@type\":\"WebSite\",\"@id\":\"https:\\\/\\\/italchamber.qc.ca\\\/it\\\/#website\",\"url\":\"https:\\\/\\\/italchamber.qc.ca\\\/it\\\/\",\"name\":\"ICCC\",\"description\":\"Italian Chamber of Commerce in Canada\",\"publisher\":{\"@id\":\"https:\\\/\\\/italchamber.qc.ca\\\/it\\\/#organization\"},\"potentialAction\":[{\"@type\":\"SearchAction\",\"target\":{\"@type\":\"EntryPoint\",\"urlTemplate\":\"https:\\\/\\\/italchamber.qc.ca\\\/it\\\/?s={search_term_string}\"},\"query-input\":{\"@type\":\"PropertyValueSpecification\",\"valueRequired\":true,\"valueName\":\"search_term_string\"}}],\"inLanguage\":\"it-IT\"},{\"@type\":\"Organization\",\"@id\":\"https:\\\/\\\/italchamber.qc.ca\\\/it\\\/#organization\",\"name\":\"ICCC\",\"url\":\"https:\\\/\\\/italchamber.qc.ca\\\/it\\\/\",\"logo\":{\"@type\":\"ImageObject\",\"inLanguage\":\"it-IT\",\"@id\":\"https:\\\/\\\/italchamber.qc.ca\\\/it\\\/#\\\/schema\\\/logo\\\/image\\\/\",\"url\":\"https:\\\/\\\/italchamber.qc.ca\\\/wp-content\\\/uploads\\\/2025\\\/05\\\/ICCC-Logo-Italian.svg\",\"contentUrl\":\"https:\\\/\\\/italchamber.qc.ca\\\/wp-content\\\/uploads\\\/2025\\\/05\\\/ICCC-Logo-Italian.svg\",\"caption\":\"ICCC\"},\"image\":{\"@id\":\"https:\\\/\\\/italchamber.qc.ca\\\/it\\\/#\\\/schema\\\/logo\\\/image\\\/\"}}]}<\/script>\n<!-- \/ Yoast SEO plugin. -->","yoast_head_json":{"title":"Launch of Wine and Travel Italy \u2013 Emilia-Romagna : Terra con l\u2019anima - ICCC","robots":{"index":"index","follow":"follow","max-snippet":"max-snippet:-1","max-image-preview":"max-image-preview:large","max-video-preview":"max-video-preview:-1"},"canonical":"https:\/\/italchamber.qc.ca\/it\/events\/launch-of-wine-and-travel-italy-emilia-romagna-terra-con-lanima-2\/","og_locale":"it_IT","og_type":"article","og_title":"Launch of Wine and Travel Italy \u2013 Emilia-Romagna : Terra con l\u2019anima - ICCC","og_description":"La Chambre de commerce italienne au Canada convie les m\u00e9dias sp\u00e9cialis\u00e9s, les professionnels du secteur du tourisme et ses partenaires \u00e0 la pr\u00e9sentation de la nouvelle version du site Voyage Vin Italie, qui offre aux visiteurs la possibilit\u00e9 d\u2019explorer l\u2019Italie et ses excellences \u00e0 travers le vin, les sp\u00e9cialit\u00e9s alimentaires, le territoire, ses habitants et [&hellip;]","og_url":"https:\/\/italchamber.qc.ca\/it\/events\/launch-of-wine-and-travel-italy-emilia-romagna-terra-con-lanima-2\/","og_site_name":"ICCC","article_modified_time":"2024-10-11T18:19:45+00:00","og_image":[{"width":766,"height":176,"url":"https:\/\/italchamber.qc.ca\/wp-content\/uploads\/2024\/10\/header-VVI-Relaunch.png","type":"image\/png"}],"twitter_card":"summary_large_image","twitter_misc":{"Tempo di lettura stimato":"1 minuto"},"schema":{"@context":"https:\/\/schema.org","@graph":[{"@type":"WebPage","@id":"https:\/\/italchamber.qc.ca\/it\/events\/launch-of-wine-and-travel-italy-emilia-romagna-terra-con-lanima-2\/","url":"https:\/\/italchamber.qc.ca\/it\/events\/launch-of-wine-and-travel-italy-emilia-romagna-terra-con-lanima-2\/","name":"Launch of Wine and Travel Italy \u2013 Emilia-Romagna : Terra con l\u2019anima - ICCC","isPartOf":{"@id":"https:\/\/italchamber.qc.ca\/it\/#website"},"primaryImageOfPage":{"@id":"https:\/\/italchamber.qc.ca\/it\/events\/launch-of-wine-and-travel-italy-emilia-romagna-terra-con-lanima-2\/#primaryimage"},"image":{"@id":"https:\/\/italchamber.qc.ca\/it\/events\/launch-of-wine-and-travel-italy-emilia-romagna-terra-con-lanima-2\/#primaryimage"},"thumbnailUrl":"https:\/\/italchamber.qc.ca\/wp-content\/uploads\/2024\/10\/header-VVI-Relaunch.png","datePublished":"2018-11-15T17:46:29+00:00","dateModified":"2024-10-11T18:19:45+00:00","breadcrumb":{"@id":"https:\/\/italchamber.qc.ca\/it\/events\/launch-of-wine-and-travel-italy-emilia-romagna-terra-con-lanima-2\/#breadcrumb"},"inLanguage":"it-IT","potentialAction":[{"@type":"ReadAction","target":["https:\/\/italchamber.qc.ca\/it\/events\/launch-of-wine-and-travel-italy-emilia-romagna-terra-con-lanima-2\/"]}]},{"@type":"ImageObject","inLanguage":"it-IT","@id":"https:\/\/italchamber.qc.ca\/it\/events\/launch-of-wine-and-travel-italy-emilia-romagna-terra-con-lanima-2\/#primaryimage","url":"https:\/\/italchamber.qc.ca\/wp-content\/uploads\/2024\/10\/header-VVI-Relaunch.png","contentUrl":"https:\/\/italchamber.qc.ca\/wp-content\/uploads\/2024\/10\/header-VVI-Relaunch.png","width":766,"height":176},{"@type":"BreadcrumbList","@id":"https:\/\/italchamber.qc.ca\/it\/events\/launch-of-wine-and-travel-italy-emilia-romagna-terra-con-lanima-2\/#breadcrumb","itemListElement":[{"@type":"ListItem","position":1,"name":"Home","item":"https:\/\/italchamber.qc.ca\/it\/home\/"},{"@type":"ListItem","position":2,"name":"Events","item":"https:\/\/italchamber.qc.ca\/it\/events\/"},{"@type":"ListItem","position":3,"name":"Launch of Wine and Travel Italy \u2013 Emilia-Romagna : Terra con l\u2019anima"}]},{"@type":"WebSite","@id":"https:\/\/italchamber.qc.ca\/it\/#website","url":"https:\/\/italchamber.qc.ca\/it\/","name":"ICCC","description":"Italian Chamber of Commerce in Canada","publisher":{"@id":"https:\/\/italchamber.qc.ca\/it\/#organization"},"potentialAction":[{"@type":"SearchAction","target":{"@type":"EntryPoint","urlTemplate":"https:\/\/italchamber.qc.ca\/it\/?s={search_term_string}"},"query-input":{"@type":"PropertyValueSpecification","valueRequired":true,"valueName":"search_term_string"}}],"inLanguage":"it-IT"},{"@type":"Organization","@id":"https:\/\/italchamber.qc.ca\/it\/#organization","name":"ICCC","url":"https:\/\/italchamber.qc.ca\/it\/","logo":{"@type":"ImageObject","inLanguage":"it-IT","@id":"https:\/\/italchamber.qc.ca\/it\/#\/schema\/logo\/image\/","url":"https:\/\/italchamber.qc.ca\/wp-content\/uploads\/2025\/05\/ICCC-Logo-Italian.svg","contentUrl":"https:\/\/italchamber.qc.ca\/wp-content\/uploads\/2025\/05\/ICCC-Logo-Italian.svg","caption":"ICCC"},"image":{"@id":"https:\/\/italchamber.qc.ca\/it\/#\/schema\/logo\/image\/"}}]}},"_links":{"self":[{"href":"https:\/\/italchamber.qc.ca\/it\/wp-json\/wp\/v2\/event\/7895","targetHints":{"allow":["GET"]}}],"collection":[{"href":"https:\/\/italchamber.qc.ca\/it\/wp-json\/wp\/v2\/event"}],"about":[{"href":"https:\/\/italchamber.qc.ca\/it\/wp-json\/wp\/v2\/types\/event"}],"version-history":[{"count":0,"href":"https:\/\/italchamber.qc.ca\/it\/wp-json\/wp\/v2\/event\/7895\/revisions"}],"wp:featuredmedia":[{"embeddable":true,"href":"https:\/\/italchamber.qc.ca\/it\/wp-json\/wp\/v2\/media\/7893"}],"wp:attachment":[{"href":"https:\/\/italchamber.qc.ca\/it\/wp-json\/wp\/v2\/media?parent=7895"}],"wp:term":[{"taxonomy":"event_category","embeddable":true,"href":"https:\/\/italchamber.qc.ca\/it\/wp-json\/wp\/v2\/event_category?post=7895"}],"curies":[{"name":"wp","href":"https:\/\/api.w.org\/{rel}","templated":true}]}}