{"id":7508,"date":"2017-02-07T20:24:45","date_gmt":"2017-02-07T20:24:45","guid":{"rendered":"https:\/\/italchamber.qc.ca\/events\/il-ministro-martin-coiteux-come-principale-relatore-ospite-alla-conferenza-della-ccic\/"},"modified":"2024-10-11T18:15:43","modified_gmt":"2024-10-11T18:15:43","slug":"il-ministro-martin-coiteux-come-principale-relatore-ospite-alla-conferenza-della-ccic","status":"publish","type":"event","link":"https:\/\/italchamber.qc.ca\/it\/events\/il-ministro-martin-coiteux-come-principale-relatore-ospite-alla-conferenza-della-ccic\/","title":{"rendered":"Il Ministro Martin Coiteux come principale relatore ospite alla conferenza della CCIC"},"content":{"rendered":"<p>Durante la Conferenza, organizzata dalla CCIC, il Ministro Martin Coiteux, Minister of Municipal Affairs and Land Occupancy, Minister of Public Security and Minister responsible for the Montr\u00e9al region, terr\u00e0 il suo discorso a un pubblico di leader, stakeholder e rappresentanti della comunit\u00e0 imprenditoriale.<\/p>\n<p><strong>Data<\/strong>: 15 Maggio 2017<br \/>\n<strong>Ora<\/strong>: dalle 12 :00 alle 14:00<br \/>\n<strong>Location<\/strong>: Ritz Carlton Montr\u00e9al (1228, Sherbrooke West, Montr\u00e9al, QC H3G 1H6)<\/p>\n<p><strong>Prenota il tuo biglietto oggi!<\/strong><\/p>\n<p><strong>Tel :<\/strong> 514-844-4249 ext. 229<\/p>\n<p><strong>@ :<\/strong> <a href=\"mailto:russo.montreal@italchamber.qc.ca\">russo.montreal@italchamber.qc.ca<\/a><\/p>\n<p><a href=\"https:\/\/martincoiteuxccic.eventbrite.ca\" target=\"_blank\" rel=\"noopener noreferrer\">https:\/\/martincoiteuxccic.eventbrite.ca<\/a><\/p>\n<p>&nbsp;<\/p>\n<p><strong>Foto dell&#8217;evento<\/strong><\/p>\n<p><img fetchpriority=\"high\" decoding=\"async\" class=\"alignnone size-large wp-image-1596\" src=\"https:\/\/italchamber.qc.ca\/wp-content\/uploads\/2024\/10\/C_4dc2GXcAAmXsj-1024x768.jpg\" alt=\"\" width=\"860\" height=\"645\" \/><\/p>\n<p><img decoding=\"async\" class=\"alignnone size-full wp-image-1597\" src=\"https:\/\/italchamber.qc.ca\/wp-content\/uploads\/2024\/10\/18446636_898050213666576_8264680585827110830_n.jpg\" alt=\"\" width=\"960\" height=\"540\" \/><\/p>\n<p><img decoding=\"async\" class=\"alignnone size-full wp-image-1599\" src=\"https:\/\/italchamber.qc.ca\/wp-content\/uploads\/2024\/10\/IMG_0100.jpg\" alt=\"\" width=\"640\" height=\"360\" \/><\/p>\n<p><img loading=\"lazy\" decoding=\"async\" class=\"alignnone size-full wp-image-1600\" src=\"https:\/\/italchamber.qc.ca\/wp-content\/uploads\/2024\/10\/IMG_0107.jpg\" alt=\"\" width=\"640\" height=\"360\" \/><\/p>\n<p><img loading=\"lazy\" decoding=\"async\" class=\"alignnone size-full wp-image-1598\" src=\"https:\/\/italchamber.qc.ca\/wp-content\/uploads\/2024\/10\/18447541_898068993664698_4955180560327975704_n.jpg\" alt=\"\" width=\"960\" height=\"540\" \/><\/p>\n<p><img loading=\"lazy\" decoding=\"async\" class=\"alignnone size-large wp-image-1602\" src=\"https:\/\/italchamber.qc.ca\/wp-content\/uploads\/2024\/10\/C_4zCaZXcAEZd4g-1024x768.jpg\" alt=\"\" width=\"860\" height=\"645\" \/><\/p>\n<p><img loading=\"lazy\" decoding=\"async\" class=\"alignleft wp-image-1280 size-full\" src=\"https:\/\/italchamber.qc.ca\/wp-content\/uploads\/2024\/10\/Partners-Martin-Coiteux-eflyer.png\" width=\"800\" height=\"800\" \/><\/p>\n<h4 style=\"text-align: center;\"><\/h4>\n","protected":false},"excerpt":{"rendered":"<p>Durante la Conferenza, organizzata dalla CCIC, il Ministro Martin Coiteux, Minister of Municipal Affairs and Land Occupancy, Minister of Public Security and Minister responsible for the Montr\u00e9al region, terr\u00e0 il suo discorso a un pubblico di leader, stakeholder e rappresentanti della comunit\u00e0 imprenditoriale. Data: 15 Maggio 2017 Ora: dalle 12 :00 alle 14:00 Location: Ritz [&hellip;]<\/p>\n","protected":false},"featured_media":7504,"template":"","event_category":[],"class_list":["post-7508","event","type-event","status-publish","has-post-thumbnail","hentry"],"acf":[],"yoast_head":"<!-- This site is optimized with the Yoast SEO plugin v27.4 - https:\/\/yoast.com\/product\/yoast-seo-wordpress\/ -->\n<title>Il Ministro Martin Coiteux come principale relatore ospite alla conferenza della CCIC - ICCC<\/title>\n<meta name=\"robots\" content=\"index, follow, max-snippet:-1, max-image-preview:large, max-video-preview:-1\" \/>\n<link rel=\"canonical\" href=\"https:\/\/italchamber.qc.ca\/it\/events\/il-ministro-martin-coiteux-come-principale-relatore-ospite-alla-conferenza-della-ccic\/\" \/>\n<meta property=\"og:locale\" content=\"it_IT\" \/>\n<meta property=\"og:type\" content=\"article\" \/>\n<meta property=\"og:title\" content=\"Il Ministro Martin Coiteux come principale relatore ospite alla conferenza della CCIC - ICCC\" \/>\n<meta property=\"og:description\" content=\"Durante la Conferenza, organizzata dalla CCIC, il Ministro Martin Coiteux, Minister of Municipal Affairs and Land Occupancy, Minister of Public Security and Minister responsible for the Montr\u00e9al region, terr\u00e0 il suo discorso a un pubblico di leader, stakeholder e rappresentanti della comunit\u00e0 imprenditoriale. Data: 15 Maggio 2017 Ora: dalle 12 :00 alle 14:00 Location: Ritz [&hellip;]\" \/>\n<meta property=\"og:url\" content=\"https:\/\/italchamber.qc.ca\/it\/events\/il-ministro-martin-coiteux-come-principale-relatore-ospite-alla-conferenza-della-ccic\/\" \/>\n<meta property=\"og:site_name\" content=\"ICCC\" \/>\n<meta property=\"article:modified_time\" content=\"2024-10-11T18:15:43+00:00\" \/>\n<meta property=\"og:image\" content=\"https:\/\/italchamber.qc.ca\/wp-content\/uploads\/2024\/10\/2nd-version-Martin-Coiteux-webpage-1.png\" \/>\n\t<meta property=\"og:image:width\" content=\"860\" \/>\n\t<meta property=\"og:image:height\" content=\"315\" \/>\n\t<meta property=\"og:image:type\" content=\"image\/png\" \/>\n<meta name=\"twitter:card\" content=\"summary_large_image\" \/>\n<script type=\"application\/ld+json\" class=\"yoast-schema-graph\">{\"@context\":\"https:\\\/\\\/schema.org\",\"@graph\":[{\"@type\":\"WebPage\",\"@id\":\"https:\\\/\\\/italchamber.qc.ca\\\/it\\\/events\\\/il-ministro-martin-coiteux-come-principale-relatore-ospite-alla-conferenza-della-ccic\\\/\",\"url\":\"https:\\\/\\\/italchamber.qc.ca\\\/it\\\/events\\\/il-ministro-martin-coiteux-come-principale-relatore-ospite-alla-conferenza-della-ccic\\\/\",\"name\":\"Il Ministro Martin Coiteux come principale relatore ospite alla conferenza della CCIC - ICCC\",\"isPartOf\":{\"@id\":\"https:\\\/\\\/italchamber.qc.ca\\\/it\\\/#website\"},\"primaryImageOfPage\":{\"@id\":\"https:\\\/\\\/italchamber.qc.ca\\\/it\\\/events\\\/il-ministro-martin-coiteux-come-principale-relatore-ospite-alla-conferenza-della-ccic\\\/#primaryimage\"},\"image\":{\"@id\":\"https:\\\/\\\/italchamber.qc.ca\\\/it\\\/events\\\/il-ministro-martin-coiteux-come-principale-relatore-ospite-alla-conferenza-della-ccic\\\/#primaryimage\"},\"thumbnailUrl\":\"https:\\\/\\\/italchamber.qc.ca\\\/wp-content\\\/uploads\\\/2024\\\/10\\\/2nd-version-Martin-Coiteux-webpage-1.png\",\"datePublished\":\"2017-02-07T20:24:45+00:00\",\"dateModified\":\"2024-10-11T18:15:43+00:00\",\"breadcrumb\":{\"@id\":\"https:\\\/\\\/italchamber.qc.ca\\\/it\\\/events\\\/il-ministro-martin-coiteux-come-principale-relatore-ospite-alla-conferenza-della-ccic\\\/#breadcrumb\"},\"inLanguage\":\"it-IT\",\"potentialAction\":[{\"@type\":\"ReadAction\",\"target\":[\"https:\\\/\\\/italchamber.qc.ca\\\/it\\\/events\\\/il-ministro-martin-coiteux-come-principale-relatore-ospite-alla-conferenza-della-ccic\\\/\"]}]},{\"@type\":\"ImageObject\",\"inLanguage\":\"it-IT\",\"@id\":\"https:\\\/\\\/italchamber.qc.ca\\\/it\\\/events\\\/il-ministro-martin-coiteux-come-principale-relatore-ospite-alla-conferenza-della-ccic\\\/#primaryimage\",\"url\":\"https:\\\/\\\/italchamber.qc.ca\\\/wp-content\\\/uploads\\\/2024\\\/10\\\/2nd-version-Martin-Coiteux-webpage-1.png\",\"contentUrl\":\"https:\\\/\\\/italchamber.qc.ca\\\/wp-content\\\/uploads\\\/2024\\\/10\\\/2nd-version-Martin-Coiteux-webpage-1.png\",\"width\":860,\"height\":315},{\"@type\":\"BreadcrumbList\",\"@id\":\"https:\\\/\\\/italchamber.qc.ca\\\/it\\\/events\\\/il-ministro-martin-coiteux-come-principale-relatore-ospite-alla-conferenza-della-ccic\\\/#breadcrumb\",\"itemListElement\":[{\"@type\":\"ListItem\",\"position\":1,\"name\":\"Home\",\"item\":\"https:\\\/\\\/italchamber.qc.ca\\\/it\\\/home\\\/\"},{\"@type\":\"ListItem\",\"position\":2,\"name\":\"Events\",\"item\":\"https:\\\/\\\/italchamber.qc.ca\\\/it\\\/events\\\/\"},{\"@type\":\"ListItem\",\"position\":3,\"name\":\"Il Ministro Martin Coiteux come principale relatore ospite alla conferenza della CCIC\"}]},{\"@type\":\"WebSite\",\"@id\":\"https:\\\/\\\/italchamber.qc.ca\\\/it\\\/#website\",\"url\":\"https:\\\/\\\/italchamber.qc.ca\\\/it\\\/\",\"name\":\"ICCC\",\"description\":\"Italian Chamber of Commerce in Canada\",\"publisher\":{\"@id\":\"https:\\\/\\\/italchamber.qc.ca\\\/it\\\/#organization\"},\"potentialAction\":[{\"@type\":\"SearchAction\",\"target\":{\"@type\":\"EntryPoint\",\"urlTemplate\":\"https:\\\/\\\/italchamber.qc.ca\\\/it\\\/?s={search_term_string}\"},\"query-input\":{\"@type\":\"PropertyValueSpecification\",\"valueRequired\":true,\"valueName\":\"search_term_string\"}}],\"inLanguage\":\"it-IT\"},{\"@type\":\"Organization\",\"@id\":\"https:\\\/\\\/italchamber.qc.ca\\\/it\\\/#organization\",\"name\":\"ICCC\",\"url\":\"https:\\\/\\\/italchamber.qc.ca\\\/it\\\/\",\"logo\":{\"@type\":\"ImageObject\",\"inLanguage\":\"it-IT\",\"@id\":\"https:\\\/\\\/italchamber.qc.ca\\\/it\\\/#\\\/schema\\\/logo\\\/image\\\/\",\"url\":\"https:\\\/\\\/italchamber.qc.ca\\\/wp-content\\\/uploads\\\/2025\\\/05\\\/ICCC-Logo-Italian.svg\",\"contentUrl\":\"https:\\\/\\\/italchamber.qc.ca\\\/wp-content\\\/uploads\\\/2025\\\/05\\\/ICCC-Logo-Italian.svg\",\"caption\":\"ICCC\"},\"image\":{\"@id\":\"https:\\\/\\\/italchamber.qc.ca\\\/it\\\/#\\\/schema\\\/logo\\\/image\\\/\"}}]}<\/script>\n<!-- \/ Yoast SEO plugin. -->","yoast_head_json":{"title":"Il Ministro Martin Coiteux come principale relatore ospite alla conferenza della CCIC - ICCC","robots":{"index":"index","follow":"follow","max-snippet":"max-snippet:-1","max-image-preview":"max-image-preview:large","max-video-preview":"max-video-preview:-1"},"canonical":"https:\/\/italchamber.qc.ca\/it\/events\/il-ministro-martin-coiteux-come-principale-relatore-ospite-alla-conferenza-della-ccic\/","og_locale":"it_IT","og_type":"article","og_title":"Il Ministro Martin Coiteux come principale relatore ospite alla conferenza della CCIC - ICCC","og_description":"Durante la Conferenza, organizzata dalla CCIC, il Ministro Martin Coiteux, Minister of Municipal Affairs and Land Occupancy, Minister of Public Security and Minister responsible for the Montr\u00e9al region, terr\u00e0 il suo discorso a un pubblico di leader, stakeholder e rappresentanti della comunit\u00e0 imprenditoriale. Data: 15 Maggio 2017 Ora: dalle 12 :00 alle 14:00 Location: Ritz [&hellip;]","og_url":"https:\/\/italchamber.qc.ca\/it\/events\/il-ministro-martin-coiteux-come-principale-relatore-ospite-alla-conferenza-della-ccic\/","og_site_name":"ICCC","article_modified_time":"2024-10-11T18:15:43+00:00","og_image":[{"width":860,"height":315,"url":"https:\/\/italchamber.qc.ca\/wp-content\/uploads\/2024\/10\/2nd-version-Martin-Coiteux-webpage-1.png","type":"image\/png"}],"twitter_card":"summary_large_image","schema":{"@context":"https:\/\/schema.org","@graph":[{"@type":"WebPage","@id":"https:\/\/italchamber.qc.ca\/it\/events\/il-ministro-martin-coiteux-come-principale-relatore-ospite-alla-conferenza-della-ccic\/","url":"https:\/\/italchamber.qc.ca\/it\/events\/il-ministro-martin-coiteux-come-principale-relatore-ospite-alla-conferenza-della-ccic\/","name":"Il Ministro Martin Coiteux come principale relatore ospite alla conferenza della CCIC - ICCC","isPartOf":{"@id":"https:\/\/italchamber.qc.ca\/it\/#website"},"primaryImageOfPage":{"@id":"https:\/\/italchamber.qc.ca\/it\/events\/il-ministro-martin-coiteux-come-principale-relatore-ospite-alla-conferenza-della-ccic\/#primaryimage"},"image":{"@id":"https:\/\/italchamber.qc.ca\/it\/events\/il-ministro-martin-coiteux-come-principale-relatore-ospite-alla-conferenza-della-ccic\/#primaryimage"},"thumbnailUrl":"https:\/\/italchamber.qc.ca\/wp-content\/uploads\/2024\/10\/2nd-version-Martin-Coiteux-webpage-1.png","datePublished":"2017-02-07T20:24:45+00:00","dateModified":"2024-10-11T18:15:43+00:00","breadcrumb":{"@id":"https:\/\/italchamber.qc.ca\/it\/events\/il-ministro-martin-coiteux-come-principale-relatore-ospite-alla-conferenza-della-ccic\/#breadcrumb"},"inLanguage":"it-IT","potentialAction":[{"@type":"ReadAction","target":["https:\/\/italchamber.qc.ca\/it\/events\/il-ministro-martin-coiteux-come-principale-relatore-ospite-alla-conferenza-della-ccic\/"]}]},{"@type":"ImageObject","inLanguage":"it-IT","@id":"https:\/\/italchamber.qc.ca\/it\/events\/il-ministro-martin-coiteux-come-principale-relatore-ospite-alla-conferenza-della-ccic\/#primaryimage","url":"https:\/\/italchamber.qc.ca\/wp-content\/uploads\/2024\/10\/2nd-version-Martin-Coiteux-webpage-1.png","contentUrl":"https:\/\/italchamber.qc.ca\/wp-content\/uploads\/2024\/10\/2nd-version-Martin-Coiteux-webpage-1.png","width":860,"height":315},{"@type":"BreadcrumbList","@id":"https:\/\/italchamber.qc.ca\/it\/events\/il-ministro-martin-coiteux-come-principale-relatore-ospite-alla-conferenza-della-ccic\/#breadcrumb","itemListElement":[{"@type":"ListItem","position":1,"name":"Home","item":"https:\/\/italchamber.qc.ca\/it\/home\/"},{"@type":"ListItem","position":2,"name":"Events","item":"https:\/\/italchamber.qc.ca\/it\/events\/"},{"@type":"ListItem","position":3,"name":"Il Ministro Martin Coiteux come principale relatore ospite alla conferenza della CCIC"}]},{"@type":"WebSite","@id":"https:\/\/italchamber.qc.ca\/it\/#website","url":"https:\/\/italchamber.qc.ca\/it\/","name":"ICCC","description":"Italian Chamber of Commerce in Canada","publisher":{"@id":"https:\/\/italchamber.qc.ca\/it\/#organization"},"potentialAction":[{"@type":"SearchAction","target":{"@type":"EntryPoint","urlTemplate":"https:\/\/italchamber.qc.ca\/it\/?s={search_term_string}"},"query-input":{"@type":"PropertyValueSpecification","valueRequired":true,"valueName":"search_term_string"}}],"inLanguage":"it-IT"},{"@type":"Organization","@id":"https:\/\/italchamber.qc.ca\/it\/#organization","name":"ICCC","url":"https:\/\/italchamber.qc.ca\/it\/","logo":{"@type":"ImageObject","inLanguage":"it-IT","@id":"https:\/\/italchamber.qc.ca\/it\/#\/schema\/logo\/image\/","url":"https:\/\/italchamber.qc.ca\/wp-content\/uploads\/2025\/05\/ICCC-Logo-Italian.svg","contentUrl":"https:\/\/italchamber.qc.ca\/wp-content\/uploads\/2025\/05\/ICCC-Logo-Italian.svg","caption":"ICCC"},"image":{"@id":"https:\/\/italchamber.qc.ca\/it\/#\/schema\/logo\/image\/"}}]}},"_links":{"self":[{"href":"https:\/\/italchamber.qc.ca\/it\/wp-json\/wp\/v2\/event\/7508","targetHints":{"allow":["GET"]}}],"collection":[{"href":"https:\/\/italchamber.qc.ca\/it\/wp-json\/wp\/v2\/event"}],"about":[{"href":"https:\/\/italchamber.qc.ca\/it\/wp-json\/wp\/v2\/types\/event"}],"version-history":[{"count":0,"href":"https:\/\/italchamber.qc.ca\/it\/wp-json\/wp\/v2\/event\/7508\/revisions"}],"wp:featuredmedia":[{"embeddable":true,"href":"https:\/\/italchamber.qc.ca\/it\/wp-json\/wp\/v2\/media\/7504"}],"wp:attachment":[{"href":"https:\/\/italchamber.qc.ca\/it\/wp-json\/wp\/v2\/media?parent=7508"}],"wp:term":[{"taxonomy":"event_category","embeddable":true,"href":"https:\/\/italchamber.qc.ca\/it\/wp-json\/wp\/v2\/event_category?post=7508"}],"curies":[{"name":"wp","href":"https:\/\/api.w.org\/{rel}","templated":true}]}}