{"id":9669,"date":"2021-09-13T17:52:10","date_gmt":"2021-09-13T21:52:10","guid":{"rendered":"https:\/\/italchamber.qc.ca\/members\/les-importations-papille-2\/"},"modified":"2021-09-13T17:52:10","modified_gmt":"2021-09-13T17:52:10","slug":"les-importations-papille-2","status":"publish","type":"member","link":"https:\/\/italchamber.qc.ca\/fr\/members\/les-importations-papille-2\/","title":{"rendered":"Les Importations Papille"},"featured_media":9668,"template":"","industry":[],"eco_industry":[],"member_category":[191],"class_list":["post-9669","member","type-member","status-publish","has-post-thumbnail","hentry","member_category-patron-member-3"],"acf":[],"yoast_head":"<!-- This site is optimized with the Yoast SEO plugin v27.4 - https:\/\/yoast.com\/product\/yoast-seo-wordpress\/ -->\n<title>Les Importations Papille - ICCC<\/title>\n<meta name=\"robots\" content=\"noindex, follow\" \/>\n<meta property=\"og:locale\" content=\"fr_FR\" \/>\n<meta property=\"og:type\" content=\"article\" \/>\n<meta property=\"og:title\" content=\"Les Importations Papille - ICCC\" \/>\n<meta property=\"og:description\" content=\"Fond\u00e9e en 1991, l\u2019entreprise Les Importations Papille poursuit aujourd\u2019hui le m\u00eame objectif : l\u2019\u00e9quipe s\u2019engage \u00e0 sensibiliser les consommateurs \u00e0 la gastronomie. L\u2019entreprise travaille avec des producteurs artisanaux pour garantir la qualit\u00e9 et la fra\u00eecheur des produits vendus. Les Importations Papille est fier d\u2019avoir d\u00e9velopp\u00e9 une certaine philosophie et un savoir-faire, orient\u00e9s vers la qualit\u00e9, [&hellip;]\" \/>\n<meta property=\"og:url\" content=\"https:\/\/italchamber.qc.ca\/fr\/members\/les-importations-papille-2\/\" \/>\n<meta property=\"og:site_name\" content=\"ICCC\" \/>\n<meta property=\"og:image\" content=\"https:\/\/italchamber.qc.ca\/wp-content\/uploads\/2024\/10\/NEW-PAPILLE-LOGO-2.jpg\" \/>\n\t<meta property=\"og:image:width\" content=\"144\" \/>\n\t<meta property=\"og:image:height\" content=\"160\" \/>\n\t<meta property=\"og:image:type\" content=\"image\/jpeg\" \/>\n<meta name=\"twitter:card\" content=\"summary_large_image\" \/>\n<script type=\"application\/ld+json\" class=\"yoast-schema-graph\">{\"@context\":\"https:\\\/\\\/schema.org\",\"@graph\":[{\"@type\":\"WebPage\",\"@id\":\"https:\\\/\\\/italchamber.qc.ca\\\/fr\\\/members\\\/les-importations-papille-2\\\/\",\"url\":\"https:\\\/\\\/italchamber.qc.ca\\\/fr\\\/members\\\/les-importations-papille-2\\\/\",\"name\":\"Les Importations Papille - ICCC\",\"isPartOf\":{\"@id\":\"https:\\\/\\\/italchamber.qc.ca\\\/fr\\\/#website\"},\"primaryImageOfPage\":{\"@id\":\"https:\\\/\\\/italchamber.qc.ca\\\/fr\\\/members\\\/les-importations-papille-2\\\/#primaryimage\"},\"image\":{\"@id\":\"https:\\\/\\\/italchamber.qc.ca\\\/fr\\\/members\\\/les-importations-papille-2\\\/#primaryimage\"},\"thumbnailUrl\":\"https:\\\/\\\/italchamber.qc.ca\\\/wp-content\\\/uploads\\\/2024\\\/10\\\/NEW-PAPILLE-LOGO-2.jpg\",\"datePublished\":\"2021-09-13T21:52:10+00:00\",\"breadcrumb\":{\"@id\":\"https:\\\/\\\/italchamber.qc.ca\\\/fr\\\/members\\\/les-importations-papille-2\\\/#breadcrumb\"},\"inLanguage\":\"fr-FR\",\"potentialAction\":[{\"@type\":\"ReadAction\",\"target\":[\"https:\\\/\\\/italchamber.qc.ca\\\/fr\\\/members\\\/les-importations-papille-2\\\/\"]}]},{\"@type\":\"ImageObject\",\"inLanguage\":\"fr-FR\",\"@id\":\"https:\\\/\\\/italchamber.qc.ca\\\/fr\\\/members\\\/les-importations-papille-2\\\/#primaryimage\",\"url\":\"https:\\\/\\\/italchamber.qc.ca\\\/wp-content\\\/uploads\\\/2024\\\/10\\\/NEW-PAPILLE-LOGO-2.jpg\",\"contentUrl\":\"https:\\\/\\\/italchamber.qc.ca\\\/wp-content\\\/uploads\\\/2024\\\/10\\\/NEW-PAPILLE-LOGO-2.jpg\",\"width\":144,\"height\":160},{\"@type\":\"BreadcrumbList\",\"@id\":\"https:\\\/\\\/italchamber.qc.ca\\\/fr\\\/members\\\/les-importations-papille-2\\\/#breadcrumb\",\"itemListElement\":[{\"@type\":\"ListItem\",\"position\":1,\"name\":\"Home\",\"item\":\"https:\\\/\\\/italchamber.qc.ca\\\/fr\\\/accueil\\\/\"},{\"@type\":\"ListItem\",\"position\":2,\"name\":\"Members\",\"item\":\"https:\\\/\\\/italchamber.qc.ca\\\/fr\\\/members\\\/\"},{\"@type\":\"ListItem\",\"position\":3,\"name\":\"Les Importations Papille\"}]},{\"@type\":\"WebSite\",\"@id\":\"https:\\\/\\\/italchamber.qc.ca\\\/fr\\\/#website\",\"url\":\"https:\\\/\\\/italchamber.qc.ca\\\/fr\\\/\",\"name\":\"ICCC\",\"description\":\"Italian Chamber of Commerce in Canada\",\"publisher\":{\"@id\":\"https:\\\/\\\/italchamber.qc.ca\\\/fr\\\/#organization\"},\"potentialAction\":[{\"@type\":\"SearchAction\",\"target\":{\"@type\":\"EntryPoint\",\"urlTemplate\":\"https:\\\/\\\/italchamber.qc.ca\\\/fr\\\/?s={search_term_string}\"},\"query-input\":{\"@type\":\"PropertyValueSpecification\",\"valueRequired\":true,\"valueName\":\"search_term_string\"}}],\"inLanguage\":\"fr-FR\"},{\"@type\":\"Organization\",\"@id\":\"https:\\\/\\\/italchamber.qc.ca\\\/fr\\\/#organization\",\"name\":\"ICCC\",\"url\":\"https:\\\/\\\/italchamber.qc.ca\\\/fr\\\/\",\"logo\":{\"@type\":\"ImageObject\",\"inLanguage\":\"fr-FR\",\"@id\":\"https:\\\/\\\/italchamber.qc.ca\\\/fr\\\/#\\\/schema\\\/logo\\\/image\\\/\",\"url\":\"https:\\\/\\\/italchamber.qc.ca\\\/wp-content\\\/uploads\\\/2025\\\/05\\\/ICCC-Logo-French.svg\",\"contentUrl\":\"https:\\\/\\\/italchamber.qc.ca\\\/wp-content\\\/uploads\\\/2025\\\/05\\\/ICCC-Logo-French.svg\",\"caption\":\"ICCC\"},\"image\":{\"@id\":\"https:\\\/\\\/italchamber.qc.ca\\\/fr\\\/#\\\/schema\\\/logo\\\/image\\\/\"}}]}<\/script>\n<!-- \/ Yoast SEO plugin. -->","yoast_head_json":{"title":"Les Importations Papille - ICCC","robots":{"index":"noindex","follow":"follow"},"og_locale":"fr_FR","og_type":"article","og_title":"Les Importations Papille - ICCC","og_description":"Fond\u00e9e en 1991, l\u2019entreprise Les Importations Papille poursuit aujourd\u2019hui le m\u00eame objectif : l\u2019\u00e9quipe s\u2019engage \u00e0 sensibiliser les consommateurs \u00e0 la gastronomie. L\u2019entreprise travaille avec des producteurs artisanaux pour garantir la qualit\u00e9 et la fra\u00eecheur des produits vendus. Les Importations Papille est fier d\u2019avoir d\u00e9velopp\u00e9 une certaine philosophie et un savoir-faire, orient\u00e9s vers la qualit\u00e9, [&hellip;]","og_url":"https:\/\/italchamber.qc.ca\/fr\/members\/les-importations-papille-2\/","og_site_name":"ICCC","og_image":[{"width":144,"height":160,"url":"https:\/\/italchamber.qc.ca\/wp-content\/uploads\/2024\/10\/NEW-PAPILLE-LOGO-2.jpg","type":"image\/jpeg"}],"twitter_card":"summary_large_image","schema":{"@context":"https:\/\/schema.org","@graph":[{"@type":"WebPage","@id":"https:\/\/italchamber.qc.ca\/fr\/members\/les-importations-papille-2\/","url":"https:\/\/italchamber.qc.ca\/fr\/members\/les-importations-papille-2\/","name":"Les Importations Papille - ICCC","isPartOf":{"@id":"https:\/\/italchamber.qc.ca\/fr\/#website"},"primaryImageOfPage":{"@id":"https:\/\/italchamber.qc.ca\/fr\/members\/les-importations-papille-2\/#primaryimage"},"image":{"@id":"https:\/\/italchamber.qc.ca\/fr\/members\/les-importations-papille-2\/#primaryimage"},"thumbnailUrl":"https:\/\/italchamber.qc.ca\/wp-content\/uploads\/2024\/10\/NEW-PAPILLE-LOGO-2.jpg","datePublished":"2021-09-13T21:52:10+00:00","breadcrumb":{"@id":"https:\/\/italchamber.qc.ca\/fr\/members\/les-importations-papille-2\/#breadcrumb"},"inLanguage":"fr-FR","potentialAction":[{"@type":"ReadAction","target":["https:\/\/italchamber.qc.ca\/fr\/members\/les-importations-papille-2\/"]}]},{"@type":"ImageObject","inLanguage":"fr-FR","@id":"https:\/\/italchamber.qc.ca\/fr\/members\/les-importations-papille-2\/#primaryimage","url":"https:\/\/italchamber.qc.ca\/wp-content\/uploads\/2024\/10\/NEW-PAPILLE-LOGO-2.jpg","contentUrl":"https:\/\/italchamber.qc.ca\/wp-content\/uploads\/2024\/10\/NEW-PAPILLE-LOGO-2.jpg","width":144,"height":160},{"@type":"BreadcrumbList","@id":"https:\/\/italchamber.qc.ca\/fr\/members\/les-importations-papille-2\/#breadcrumb","itemListElement":[{"@type":"ListItem","position":1,"name":"Home","item":"https:\/\/italchamber.qc.ca\/fr\/accueil\/"},{"@type":"ListItem","position":2,"name":"Members","item":"https:\/\/italchamber.qc.ca\/fr\/members\/"},{"@type":"ListItem","position":3,"name":"Les Importations Papille"}]},{"@type":"WebSite","@id":"https:\/\/italchamber.qc.ca\/fr\/#website","url":"https:\/\/italchamber.qc.ca\/fr\/","name":"ICCC","description":"Italian Chamber of Commerce in Canada","publisher":{"@id":"https:\/\/italchamber.qc.ca\/fr\/#organization"},"potentialAction":[{"@type":"SearchAction","target":{"@type":"EntryPoint","urlTemplate":"https:\/\/italchamber.qc.ca\/fr\/?s={search_term_string}"},"query-input":{"@type":"PropertyValueSpecification","valueRequired":true,"valueName":"search_term_string"}}],"inLanguage":"fr-FR"},{"@type":"Organization","@id":"https:\/\/italchamber.qc.ca\/fr\/#organization","name":"ICCC","url":"https:\/\/italchamber.qc.ca\/fr\/","logo":{"@type":"ImageObject","inLanguage":"fr-FR","@id":"https:\/\/italchamber.qc.ca\/fr\/#\/schema\/logo\/image\/","url":"https:\/\/italchamber.qc.ca\/wp-content\/uploads\/2025\/05\/ICCC-Logo-French.svg","contentUrl":"https:\/\/italchamber.qc.ca\/wp-content\/uploads\/2025\/05\/ICCC-Logo-French.svg","caption":"ICCC"},"image":{"@id":"https:\/\/italchamber.qc.ca\/fr\/#\/schema\/logo\/image\/"}}]}},"_links":{"self":[{"href":"https:\/\/italchamber.qc.ca\/fr\/wp-json\/wp\/v2\/member\/9669","targetHints":{"allow":["GET"]}}],"collection":[{"href":"https:\/\/italchamber.qc.ca\/fr\/wp-json\/wp\/v2\/member"}],"about":[{"href":"https:\/\/italchamber.qc.ca\/fr\/wp-json\/wp\/v2\/types\/member"}],"version-history":[{"count":0,"href":"https:\/\/italchamber.qc.ca\/fr\/wp-json\/wp\/v2\/member\/9669\/revisions"}],"wp:featuredmedia":[{"embeddable":true,"href":"https:\/\/italchamber.qc.ca\/fr\/wp-json\/wp\/v2\/media\/9668"}],"wp:attachment":[{"href":"https:\/\/italchamber.qc.ca\/fr\/wp-json\/wp\/v2\/media?parent=9669"}],"wp:term":[{"taxonomy":"industry","embeddable":true,"href":"https:\/\/italchamber.qc.ca\/fr\/wp-json\/wp\/v2\/industry?post=9669"},{"taxonomy":"eco_industry","embeddable":true,"href":"https:\/\/italchamber.qc.ca\/fr\/wp-json\/wp\/v2\/eco_industry?post=9669"},{"taxonomy":"member_category","embeddable":true,"href":"https:\/\/italchamber.qc.ca\/fr\/wp-json\/wp\/v2\/member_category?post=9669"}],"curies":[{"name":"wp","href":"https:\/\/api.w.org\/{rel}","templated":true}]}}