{"id":9303,"date":"2022-12-23T16:51:06","date_gmt":"2022-12-23T16:51:06","guid":{"rendered":"https:\/\/italchamber.qc.ca\/events\/ceremonie-des-laureats-premio-venezia-rbc-banque-royale-presentateur-officiel\/"},"modified":"2022-12-23T16:51:06","modified_gmt":"2022-12-23T16:51:06","slug":"ceremonie-des-laureats-premio-venezia-rbc-banque-royale-presentateur-officiel","status":"publish","type":"event","link":"https:\/\/italchamber.qc.ca\/fr\/events\/ceremonie-des-laureats-premio-venezia-rbc-banque-royale-presentateur-officiel\/","title":{"rendered":"C\u00e9r\u00e9monie des laur\u00e9ats Premio Venezia &#8211; RBC Banque Royale Pr\u00e9sentateur Officiel"},"content":{"rendered":"<p>La Chambre de commerce italienne au Canada c\u00e9l\u00e8brera les\u00a0<span style=\"color: #33cccc;\"><strong>laur\u00e9ats 2023 du Premio Venezia<\/strong><\/span>, lors d\u2019une c\u00e9r\u00e9monie sp\u00e9ciale le <span style=\"color: #33cccc;\"><strong>24\u00a0 octobre<\/strong><\/span> pr\u00e9sent\u00e9e par <strong>RBC Banque Royale.<\/strong><\/p>\n<p>Cette ann\u00e9e, le Premio Venezia c\u00e9l\u00e8bre notamment des filiales italiennes dans des secteurs strat\u00e9giques, qui contribuent \u00e0 l\u2019essor \u00e9conomique de la province, autant par la cr\u00e9ation d\u2019emplois qualifi\u00e9s que par des investissements significatifs dans la recherche et l\u2019innovation, permettant ainsi de positionner le Qu\u00e9bec chef de file et plaque tournante importante en Am\u00e9rique du Nord.<\/p>\n<p><strong>F\u00e9licitations aux r\u00e9cipiendaires 2023<\/strong><\/p>\n<ul>\n<li><strong>Marianna Simeone<\/strong>, Grande Ambassadrice<\/li>\n<li><a href=\"https:\/\/www.iguzzini.com\/\"><strong>iGuzzini<\/strong><\/a><\/li>\n<li><a href=\"https:\/\/www.leonardo.com\/en\/\"><strong>Leonardo<\/strong><\/a><\/li>\n<li><a href=\"https:\/\/www.mapei.com\/ca\/en-ca\/home\"><strong>Mapei<\/strong><\/a><\/li>\n<\/ul>\n<p><iframe title=\"Premio Venezia 2023: D\u00e9voilement des laur\u00e9ats\" width=\"800\" height=\"450\" src=\"https:\/\/www.youtube.com\/embed\/diu2ApMTXSA?feature=oembed\" frameborder=\"0\" allow=\"accelerometer; autoplay; clipboard-write; encrypted-media; gyroscope; picture-in-picture; web-share\" referrerpolicy=\"strict-origin-when-cross-origin\" allowfullscreen><\/iframe><\/p>\n<p>&nbsp;<\/p>\n<p><strong>C\u00e9r\u00e9monie des laur\u00e9ats<\/strong><\/p>\n<p>Date: 24 octobre, 2024<br \/>\nHeure : 18h &#8211; 21h<br \/>\nLieu : Sofitel Montr\u00e9al (1155 Rue Sherbrooke O, Montr\u00e9al, QC H3A 2N3)<\/p>\n<p><strong><span style=\"color: #33cccc;\">Opportunit\u00e9s de visibilit\u00e9! <a href=\"https:\/\/italchamber.qc.ca\/wp-content\/uploads\/2022\/12\/Plan-de-visibilite-Juillet.pdf\">Cliquez ici<\/a>\u00a0<\/span><\/strong><\/p>\n<p>Pour infos:\u00a0Connie Russo : 514.803.4570 ou <a href=\"mailto:russo.montreal@italchamber.qc.ca\">russo.montreal@italchamber.qc.ca<\/a><\/p>\n","protected":false},"excerpt":{"rendered":"<p>Soyez des n\u00f4tres le 24 octobre prochain pour c\u00e9l\u00e8brer les accomplissements incroyables de nos laur\u00e9ats 2023 du Premio Venezia.<\/p>\n","protected":false},"featured_media":5598,"template":"","event_category":[],"class_list":["post-9303","event","type-event","status-publish","has-post-thumbnail","hentry"],"acf":[],"yoast_head":"<!-- This site is optimized with the Yoast SEO plugin v27.4 - https:\/\/yoast.com\/product\/yoast-seo-wordpress\/ -->\n<title>C\u00e9r\u00e9monie des laur\u00e9ats Premio Venezia - RBC Banque Royale Pr\u00e9sentateur Officiel - ICCC<\/title>\n<meta name=\"robots\" content=\"index, follow, max-snippet:-1, max-image-preview:large, max-video-preview:-1\" \/>\n<link rel=\"canonical\" href=\"https:\/\/italchamber.qc.ca\/fr\/events\/ceremonie-des-laureats-premio-venezia-rbc-banque-royale-presentateur-officiel\/\" \/>\n<meta property=\"og:locale\" content=\"fr_FR\" \/>\n<meta property=\"og:type\" content=\"article\" \/>\n<meta property=\"og:title\" content=\"C\u00e9r\u00e9monie des laur\u00e9ats Premio Venezia - RBC Banque Royale Pr\u00e9sentateur Officiel - ICCC\" \/>\n<meta property=\"og:description\" content=\"Soyez des n\u00f4tres le 24 octobre prochain pour c\u00e9l\u00e8brer les accomplissements incroyables de nos laur\u00e9ats 2023 du Premio Venezia.\" \/>\n<meta property=\"og:url\" content=\"https:\/\/italchamber.qc.ca\/fr\/events\/ceremonie-des-laureats-premio-venezia-rbc-banque-royale-presentateur-officiel\/\" \/>\n<meta property=\"og:site_name\" content=\"ICCC\" \/>\n<meta property=\"og:image\" content=\"https:\/\/italchamber.qc.ca\/wp-content\/uploads\/2024\/10\/premio-1.png\" \/>\n\t<meta property=\"og:image:width\" content=\"436\" \/>\n\t<meta property=\"og:image:height\" content=\"83\" \/>\n\t<meta property=\"og:image:type\" content=\"image\/png\" \/>\n<meta name=\"twitter:card\" content=\"summary_large_image\" \/>\n<meta name=\"twitter:label1\" content=\"Dur\u00e9e de lecture estim\u00e9e\" \/>\n\t<meta name=\"twitter:data1\" content=\"1 minute\" \/>\n<script type=\"application\/ld+json\" class=\"yoast-schema-graph\">{\"@context\":\"https:\\\/\\\/schema.org\",\"@graph\":[{\"@type\":\"WebPage\",\"@id\":\"https:\\\/\\\/italchamber.qc.ca\\\/fr\\\/events\\\/ceremonie-des-laureats-premio-venezia-rbc-banque-royale-presentateur-officiel\\\/\",\"url\":\"https:\\\/\\\/italchamber.qc.ca\\\/fr\\\/events\\\/ceremonie-des-laureats-premio-venezia-rbc-banque-royale-presentateur-officiel\\\/\",\"name\":\"C\u00e9r\u00e9monie des laur\u00e9ats Premio Venezia - RBC Banque Royale Pr\u00e9sentateur Officiel - ICCC\",\"isPartOf\":{\"@id\":\"https:\\\/\\\/italchamber.qc.ca\\\/fr\\\/#website\"},\"primaryImageOfPage\":{\"@id\":\"https:\\\/\\\/italchamber.qc.ca\\\/fr\\\/events\\\/ceremonie-des-laureats-premio-venezia-rbc-banque-royale-presentateur-officiel\\\/#primaryimage\"},\"image\":{\"@id\":\"https:\\\/\\\/italchamber.qc.ca\\\/fr\\\/events\\\/ceremonie-des-laureats-premio-venezia-rbc-banque-royale-presentateur-officiel\\\/#primaryimage\"},\"thumbnailUrl\":\"https:\\\/\\\/italchamber.qc.ca\\\/wp-content\\\/uploads\\\/2024\\\/10\\\/premio-1.png\",\"datePublished\":\"2022-12-23T16:51:06+00:00\",\"breadcrumb\":{\"@id\":\"https:\\\/\\\/italchamber.qc.ca\\\/fr\\\/events\\\/ceremonie-des-laureats-premio-venezia-rbc-banque-royale-presentateur-officiel\\\/#breadcrumb\"},\"inLanguage\":\"fr-FR\",\"potentialAction\":[{\"@type\":\"ReadAction\",\"target\":[\"https:\\\/\\\/italchamber.qc.ca\\\/fr\\\/events\\\/ceremonie-des-laureats-premio-venezia-rbc-banque-royale-presentateur-officiel\\\/\"]}]},{\"@type\":\"ImageObject\",\"inLanguage\":\"fr-FR\",\"@id\":\"https:\\\/\\\/italchamber.qc.ca\\\/fr\\\/events\\\/ceremonie-des-laureats-premio-venezia-rbc-banque-royale-presentateur-officiel\\\/#primaryimage\",\"url\":\"https:\\\/\\\/italchamber.qc.ca\\\/wp-content\\\/uploads\\\/2024\\\/10\\\/premio-1.png\",\"contentUrl\":\"https:\\\/\\\/italchamber.qc.ca\\\/wp-content\\\/uploads\\\/2024\\\/10\\\/premio-1.png\",\"width\":436,\"height\":83},{\"@type\":\"BreadcrumbList\",\"@id\":\"https:\\\/\\\/italchamber.qc.ca\\\/fr\\\/events\\\/ceremonie-des-laureats-premio-venezia-rbc-banque-royale-presentateur-officiel\\\/#breadcrumb\",\"itemListElement\":[{\"@type\":\"ListItem\",\"position\":1,\"name\":\"Home\",\"item\":\"https:\\\/\\\/italchamber.qc.ca\\\/fr\\\/accueil\\\/\"},{\"@type\":\"ListItem\",\"position\":2,\"name\":\"Events\",\"item\":\"https:\\\/\\\/italchamber.qc.ca\\\/fr\\\/events\\\/\"},{\"@type\":\"ListItem\",\"position\":3,\"name\":\"C\u00e9r\u00e9monie des laur\u00e9ats Premio Venezia &#8211; RBC Banque Royale Pr\u00e9sentateur Officiel\"}]},{\"@type\":\"WebSite\",\"@id\":\"https:\\\/\\\/italchamber.qc.ca\\\/fr\\\/#website\",\"url\":\"https:\\\/\\\/italchamber.qc.ca\\\/fr\\\/\",\"name\":\"ICCC\",\"description\":\"Italian Chamber of Commerce in Canada\",\"publisher\":{\"@id\":\"https:\\\/\\\/italchamber.qc.ca\\\/fr\\\/#organization\"},\"potentialAction\":[{\"@type\":\"SearchAction\",\"target\":{\"@type\":\"EntryPoint\",\"urlTemplate\":\"https:\\\/\\\/italchamber.qc.ca\\\/fr\\\/?s={search_term_string}\"},\"query-input\":{\"@type\":\"PropertyValueSpecification\",\"valueRequired\":true,\"valueName\":\"search_term_string\"}}],\"inLanguage\":\"fr-FR\"},{\"@type\":\"Organization\",\"@id\":\"https:\\\/\\\/italchamber.qc.ca\\\/fr\\\/#organization\",\"name\":\"ICCC\",\"url\":\"https:\\\/\\\/italchamber.qc.ca\\\/fr\\\/\",\"logo\":{\"@type\":\"ImageObject\",\"inLanguage\":\"fr-FR\",\"@id\":\"https:\\\/\\\/italchamber.qc.ca\\\/fr\\\/#\\\/schema\\\/logo\\\/image\\\/\",\"url\":\"https:\\\/\\\/italchamber.qc.ca\\\/wp-content\\\/uploads\\\/2025\\\/05\\\/ICCC-Logo-French.svg\",\"contentUrl\":\"https:\\\/\\\/italchamber.qc.ca\\\/wp-content\\\/uploads\\\/2025\\\/05\\\/ICCC-Logo-French.svg\",\"caption\":\"ICCC\"},\"image\":{\"@id\":\"https:\\\/\\\/italchamber.qc.ca\\\/fr\\\/#\\\/schema\\\/logo\\\/image\\\/\"}}]}<\/script>\n<!-- \/ Yoast SEO plugin. -->","yoast_head_json":{"title":"C\u00e9r\u00e9monie des laur\u00e9ats Premio Venezia - RBC Banque Royale Pr\u00e9sentateur Officiel - ICCC","robots":{"index":"index","follow":"follow","max-snippet":"max-snippet:-1","max-image-preview":"max-image-preview:large","max-video-preview":"max-video-preview:-1"},"canonical":"https:\/\/italchamber.qc.ca\/fr\/events\/ceremonie-des-laureats-premio-venezia-rbc-banque-royale-presentateur-officiel\/","og_locale":"fr_FR","og_type":"article","og_title":"C\u00e9r\u00e9monie des laur\u00e9ats Premio Venezia - RBC Banque Royale Pr\u00e9sentateur Officiel - ICCC","og_description":"Soyez des n\u00f4tres le 24 octobre prochain pour c\u00e9l\u00e8brer les accomplissements incroyables de nos laur\u00e9ats 2023 du Premio Venezia.","og_url":"https:\/\/italchamber.qc.ca\/fr\/events\/ceremonie-des-laureats-premio-venezia-rbc-banque-royale-presentateur-officiel\/","og_site_name":"ICCC","og_image":[{"width":436,"height":83,"url":"https:\/\/italchamber.qc.ca\/wp-content\/uploads\/2024\/10\/premio-1.png","type":"image\/png"}],"twitter_card":"summary_large_image","twitter_misc":{"Dur\u00e9e de lecture estim\u00e9e":"1 minute"},"schema":{"@context":"https:\/\/schema.org","@graph":[{"@type":"WebPage","@id":"https:\/\/italchamber.qc.ca\/fr\/events\/ceremonie-des-laureats-premio-venezia-rbc-banque-royale-presentateur-officiel\/","url":"https:\/\/italchamber.qc.ca\/fr\/events\/ceremonie-des-laureats-premio-venezia-rbc-banque-royale-presentateur-officiel\/","name":"C\u00e9r\u00e9monie des laur\u00e9ats Premio Venezia - RBC Banque Royale Pr\u00e9sentateur Officiel - ICCC","isPartOf":{"@id":"https:\/\/italchamber.qc.ca\/fr\/#website"},"primaryImageOfPage":{"@id":"https:\/\/italchamber.qc.ca\/fr\/events\/ceremonie-des-laureats-premio-venezia-rbc-banque-royale-presentateur-officiel\/#primaryimage"},"image":{"@id":"https:\/\/italchamber.qc.ca\/fr\/events\/ceremonie-des-laureats-premio-venezia-rbc-banque-royale-presentateur-officiel\/#primaryimage"},"thumbnailUrl":"https:\/\/italchamber.qc.ca\/wp-content\/uploads\/2024\/10\/premio-1.png","datePublished":"2022-12-23T16:51:06+00:00","breadcrumb":{"@id":"https:\/\/italchamber.qc.ca\/fr\/events\/ceremonie-des-laureats-premio-venezia-rbc-banque-royale-presentateur-officiel\/#breadcrumb"},"inLanguage":"fr-FR","potentialAction":[{"@type":"ReadAction","target":["https:\/\/italchamber.qc.ca\/fr\/events\/ceremonie-des-laureats-premio-venezia-rbc-banque-royale-presentateur-officiel\/"]}]},{"@type":"ImageObject","inLanguage":"fr-FR","@id":"https:\/\/italchamber.qc.ca\/fr\/events\/ceremonie-des-laureats-premio-venezia-rbc-banque-royale-presentateur-officiel\/#primaryimage","url":"https:\/\/italchamber.qc.ca\/wp-content\/uploads\/2024\/10\/premio-1.png","contentUrl":"https:\/\/italchamber.qc.ca\/wp-content\/uploads\/2024\/10\/premio-1.png","width":436,"height":83},{"@type":"BreadcrumbList","@id":"https:\/\/italchamber.qc.ca\/fr\/events\/ceremonie-des-laureats-premio-venezia-rbc-banque-royale-presentateur-officiel\/#breadcrumb","itemListElement":[{"@type":"ListItem","position":1,"name":"Home","item":"https:\/\/italchamber.qc.ca\/fr\/accueil\/"},{"@type":"ListItem","position":2,"name":"Events","item":"https:\/\/italchamber.qc.ca\/fr\/events\/"},{"@type":"ListItem","position":3,"name":"C\u00e9r\u00e9monie des laur\u00e9ats Premio Venezia &#8211; RBC Banque Royale Pr\u00e9sentateur Officiel"}]},{"@type":"WebSite","@id":"https:\/\/italchamber.qc.ca\/fr\/#website","url":"https:\/\/italchamber.qc.ca\/fr\/","name":"ICCC","description":"Italian Chamber of Commerce in Canada","publisher":{"@id":"https:\/\/italchamber.qc.ca\/fr\/#organization"},"potentialAction":[{"@type":"SearchAction","target":{"@type":"EntryPoint","urlTemplate":"https:\/\/italchamber.qc.ca\/fr\/?s={search_term_string}"},"query-input":{"@type":"PropertyValueSpecification","valueRequired":true,"valueName":"search_term_string"}}],"inLanguage":"fr-FR"},{"@type":"Organization","@id":"https:\/\/italchamber.qc.ca\/fr\/#organization","name":"ICCC","url":"https:\/\/italchamber.qc.ca\/fr\/","logo":{"@type":"ImageObject","inLanguage":"fr-FR","@id":"https:\/\/italchamber.qc.ca\/fr\/#\/schema\/logo\/image\/","url":"https:\/\/italchamber.qc.ca\/wp-content\/uploads\/2025\/05\/ICCC-Logo-French.svg","contentUrl":"https:\/\/italchamber.qc.ca\/wp-content\/uploads\/2025\/05\/ICCC-Logo-French.svg","caption":"ICCC"},"image":{"@id":"https:\/\/italchamber.qc.ca\/fr\/#\/schema\/logo\/image\/"}}]}},"_links":{"self":[{"href":"https:\/\/italchamber.qc.ca\/fr\/wp-json\/wp\/v2\/event\/9303","targetHints":{"allow":["GET"]}}],"collection":[{"href":"https:\/\/italchamber.qc.ca\/fr\/wp-json\/wp\/v2\/event"}],"about":[{"href":"https:\/\/italchamber.qc.ca\/fr\/wp-json\/wp\/v2\/types\/event"}],"version-history":[{"count":0,"href":"https:\/\/italchamber.qc.ca\/fr\/wp-json\/wp\/v2\/event\/9303\/revisions"}],"wp:featuredmedia":[{"embeddable":true,"href":"https:\/\/italchamber.qc.ca\/fr\/wp-json\/wp\/v2\/media\/5598"}],"wp:attachment":[{"href":"https:\/\/italchamber.qc.ca\/fr\/wp-json\/wp\/v2\/media?parent=9303"}],"wp:term":[{"taxonomy":"event_category","embeddable":true,"href":"https:\/\/italchamber.qc.ca\/fr\/wp-json\/wp\/v2\/event_category?post=9303"}],"curies":[{"name":"wp","href":"https:\/\/api.w.org\/{rel}","templated":true}]}}