{"id":9169,"date":"2021-08-24T15:39:54","date_gmt":"2021-08-24T15:39:54","guid":{"rendered":"https:\/\/italchamber.qc.ca\/events\/masterclass-prosecco-doc-avec-guenael-revel\/"},"modified":"2024-10-11T19:34:27","modified_gmt":"2024-10-11T19:34:27","slug":"masterclass-prosecco-doc-avec-guenael-revel","status":"publish","type":"event","link":"https:\/\/italchamber.qc.ca\/fr\/events\/masterclass-prosecco-doc-avec-guenael-revel\/","title":{"rendered":"Masterclass Prosecco DOC avec Gu\u00e9na\u00ebl Revel"},"content":{"rendered":"<h3><span style=\"color: #ff99cc;\"><strong><span class=\"JsGRdQ\">FAITES P\u00c9TILLER VOTRE RENTR\u00c9E\u00a0<\/span><span class=\"JsGRdQ\">AVEC L\u2019ARRIV\u00c9E DU PROSECCO DOC ROS\u00c9 \u00c0 LA SAQ !<\/span><\/strong><\/span><\/h3>\n<h2><strong>MASTERCLASS ANIM\u00c9E PAR GU\u00c9NA\u00cbL REVEL<\/strong><\/h2>\n<p><img fetchpriority=\"high\" decoding=\"async\" class=\" wp-image-18242 alignleft\" src=\"https:\/\/italchamber.qc.ca\/wp-content\/uploads\/2024\/10\/GUENAELREVEL2.png\" alt=\"\" width=\"349\" height=\"349\" \/><\/p>\n<p><span class=\"JsGRdQ\"><strong>Le Prosecco DOC a enfin son Ros\u00e9 !<\/strong> Les premi\u00e8res r\u00e9f\u00e9rences du nouveau produit de la d\u00e9nomination leader dans le monde des vins mousseux arrivent au Qu\u00e9bec. Apr\u00e8s plusieurs ann\u00e9es de recherche et d\u2019exp\u00e9rimentation, et face au succ\u00e8s grandissant des vins effervescents ros\u00e9s dans le monde, le <\/span><a class=\"JsGRdQ\" draggable=\"false\" href=\"https:\/\/www.prosecco.wine\/en\" target=\"_blank\" rel=\"noopener\">Consorzio di Tutela Prosecco DOC<\/a><span class=\"JsGRdQ\">, qui regroupent les vignerons et les caves productrices de l\u2019appellation, a d\u00e9cid\u00e9 d\u2019introduire la production du <\/span><span class=\"JsGRdQ\">Prosecco DOC Ros\u00e9<\/span><span class=\"JsGRdQ\">.<\/span><\/p>\n<p class=\"_04xlpA direction-ltr align-justify para-style-body\"><span style=\"color: #000000;\"><strong><span class=\"JsGRdQ\">\u00c0 propos du Prosecco DOC<\/span><\/strong><\/span><\/p>\n<p class=\"_04xlpA direction-ltr align-justify para-style-body\"><span class=\"JsGRdQ\">Les vins Prosecco DOC sont disponibles en version Spumante (effervescent), Frizzante (p\u00e9tillant) et Tranquillo (calme). Les vins sont issus principalement du c\u00e9page Glera, originaire du nord-est de l&rsquo;Italie depuis des milliers d&rsquo;ann\u00e9es, et peuvent \u00eatre combin\u00e9s avec un maximum de 15% des c\u00e9pages suivants : Verdiso, Bianchetta Trevigiana, Perera, Glera lunga, Chardonnay, Pinot Blanc, Pinot Gris et Pinot Noir. Les vari\u00e9t\u00e9s Prosecco Frizzante et Spumante obtiennent leurs fameuses bulles en utilisant la m\u00e9thode de production de fermentation secondaire Martinotti\/Charmat, mises en bouteille sous haute pression apr\u00e8s une fermentation naturelle dans des r\u00e9servoirs en vrac appel\u00e9s autoclaves. Le r\u00e9sultat final est un vin jaune paille brillant avec un perlage fin et persistant ainsi que des ar\u00f4mes de fleurs blanches, de pomme et de poire. Il est frais et \u00e9l\u00e9gant en bouche avec un titre alcoom\u00e9trique mod\u00e9r\u00e9.<\/span><\/p>\n<p class=\"_04xlpA direction-ltr align-start para-style-body\"><strong><span class=\"JsGRdQ\">\u00c0 propos du Prosecco DOC Ros\u00e9<\/span><\/strong><\/p>\n<p class=\"_04xlpA direction-ltr align-start para-style-body\"><span class=\"JsGRdQ\">Depuis le 11 ao\u00fbt 2020, les organismes comp\u00e9tents (le Minist\u00e8re italien de l&rsquo;Agriculture) ont autoris\u00e9 la production du Prosecco DOC Ros\u00e9, compos\u00e9 d&rsquo;au moins 85% de Glera et 10-15% de Pinot Noir, uniquement dans la version Spumante (p\u00e9tillante) et avec les plus faibles dosages en sucre (du Brut Nature \u00e0 l&rsquo;Extra Dry). Le Prosecco DOC Ros\u00e9 subit une seconde fermentation plus longue en autoclave (60 jours contre 30 jours pour le Prosecco DOC), a une couleur rose p\u00e2le et un perlage fin et persistant, et pr\u00e9sente des ar\u00f4mes de fleurs blanches, des notes de pomme et d&rsquo;agrumes, ainsi que des senteurs de fraise et de framboise. Sur l&rsquo;\u00e9tiquette, il est obligatoire d&rsquo;indiquer le terme \u00ab Mill\u00e9simato \u00bb, suivi de l&rsquo;ann\u00e9e de r\u00e9f\u00e9rence d&rsquo;au moins 85 % des raisins.<\/span><\/p>\n<p>&nbsp;<\/p>\n<p><img decoding=\"async\" class=\"aligncenter wp-image-20288\" src=\"https:\/\/italchamber.qc.ca\/wp-content\/uploads\/2024\/10\/visuel-masterclass-website-ccic-fr-1024x858.png\" alt=\"\" width=\"973\" height=\"815\" \/><\/p>\n<p>&nbsp;<\/p>\n<p>&nbsp;<\/p>\n<p>&nbsp;<\/p>\n<p><img decoding=\"async\" class=\"aligncenter size-full wp-image-19701\" src=\"https:\/\/italchamber.qc.ca\/wp-content\/uploads\/2024\/10\/Screen-Shot-2021-06-11-at-1.03.28-PM.png\" alt=\"\" width=\"1744\" height=\"230\" \/><\/p>\n","protected":false},"excerpt":{"rendered":"<p>Le Prosecco DOC a enfin son Ros\u00e9 ! Les premi\u00e8res r\u00e9f\u00e9rences du nouveau produit de la d\u00e9nomination leader dans le monde des vins mousseux arrivent au Qu\u00e9bec.<\/p>\n","protected":false},"featured_media":9171,"template":"","event_category":[176],"class_list":["post-9169","event","type-event","status-publish","has-post-thumbnail","hentry","event_category-activites-oeno-gastronomiquesla-difference-est-dans-le-gout"],"acf":[],"yoast_head":"<!-- This site is optimized with the Yoast SEO plugin v27.4 - https:\/\/yoast.com\/product\/yoast-seo-wordpress\/ -->\n<title>Masterclass Prosecco DOC avec Gu\u00e9na\u00ebl Revel - ICCC<\/title>\n<meta name=\"robots\" content=\"index, follow, max-snippet:-1, max-image-preview:large, max-video-preview:-1\" \/>\n<link rel=\"canonical\" href=\"https:\/\/italchamber.qc.ca\/fr\/events\/masterclass-prosecco-doc-avec-guenael-revel\/\" \/>\n<meta property=\"og:locale\" content=\"fr_FR\" \/>\n<meta property=\"og:type\" content=\"article\" \/>\n<meta property=\"og:title\" content=\"Masterclass Prosecco DOC avec Gu\u00e9na\u00ebl Revel - ICCC\" \/>\n<meta property=\"og:description\" content=\"Le Prosecco DOC a enfin son Ros\u00e9 ! Les premi\u00e8res r\u00e9f\u00e9rences du nouveau produit de la d\u00e9nomination leader dans le monde des vins mousseux arrivent au Qu\u00e9bec.\" \/>\n<meta property=\"og:url\" content=\"https:\/\/italchamber.qc.ca\/fr\/events\/masterclass-prosecco-doc-avec-guenael-revel\/\" \/>\n<meta property=\"og:site_name\" content=\"ICCC\" \/>\n<meta property=\"article:modified_time\" content=\"2024-10-11T19:34:27+00:00\" \/>\n<meta property=\"og:image\" content=\"https:\/\/italchamber.qc.ca\/wp-content\/uploads\/2024\/10\/site-ccic_masterclass_v3.png\" \/>\n\t<meta property=\"og:image:width\" content=\"1400\" \/>\n\t<meta property=\"og:image:height\" content=\"500\" \/>\n\t<meta property=\"og:image:type\" content=\"image\/png\" \/>\n<meta name=\"twitter:card\" content=\"summary_large_image\" \/>\n<meta name=\"twitter:label1\" content=\"Dur\u00e9e de lecture estim\u00e9e\" \/>\n\t<meta name=\"twitter:data1\" content=\"2 minutes\" \/>\n<script type=\"application\/ld+json\" class=\"yoast-schema-graph\">{\"@context\":\"https:\\\/\\\/schema.org\",\"@graph\":[{\"@type\":\"WebPage\",\"@id\":\"https:\\\/\\\/italchamber.qc.ca\\\/fr\\\/events\\\/masterclass-prosecco-doc-avec-guenael-revel\\\/\",\"url\":\"https:\\\/\\\/italchamber.qc.ca\\\/fr\\\/events\\\/masterclass-prosecco-doc-avec-guenael-revel\\\/\",\"name\":\"Masterclass Prosecco DOC avec Gu\u00e9na\u00ebl Revel - ICCC\",\"isPartOf\":{\"@id\":\"https:\\\/\\\/italchamber.qc.ca\\\/fr\\\/#website\"},\"primaryImageOfPage\":{\"@id\":\"https:\\\/\\\/italchamber.qc.ca\\\/fr\\\/events\\\/masterclass-prosecco-doc-avec-guenael-revel\\\/#primaryimage\"},\"image\":{\"@id\":\"https:\\\/\\\/italchamber.qc.ca\\\/fr\\\/events\\\/masterclass-prosecco-doc-avec-guenael-revel\\\/#primaryimage\"},\"thumbnailUrl\":\"https:\\\/\\\/italchamber.qc.ca\\\/wp-content\\\/uploads\\\/2024\\\/10\\\/site-ccic_masterclass_v3.png\",\"datePublished\":\"2021-08-24T15:39:54+00:00\",\"dateModified\":\"2024-10-11T19:34:27+00:00\",\"breadcrumb\":{\"@id\":\"https:\\\/\\\/italchamber.qc.ca\\\/fr\\\/events\\\/masterclass-prosecco-doc-avec-guenael-revel\\\/#breadcrumb\"},\"inLanguage\":\"fr-FR\",\"potentialAction\":[{\"@type\":\"ReadAction\",\"target\":[\"https:\\\/\\\/italchamber.qc.ca\\\/fr\\\/events\\\/masterclass-prosecco-doc-avec-guenael-revel\\\/\"]}]},{\"@type\":\"ImageObject\",\"inLanguage\":\"fr-FR\",\"@id\":\"https:\\\/\\\/italchamber.qc.ca\\\/fr\\\/events\\\/masterclass-prosecco-doc-avec-guenael-revel\\\/#primaryimage\",\"url\":\"https:\\\/\\\/italchamber.qc.ca\\\/wp-content\\\/uploads\\\/2024\\\/10\\\/site-ccic_masterclass_v3.png\",\"contentUrl\":\"https:\\\/\\\/italchamber.qc.ca\\\/wp-content\\\/uploads\\\/2024\\\/10\\\/site-ccic_masterclass_v3.png\",\"width\":1400,\"height\":500},{\"@type\":\"BreadcrumbList\",\"@id\":\"https:\\\/\\\/italchamber.qc.ca\\\/fr\\\/events\\\/masterclass-prosecco-doc-avec-guenael-revel\\\/#breadcrumb\",\"itemListElement\":[{\"@type\":\"ListItem\",\"position\":1,\"name\":\"Home\",\"item\":\"https:\\\/\\\/italchamber.qc.ca\\\/fr\\\/accueil\\\/\"},{\"@type\":\"ListItem\",\"position\":2,\"name\":\"Events\",\"item\":\"https:\\\/\\\/italchamber.qc.ca\\\/fr\\\/events\\\/\"},{\"@type\":\"ListItem\",\"position\":3,\"name\":\"Masterclass Prosecco DOC avec Gu\u00e9na\u00ebl Revel\"}]},{\"@type\":\"WebSite\",\"@id\":\"https:\\\/\\\/italchamber.qc.ca\\\/fr\\\/#website\",\"url\":\"https:\\\/\\\/italchamber.qc.ca\\\/fr\\\/\",\"name\":\"ICCC\",\"description\":\"Italian Chamber of Commerce in Canada\",\"publisher\":{\"@id\":\"https:\\\/\\\/italchamber.qc.ca\\\/fr\\\/#organization\"},\"potentialAction\":[{\"@type\":\"SearchAction\",\"target\":{\"@type\":\"EntryPoint\",\"urlTemplate\":\"https:\\\/\\\/italchamber.qc.ca\\\/fr\\\/?s={search_term_string}\"},\"query-input\":{\"@type\":\"PropertyValueSpecification\",\"valueRequired\":true,\"valueName\":\"search_term_string\"}}],\"inLanguage\":\"fr-FR\"},{\"@type\":\"Organization\",\"@id\":\"https:\\\/\\\/italchamber.qc.ca\\\/fr\\\/#organization\",\"name\":\"ICCC\",\"url\":\"https:\\\/\\\/italchamber.qc.ca\\\/fr\\\/\",\"logo\":{\"@type\":\"ImageObject\",\"inLanguage\":\"fr-FR\",\"@id\":\"https:\\\/\\\/italchamber.qc.ca\\\/fr\\\/#\\\/schema\\\/logo\\\/image\\\/\",\"url\":\"https:\\\/\\\/italchamber.qc.ca\\\/wp-content\\\/uploads\\\/2025\\\/05\\\/ICCC-Logo-French.svg\",\"contentUrl\":\"https:\\\/\\\/italchamber.qc.ca\\\/wp-content\\\/uploads\\\/2025\\\/05\\\/ICCC-Logo-French.svg\",\"caption\":\"ICCC\"},\"image\":{\"@id\":\"https:\\\/\\\/italchamber.qc.ca\\\/fr\\\/#\\\/schema\\\/logo\\\/image\\\/\"}}]}<\/script>\n<!-- \/ Yoast SEO plugin. -->","yoast_head_json":{"title":"Masterclass Prosecco DOC avec Gu\u00e9na\u00ebl Revel - ICCC","robots":{"index":"index","follow":"follow","max-snippet":"max-snippet:-1","max-image-preview":"max-image-preview:large","max-video-preview":"max-video-preview:-1"},"canonical":"https:\/\/italchamber.qc.ca\/fr\/events\/masterclass-prosecco-doc-avec-guenael-revel\/","og_locale":"fr_FR","og_type":"article","og_title":"Masterclass Prosecco DOC avec Gu\u00e9na\u00ebl Revel - ICCC","og_description":"Le Prosecco DOC a enfin son Ros\u00e9 ! Les premi\u00e8res r\u00e9f\u00e9rences du nouveau produit de la d\u00e9nomination leader dans le monde des vins mousseux arrivent au Qu\u00e9bec.","og_url":"https:\/\/italchamber.qc.ca\/fr\/events\/masterclass-prosecco-doc-avec-guenael-revel\/","og_site_name":"ICCC","article_modified_time":"2024-10-11T19:34:27+00:00","og_image":[{"width":1400,"height":500,"url":"https:\/\/italchamber.qc.ca\/wp-content\/uploads\/2024\/10\/site-ccic_masterclass_v3.png","type":"image\/png"}],"twitter_card":"summary_large_image","twitter_misc":{"Dur\u00e9e de lecture estim\u00e9e":"2 minutes"},"schema":{"@context":"https:\/\/schema.org","@graph":[{"@type":"WebPage","@id":"https:\/\/italchamber.qc.ca\/fr\/events\/masterclass-prosecco-doc-avec-guenael-revel\/","url":"https:\/\/italchamber.qc.ca\/fr\/events\/masterclass-prosecco-doc-avec-guenael-revel\/","name":"Masterclass Prosecco DOC avec Gu\u00e9na\u00ebl Revel - ICCC","isPartOf":{"@id":"https:\/\/italchamber.qc.ca\/fr\/#website"},"primaryImageOfPage":{"@id":"https:\/\/italchamber.qc.ca\/fr\/events\/masterclass-prosecco-doc-avec-guenael-revel\/#primaryimage"},"image":{"@id":"https:\/\/italchamber.qc.ca\/fr\/events\/masterclass-prosecco-doc-avec-guenael-revel\/#primaryimage"},"thumbnailUrl":"https:\/\/italchamber.qc.ca\/wp-content\/uploads\/2024\/10\/site-ccic_masterclass_v3.png","datePublished":"2021-08-24T15:39:54+00:00","dateModified":"2024-10-11T19:34:27+00:00","breadcrumb":{"@id":"https:\/\/italchamber.qc.ca\/fr\/events\/masterclass-prosecco-doc-avec-guenael-revel\/#breadcrumb"},"inLanguage":"fr-FR","potentialAction":[{"@type":"ReadAction","target":["https:\/\/italchamber.qc.ca\/fr\/events\/masterclass-prosecco-doc-avec-guenael-revel\/"]}]},{"@type":"ImageObject","inLanguage":"fr-FR","@id":"https:\/\/italchamber.qc.ca\/fr\/events\/masterclass-prosecco-doc-avec-guenael-revel\/#primaryimage","url":"https:\/\/italchamber.qc.ca\/wp-content\/uploads\/2024\/10\/site-ccic_masterclass_v3.png","contentUrl":"https:\/\/italchamber.qc.ca\/wp-content\/uploads\/2024\/10\/site-ccic_masterclass_v3.png","width":1400,"height":500},{"@type":"BreadcrumbList","@id":"https:\/\/italchamber.qc.ca\/fr\/events\/masterclass-prosecco-doc-avec-guenael-revel\/#breadcrumb","itemListElement":[{"@type":"ListItem","position":1,"name":"Home","item":"https:\/\/italchamber.qc.ca\/fr\/accueil\/"},{"@type":"ListItem","position":2,"name":"Events","item":"https:\/\/italchamber.qc.ca\/fr\/events\/"},{"@type":"ListItem","position":3,"name":"Masterclass Prosecco DOC avec Gu\u00e9na\u00ebl Revel"}]},{"@type":"WebSite","@id":"https:\/\/italchamber.qc.ca\/fr\/#website","url":"https:\/\/italchamber.qc.ca\/fr\/","name":"ICCC","description":"Italian Chamber of Commerce in Canada","publisher":{"@id":"https:\/\/italchamber.qc.ca\/fr\/#organization"},"potentialAction":[{"@type":"SearchAction","target":{"@type":"EntryPoint","urlTemplate":"https:\/\/italchamber.qc.ca\/fr\/?s={search_term_string}"},"query-input":{"@type":"PropertyValueSpecification","valueRequired":true,"valueName":"search_term_string"}}],"inLanguage":"fr-FR"},{"@type":"Organization","@id":"https:\/\/italchamber.qc.ca\/fr\/#organization","name":"ICCC","url":"https:\/\/italchamber.qc.ca\/fr\/","logo":{"@type":"ImageObject","inLanguage":"fr-FR","@id":"https:\/\/italchamber.qc.ca\/fr\/#\/schema\/logo\/image\/","url":"https:\/\/italchamber.qc.ca\/wp-content\/uploads\/2025\/05\/ICCC-Logo-French.svg","contentUrl":"https:\/\/italchamber.qc.ca\/wp-content\/uploads\/2025\/05\/ICCC-Logo-French.svg","caption":"ICCC"},"image":{"@id":"https:\/\/italchamber.qc.ca\/fr\/#\/schema\/logo\/image\/"}}]}},"_links":{"self":[{"href":"https:\/\/italchamber.qc.ca\/fr\/wp-json\/wp\/v2\/event\/9169","targetHints":{"allow":["GET"]}}],"collection":[{"href":"https:\/\/italchamber.qc.ca\/fr\/wp-json\/wp\/v2\/event"}],"about":[{"href":"https:\/\/italchamber.qc.ca\/fr\/wp-json\/wp\/v2\/types\/event"}],"version-history":[{"count":0,"href":"https:\/\/italchamber.qc.ca\/fr\/wp-json\/wp\/v2\/event\/9169\/revisions"}],"wp:featuredmedia":[{"embeddable":true,"href":"https:\/\/italchamber.qc.ca\/fr\/wp-json\/wp\/v2\/media\/9171"}],"wp:attachment":[{"href":"https:\/\/italchamber.qc.ca\/fr\/wp-json\/wp\/v2\/media?parent=9169"}],"wp:term":[{"taxonomy":"event_category","embeddable":true,"href":"https:\/\/italchamber.qc.ca\/fr\/wp-json\/wp\/v2\/event_category?post=9169"}],"curies":[{"name":"wp","href":"https:\/\/api.w.org\/{rel}","templated":true}]}}