{"id":9110,"date":"2021-04-23T21:19:13","date_gmt":"2021-04-23T21:19:13","guid":{"rendered":"https:\/\/italchamber.qc.ca\/events\/conversation-avec-le-president-de-loaci-salvatore-sciacchitano\/"},"modified":"2024-10-11T19:33:44","modified_gmt":"2024-10-11T19:33:44","slug":"conversation-avec-le-president-de-loaci-salvatore-sciacchitano","status":"publish","type":"event","link":"https:\/\/italchamber.qc.ca\/fr\/events\/conversation-avec-le-president-de-loaci-salvatore-sciacchitano\/","title":{"rendered":"Conversation avec le Pr\u00e9sident de l&rsquo;OACI, Salvatore Sciacchitano"},"content":{"rendered":"<p><iframe title=\"The ICCC presents: Conversation with ICAO Council President Salvatore Sciacchitano\" width=\"800\" height=\"450\" src=\"https:\/\/www.youtube.com\/embed\/p84W6blIaCk?feature=oembed\" frameborder=\"0\" allow=\"accelerometer; autoplay; clipboard-write; encrypted-media; gyroscope; picture-in-picture; web-share\" referrerpolicy=\"strict-origin-when-cross-origin\" allowfullscreen><\/iframe><\/p>\n<hr \/>\n<p><strong>La Chambre de commerce italienne au Canada (CCIC)<\/strong> est fi\u00e8re de proposer une conf\u00e9rence de <strong>Mr. Salvatore Sciacchitano, actuel pr\u00e9sident du conseil de l&rsquo;OACI <\/strong>(Organisation internationale de l&rsquo;aviation civile)<strong>.<\/strong><\/p>\n<p><strong>Mr. Sciacchitano <\/strong>tiendra une conversation sur le th\u00e8me suivant :<strong>\u00a0<\/strong>\u00a0<strong>\u201c<em>Le r\u00f4le majeur de l&rsquo;OACI et de l&rsquo;Aviation dans le contexte de pand\u00e9mie mondiale : nouveaux enjeux et plan de relance\u00a0\u00bb\u00a0<\/em><\/strong><\/p>\n<p style=\"text-align: center;\"><strong>Le webinaire s&rsquo;est tenu le <span style=\"color: #3366ff;\">11 mai 2021, de 11h \u00e0 12h (EST)<\/span><\/strong><\/p>\n<ul>\n<li>Introduction et pr\u00e9sentation de notre conf\u00e9rencier d&rsquo;honneur par <a href=\"https:\/\/sidlee.com\/en\/team\/vito-piazza?eflyer_rand=298841925\" target=\"_blank\" rel=\"noopener\"><strong><span style=\"color: #3366ff;\">Vito Piazza<\/span><\/strong><\/a>, Pr\u00e9sident-directeur g\u00e9n\u00e9ral,\u00a0 de Sid Lee<\/li>\n<li>Intervention de\u00a0<span style=\"color: #3366ff;\"><a style=\"color: #3366ff;\" href=\"https:\/\/italchamber.qc.ca\/speakers\/silvia-constantini-consule-general-ditalie-a-montreal\/?eflyer_rand=1008986582\" target=\"_blank\" rel=\"noopener\"><strong>Silvia Costantini<\/strong><\/a><\/span>, Repr\u00e9sentante Permanente de l\u2019Italie aupr\u00e8s de l\u2019Organisation de l\u2019Aviation Civile Internationale (OACI) et Consule G\u00e9n\u00e9rale d&rsquo;Italie \u00e0 Montr\u00e9al<\/li>\n<li>Entrevue du <span style=\"color: #3366ff;\"><a style=\"color: #3366ff;\" href=\"https:\/\/www.icao.int\/about-icao\/MrSciacchitano\/Pages\/biography.aspx?eflyer_rand=1613975783\" target=\"_blank\" rel=\"noopener\"><strong>Pr\u00e9sident Sciacchitano<\/strong><\/a> <\/span>men\u00e9e par <a style=\"background-color: #ffffff;\" href=\"https:\/\/www.mcgill.ca\/desautels\/karl-moore?eflyer_rand=670434087\" target=\"_blank\" rel=\"noopener\"><strong><span style=\"color: #3366ff;\">Dr. Karl Moore<\/span><\/strong><\/a>, Professeur agr\u00e9g\u00e9, Facult\u00e9 de gestion Desautels, Universit\u00e9 McGill<\/li>\n<li>Remerciements de <span style=\"color: #3366ff;\"><strong><a style=\"color: #3366ff;\" href=\"https:\/\/www.admtl.com\/fr\/adm\/entreprise\/organisation\/comite-de-direction\" target=\"_blank\" rel=\"noopener\">Philippe Rainville<\/a><\/strong><\/span>, Pr\u00e9sident-directeur g\u00e9n\u00e9ral, A\u00e9roports de Montreal<\/li>\n<li>Discours de cl\u00f4ture par<a style=\"background-color: #ffffff;\" href=\"https:\/\/italchamber.qc.ca\/2021\/01\/20\/nomination_carmine_dargenio\/?eflyer_rand=1131191713\" target=\"_blank\" rel=\"noopener\"><strong><span style=\"color: #3366ff;\">\u00a0Carmine D\u2019Argenio<\/span><\/strong><\/a>, Pr\u00e9sident et Pr\u00e9sident du Conseil de la CCIC<\/li>\n<\/ul>\n<hr \/>\n<p><img fetchpriority=\"high\" decoding=\"async\" class=\"aligncenter wp-image-19211\" src=\"https:\/\/italchamber.qc.ca\/wp-content\/uploads\/2024\/10\/schiatchitano-300x200.png\" alt=\"\" width=\"600\" height=\"400\" \/><strong>Pr\u00e9sident Salvatore Sciacchitano<\/strong><\/p>\n<p>M. Salvatore Sciacchitano, sixi\u00e8me Pr\u00e9sident du Conseil de l\u2019OACI, a succ\u00e9d\u00e9 \u00e0 M. Olumuyiwa Benard Aliu le 1<sup>er<\/sup> janvier 2020. Apr\u00e8s des \u00e9tudes en g\u00e9nie des t\u00e9l\u00e9communications, M. Sciacchitano commence sa carri\u00e8re dans le domaine de l\u2019aviation en rejoignant l\u2019Autorit\u00e9 italienne de navigabilit\u00e9 (RAI) o\u00f9 il a occup\u00e9 des postes de responsabilit\u00e9 croissante jusqu&rsquo;\u00e0 celui de Directeur g\u00e9n\u00e9ral en 1996.<\/p>\n<p>\u00c0 la suite de la fusion de la branche a\u00e9ronautique du Minist\u00e8re des transports et de la RAI, l\u2019Autorit\u00e9 italienne de l\u2019aviation civile (ENAC) a \u00e9t\u00e9 cr\u00e9\u00e9e et M. Sciacchitano a acc\u00e9d\u00e9 au poste de Directeur g\u00e9n\u00e9ral adjoint. De nombreux mandats internationaux lui ont \u00e9galement \u00e9t\u00e9 confi\u00e9s : pr\u00e9sider la Commission permanente d\u2019EUROCONTROL, repr\u00e9senter l\u2019Italie au Conseil d\u2019administration de l\u2019Agence de l\u2019Union europ\u00e9enne pour la s\u00e9curit\u00e9 a\u00e9rienne (AESA), remplir les fonctions de Vice-Pr\u00e9sident du Conseil provisoire d\u2019EUROCONTROL et coordonner les travaux de la d\u00e9l\u00e9gation italienne durant des Assembl\u00e9es de l\u2019OACI.<\/p>\n<p>En raison de sa longue exp\u00e9rience dans le domaine des affaires internationales relatives \u00e0 l\u2019aviation, M. Sciacchitano a \u00e9t\u00e9 nomm\u00e9 Secr\u00e9taire ex\u00e9cutif de la Conf\u00e9rence europ\u00e9enne de l\u2019aviation civile (CEAC) en 2010. En f\u00e9vrier 2019, il s\u2019est joint \u00e0 la d\u00e9l\u00e9gation italienne au Conseil de l\u2019OACI, dont il a \u00e9t\u00e9 membre jusqu\u2019\u00e0 ce qu\u2019il prenne ses fonctions de Pr\u00e9sident du Conseil.<\/p>\n<p><a href=\"https:\/\/www.icao.int\/about-icao\/MrSciacchitano\/Pages\/FR\/biography.aspx\"><strong>En lire plus ici<\/strong><\/a><\/p>\n<hr \/>\n<div id='gallery-1' class='gallery galleryid-9110 gallery-columns-5 gallery-size-thumbnail'><figure class='gallery-item'>\n\t\t\t<div class='gallery-icon portrait'>\n\t\t\t\t<a href='https:\/\/italchamber.qc.ca\/fr\/events\/conversation-with-icao-council-president-salvatore-sciacchitano\/vitoplaza\/'><img decoding=\"async\" width=\"150\" height=\"150\" src=\"https:\/\/italchamber.qc.ca\/wp-content\/uploads\/2024\/10\/vitoplaza-150x150.png\" class=\"attachment-thumbnail size-thumbnail\" alt=\"\" aria-describedby=\"gallery-1-9089\" \/><\/a>\n\t\t\t<\/div>\n\t\t\t\t<figcaption class='wp-caption-text gallery-caption' id='gallery-1-9089'>\n\t\t\t\tVito Piazza CEO di Sid Lee Group\n\t\t\t\t<\/figcaption><\/figure><figure class='gallery-item'>\n\t\t\t<div class='gallery-icon portrait'>\n\t\t\t\t<a href='https:\/\/italchamber.qc.ca\/fr\/events\/conversation-with-icao-council-president-salvatore-sciacchitano\/silviaconstantini\/'><img decoding=\"async\" width=\"150\" height=\"150\" src=\"https:\/\/italchamber.qc.ca\/wp-content\/uploads\/2024\/10\/silviaconstantini-150x150.png\" class=\"attachment-thumbnail size-thumbnail\" alt=\"\" aria-describedby=\"gallery-1-9093\" \/><\/a>\n\t\t\t<\/div>\n\t\t\t\t<figcaption class='wp-caption-text gallery-caption' id='gallery-1-9093'>\n\t\t\t\tSilvia Constantini Italian Consul General and Permanent representative of Italy to ICAO\n\t\t\t\t<\/figcaption><\/figure><figure class='gallery-item'>\n\t\t\t<div class='gallery-icon portrait'>\n\t\t\t\t<a href='https:\/\/italchamber.qc.ca\/fr\/events\/conversation-with-icao-council-president-salvatore-sciacchitano\/karlmoore\/'><img loading=\"lazy\" decoding=\"async\" width=\"150\" height=\"150\" src=\"https:\/\/italchamber.qc.ca\/wp-content\/uploads\/2024\/10\/karlmoore-150x150.png\" class=\"attachment-thumbnail size-thumbnail\" alt=\"\" aria-describedby=\"gallery-1-9094\" \/><\/a>\n\t\t\t<\/div>\n\t\t\t\t<figcaption class='wp-caption-text gallery-caption' id='gallery-1-9094'>\n\t\t\t\tKarl Moore Professor McGill faculty of management  and consultant\n\t\t\t\t<\/figcaption><\/figure><figure class='gallery-item'>\n\t\t\t<div class='gallery-icon portrait'>\n\t\t\t\t<a href='https:\/\/italchamber.qc.ca\/fr\/events\/conversation-with-icao-council-president-salvatore-sciacchitano\/rainville\/'><img loading=\"lazy\" decoding=\"async\" width=\"150\" height=\"150\" src=\"https:\/\/italchamber.qc.ca\/wp-content\/uploads\/2024\/10\/Rainville-150x150.png\" class=\"attachment-thumbnail size-thumbnail\" alt=\"\" \/><\/a>\n\t\t\t<\/div><\/figure><figure class='gallery-item'>\n\t\t\t<div class='gallery-icon portrait'>\n\t\t\t\t<a href='https:\/\/italchamber.qc.ca\/fr\/carminedargenio-2\/'><img loading=\"lazy\" decoding=\"async\" width=\"150\" height=\"150\" src=\"https:\/\/italchamber.qc.ca\/wp-content\/uploads\/2024\/10\/carminedargenio-150x150.png\" class=\"attachment-thumbnail size-thumbnail\" alt=\"\" \/><\/a>\n\t\t\t<\/div><\/figure>\n\t\t<\/div>\n\n<hr \/>\n<p><a href=\"https:\/\/sidlee.com\/en\/team\/vito-piazza?eflyer_rand=298841925\" target=\"_blank\" rel=\"noopener\"><strong><span style=\"color: #3366ff;\">Vito Piazza<\/span><\/strong><\/a>, CEO de Sidlee, <span style=\"color: #3366ff;\"><a style=\"color: #3366ff;\" href=\"https:\/\/italchamber.qc.ca\/speakers\/silvia-constantini-consule-general-ditalie-a-montreal\/?eflyer_rand=1008986582\" target=\"_blank\" rel=\"noopener\"><strong>Silvia Costantini<\/strong><\/a><\/span>, Repr\u00e9sentante Permanente de l\u2019Italie aupr\u00e8s de l\u2019Organisation de l\u2019Aviation Civile Internationale (OACI) et Consule G\u00e9n\u00e9rale d&rsquo;Italie \u00e0 Montr\u00e9al, <a style=\"background-color: #ffffff;\" href=\"https:\/\/www.mcgill.ca\/desautels\/karl-moore?eflyer_rand=670434087\" target=\"_blank\" rel=\"noopener\"><strong><span style=\"color: #3366ff;\">Dr. Karl Moore<\/span><\/strong><\/a>, Professeur agr\u00e9g\u00e9, Facult\u00e9 de gestion Desautels, Universit\u00e9 McGill, <span style=\"color: #3366ff;\"><strong><a style=\"color: #3366ff;\" href=\"https:\/\/www.admtl.com\/fr\/adm\/entreprise\/organisation\/comite-de-direction\" target=\"_blank\" rel=\"noopener\">Philippe Rainville<\/a><\/strong><\/span>, Pr\u00e9sident-directeur g\u00e9n\u00e9ral, A\u00e9roports de Montreal, <a style=\"background-color: #ffffff;\" href=\"https:\/\/italchamber.qc.ca\/2021\/01\/20\/nomination_carmine_dargenio\/?eflyer_rand=1131191713\" target=\"_blank\" rel=\"noopener\"><strong><span style=\"color: #3366ff;\">Carmine D\u2019Argenio<\/span><\/strong><\/a>, Pr\u00e9sident et Pr\u00e9sident du Conseil de la CCIC.<\/p>\n<hr \/>\n<p><span style=\"color: #3366ff;\"><strong><a style=\"color: #3366ff;\" href=\"http:\/\/t.eflyermaker.com\/bl8\/p\/z\/x9ddcj\/n\/bsmt9\/z\/t.htm\">\u00c0 propose de l&rsquo;OACI\u00a0<\/a><\/strong><\/span><\/p>\n<p>L\u2019OACI est financ\u00e9e par 193 gouvernements qui lui donnent mandat d\u2019appuyer leurs activit\u00e9s diplomatiques et leur coop\u00e9ration dans le domaine du transport a\u00e9rien en tant qu\u2019\u00c9tats signataires de la\u00a0<a href=\"https:\/\/www.icao.int\/about-icao\/History\/Pages\/default.aspx\">Convention de Chicago (1944)<\/a>.<\/p>\n<p>Sa fonction essentielle consiste \u00e0 g\u00e9rer un appareil administratif compos\u00e9 d\u2019experts (le <a href=\"https:\/\/www.icao.int\/secretariat\/Pages\/default.aspx\">Secr\u00e9tariat de l\u2019OACI<\/a>) appuyant ces \u00e9changes diplomatiques, et \u00e0 \u00e9tudier des innovations en mati\u00e8re de politique et de normalisation du transport a\u00e9rien, sur instructions des gouvernements et ent\u00e9rin\u00e9es par l\u2019interm\u00e9diaire de l\u2019\u00a0<a href=\"https:\/\/www.icao.int\/about-icao\/assembly\/Pages\/default.aspx\">Assembl\u00e9e de l\u2019OACI<\/a>, ou du\u00a0<a href=\"https:\/\/www.icao.int\/about-icao\/Council\/Pages\/council.aspx\">Conseil de l\u2019OACI<\/a>, \u00e9lu par l\u2019Assembl\u00e9e.Des groupes du secteur et de la soci\u00e9t\u00e9 civile, ainsi que d\u2019autres organisations r\u00e9gionales et internationales concern\u00e9es, participent aussi \u00e0 l\u2019\u00e9tude et l\u2019\u00e9laboration de nouvelles normes \u00e0 l\u2019OACI, en leur qualit\u00e9 d\u2019\u00a0<a href=\"https:\/\/www.icao.int\/about-icao\/Pages\/Invited-Organizations.aspx\">organisations invit\u00e9es<\/a>.<\/p>\n<p>Des groupes du secteur et de la soci\u00e9t\u00e9 civile, ainsi que d\u2019autres organisations r\u00e9gionales et internationales concern\u00e9es, participent aussi \u00e0 l\u2019\u00e9tude et l\u2019\u00e9laboration de nouvelles normes \u00e0 l\u2019OACI, en leur qualit\u00e9 d\u2019\u00a0<a href=\"https:\/\/www.icao.int\/about-icao\/Pages\/Invited-Organizations.aspx\">organisations invit\u00e9es<\/a>.<\/p>\n<p>\u00c0 mesure que de nouvelles priorit\u00e9s sont d\u00e9finies par ces parties prenantes, le Secr\u00e9tariat de l\u2019OACI convoque des groupes d\u2019experts, des \u00e9quipes sp\u00e9ciales, des conf\u00e9rences et des s\u00e9minaires afin d\u2019en \u00e9tudier les aspects techniques, politiques, socio-\u00e9conomiques et autres. Il pr\u00e9sente ensuite aux gouvernements les meilleurs r\u00e9sultats et conseils possibles lorsqu\u2019ils \u00e9tablissent collectivement et diplomatiquement de nouvelles normes et pratiques recommand\u00e9es dans le domaine de l\u2019aviation civile internationale<\/p>\n<p>&nbsp;<\/p>\n","protected":false},"excerpt":{"rendered":"<p>La Chambre de commerce italienne au Canada (CCIC) est fi\u00e8re de proposer une conf\u00e9rence de Mr. Salvatore Sciacchitano, actuel pr\u00e9sident du conseil de l&rsquo;OACI (Organisation internationale de l&rsquo;aviation civile). Mr. Sciacchitano tiendra une conversation sur le th\u00e8me suivant :\u00a0\u00a0\u201cLe r\u00f4le majeur de l&rsquo;OACI et de l&rsquo;Aviation dans le contexte de pand\u00e9mie mondiale : nouveaux enjeux et plan de relance\u00a0\u00bb\u00a0<\/p>\n","protected":false},"featured_media":9107,"template":"","event_category":[168],"class_list":["post-9110","event","type-event","status-publish","has-post-thumbnail","hentry","event_category-webinaires"],"acf":[],"yoast_head":"<!-- This site is optimized with the Yoast SEO plugin v27.4 - https:\/\/yoast.com\/product\/yoast-seo-wordpress\/ -->\n<title>Conversation avec le Pr\u00e9sident de l&#039;OACI, Salvatore Sciacchitano - ICCC<\/title>\n<meta name=\"robots\" content=\"index, follow, max-snippet:-1, max-image-preview:large, max-video-preview:-1\" \/>\n<link rel=\"canonical\" href=\"https:\/\/italchamber.qc.ca\/fr\/events\/conversation-avec-le-president-de-loaci-salvatore-sciacchitano\/\" \/>\n<meta property=\"og:locale\" content=\"fr_FR\" \/>\n<meta property=\"og:type\" content=\"article\" \/>\n<meta property=\"og:title\" content=\"Conversation avec le Pr\u00e9sident de l&#039;OACI, Salvatore Sciacchitano - ICCC\" \/>\n<meta property=\"og:description\" content=\"La Chambre de commerce italienne au Canada (CCIC) est fi\u00e8re de proposer une conf\u00e9rence de Mr. Salvatore Sciacchitano, actuel pr\u00e9sident du conseil de l&#039;OACI (Organisation internationale de l&#039;aviation civile). Mr. Sciacchitano tiendra une conversation sur le th\u00e8me suivant :\u00a0\u00a0\u201cLe r\u00f4le majeur de l&#039;OACI et de l&#039;Aviation dans le contexte de pand\u00e9mie mondiale : nouveaux enjeux et plan de relance&quot;\u00a0\" \/>\n<meta property=\"og:url\" content=\"https:\/\/italchamber.qc.ca\/fr\/events\/conversation-avec-le-president-de-loaci-salvatore-sciacchitano\/\" \/>\n<meta property=\"og:site_name\" content=\"ICCC\" \/>\n<meta property=\"article:modified_time\" content=\"2024-10-11T19:33:44+00:00\" \/>\n<meta property=\"og:image\" content=\"https:\/\/italchamber.qc.ca\/wp-content\/uploads\/2024\/10\/banner_-icao_FR.png\" \/>\n\t<meta property=\"og:image:width\" content=\"1536\" \/>\n\t<meta property=\"og:image:height\" content=\"384\" \/>\n\t<meta property=\"og:image:type\" content=\"image\/png\" \/>\n<meta name=\"twitter:card\" content=\"summary_large_image\" \/>\n<meta name=\"twitter:label1\" content=\"Dur\u00e9e de lecture estim\u00e9e\" \/>\n\t<meta name=\"twitter:data1\" content=\"4 minutes\" \/>\n<script type=\"application\/ld+json\" class=\"yoast-schema-graph\">{\"@context\":\"https:\\\/\\\/schema.org\",\"@graph\":[{\"@type\":\"WebPage\",\"@id\":\"https:\\\/\\\/italchamber.qc.ca\\\/fr\\\/events\\\/conversation-avec-le-president-de-loaci-salvatore-sciacchitano\\\/\",\"url\":\"https:\\\/\\\/italchamber.qc.ca\\\/fr\\\/events\\\/conversation-avec-le-president-de-loaci-salvatore-sciacchitano\\\/\",\"name\":\"Conversation avec le Pr\u00e9sident de l'OACI, Salvatore Sciacchitano - ICCC\",\"isPartOf\":{\"@id\":\"https:\\\/\\\/italchamber.qc.ca\\\/fr\\\/#website\"},\"primaryImageOfPage\":{\"@id\":\"https:\\\/\\\/italchamber.qc.ca\\\/fr\\\/events\\\/conversation-avec-le-president-de-loaci-salvatore-sciacchitano\\\/#primaryimage\"},\"image\":{\"@id\":\"https:\\\/\\\/italchamber.qc.ca\\\/fr\\\/events\\\/conversation-avec-le-president-de-loaci-salvatore-sciacchitano\\\/#primaryimage\"},\"thumbnailUrl\":\"https:\\\/\\\/italchamber.qc.ca\\\/wp-content\\\/uploads\\\/2024\\\/10\\\/banner_-icao_FR.png\",\"datePublished\":\"2021-04-23T21:19:13+00:00\",\"dateModified\":\"2024-10-11T19:33:44+00:00\",\"breadcrumb\":{\"@id\":\"https:\\\/\\\/italchamber.qc.ca\\\/fr\\\/events\\\/conversation-avec-le-president-de-loaci-salvatore-sciacchitano\\\/#breadcrumb\"},\"inLanguage\":\"fr-FR\",\"potentialAction\":[{\"@type\":\"ReadAction\",\"target\":[\"https:\\\/\\\/italchamber.qc.ca\\\/fr\\\/events\\\/conversation-avec-le-president-de-loaci-salvatore-sciacchitano\\\/\"]}]},{\"@type\":\"ImageObject\",\"inLanguage\":\"fr-FR\",\"@id\":\"https:\\\/\\\/italchamber.qc.ca\\\/fr\\\/events\\\/conversation-avec-le-president-de-loaci-salvatore-sciacchitano\\\/#primaryimage\",\"url\":\"https:\\\/\\\/italchamber.qc.ca\\\/wp-content\\\/uploads\\\/2024\\\/10\\\/banner_-icao_FR.png\",\"contentUrl\":\"https:\\\/\\\/italchamber.qc.ca\\\/wp-content\\\/uploads\\\/2024\\\/10\\\/banner_-icao_FR.png\",\"width\":1536,\"height\":384},{\"@type\":\"BreadcrumbList\",\"@id\":\"https:\\\/\\\/italchamber.qc.ca\\\/fr\\\/events\\\/conversation-avec-le-president-de-loaci-salvatore-sciacchitano\\\/#breadcrumb\",\"itemListElement\":[{\"@type\":\"ListItem\",\"position\":1,\"name\":\"Home\",\"item\":\"https:\\\/\\\/italchamber.qc.ca\\\/fr\\\/accueil\\\/\"},{\"@type\":\"ListItem\",\"position\":2,\"name\":\"Events\",\"item\":\"https:\\\/\\\/italchamber.qc.ca\\\/fr\\\/events\\\/\"},{\"@type\":\"ListItem\",\"position\":3,\"name\":\"Conversation avec le Pr\u00e9sident de l&#8217;OACI, Salvatore Sciacchitano\"}]},{\"@type\":\"WebSite\",\"@id\":\"https:\\\/\\\/italchamber.qc.ca\\\/fr\\\/#website\",\"url\":\"https:\\\/\\\/italchamber.qc.ca\\\/fr\\\/\",\"name\":\"ICCC\",\"description\":\"Italian Chamber of Commerce in Canada\",\"publisher\":{\"@id\":\"https:\\\/\\\/italchamber.qc.ca\\\/fr\\\/#organization\"},\"potentialAction\":[{\"@type\":\"SearchAction\",\"target\":{\"@type\":\"EntryPoint\",\"urlTemplate\":\"https:\\\/\\\/italchamber.qc.ca\\\/fr\\\/?s={search_term_string}\"},\"query-input\":{\"@type\":\"PropertyValueSpecification\",\"valueRequired\":true,\"valueName\":\"search_term_string\"}}],\"inLanguage\":\"fr-FR\"},{\"@type\":\"Organization\",\"@id\":\"https:\\\/\\\/italchamber.qc.ca\\\/fr\\\/#organization\",\"name\":\"ICCC\",\"url\":\"https:\\\/\\\/italchamber.qc.ca\\\/fr\\\/\",\"logo\":{\"@type\":\"ImageObject\",\"inLanguage\":\"fr-FR\",\"@id\":\"https:\\\/\\\/italchamber.qc.ca\\\/fr\\\/#\\\/schema\\\/logo\\\/image\\\/\",\"url\":\"https:\\\/\\\/italchamber.qc.ca\\\/wp-content\\\/uploads\\\/2025\\\/05\\\/ICCC-Logo-French.svg\",\"contentUrl\":\"https:\\\/\\\/italchamber.qc.ca\\\/wp-content\\\/uploads\\\/2025\\\/05\\\/ICCC-Logo-French.svg\",\"caption\":\"ICCC\"},\"image\":{\"@id\":\"https:\\\/\\\/italchamber.qc.ca\\\/fr\\\/#\\\/schema\\\/logo\\\/image\\\/\"}}]}<\/script>\n<!-- \/ Yoast SEO plugin. -->","yoast_head_json":{"title":"Conversation avec le Pr\u00e9sident de l'OACI, Salvatore Sciacchitano - ICCC","robots":{"index":"index","follow":"follow","max-snippet":"max-snippet:-1","max-image-preview":"max-image-preview:large","max-video-preview":"max-video-preview:-1"},"canonical":"https:\/\/italchamber.qc.ca\/fr\/events\/conversation-avec-le-president-de-loaci-salvatore-sciacchitano\/","og_locale":"fr_FR","og_type":"article","og_title":"Conversation avec le Pr\u00e9sident de l'OACI, Salvatore Sciacchitano - ICCC","og_description":"La Chambre de commerce italienne au Canada (CCIC) est fi\u00e8re de proposer une conf\u00e9rence de Mr. Salvatore Sciacchitano, actuel pr\u00e9sident du conseil de l'OACI (Organisation internationale de l'aviation civile). Mr. Sciacchitano tiendra une conversation sur le th\u00e8me suivant :\u00a0\u00a0\u201cLe r\u00f4le majeur de l'OACI et de l'Aviation dans le contexte de pand\u00e9mie mondiale : nouveaux enjeux et plan de relance\"\u00a0","og_url":"https:\/\/italchamber.qc.ca\/fr\/events\/conversation-avec-le-president-de-loaci-salvatore-sciacchitano\/","og_site_name":"ICCC","article_modified_time":"2024-10-11T19:33:44+00:00","og_image":[{"width":1536,"height":384,"url":"https:\/\/italchamber.qc.ca\/wp-content\/uploads\/2024\/10\/banner_-icao_FR.png","type":"image\/png"}],"twitter_card":"summary_large_image","twitter_misc":{"Dur\u00e9e de lecture estim\u00e9e":"4 minutes"},"schema":{"@context":"https:\/\/schema.org","@graph":[{"@type":"WebPage","@id":"https:\/\/italchamber.qc.ca\/fr\/events\/conversation-avec-le-president-de-loaci-salvatore-sciacchitano\/","url":"https:\/\/italchamber.qc.ca\/fr\/events\/conversation-avec-le-president-de-loaci-salvatore-sciacchitano\/","name":"Conversation avec le Pr\u00e9sident de l'OACI, Salvatore Sciacchitano - ICCC","isPartOf":{"@id":"https:\/\/italchamber.qc.ca\/fr\/#website"},"primaryImageOfPage":{"@id":"https:\/\/italchamber.qc.ca\/fr\/events\/conversation-avec-le-president-de-loaci-salvatore-sciacchitano\/#primaryimage"},"image":{"@id":"https:\/\/italchamber.qc.ca\/fr\/events\/conversation-avec-le-president-de-loaci-salvatore-sciacchitano\/#primaryimage"},"thumbnailUrl":"https:\/\/italchamber.qc.ca\/wp-content\/uploads\/2024\/10\/banner_-icao_FR.png","datePublished":"2021-04-23T21:19:13+00:00","dateModified":"2024-10-11T19:33:44+00:00","breadcrumb":{"@id":"https:\/\/italchamber.qc.ca\/fr\/events\/conversation-avec-le-president-de-loaci-salvatore-sciacchitano\/#breadcrumb"},"inLanguage":"fr-FR","potentialAction":[{"@type":"ReadAction","target":["https:\/\/italchamber.qc.ca\/fr\/events\/conversation-avec-le-president-de-loaci-salvatore-sciacchitano\/"]}]},{"@type":"ImageObject","inLanguage":"fr-FR","@id":"https:\/\/italchamber.qc.ca\/fr\/events\/conversation-avec-le-president-de-loaci-salvatore-sciacchitano\/#primaryimage","url":"https:\/\/italchamber.qc.ca\/wp-content\/uploads\/2024\/10\/banner_-icao_FR.png","contentUrl":"https:\/\/italchamber.qc.ca\/wp-content\/uploads\/2024\/10\/banner_-icao_FR.png","width":1536,"height":384},{"@type":"BreadcrumbList","@id":"https:\/\/italchamber.qc.ca\/fr\/events\/conversation-avec-le-president-de-loaci-salvatore-sciacchitano\/#breadcrumb","itemListElement":[{"@type":"ListItem","position":1,"name":"Home","item":"https:\/\/italchamber.qc.ca\/fr\/accueil\/"},{"@type":"ListItem","position":2,"name":"Events","item":"https:\/\/italchamber.qc.ca\/fr\/events\/"},{"@type":"ListItem","position":3,"name":"Conversation avec le Pr\u00e9sident de l&#8217;OACI, Salvatore Sciacchitano"}]},{"@type":"WebSite","@id":"https:\/\/italchamber.qc.ca\/fr\/#website","url":"https:\/\/italchamber.qc.ca\/fr\/","name":"ICCC","description":"Italian Chamber of Commerce in Canada","publisher":{"@id":"https:\/\/italchamber.qc.ca\/fr\/#organization"},"potentialAction":[{"@type":"SearchAction","target":{"@type":"EntryPoint","urlTemplate":"https:\/\/italchamber.qc.ca\/fr\/?s={search_term_string}"},"query-input":{"@type":"PropertyValueSpecification","valueRequired":true,"valueName":"search_term_string"}}],"inLanguage":"fr-FR"},{"@type":"Organization","@id":"https:\/\/italchamber.qc.ca\/fr\/#organization","name":"ICCC","url":"https:\/\/italchamber.qc.ca\/fr\/","logo":{"@type":"ImageObject","inLanguage":"fr-FR","@id":"https:\/\/italchamber.qc.ca\/fr\/#\/schema\/logo\/image\/","url":"https:\/\/italchamber.qc.ca\/wp-content\/uploads\/2025\/05\/ICCC-Logo-French.svg","contentUrl":"https:\/\/italchamber.qc.ca\/wp-content\/uploads\/2025\/05\/ICCC-Logo-French.svg","caption":"ICCC"},"image":{"@id":"https:\/\/italchamber.qc.ca\/fr\/#\/schema\/logo\/image\/"}}]}},"_links":{"self":[{"href":"https:\/\/italchamber.qc.ca\/fr\/wp-json\/wp\/v2\/event\/9110","targetHints":{"allow":["GET"]}}],"collection":[{"href":"https:\/\/italchamber.qc.ca\/fr\/wp-json\/wp\/v2\/event"}],"about":[{"href":"https:\/\/italchamber.qc.ca\/fr\/wp-json\/wp\/v2\/types\/event"}],"version-history":[{"count":0,"href":"https:\/\/italchamber.qc.ca\/fr\/wp-json\/wp\/v2\/event\/9110\/revisions"}],"wp:featuredmedia":[{"embeddable":true,"href":"https:\/\/italchamber.qc.ca\/fr\/wp-json\/wp\/v2\/media\/9107"}],"wp:attachment":[{"href":"https:\/\/italchamber.qc.ca\/fr\/wp-json\/wp\/v2\/media?parent=9110"}],"wp:term":[{"taxonomy":"event_category","embeddable":true,"href":"https:\/\/italchamber.qc.ca\/fr\/wp-json\/wp\/v2\/event_category?post=9110"}],"curies":[{"name":"wp","href":"https:\/\/api.w.org\/{rel}","templated":true}]}}