{"id":9066,"date":"2021-01-14T21:32:38","date_gmt":"2021-01-14T21:32:38","guid":{"rendered":"https:\/\/italchamber.qc.ca\/events\/calendrier-2021\/"},"modified":"2024-10-25T15:26:29","modified_gmt":"2024-10-25T15:26:29","slug":"calendrier-2021","status":"publish","type":"event","link":"https:\/\/italchamber.qc.ca\/fr\/events\/calendrier-2021\/","title":{"rendered":"Calendrier 2021"},"content":{"rendered":"<p><span style=\"color: #000000;\"><span style=\"color: #ff0000;\">11 f\u00e9vrier<\/span> &#8211;\u00a0<a style=\"color: #000000;\" href=\"https:\/\/italchamber.qc.ca\/events\/immobilier-2021-pwc\/?lang=fr\" target=\"_blank\" rel=\"noopener\"><em>\u00ab Immobilier : Comment rebondir en 2021?\u00a0<\/em>\u00ab\u00a0, \u00e9v\u00e9nement partenaire<\/a><\/span><\/p>\n<p><span style=\"color: #000000;\"><span style=\"color: #ff0000;\">28 avril <span style=\"color: #000000;\">&#8211; <\/span><\/span>Assembl\u00e9e g\u00e9n\u00e9rale annuelle<\/span><\/p>\n<p><span style=\"color: #ff0000;\">22 juin<\/span> &#8211; <span style=\"color: #000000;\"><a style=\"color: #000000;\" href=\"https:\/\/italchamber.qc.ca\/events\/masterclass-avec-chef-pasquale-vari-2\/?lang=fr\">Masterclass avec Chef Pasquale Vari<\/a><\/span><\/p>\n<p><span style=\"color: #ff0000;\">26 ao\u00fbt<\/span> &#8211; <span style=\"color: #000000;\"><a style=\"color: #000000;\" href=\"https:\/\/italchamber.qc.ca\/events\/masterclass-prosecco-doc\/?lang=fr\">Masterclass Prosecco DOC avec Gu\u00e9na\u00ebl Revel<\/a><\/span><\/p>\n<p><span style=\"color: #ff0000;\">24 septembre<\/span> &#8211; <span style=\"color: #000000;\"><a style=\"color: #000000;\" href=\"https:\/\/italchamber.qc.ca\/events\/classe-de-maitre-avec-chef-pasquale-vari-fromages-italiens-dop\/?lang=fr\">Classe de ma\u00eetre avec Chef Pasquale Vari<\/a><\/span><\/p>\n<p><span style=\"color: #ff0000;\">28-30 septembre<\/span> &#8211; <span style=\"color: #000000;\"><a style=\"color: #000000;\" href=\"https:\/\/italchamber.qc.ca\/events\/connexion-2021\/?lang=fr\">Connexion 2021<\/a><\/span><\/p>\n<p><span style=\"color: #ff0000;\">29 Septembre <span style=\"color: #000000;\">&#8211;<\/span> <\/span><span style=\"color: #000000;\"><a style=\"color: #000000;\" href=\"https:\/\/italchamber.qc.ca\/events\/webinaire-cybersecurite-presentation-des-outils-dattenuation-des-risques\/?lang=fr\">Webinaire : Cybers\u00e9curit\u00e9 : Pr\u00e9sentation des outils d&rsquo;att\u00e9nuation des risques<\/a><\/span><\/p>\n<p><span style=\"color: #ff0000;\">11 Novembre <span style=\"color: #000000;\">&#8211; <\/span><\/span><span style=\"color: #000000;\">Webinaire sur l&rsquo;industrie a\u00e9rospatiale au Qu\u00e9bec<\/span><\/p>\n<p><span style=\"color: #000000;\"><span style=\"color: #ff0000;\">18-19 Novembre <span style=\"color: #000000;\">&#8211; <\/span><\/span><a style=\"color: #000000;\" href=\"https:\/\/italchamber.qc.ca\/business-forum-on-ai-2021\/\">3e Forum d&rsquo;affaires Canada-Italie sur l&rsquo;intelligence artificielle<\/a><\/span><\/p>\n<p><span style=\"color: #ff0000;\">22 Novembre<\/span> &#8211; <span style=\"color: #000000;\"><a style=\"color: #000000;\" href=\"https:\/\/italchamber.qc.ca\/events\/webinar-smart-and-sustainable-farming-good-practices-and-co-operation-pathways\/?lang=fr\">Webinaire : L&rsquo;agriculture intelligente et durable : Les bonnes pratiques et les piste de solution<\/a><\/span><\/p>\n<p><span style=\"color: #000000;\"><span style=\"color: #ff0000;\">30 Novembre<\/span> &#8211; <a style=\"color: #000000;\" href=\"https:\/\/italchamber.qc.ca\/events\/ceremonie-des-laureats-premio-venezia\/?lang=fr\" target=\"_blank\" rel=\"noopener\">C\u00e9r\u00e9monie des laur\u00e9ats Premio Venezia\u00a0<\/a>\u00a0<\/span><\/p>\n<p><span style=\"color: #ff0000;\">15 D\u00e9cembre<\/span> &#8211;<span style=\"color: #000000;\">\u00a0<a style=\"color: #000000;\" href=\"https:\/\/italchamber.qc.ca\/events\/webinaire-a-la-decouverte-des-nouveaux-crus-soave\/?lang=fr\">Webinaire : \u00c0 la d\u00e9couverte des nouveaux \u00a0\u00bbcrus\u00a0\u00bb Soave<\/a><\/span><\/p>\n<p><span style=\"color: #808080;\">\u00a0 \u00a0 \u00a0 \u00a0 \u00a0 \u00a0 \u00a0 \u00a0 \u00a0 \u00a0<\/span><\/p>\n<p>&nbsp;<\/p>\n<p>&nbsp;<\/p>\n<p>&nbsp;<\/p>\n<p>&nbsp;<\/p>\n","protected":false},"excerpt":{"rendered":"<p>Visitez r\u00e9guli\u00e8rement pour voir les nouvelles activit\u00e9s<\/p>\n","protected":false},"featured_media":9067,"template":"","event_category":[],"class_list":["post-9066","event","type-event","status-publish","has-post-thumbnail","hentry"],"acf":[],"yoast_head":"<!-- This site is optimized with the Yoast SEO plugin v27.4 - https:\/\/yoast.com\/product\/yoast-seo-wordpress\/ -->\n<title>Calendrier 2021 - ICCC<\/title>\n<meta name=\"robots\" content=\"index, follow, max-snippet:-1, max-image-preview:large, max-video-preview:-1\" \/>\n<link rel=\"canonical\" href=\"https:\/\/italchamber.qc.ca\/fr\/events\/calendrier-2021\/\" \/>\n<meta property=\"og:locale\" content=\"fr_FR\" \/>\n<meta property=\"og:type\" content=\"article\" \/>\n<meta property=\"og:title\" content=\"Calendrier 2021 - ICCC\" \/>\n<meta property=\"og:description\" content=\"Visitez r\u00e9guli\u00e8rement pour voir les nouvelles activit\u00e9s\" \/>\n<meta property=\"og:url\" content=\"https:\/\/italchamber.qc.ca\/fr\/events\/calendrier-2021\/\" \/>\n<meta property=\"og:site_name\" content=\"ICCC\" \/>\n<meta property=\"article:modified_time\" content=\"2024-10-25T15:26:29+00:00\" \/>\n<meta property=\"og:image\" content=\"https:\/\/italchamber.qc.ca\/wp-content\/uploads\/2024\/10\/events-2021-fr.png\" \/>\n\t<meta property=\"og:image:width\" content=\"820\" \/>\n\t<meta property=\"og:image:height\" content=\"250\" \/>\n\t<meta property=\"og:image:type\" content=\"image\/png\" \/>\n<meta name=\"twitter:card\" content=\"summary_large_image\" \/>\n<meta name=\"twitter:label1\" content=\"Dur\u00e9e de lecture estim\u00e9e\" \/>\n\t<meta name=\"twitter:data1\" content=\"1 minute\" \/>\n<script type=\"application\/ld+json\" class=\"yoast-schema-graph\">{\"@context\":\"https:\\\/\\\/schema.org\",\"@graph\":[{\"@type\":\"WebPage\",\"@id\":\"https:\\\/\\\/italchamber.qc.ca\\\/fr\\\/events\\\/calendrier-2021\\\/\",\"url\":\"https:\\\/\\\/italchamber.qc.ca\\\/fr\\\/events\\\/calendrier-2021\\\/\",\"name\":\"Calendrier 2021 - ICCC\",\"isPartOf\":{\"@id\":\"https:\\\/\\\/italchamber.qc.ca\\\/fr\\\/#website\"},\"primaryImageOfPage\":{\"@id\":\"https:\\\/\\\/italchamber.qc.ca\\\/fr\\\/events\\\/calendrier-2021\\\/#primaryimage\"},\"image\":{\"@id\":\"https:\\\/\\\/italchamber.qc.ca\\\/fr\\\/events\\\/calendrier-2021\\\/#primaryimage\"},\"thumbnailUrl\":\"https:\\\/\\\/italchamber.qc.ca\\\/wp-content\\\/uploads\\\/2024\\\/10\\\/events-2021-fr.png\",\"datePublished\":\"2021-01-14T21:32:38+00:00\",\"dateModified\":\"2024-10-25T15:26:29+00:00\",\"breadcrumb\":{\"@id\":\"https:\\\/\\\/italchamber.qc.ca\\\/fr\\\/events\\\/calendrier-2021\\\/#breadcrumb\"},\"inLanguage\":\"fr-FR\",\"potentialAction\":[{\"@type\":\"ReadAction\",\"target\":[\"https:\\\/\\\/italchamber.qc.ca\\\/fr\\\/events\\\/calendrier-2021\\\/\"]}]},{\"@type\":\"ImageObject\",\"inLanguage\":\"fr-FR\",\"@id\":\"https:\\\/\\\/italchamber.qc.ca\\\/fr\\\/events\\\/calendrier-2021\\\/#primaryimage\",\"url\":\"https:\\\/\\\/italchamber.qc.ca\\\/wp-content\\\/uploads\\\/2024\\\/10\\\/events-2021-fr.png\",\"contentUrl\":\"https:\\\/\\\/italchamber.qc.ca\\\/wp-content\\\/uploads\\\/2024\\\/10\\\/events-2021-fr.png\",\"width\":820,\"height\":250},{\"@type\":\"BreadcrumbList\",\"@id\":\"https:\\\/\\\/italchamber.qc.ca\\\/fr\\\/events\\\/calendrier-2021\\\/#breadcrumb\",\"itemListElement\":[{\"@type\":\"ListItem\",\"position\":1,\"name\":\"Home\",\"item\":\"https:\\\/\\\/italchamber.qc.ca\\\/fr\\\/accueil\\\/\"},{\"@type\":\"ListItem\",\"position\":2,\"name\":\"Events\",\"item\":\"https:\\\/\\\/italchamber.qc.ca\\\/fr\\\/events\\\/\"},{\"@type\":\"ListItem\",\"position\":3,\"name\":\"Calendrier 2021\"}]},{\"@type\":\"WebSite\",\"@id\":\"https:\\\/\\\/italchamber.qc.ca\\\/fr\\\/#website\",\"url\":\"https:\\\/\\\/italchamber.qc.ca\\\/fr\\\/\",\"name\":\"ICCC\",\"description\":\"Italian Chamber of Commerce in Canada\",\"publisher\":{\"@id\":\"https:\\\/\\\/italchamber.qc.ca\\\/fr\\\/#organization\"},\"potentialAction\":[{\"@type\":\"SearchAction\",\"target\":{\"@type\":\"EntryPoint\",\"urlTemplate\":\"https:\\\/\\\/italchamber.qc.ca\\\/fr\\\/?s={search_term_string}\"},\"query-input\":{\"@type\":\"PropertyValueSpecification\",\"valueRequired\":true,\"valueName\":\"search_term_string\"}}],\"inLanguage\":\"fr-FR\"},{\"@type\":\"Organization\",\"@id\":\"https:\\\/\\\/italchamber.qc.ca\\\/fr\\\/#organization\",\"name\":\"ICCC\",\"url\":\"https:\\\/\\\/italchamber.qc.ca\\\/fr\\\/\",\"logo\":{\"@type\":\"ImageObject\",\"inLanguage\":\"fr-FR\",\"@id\":\"https:\\\/\\\/italchamber.qc.ca\\\/fr\\\/#\\\/schema\\\/logo\\\/image\\\/\",\"url\":\"https:\\\/\\\/italchamber.qc.ca\\\/wp-content\\\/uploads\\\/2025\\\/05\\\/ICCC-Logo-French.svg\",\"contentUrl\":\"https:\\\/\\\/italchamber.qc.ca\\\/wp-content\\\/uploads\\\/2025\\\/05\\\/ICCC-Logo-French.svg\",\"caption\":\"ICCC\"},\"image\":{\"@id\":\"https:\\\/\\\/italchamber.qc.ca\\\/fr\\\/#\\\/schema\\\/logo\\\/image\\\/\"}}]}<\/script>\n<!-- \/ Yoast SEO plugin. -->","yoast_head_json":{"title":"Calendrier 2021 - ICCC","robots":{"index":"index","follow":"follow","max-snippet":"max-snippet:-1","max-image-preview":"max-image-preview:large","max-video-preview":"max-video-preview:-1"},"canonical":"https:\/\/italchamber.qc.ca\/fr\/events\/calendrier-2021\/","og_locale":"fr_FR","og_type":"article","og_title":"Calendrier 2021 - ICCC","og_description":"Visitez r\u00e9guli\u00e8rement pour voir les nouvelles activit\u00e9s","og_url":"https:\/\/italchamber.qc.ca\/fr\/events\/calendrier-2021\/","og_site_name":"ICCC","article_modified_time":"2024-10-25T15:26:29+00:00","og_image":[{"width":820,"height":250,"url":"https:\/\/italchamber.qc.ca\/wp-content\/uploads\/2024\/10\/events-2021-fr.png","type":"image\/png"}],"twitter_card":"summary_large_image","twitter_misc":{"Dur\u00e9e de lecture estim\u00e9e":"1 minute"},"schema":{"@context":"https:\/\/schema.org","@graph":[{"@type":"WebPage","@id":"https:\/\/italchamber.qc.ca\/fr\/events\/calendrier-2021\/","url":"https:\/\/italchamber.qc.ca\/fr\/events\/calendrier-2021\/","name":"Calendrier 2021 - ICCC","isPartOf":{"@id":"https:\/\/italchamber.qc.ca\/fr\/#website"},"primaryImageOfPage":{"@id":"https:\/\/italchamber.qc.ca\/fr\/events\/calendrier-2021\/#primaryimage"},"image":{"@id":"https:\/\/italchamber.qc.ca\/fr\/events\/calendrier-2021\/#primaryimage"},"thumbnailUrl":"https:\/\/italchamber.qc.ca\/wp-content\/uploads\/2024\/10\/events-2021-fr.png","datePublished":"2021-01-14T21:32:38+00:00","dateModified":"2024-10-25T15:26:29+00:00","breadcrumb":{"@id":"https:\/\/italchamber.qc.ca\/fr\/events\/calendrier-2021\/#breadcrumb"},"inLanguage":"fr-FR","potentialAction":[{"@type":"ReadAction","target":["https:\/\/italchamber.qc.ca\/fr\/events\/calendrier-2021\/"]}]},{"@type":"ImageObject","inLanguage":"fr-FR","@id":"https:\/\/italchamber.qc.ca\/fr\/events\/calendrier-2021\/#primaryimage","url":"https:\/\/italchamber.qc.ca\/wp-content\/uploads\/2024\/10\/events-2021-fr.png","contentUrl":"https:\/\/italchamber.qc.ca\/wp-content\/uploads\/2024\/10\/events-2021-fr.png","width":820,"height":250},{"@type":"BreadcrumbList","@id":"https:\/\/italchamber.qc.ca\/fr\/events\/calendrier-2021\/#breadcrumb","itemListElement":[{"@type":"ListItem","position":1,"name":"Home","item":"https:\/\/italchamber.qc.ca\/fr\/accueil\/"},{"@type":"ListItem","position":2,"name":"Events","item":"https:\/\/italchamber.qc.ca\/fr\/events\/"},{"@type":"ListItem","position":3,"name":"Calendrier 2021"}]},{"@type":"WebSite","@id":"https:\/\/italchamber.qc.ca\/fr\/#website","url":"https:\/\/italchamber.qc.ca\/fr\/","name":"ICCC","description":"Italian Chamber of Commerce in Canada","publisher":{"@id":"https:\/\/italchamber.qc.ca\/fr\/#organization"},"potentialAction":[{"@type":"SearchAction","target":{"@type":"EntryPoint","urlTemplate":"https:\/\/italchamber.qc.ca\/fr\/?s={search_term_string}"},"query-input":{"@type":"PropertyValueSpecification","valueRequired":true,"valueName":"search_term_string"}}],"inLanguage":"fr-FR"},{"@type":"Organization","@id":"https:\/\/italchamber.qc.ca\/fr\/#organization","name":"ICCC","url":"https:\/\/italchamber.qc.ca\/fr\/","logo":{"@type":"ImageObject","inLanguage":"fr-FR","@id":"https:\/\/italchamber.qc.ca\/fr\/#\/schema\/logo\/image\/","url":"https:\/\/italchamber.qc.ca\/wp-content\/uploads\/2025\/05\/ICCC-Logo-French.svg","contentUrl":"https:\/\/italchamber.qc.ca\/wp-content\/uploads\/2025\/05\/ICCC-Logo-French.svg","caption":"ICCC"},"image":{"@id":"https:\/\/italchamber.qc.ca\/fr\/#\/schema\/logo\/image\/"}}]}},"_links":{"self":[{"href":"https:\/\/italchamber.qc.ca\/fr\/wp-json\/wp\/v2\/event\/9066","targetHints":{"allow":["GET"]}}],"collection":[{"href":"https:\/\/italchamber.qc.ca\/fr\/wp-json\/wp\/v2\/event"}],"about":[{"href":"https:\/\/italchamber.qc.ca\/fr\/wp-json\/wp\/v2\/types\/event"}],"version-history":[{"count":1,"href":"https:\/\/italchamber.qc.ca\/fr\/wp-json\/wp\/v2\/event\/9066\/revisions"}],"predecessor-version":[{"id":12366,"href":"https:\/\/italchamber.qc.ca\/fr\/wp-json\/wp\/v2\/event\/9066\/revisions\/12366"}],"wp:featuredmedia":[{"embeddable":true,"href":"https:\/\/italchamber.qc.ca\/fr\/wp-json\/wp\/v2\/media\/9067"}],"wp:attachment":[{"href":"https:\/\/italchamber.qc.ca\/fr\/wp-json\/wp\/v2\/media?parent=9066"}],"wp:term":[{"taxonomy":"event_category","embeddable":true,"href":"https:\/\/italchamber.qc.ca\/fr\/wp-json\/wp\/v2\/event_category?post=9066"}],"curies":[{"name":"wp","href":"https:\/\/api.w.org\/{rel}","templated":true}]}}