{"id":9049,"date":"2020-12-03T20:56:43","date_gmt":"2020-12-03T20:56:43","guid":{"rendered":"https:\/\/italchamber.qc.ca\/events\/masterclass-avec-chef-pasquale-vari-video-2\/"},"modified":"2024-10-11T19:32:41","modified_gmt":"2024-10-11T19:32:41","slug":"masterclass-avec-chef-pasquale-vari-video-2","status":"publish","type":"event","link":"https:\/\/italchamber.qc.ca\/fr\/events\/masterclass-avec-chef-pasquale-vari-video-2\/","title":{"rendered":"Masterclass avec Chef Pasquale Vari (Vid\u00e9o)"},"content":{"rendered":"<p><span style=\"color: #333333;\">Joignez-vous \u00e0 notre nouvelle <span style=\"color: #008000;\"><strong>masterclass<\/strong><\/span> avec le c\u00e9l\u00e8bre<\/span> <span style=\"color: #008000;\"><strong>Chef Pasquale Vari<\/strong><\/span> le 15 d\u00e9cembre prochain. En direct de sa cuisine, le Chef nous proposera des recettes pour un souper de No\u00ebl aux saveurs d&rsquo;\u00c9milie-Romagne.<\/p>\n<p style=\"text-align: center;\"><span style=\"color: #008000;\"><strong>Pour rejoindre l&rsquo;\u00e9v\u00e9nement sur Facebook et assister \u00e0 la masterclass en direct, <\/strong><strong>cliquez ci-dessous :<\/strong><\/span><\/p>\n<p style=\"text-align: center;\"><strong><span style=\"color: #008000;\"><a href=\"https:\/\/www.facebook.com\/events\/289661632475113\" target=\"_blank\" rel=\"noopener noreferrer\"><img decoding=\"async\" class=\"aligncenter size-full wp-image-18304\" src=\"https:\/\/italchamber.qc.ca\/wp-content\/uploads\/2024\/10\/participer-bouton.png\" alt=\"\" width=\"200\" height=\"50\" \/><\/a><\/span><\/strong><span style=\"color: #333333;\"><strong>La diffusion aura lieu <\/strong><strong>le mardi 15 d\u00e9cembre \u00e0 18h. <\/strong><\/span><\/p>\n<div style=\"text-align: center;\"><span style=\"color: #333333;\"><strong>N&rsquo;h\u00e9sitez pas \u00e0 partager le lien, la vid\u00e9oconf\u00e9rence est publique et gratuite !\u00a0<\/strong><\/span><\/div>\n<div style=\"text-align: center;\"><\/div>\n<hr \/>\n<h2><strong><span style=\"color: #008000;\">Chef Pasquale Vari <\/span><\/strong><\/h2>\n<p><span style=\"color: #808080;\"><img fetchpriority=\"high\" decoding=\"async\" class=\"alignleft wp-image-18227 size-medium\" src=\"https:\/\/italchamber.qc.ca\/wp-content\/uploads\/2024\/10\/PasqualeVari_v3-300x300.png\" alt=\"\" width=\"300\" height=\"300\" \/><\/span> <span style=\"color: #808080;\"><span style=\"color: #333333;\">N\u00e9 en Italie, <\/span><strong><span style=\"color: #008000;\">Pasquale Vari<\/span><\/strong> <span style=\"color: #333333;\">occupe depuis 1995 un poste de chef enseignant \u00e0 l\u2019Institut de tourisme et d\u2019h\u00f4tellerie du Qu\u00e9bec (ITHQ). Dipl\u00f4m\u00e9 en cuisine italienne de l\u2019\u00c9cole d\u2019h\u00f4tellerie Vibo Valentia, en Calabre, en 1984, il obtient ensuite deux dipl\u00f4mes de l\u2019ITHQ, un en cuisine professionnelle et l\u2019autre en cuisine \u00e9volutive pour restaurant et h\u00f4tel. Pasquale Vari a effectu\u00e9 plusieurs stages de perfectionnement en France et en Italie, dans des restaurants \u00e9toil\u00e9s du <em>Guide Michelin<\/em>. <\/span><\/span><span style=\"color: #333333;\">Il obtient en 1991 la m\u00e9daille d\u2019or au concours Prix d\u2019excellence Relais &amp; Ch\u00e2teaux. En 2003, il est chef expert pour le Qu\u00e9bec dans l\u2019analyse des professions de cuisinier et cuisini\u00e8re pour le Sceau rouge Canada. En 2005, il est chef invit\u00e9 au restaurant Le Parlementaire de l\u2019Assembl\u00e9e nationale. En 2006, il cosigne le livre <em>Parmigiano Reggiano. <\/em><\/span><\/p>\n<p><span style=\"color: #333333;\">En 2012, il remporte le prix Renaud-Cyr dans la cat\u00e9gorie chef formateur et en 2013, la Soci\u00e9t\u00e9 des chefs, cuisiniers et p\u00e2tissiers du Qu\u00e9bec lui d\u00e9cerne le prix de chef cuisinier national de l\u2019ann\u00e9e. Ses ann\u00e9es d\u2019exp\u00e9rience en France, en Italie et au Qu\u00e9bec font de lui un acteur de premier ordre, tr\u00e8s sollicit\u00e9 sur la sc\u00e8ne de la restauration et de la gastronomie au Qu\u00e9bec. <\/span><\/p>\n<p><span style=\"color: #333333;\"><strong>Depuis 1999, il est consultant culinaire pour les activit\u00e9s de restauration de la Chambre de commerce italienne au Canada et pour diff\u00e9rentes \u00e9missions de cuisine dont l&rsquo;\u00e9mission <em>Les chefs!<\/em>, dont il est juge depuis 2010.\u00a0<\/strong><\/span><\/p>\n<p>&nbsp;<\/p>\n<hr \/>\n<div>\n<h2><span style=\"color: #008000;\"><strong>Des<\/strong><strong> recettes \u00e0 base de produits authentiques de la r\u00e9gion \u00c9milie &#8211; Romagne<br \/>\n<\/strong><\/span><\/h2>\n<p>Les produits authentiques de <span style=\"color: #008000;\"><a style=\"color: #008000;\" href=\"https:\/\/wineandtravelitaly.com\/fr\/region\/emilia-romagna\/\" target=\"_blank\" rel=\"noopener noreferrer\"><strong>la r\u00e9gion \u00c9milie-Romagne<\/strong><\/a> <\/span>seront \u00e0 l&rsquo;honneur, tels que le <strong><span style=\"color: #008000;\"><a style=\"color: #008000;\" href=\"https:\/\/wineandtravelitaly.com\/fr\/specialite-alimentaire\/prosciutto-di-parma-dop\/\" target=\"_blank\" rel=\"noopener noreferrer\"><em>Prosciutto di Parma DOP<\/em><\/a>,<\/span><\/strong> la <span style=\"color: #008000;\"><strong><em>Pancetta piacentina DOP<\/em><\/strong><\/span>, le <span style=\"color: #008000;\"><strong><em>Riso Delta del Po IGP<\/em><\/strong><\/span>, la <em><a href=\"https:\/\/wineandtravelitaly.com\/fr\/specialite-alimentaire\/mortadella-bologna-igp\/\" target=\"_blank\" rel=\"noopener noreferrer\"><strong><span style=\"color: #008000;\">Mortadella dI Bologna IGP<\/span><\/strong><\/a><\/em>, le <span style=\"color: #008000;\"><strong><em><a style=\"color: #008000;\" href=\"https:\/\/wineandtravelitaly.com\/fr\/specialite-alimentaire\/parmigiano-reggiano-dop\/\" target=\"_blank\" rel=\"noopener noreferrer\">Parmigiano Reggiano DOP<\/a><\/em><\/strong><\/span> ou encore l&rsquo;<a href=\"https:\/\/wineandtravelitaly.com\/fr\/specialite-alimentaire\/aceto-balsamico-di-modena-igp\/\" target=\"_blank\" rel=\"noopener noreferrer\"><em><strong><span style=\"color: #008000;\">Aceto Balsamico di Modena IGP<\/span><\/strong><\/em><\/a>.<strong><span style=\"color: #008000;\"><em><br \/>\n<\/em><\/span><\/strong><\/p>\n<\/div>\n<p><img decoding=\"async\" class=\"aligncenter wp-image-18412 size-full\" src=\"https:\/\/italchamber.qc.ca\/wp-content\/uploads\/2024\/10\/banniere-produits-masterclass15.png\" alt=\"\" width=\"800\" height=\"150\" \/><\/p>\n<p><span style=\"color: #333333;\">Les produits authentiques pr\u00e9sent\u00e9s sont disponibles chez<\/span> <a href=\"https:\/\/boutique.lespassionsdemanon.com\/fc\/\"><span style=\"color: #008000;\"><strong>Les passions de Manon.<\/strong><\/span><\/a><\/p>\n<h2 style=\"text-align: center;\"><span style=\"color: #008000;\"><strong>AU MENU<\/strong><\/span><\/h2>\n<p>Nous aurons l&rsquo;honneur d&rsquo;assister \u00e0 la pr\u00e9paration d&rsquo;un <a href=\"https:\/\/italchamber.qc.ca\/recettes-masterclass2-pasquale-vari\/?lang=fr\" target=\"_blank\" rel=\"noopener noreferrer\"><span style=\"color: #ff6600;\"><strong>Risotto con piselli<\/strong> <\/span><\/a>par la <strong>Chef Carla Brigliadori<\/strong> de la <a href=\"https:\/\/www.casartusi.it\/en\/\" target=\"_blank\" rel=\"noopener noreferrer\"><strong>Casa Artusi<\/strong><\/a>.<\/p>\n<p>Le<span style=\"color: #008000;\"><strong> Chef Pasquale Vari<\/strong> <\/span>nous pr\u00e9sentera deux recettes gourmandes parfaites pour vos soupers de fin d&rsquo;ann\u00e9e :<\/p>\n<ul>\n<li><span style=\"color: #ff6600;\"><strong>Stuzzichino di Mortadella di Bologna IGP con una dadolata di pera all\u2019aceto balsamico di Modena IGP<\/strong> <\/span><em>(Canap\u00e9 de Mortadella de Bologne IGP avec une brunoise de poire au vinaigre balsamique de Mod\u00e8ne IGP)<\/em><\/li>\n<li><strong><a href=\"https:\/\/italchamber.qc.ca\/recettes-masterclass2-pasquale-vari\/?lang=fr\" target=\"_blank\" rel=\"noopener noreferrer\"><span style=\"color: #ff6600;\">Passatelli di Parmigiano Reggiano DOP e Zucca in brodo di gallina <\/span><\/a>\u00a0<\/strong><em>(Passatelli de Parmigiano Reggiano AOP et courge dans un bouillon de poule)<\/em><\/li>\n<\/ul>\n<h3 style=\"text-align: center;\"><span style=\"color: #008000;\"><strong>Retrouvez la liste des ingr\u00e9dients et l<\/strong><strong>es recettes \u00e9tape par \u00e9tape <a style=\"color: #008000;\" href=\"https:\/\/italchamber.qc.ca\/recettes-masterclass2-pasquale-vari\/?lang=fr\" target=\"_blank\" rel=\"noopener noreferrer\">ICI !<\/a><\/strong><\/span><\/h3>\n<p>&nbsp;<\/p>\n<hr \/>\n<p><span style=\"color: #008000;\"><strong>LA CASA ARTUSI<\/strong><\/span><\/p>\n<p><a href=\"https:\/\/www.casartusi.it\/en\/\" target=\"_blank\" rel=\"noopener noreferrer\"><strong><span style=\"color: #008000;\">Casa Artusi<\/span><\/strong> <\/a>(Maison Artusi) est une prestigieuse institution culinaire de Forlinpopoli, en Italie. Il s\u2018agit d\u2019un important centre de culture \u0153nogastronomique, une destination touristique internationale de grande importance \u00e9conomique. La maison prend son nom de <strong>Pellegrino Artusi<\/strong>, reconnu comme le p\u00e8re de la bonne cuisine italienne, pour avoir con\u00e7u en 1865 un guide gastronomique intitul\u00e9 \u00ab\u00a0<em>La scienza in cucina e l\u2019arte di mangiar bene<\/em>\u00a0\u00bb (<em>La science en cuisine et l\u2019art de bien manger<\/em>), r\u00e9imprim\u00e9 et traduit en plusieurs langues, qui constitue encore l\u2019un des manuels de cuisine les plus importants pour les chefs-cuisiniers et les gourmets du monde entier.<\/p>\n<p>La Maison Artusi contribue \u00e0 la promotion de la \u00ab\u00a0cuisine maison\u00a0\u00bb et stimule la connaissance du territoire d\u2019Emilie-Romagne qui puise son succ\u00e8s dans le sens de l\u2019hospitalit\u00e9, sa cuisine authentique et savoureuse, et versatile et dans sa production agroalimentaire de qualit\u00e9.<\/p>\n<p><a href=\"https:\/\/www.casartusi.it\/en\/\" target=\"_blank\" rel=\"noopener noreferrer\"><img loading=\"lazy\" decoding=\"async\" class=\"aligncenter size-medium wp-image-18428\" src=\"https:\/\/italchamber.qc.ca\/wp-content\/uploads\/2024\/10\/logocasaartusi-300x115.png\" alt=\"\" width=\"300\" height=\"115\" \/><\/a><\/p>\n<p>&nbsp;<\/p>\n<div>\n<hr \/>\n<h2><span style=\"color: #008000;\"><strong>Notre expert en vins<\/strong><\/span><\/h2>\n<p><img loading=\"lazy\" decoding=\"async\" class=\"alignright wp-image-18242 size-medium\" src=\"https:\/\/italchamber.qc.ca\/wp-content\/uploads\/2024\/10\/GUENAELREVEL2-300x300.png\" alt=\"\" width=\"300\" height=\"300\" \/><br \/>\n<span style=\"color: #333333;\">Afin d&rsquo;agr\u00e9menter ce Masterclass, notre ma\u00eetre de c\u00e9r\u00e9monie<\/span> <a href=\"http:\/\/www.monsieurbulles.com\/index.php\"><span style=\"color: #008000;\"><strong>Gu\u00e9na\u00ebl Revel<\/strong><\/span><\/a><span style=\"color: #333333;\">, expert en vins et auteur de plusieurs ouvrages sur le sujet,\u00a0 pr\u00e9sentera deux vins en parfait accord avec les plats pr\u00e9sent\u00e9s, que vous pourrez vous procurer \u00e0 la SAQ.<br \/>\n<\/span><\/p>\n<p><span style=\"color: #008000;\"><strong><a style=\"color: #008000;\" href=\"https:\/\/www.saq.com\/fr\/14293588\" target=\"_blank\" rel=\"noopener noreferrer\">Venturini Baldini Graniers Colli di Scandiano e di Canossa DOC BIO<\/a><\/strong><\/span><\/p>\n<p><strong><a href=\"https:\/\/www.saq.com\/fr\/14301357\" target=\"_blank\" rel=\"noopener noreferrer\"><span style=\"color: #008000;\">Bonelli Barbera Colli Piacentini DOC 2019 BIO<\/span><\/a><\/strong><\/p>\n<\/div>\n<p><span style=\"color: #ffffff;\">&#8230;&#8230;&#8230;&#8230;&#8230;&#8230;&#8230;&#8230;&#8230;<\/span><\/p>\n<p>&nbsp;<\/p>\n<p><a href=\"https:\/\/www.saq.com\/fr\/14293588\" target=\"_blank\" rel=\"noopener noreferrer\"><img loading=\"lazy\" decoding=\"async\" class=\"wp-image-18431 alignleft\" src=\"https:\/\/italchamber.qc.ca\/wp-content\/uploads\/2024\/10\/vins-masterclass2-venturini2-300x300.png\" alt=\"\" width=\"300\" height=\"300\" \/><\/a><a href=\"https:\/\/www.saq.com\/fr\/14301357\" target=\"_blank\" rel=\"noopener noreferrer\"><img loading=\"lazy\" decoding=\"async\" class=\"aligncenter size-medium wp-image-18434\" src=\"https:\/\/italchamber.qc.ca\/wp-content\/uploads\/2024\/10\/vins-masterclass2-bonelli-300x300.png\" alt=\"\" width=\"300\" height=\"300\" \/><\/a><\/p>\n<p>&nbsp;<\/p>\n<p><img loading=\"lazy\" decoding=\"async\" class=\"aligncenter size-medium wp-image-15863\" src=\"https:\/\/italchamber.qc.ca\/wp-content\/uploads\/2024\/10\/OCM-Haute-Resolution-300x36.png\" alt=\"\" width=\"300\" height=\"36\" \/><\/p>\n<div>\n<div>\n<hr \/>\n<\/div>\n<\/div>\n<h2><span style=\"color: #008000;\"><strong>D\u00e9couvrez la r\u00e9gion \u00c9milie-Romagne<\/strong><\/span><\/h2>\n<p><a href=\"https:\/\/wineandtravelitaly.com\/fr\/emilia-romagna\/\" target=\"_blank\" rel=\"noopener noreferrer\"><img loading=\"lazy\" decoding=\"async\" class=\"aligncenter wp-image-15487 size-full\" src=\"https:\/\/italchamber.qc.ca\/wp-content\/uploads\/2024\/10\/EMILIA-ROMAGNA2.png\" alt=\"\" width=\"2050\" height=\"780\" \/><\/a><span style=\"color: #808080;\">L\u2019\u00c9milie-Romagne est une escale incontournable pour les gastronomes aguerris. Au-del\u00e0 des classiques culinaires, comme le jambon de Parme, le Parmigiano Reggiano et le vinaigre balsamique, \u00e9l\u00e9ments essentiels de la cuisine italienne moderne, c\u2019est dans cette r\u00e9gion qu\u2019on trouve l&rsquo;origine de plusieurs plats typiquement italiens.<\/span><\/p>\n<div><a href=\"https:\/\/wineandtravelitaly.com\/fr\/emilia-romagna\/\" target=\"_blank\" rel=\"noopener noreferrer\"><img loading=\"lazy\" decoding=\"async\" class=\"alignleft wp-image-15319\" src=\"https:\/\/italchamber.qc.ca\/wp-content\/uploads\/2024\/10\/logo-voyage-vin-300x150.png\" alt=\"\" width=\"150\" height=\"75\" \/><\/a><span style=\"color: #ffffff;\">.<\/span><\/div>\n<div><span style=\"color: #808080;\">Pour d\u00e9couvrir cette belle r\u00e9gion, rendez-vous sur notre site<\/span> <a href=\"https:\/\/wineandtravelitaly.com\/fr\/emilia-romagna\/\" target=\"_blank\" rel=\"noopener noreferrer\"><strong>Voyage Vin Italie<\/strong><\/a>.<\/div>\n<div><\/div>\n<div><\/div>\n<div><span style=\"color: #ffffff;\">&#8230;&#8230;&#8230;&#8230;&#8230;&#8230;&#8230;<\/span><\/div>\n<div><span style=\"color: #ffffff;\">&#8230;&#8230;&#8230;&#8230;<\/span><\/div>\n<div>\n<hr \/>\n<\/div>\n","protected":false},"excerpt":{"rendered":"<p>Le 15 d\u00e9cembre prochain \u00e0 18h, le c\u00e9l\u00e8bre Chef Pasquale Vari nous proposera une masterclass exclusive au cours de laquelle il pr\u00e9sentera des recettes de No\u00ebl aux saveurs de l&rsquo;\u00c9milie-Romagne.<\/p>\n","protected":false},"featured_media":9054,"template":"","event_category":[163],"class_list":["post-9049","event","type-event","status-publish","has-post-thumbnail","hentry","event_category-la-difference-est-dans-le-gout"],"acf":[],"yoast_head":"<!-- This site is optimized with the Yoast SEO plugin v27.4 - https:\/\/yoast.com\/product\/yoast-seo-wordpress\/ -->\n<title>Masterclass avec Chef Pasquale Vari (Vid\u00e9o) - ICCC<\/title>\n<meta name=\"robots\" content=\"index, follow, max-snippet:-1, max-image-preview:large, max-video-preview:-1\" \/>\n<link rel=\"canonical\" href=\"https:\/\/italchamber.qc.ca\/fr\/events\/masterclass-avec-chef-pasquale-vari-video-2\/\" \/>\n<meta property=\"og:locale\" content=\"fr_FR\" \/>\n<meta property=\"og:type\" content=\"article\" \/>\n<meta property=\"og:title\" content=\"Masterclass avec Chef Pasquale Vari (Vid\u00e9o) - ICCC\" \/>\n<meta property=\"og:description\" content=\"Le 15 d\u00e9cembre prochain \u00e0 18h, le c\u00e9l\u00e8bre Chef Pasquale Vari nous proposera une masterclass exclusive au cours de laquelle il pr\u00e9sentera des recettes de No\u00ebl aux saveurs de l&#039;\u00c9milie-Romagne.\" \/>\n<meta property=\"og:url\" content=\"https:\/\/italchamber.qc.ca\/fr\/events\/masterclass-avec-chef-pasquale-vari-video-2\/\" \/>\n<meta property=\"og:site_name\" content=\"ICCC\" \/>\n<meta property=\"article:modified_time\" content=\"2024-10-11T19:32:41+00:00\" \/>\n<meta property=\"og:image\" content=\"https:\/\/italchamber.qc.ca\/wp-content\/uploads\/2024\/10\/Masterclass-15-dec-banniere-eflyer-fr-v22.png\" \/>\n\t<meta property=\"og:image:width\" content=\"1400\" \/>\n\t<meta property=\"og:image:height\" content=\"520\" \/>\n\t<meta property=\"og:image:type\" content=\"image\/png\" \/>\n<meta name=\"twitter:card\" content=\"summary_large_image\" \/>\n<meta name=\"twitter:label1\" content=\"Dur\u00e9e de lecture estim\u00e9e\" \/>\n\t<meta name=\"twitter:data1\" content=\"4 minutes\" \/>\n<script type=\"application\/ld+json\" class=\"yoast-schema-graph\">{\"@context\":\"https:\\\/\\\/schema.org\",\"@graph\":[{\"@type\":\"WebPage\",\"@id\":\"https:\\\/\\\/italchamber.qc.ca\\\/fr\\\/events\\\/masterclass-avec-chef-pasquale-vari-video-2\\\/\",\"url\":\"https:\\\/\\\/italchamber.qc.ca\\\/fr\\\/events\\\/masterclass-avec-chef-pasquale-vari-video-2\\\/\",\"name\":\"Masterclass avec Chef Pasquale Vari (Vid\u00e9o) - ICCC\",\"isPartOf\":{\"@id\":\"https:\\\/\\\/italchamber.qc.ca\\\/fr\\\/#website\"},\"primaryImageOfPage\":{\"@id\":\"https:\\\/\\\/italchamber.qc.ca\\\/fr\\\/events\\\/masterclass-avec-chef-pasquale-vari-video-2\\\/#primaryimage\"},\"image\":{\"@id\":\"https:\\\/\\\/italchamber.qc.ca\\\/fr\\\/events\\\/masterclass-avec-chef-pasquale-vari-video-2\\\/#primaryimage\"},\"thumbnailUrl\":\"https:\\\/\\\/italchamber.qc.ca\\\/wp-content\\\/uploads\\\/2024\\\/10\\\/Masterclass-15-dec-banniere-eflyer-fr-v22.png\",\"datePublished\":\"2020-12-03T20:56:43+00:00\",\"dateModified\":\"2024-10-11T19:32:41+00:00\",\"breadcrumb\":{\"@id\":\"https:\\\/\\\/italchamber.qc.ca\\\/fr\\\/events\\\/masterclass-avec-chef-pasquale-vari-video-2\\\/#breadcrumb\"},\"inLanguage\":\"fr-FR\",\"potentialAction\":[{\"@type\":\"ReadAction\",\"target\":[\"https:\\\/\\\/italchamber.qc.ca\\\/fr\\\/events\\\/masterclass-avec-chef-pasquale-vari-video-2\\\/\"]}]},{\"@type\":\"ImageObject\",\"inLanguage\":\"fr-FR\",\"@id\":\"https:\\\/\\\/italchamber.qc.ca\\\/fr\\\/events\\\/masterclass-avec-chef-pasquale-vari-video-2\\\/#primaryimage\",\"url\":\"https:\\\/\\\/italchamber.qc.ca\\\/wp-content\\\/uploads\\\/2024\\\/10\\\/Masterclass-15-dec-banniere-eflyer-fr-v22.png\",\"contentUrl\":\"https:\\\/\\\/italchamber.qc.ca\\\/wp-content\\\/uploads\\\/2024\\\/10\\\/Masterclass-15-dec-banniere-eflyer-fr-v22.png\",\"width\":1400,\"height\":520},{\"@type\":\"BreadcrumbList\",\"@id\":\"https:\\\/\\\/italchamber.qc.ca\\\/fr\\\/events\\\/masterclass-avec-chef-pasquale-vari-video-2\\\/#breadcrumb\",\"itemListElement\":[{\"@type\":\"ListItem\",\"position\":1,\"name\":\"Home\",\"item\":\"https:\\\/\\\/italchamber.qc.ca\\\/fr\\\/accueil\\\/\"},{\"@type\":\"ListItem\",\"position\":2,\"name\":\"Events\",\"item\":\"https:\\\/\\\/italchamber.qc.ca\\\/fr\\\/events\\\/\"},{\"@type\":\"ListItem\",\"position\":3,\"name\":\"Masterclass avec Chef Pasquale Vari (Vid\u00e9o)\"}]},{\"@type\":\"WebSite\",\"@id\":\"https:\\\/\\\/italchamber.qc.ca\\\/fr\\\/#website\",\"url\":\"https:\\\/\\\/italchamber.qc.ca\\\/fr\\\/\",\"name\":\"ICCC\",\"description\":\"Italian Chamber of Commerce in Canada\",\"publisher\":{\"@id\":\"https:\\\/\\\/italchamber.qc.ca\\\/fr\\\/#organization\"},\"potentialAction\":[{\"@type\":\"SearchAction\",\"target\":{\"@type\":\"EntryPoint\",\"urlTemplate\":\"https:\\\/\\\/italchamber.qc.ca\\\/fr\\\/?s={search_term_string}\"},\"query-input\":{\"@type\":\"PropertyValueSpecification\",\"valueRequired\":true,\"valueName\":\"search_term_string\"}}],\"inLanguage\":\"fr-FR\"},{\"@type\":\"Organization\",\"@id\":\"https:\\\/\\\/italchamber.qc.ca\\\/fr\\\/#organization\",\"name\":\"ICCC\",\"url\":\"https:\\\/\\\/italchamber.qc.ca\\\/fr\\\/\",\"logo\":{\"@type\":\"ImageObject\",\"inLanguage\":\"fr-FR\",\"@id\":\"https:\\\/\\\/italchamber.qc.ca\\\/fr\\\/#\\\/schema\\\/logo\\\/image\\\/\",\"url\":\"https:\\\/\\\/italchamber.qc.ca\\\/wp-content\\\/uploads\\\/2025\\\/05\\\/ICCC-Logo-French.svg\",\"contentUrl\":\"https:\\\/\\\/italchamber.qc.ca\\\/wp-content\\\/uploads\\\/2025\\\/05\\\/ICCC-Logo-French.svg\",\"caption\":\"ICCC\"},\"image\":{\"@id\":\"https:\\\/\\\/italchamber.qc.ca\\\/fr\\\/#\\\/schema\\\/logo\\\/image\\\/\"}}]}<\/script>\n<!-- \/ Yoast SEO plugin. -->","yoast_head_json":{"title":"Masterclass avec Chef Pasquale Vari (Vid\u00e9o) - ICCC","robots":{"index":"index","follow":"follow","max-snippet":"max-snippet:-1","max-image-preview":"max-image-preview:large","max-video-preview":"max-video-preview:-1"},"canonical":"https:\/\/italchamber.qc.ca\/fr\/events\/masterclass-avec-chef-pasquale-vari-video-2\/","og_locale":"fr_FR","og_type":"article","og_title":"Masterclass avec Chef Pasquale Vari (Vid\u00e9o) - ICCC","og_description":"Le 15 d\u00e9cembre prochain \u00e0 18h, le c\u00e9l\u00e8bre Chef Pasquale Vari nous proposera une masterclass exclusive au cours de laquelle il pr\u00e9sentera des recettes de No\u00ebl aux saveurs de l'\u00c9milie-Romagne.","og_url":"https:\/\/italchamber.qc.ca\/fr\/events\/masterclass-avec-chef-pasquale-vari-video-2\/","og_site_name":"ICCC","article_modified_time":"2024-10-11T19:32:41+00:00","og_image":[{"width":1400,"height":520,"url":"https:\/\/italchamber.qc.ca\/wp-content\/uploads\/2024\/10\/Masterclass-15-dec-banniere-eflyer-fr-v22.png","type":"image\/png"}],"twitter_card":"summary_large_image","twitter_misc":{"Dur\u00e9e de lecture estim\u00e9e":"4 minutes"},"schema":{"@context":"https:\/\/schema.org","@graph":[{"@type":"WebPage","@id":"https:\/\/italchamber.qc.ca\/fr\/events\/masterclass-avec-chef-pasquale-vari-video-2\/","url":"https:\/\/italchamber.qc.ca\/fr\/events\/masterclass-avec-chef-pasquale-vari-video-2\/","name":"Masterclass avec Chef Pasquale Vari (Vid\u00e9o) - ICCC","isPartOf":{"@id":"https:\/\/italchamber.qc.ca\/fr\/#website"},"primaryImageOfPage":{"@id":"https:\/\/italchamber.qc.ca\/fr\/events\/masterclass-avec-chef-pasquale-vari-video-2\/#primaryimage"},"image":{"@id":"https:\/\/italchamber.qc.ca\/fr\/events\/masterclass-avec-chef-pasquale-vari-video-2\/#primaryimage"},"thumbnailUrl":"https:\/\/italchamber.qc.ca\/wp-content\/uploads\/2024\/10\/Masterclass-15-dec-banniere-eflyer-fr-v22.png","datePublished":"2020-12-03T20:56:43+00:00","dateModified":"2024-10-11T19:32:41+00:00","breadcrumb":{"@id":"https:\/\/italchamber.qc.ca\/fr\/events\/masterclass-avec-chef-pasquale-vari-video-2\/#breadcrumb"},"inLanguage":"fr-FR","potentialAction":[{"@type":"ReadAction","target":["https:\/\/italchamber.qc.ca\/fr\/events\/masterclass-avec-chef-pasquale-vari-video-2\/"]}]},{"@type":"ImageObject","inLanguage":"fr-FR","@id":"https:\/\/italchamber.qc.ca\/fr\/events\/masterclass-avec-chef-pasquale-vari-video-2\/#primaryimage","url":"https:\/\/italchamber.qc.ca\/wp-content\/uploads\/2024\/10\/Masterclass-15-dec-banniere-eflyer-fr-v22.png","contentUrl":"https:\/\/italchamber.qc.ca\/wp-content\/uploads\/2024\/10\/Masterclass-15-dec-banniere-eflyer-fr-v22.png","width":1400,"height":520},{"@type":"BreadcrumbList","@id":"https:\/\/italchamber.qc.ca\/fr\/events\/masterclass-avec-chef-pasquale-vari-video-2\/#breadcrumb","itemListElement":[{"@type":"ListItem","position":1,"name":"Home","item":"https:\/\/italchamber.qc.ca\/fr\/accueil\/"},{"@type":"ListItem","position":2,"name":"Events","item":"https:\/\/italchamber.qc.ca\/fr\/events\/"},{"@type":"ListItem","position":3,"name":"Masterclass avec Chef Pasquale Vari (Vid\u00e9o)"}]},{"@type":"WebSite","@id":"https:\/\/italchamber.qc.ca\/fr\/#website","url":"https:\/\/italchamber.qc.ca\/fr\/","name":"ICCC","description":"Italian Chamber of Commerce in Canada","publisher":{"@id":"https:\/\/italchamber.qc.ca\/fr\/#organization"},"potentialAction":[{"@type":"SearchAction","target":{"@type":"EntryPoint","urlTemplate":"https:\/\/italchamber.qc.ca\/fr\/?s={search_term_string}"},"query-input":{"@type":"PropertyValueSpecification","valueRequired":true,"valueName":"search_term_string"}}],"inLanguage":"fr-FR"},{"@type":"Organization","@id":"https:\/\/italchamber.qc.ca\/fr\/#organization","name":"ICCC","url":"https:\/\/italchamber.qc.ca\/fr\/","logo":{"@type":"ImageObject","inLanguage":"fr-FR","@id":"https:\/\/italchamber.qc.ca\/fr\/#\/schema\/logo\/image\/","url":"https:\/\/italchamber.qc.ca\/wp-content\/uploads\/2025\/05\/ICCC-Logo-French.svg","contentUrl":"https:\/\/italchamber.qc.ca\/wp-content\/uploads\/2025\/05\/ICCC-Logo-French.svg","caption":"ICCC"},"image":{"@id":"https:\/\/italchamber.qc.ca\/fr\/#\/schema\/logo\/image\/"}}]}},"_links":{"self":[{"href":"https:\/\/italchamber.qc.ca\/fr\/wp-json\/wp\/v2\/event\/9049","targetHints":{"allow":["GET"]}}],"collection":[{"href":"https:\/\/italchamber.qc.ca\/fr\/wp-json\/wp\/v2\/event"}],"about":[{"href":"https:\/\/italchamber.qc.ca\/fr\/wp-json\/wp\/v2\/types\/event"}],"version-history":[{"count":0,"href":"https:\/\/italchamber.qc.ca\/fr\/wp-json\/wp\/v2\/event\/9049\/revisions"}],"wp:featuredmedia":[{"embeddable":true,"href":"https:\/\/italchamber.qc.ca\/fr\/wp-json\/wp\/v2\/media\/9054"}],"wp:attachment":[{"href":"https:\/\/italchamber.qc.ca\/fr\/wp-json\/wp\/v2\/media?parent=9049"}],"wp:term":[{"taxonomy":"event_category","embeddable":true,"href":"https:\/\/italchamber.qc.ca\/fr\/wp-json\/wp\/v2\/event_category?post=9049"}],"curies":[{"name":"wp","href":"https:\/\/api.w.org\/{rel}","templated":true}]}}