{"id":8964,"date":"2020-08-20T02:42:09","date_gmt":"2020-08-20T02:42:09","guid":{"rendered":"https:\/\/italchamber.qc.ca\/events\/souper-gourmand-italien-chez-soi-chef-gianfranco-schifano\/"},"modified":"2024-10-11T19:30:12","modified_gmt":"2024-10-11T19:30:12","slug":"souper-gourmand-italien-chez-soi-chef-gianfranco-schifano","status":"publish","type":"event","link":"https:\/\/italchamber.qc.ca\/fr\/events\/souper-gourmand-italien-chez-soi-chef-gianfranco-schifano\/","title":{"rendered":"Souper Gourmand Italien chez soi &#8211; Chef Gianfranco Schifano"},"content":{"rendered":"<p style=\"text-align: right;\"><a href=\"https:\/\/italchamber.qc.ca\/souper-gourmand-italien\/?lang=fr\" target=\"_blank\" rel=\"noopener noreferrer\"><span style=\"color: #999999;\">\u2190 retour<\/span><\/a><\/p>\n<div>\n<p><span style=\"color: #808080;\">Notre \u00ab\u00a0Souper gourmand italien chez soi\u00a0\u00bb du <span style=\"color: #008000;\"><strong>22 septembre<\/strong><\/span> s&rsquo;est d\u00e9roul\u00e9 en direct des cuisines du restaurant<span style=\"color: #008000;\"> <a style=\"color: #008000;\" href=\"http:\/\/lerichmond.com\/\" target=\"_blank\" rel=\"noopener noreferrer\"><strong>Le Richmond<\/strong><\/a><\/span> en compagnie du <span style=\"color: #008000;\"><strong>Chef Gianfranco Schifano<\/strong>.<\/span> <\/span><\/p>\n<\/div>\n<div><span style=\"color: #808080;\">Les <span style=\"color: #008000;\"><strong>vins de Calabre<\/strong><\/span> \u00e9taient \u00e0 l&rsquo;honneur et le chef nous a montr\u00e9 comment cuisiner des plats savoureux \u00e0 base de <span style=\"color: #008000;\"><strong>produits authentiques<\/strong><\/span> de cette magnifique r\u00e9gion d&rsquo;Italie.<\/span><\/div>\n<div style=\"text-align: center;\"><span style=\"color: #008000;\"><strong><br \/>\nPour regarder notre \u00e9mission avec le Chef Gianfranco Schifano, cliquez ci-dessous ::<\/strong><\/span><\/div>\n<p><a href=\"https:\/\/www.facebook.com\/ccic.iccc\/videos\/264545757968072\" target=\"_blank\" rel=\"noopener noreferrer\"><img decoding=\"async\" class=\"aligncenter wp-image-15972 size-full\" src=\"https:\/\/italchamber.qc.ca\/wp-content\/uploads\/2024\/10\/1-1.png\" alt=\"\" width=\"300\" height=\"75\" \/><\/a><\/p>\n<div style=\"text-align: center;\"><strong>N&rsquo;h\u00e9sitez pas \u00e0 partager la vid\u00e9o !\u00a0<\/strong><\/div>\n<div style=\"text-align: center;\"><\/div>\n<div style=\"text-align: center;\">\n<p>L&rsquo;\u00e9quipe de la CCIC<\/p>\n<\/div>\n<hr \/>\n<h2><strong><span style=\"color: #008000;\">Chef Gianfranco Schifano<br \/>\n<\/span><\/strong><\/h2>\n<p><span style=\"color: #808080;\"><img fetchpriority=\"high\" decoding=\"async\" class=\"alignleft wp-image-15437\" src=\"https:\/\/italchamber.qc.ca\/wp-content\/uploads\/2024\/10\/RICHMOND-GALLERY-1.png\" alt=\"\" width=\"380\" height=\"591\" \/><\/span><\/p>\n<p><span style=\"color: #808080;\">Issu d&rsquo;une famille italienne de restaurateurs, <span style=\"color: #008000;\"><strong>Chef Gianfranco Schifano<\/strong><\/span> a fait de sa passion un m\u00e9tier. Il a d\u00e9but\u00e9 sa carri\u00e8re \u00e0 Agrigento, en Sicile, en tant que commis dans le restaurant de ses parents. Afin de perfectionner son apprentissage, il poursuit \u00e0 V\u00e9rone. C&rsquo;est ensuite \u00e0 Paris, en France qu&rsquo;il peaufine sa formation aupr\u00e8s de grands chefs fran\u00e7ais tels qu\u2019Alain Ducasse et Jo\u00ebl Robuchon lorsqu&rsquo;il rejoint les rangs de restaurants renomm\u00e9s de Paris.: le Convivium, la Romentica et le Bellagio. <\/span><span style=\"color: #808080;\">Il continue son aventure au Maroc en prenant les r\u00eanes de la cuisine du restaurant Boccaccio en \u00e9tant \u00e0 la t\u00eate d&rsquo;une \u00e9quipe de 10 cuisiniers. <\/span><span style=\"color: #808080;\">Sous ses commandes, le Boccaccio a \u00e9t\u00e9 r\u00e9compens\u00e9 \u00e0 l&rsquo;occasion de la 1\u00e8re \u00e9dition internationale en 2018 des \u00ab\u00a070 meilleurs restaurants avec une pizzeria dans le monde\u00a0\u00bb.<\/span><\/p>\n<p><span style=\"color: #808080;\">C&rsquo;est alors qu&rsquo;il d\u00e9pose ses couteaux \u00e0 Montr\u00e9al pour de nouveaux d\u00e9fis dans notre restaurant Le Richmond. Chef Gianfranco tient \u00e0 c\u0153ur de recr\u00e9er les parfums de <\/span><span style=\"color: #808080;\">l&rsquo;Italie, ces go\u00fbts et ces traditions qui ont marqu\u00e9 son enfance. Il prend ainsi plaisir \u00e0 les allier avec une cr\u00e9ativit\u00e9 contemporaine des cuisines qu&rsquo;il a pu d\u00e9couvrir lors de ses diff\u00e9rents voyages.<\/span><\/p>\n<div>\n<hr \/>\n<h2><\/h2>\n<h2><span style=\"color: #008000;\"><strong>D\u00e9couvrez la Calabre et ses vins d&rsquo;exception !<\/strong><\/span><\/h2>\n<\/div>\n<p style=\"text-align: left;\"><span style=\"color: #808080;\">Afin d&rsquo;agr\u00e9menter nos Souper gourmand italien chez soi, notre ma\u00eetre de c\u00e9r\u00e9monie <span style=\"color: #008000;\"><a style=\"color: #008000;\" href=\"http:\/\/monsieurbulles.com\/\"><strong>Gu\u00e9na\u00ebl Revel<\/strong><\/a>,<\/span> expert en vins et auteur de plusieurs ouvrages sur le sujet, a parl\u00e9 de la richesse viticole de la r\u00e9gion et nous a pr\u00e9sent\u00e9 <span style=\"color: #008000;\">des vins de la Calabre en parfait accord avec les plats du chef :<\/span><\/span><\/p>\n<p style=\"text-align: center;\"><span style=\"color: #008000;\"><strong><a style=\"color: #008000;\" href=\"https:\/\/www.saq.com\/fr\/14462871\" target=\"_blank\" rel=\"noopener noreferrer\">La Pizzuta del Principe, Molarella Val di Neto IGP 2019<\/a>, Bio<br \/>\n<\/strong><\/span><strong><a href=\"https:\/\/www.saq.com\/fr\/14515494\" target=\"_blank\" rel=\"noopener noreferrer\"><span style=\"color: #008000;\">Serracavallo, Sette Chiese Calabria IGP 2019, Bio<\/span><\/a><br \/>\n<a href=\"https:\/\/www.saq.com\/fr\/14515460\" target=\"_blank\" rel=\"noopener noreferrer\"><span style=\"color: #008000;\">Serracavallo, Besidiae Calabria IGP 2019, Bio<\/span><\/a><\/strong><\/p>\n<div>\n<div id='gallery-1' class='gallery galleryid-8964 gallery-columns-3 gallery-size-large'><figure class='gallery-item'>\n\t\t\t<div class='gallery-icon landscape'>\n\t\t\t\t<a href='https:\/\/italchamber.qc.ca\/fr\/events\/souper-gourmand-italien-chez-soi-chef-gianfranco-schifano\/molarella_site_noprice\/'><img decoding=\"async\" width=\"800\" height=\"800\" src=\"https:\/\/italchamber.qc.ca\/wp-content\/uploads\/2024\/10\/MOLARELLA_SITE_noprice-1024x1024.png\" class=\"attachment-large size-large\" alt=\"\" srcset=\"https:\/\/italchamber.qc.ca\/wp-content\/uploads\/2024\/10\/MOLARELLA_SITE_noprice-1024x1024.png 1024w, https:\/\/italchamber.qc.ca\/wp-content\/uploads\/2024\/10\/MOLARELLA_SITE_noprice-300x300.png 300w, https:\/\/italchamber.qc.ca\/wp-content\/uploads\/2024\/10\/MOLARELLA_SITE_noprice-150x150.png 150w, https:\/\/italchamber.qc.ca\/wp-content\/uploads\/2024\/10\/MOLARELLA_SITE_noprice-768x768.png 768w, https:\/\/italchamber.qc.ca\/wp-content\/uploads\/2024\/10\/MOLARELLA_SITE_noprice-1536x1536.png 1536w, https:\/\/italchamber.qc.ca\/wp-content\/uploads\/2024\/10\/MOLARELLA_SITE_noprice.png 1620w\" sizes=\"(max-width: 800px) 100vw, 800px\" \/><\/a>\n\t\t\t<\/div><\/figure><figure class='gallery-item'>\n\t\t\t<div class='gallery-icon landscape'>\n\t\t\t\t<a href='https:\/\/italchamber.qc.ca\/fr\/events\/souper-gourmand-italien-chez-soi-chef-gianfranco-schifano\/serracavallo_rouge1_site_noprce\/'><img loading=\"lazy\" decoding=\"async\" width=\"800\" height=\"800\" src=\"https:\/\/italchamber.qc.ca\/wp-content\/uploads\/2024\/10\/SERRACAVALLO_ROUGE1_SITE_noprce-1024x1024.png\" class=\"attachment-large size-large\" alt=\"\" srcset=\"https:\/\/italchamber.qc.ca\/wp-content\/uploads\/2024\/10\/SERRACAVALLO_ROUGE1_SITE_noprce-1024x1024.png 1024w, https:\/\/italchamber.qc.ca\/wp-content\/uploads\/2024\/10\/SERRACAVALLO_ROUGE1_SITE_noprce-300x300.png 300w, https:\/\/italchamber.qc.ca\/wp-content\/uploads\/2024\/10\/SERRACAVALLO_ROUGE1_SITE_noprce-150x150.png 150w, https:\/\/italchamber.qc.ca\/wp-content\/uploads\/2024\/10\/SERRACAVALLO_ROUGE1_SITE_noprce-768x768.png 768w, https:\/\/italchamber.qc.ca\/wp-content\/uploads\/2024\/10\/SERRACAVALLO_ROUGE1_SITE_noprce-1536x1536.png 1536w, https:\/\/italchamber.qc.ca\/wp-content\/uploads\/2024\/10\/SERRACAVALLO_ROUGE1_SITE_noprce.png 1620w\" sizes=\"(max-width: 800px) 100vw, 800px\" \/><\/a>\n\t\t\t<\/div><\/figure><figure class='gallery-item'>\n\t\t\t<div class='gallery-icon landscape'>\n\t\t\t\t<a href='https:\/\/italchamber.qc.ca\/fr\/events\/souper-gourmand-italien-chez-soi-chef-gianfranco-schifano\/serracavallo_blanc_site_noprice\/'><img loading=\"lazy\" decoding=\"async\" width=\"800\" height=\"800\" src=\"https:\/\/italchamber.qc.ca\/wp-content\/uploads\/2024\/10\/SERRACAVALLO_BLANC_site_noprice-1024x1024.png\" class=\"attachment-large size-large\" alt=\"\" srcset=\"https:\/\/italchamber.qc.ca\/wp-content\/uploads\/2024\/10\/SERRACAVALLO_BLANC_site_noprice-1024x1024.png 1024w, https:\/\/italchamber.qc.ca\/wp-content\/uploads\/2024\/10\/SERRACAVALLO_BLANC_site_noprice-300x300.png 300w, https:\/\/italchamber.qc.ca\/wp-content\/uploads\/2024\/10\/SERRACAVALLO_BLANC_site_noprice-150x150.png 150w, https:\/\/italchamber.qc.ca\/wp-content\/uploads\/2024\/10\/SERRACAVALLO_BLANC_site_noprice-768x768.png 768w, https:\/\/italchamber.qc.ca\/wp-content\/uploads\/2024\/10\/SERRACAVALLO_BLANC_site_noprice-1536x1536.png 1536w, https:\/\/italchamber.qc.ca\/wp-content\/uploads\/2024\/10\/SERRACAVALLO_BLANC_site_noprice.png 1620w\" sizes=\"(max-width: 800px) 100vw, 800px\" \/><\/a>\n\t\t\t<\/div><\/figure>\n\t\t<\/div>\n\n<p><span style=\"color: #ffffff;\">&#8230;&#8230;&#8230;&#8230;&#8230;&#8230;&#8230;&#8230;&#8230;&#8230;&#8230;&#8230;&#8230;&#8230;&#8230;&#8230;&#8230;&#8230;&#8230;&#8230;&#8230;&#8230;&#8230;&#8230;&#8230;&#8230;&#8230;&#8230;&#8230;&#8230;&#8230;&#8230;&#8230;&#8230;&#8230;&#8230;&#8230;&#8230;&#8230;&#8230;&#8230;&#8230;&#8230;&#8230;&#8230;&#8230;&#8230;&#8230;&#8230;&#8230;&#8230;&#8230;&#8230;&#8230;&#8230;&#8230;&#8230;&#8230;&#8230;..<\/span><\/p>\n<\/div>\n<hr \/>\n<h2 style=\"text-align: center;\"><strong><span style=\"color: #008000;\">AU MENU<br \/>\nDeux recettes \u00e0 base de produits authentiques de Calabre<\/span><\/strong><\/h2>\n<div class=\"\">\n<p><img loading=\"lazy\" decoding=\"async\" class=\"aligncenter size-full wp-image-16004\" src=\"https:\/\/italchamber.qc.ca\/wp-content\/uploads\/2024\/10\/produits-soupergourmand.png\" alt=\"\" width=\"2050\" height=\"480\" \/><\/p>\n<p><span style=\"color: #808080;\">Le Chef Gianfranco Schifano nous a montr\u00e9 comment utiliser et mettre en valeur des produits authentiques de la Calabre, <span style=\"color: #008000;\"><strong>le<\/strong><\/span><\/span> <span style=\"color: #008000;\"><strong>Pecorino Crotonese DOP<span style=\"color: #808080;\">,<\/span> l\u2019huile d\u2019olive extra vierge Lametia DOP <\/strong><\/span><span style=\"color: #808080;\">et <strong><span style=\"color: #008000;\">la<\/span><\/strong><\/span><span style=\"color: #008000;\"><strong> &lsquo;Nduja<\/strong><\/span><span style=\"color: #808080;\">, au travers de 2 recettes savoureuses et facile \u00e0 r\u00e9aliser.<\/span><\/p>\n<\/div>\n<h4 class=\"rich-text block-editor-rich-text__editable has-vivid-red-color has-text-color\" style=\"text-align: center;\" role=\"textbox\" contenteditable=\"true\" aria-multiline=\"true\" aria-label=\"Write heading\u2026\"><span style=\"color: #ff0000;\"><strong data-rich-text-format-boundary=\"true\">* Gnocchi al Pecorino Crotonese DOP<br \/>\n* <\/strong><strong>Aragosta in crosta di \u2018Nduja<\/strong><\/span><\/h4>\n<div class=\"\">\n<div><\/div>\n<div style=\"text-align: center;\"><strong>Si vous souhaitez r\u00e9aliser les plats du Chef \u00e0 la maison\u00a0 :<\/strong><\/div>\n<div style=\"text-align: center;\">\u21d2 Retrouvez les recettes \u00e9tape par \u00e9tape <a href=\"https:\/\/italchamber.qc.ca\/recettes-de-gianfranco-schifano\/?lang=fr\" target=\"_blank\" rel=\"noopener noreferrer\"><strong><span style=\"color: #008000;\">ICI<\/span><\/strong><\/a>!<\/div>\n<div style=\"text-align: center;\">\u21d2 Procurez-vous les produits chez <a href=\"https:\/\/fruiteriemilano.com\/\"><strong><span style=\"color: #008000;\">Fruiterie Milano<\/span><\/strong><\/a><\/div>\n<\/div>\n<div>\n<div>\n<hr \/>\n<\/div>\n<h2><span style=\"color: #008000;\"><strong>D\u00e9couvrez la r\u00e9gion de Calabre<br \/>\n<\/strong><\/span><\/h2>\n<p><img loading=\"lazy\" decoding=\"async\" class=\"aligncenter size-full wp-image-16007\" src=\"https:\/\/italchamber.qc.ca\/wp-content\/uploads\/2024\/10\/Calabriawine.png\" alt=\"\" width=\"2050\" height=\"780\" \/><span style=\"color: #808080;\">Avec son climat chaud et sec, la Calabre a d\u00fb adapter sa cuisine pour traverser les p\u00e9riodes de disette dues \u00e0 la s\u00e9cheresse, en mettant notamment l\u2019accent sur des aliments marin\u00e9s ou sal\u00e9s qui se conservent bien. Parmi les mets typiques du sud de l&rsquo;Italie, on trouve notamment la \u2019Nduja, une variation calabraise du Salumi fabriqu\u00e9e \u00e0 partir d\u2019abats de porc qui se d\u00e9guste aussi bien sur du pain que sur des p\u00e2tes, ou encore le Stoccofisso ou <em>Stockfish, <\/em>une pr\u00e9paration de poisson s\u00e9ch\u00e9 selon un proc\u00e9d\u00e9 de conservation traditionnel qui,\u00a0 se consomme habituellement accompagn\u00e9 de pommes de terre et d\u2019un verre de Cir\u00f2.<\/span><\/p>\n<\/div>\n<div class=\"block block--simple\">\n<p><span style=\"color: #808080;\">Consid\u00e9r\u00e9e par plusieurs comme le berceau de la viticulture en Italie, la Calabre est une r\u00e9gion au pass\u00e9 complexe et charg\u00e9 d\u2019histoire, surtout en ce qui a trait \u00e0 la production de vin. Apparue en Italie avec l\u2019arriv\u00e9e des premiers colons grecs, la viticulture y a en effet jou\u00e9 un r\u00f4le \u00e9conomique croissant, \u00e0 mesure qu\u2019\u00e9taient introduites de nouvelles appellations.<br \/>\n<\/span><\/p>\n<\/div>\n<div><a href=\"https:\/\/wineandtravelitaly.com\/fr\/calabria\/\" target=\"_blank\" rel=\"noopener noreferrer\"><img loading=\"lazy\" decoding=\"async\" class=\"alignleft wp-image-15319\" src=\"https:\/\/italchamber.qc.ca\/wp-content\/uploads\/2024\/10\/logo-voyage-vin-300x150.png\" alt=\"\" width=\"200\" height=\"100\" \/><\/a><span style=\"color: #ffffff;\">.<\/span><\/div>\n<div><span style=\"color: #808080;\">Pour d\u00e9couvrir cette belle r\u00e9gion, rendez-vous sur notre site<\/span> <a href=\"https:\/\/wineandtravelitaly.com\/fr\/calabria\/\" target=\"_blank\" rel=\"noopener noreferrer\"><span style=\"color: #008000;\"><strong>Voyage Vin Italie<\/strong>.<\/span><\/a><\/div>\n<div><\/div>\n<div>\n<h2><\/h2>\n<hr \/>\n<\/div>\n<p><strong><img loading=\"lazy\" decoding=\"async\" class=\"wp-image-15651 alignright\" src=\"https:\/\/italchamber.qc.ca\/wp-content\/uploads\/2024\/10\/La-Specialista-EC9335BK-1024x1024.png\" alt=\"\" width=\"200\" height=\"200\" \/><\/strong><\/p>\n<p><span style=\"color: #008000;\"><strong>#CONCOURS<\/strong><\/span><\/p>\n<p><span style=\"color: #808080;\">Participez \u00e0 nos rendez-vous \u00ab Souper gourmand italien chez soi \u00bb, partagez les vid\u00e9os en direct et<\/span><strong><br \/>\n<\/strong><strong>courez la chance de gagner la machine \u00e0 caf\u00e9 Specialista EC9335BK<\/strong> <strong>de De\u2019Longhi !<\/strong><\/p>\n<p><span style=\"color: #808080;\">Le gagnant sera tir\u00e9 au sort parmi les participants des webinaires de septembre. <\/span><\/p>\n<p>&nbsp;<\/p>\n<div>\n<hr \/>\n<\/div>\n<h2><\/h2>\n<h2><strong><span style=\"color: #008000;\">Nos rendez-vous \u00ab\u00a0Souper gourmand italien chez soi\u00a0\u00bb<\/span><\/strong><\/h2>\n<h4><strong><span style=\"color: #ff0000;\">Notre prochain rendez-vous<br \/>\n<\/span><\/strong><span style=\"color: #008000;\">\u00a0<a href=\"https:\/\/italchamber.qc.ca\/events\/souper-gourmand-italien-chez-soi-6\/?lang=fr\" target=\"_blank\" rel=\"noopener noreferrer\"><img loading=\"lazy\" decoding=\"async\" class=\"alignleft wp-image-15434\" src=\"https:\/\/italchamber.qc.ca\/wp-content\/uploads\/2024\/10\/BEATRICE-GALLERY-1-193x300.png\" alt=\"\" width=\"300\" height=\"467\" \/><\/a><\/span><\/h4>\n<h6><\/h6>\n<h6><\/h6>\n<h6><\/h6>\n<h6><\/h6>\n<h6><\/h6>\n<h6><\/h6>\n<h6><\/h6>\n<h6><\/h6>\n<h6><\/h6>\n<h6><\/h6>\n<h6><span style=\"color: #008000;\">\u00a0<\/span><a href=\"https:\/\/italchamber.qc.ca\/events\/souper-gourmand-italien-chez-soi-6\/?lang=fr\" target=\"_blank\" rel=\"noopener noreferrer\"><span style=\"color: #008000;\">MARDI 29 SEPTEMBRE :<\/span> <strong>CHEF ADELE FORGIONE BEATRICE<\/strong><\/a><\/h6>\n<p>&nbsp;<\/p>\n<p style=\"text-align: center;\">***<\/p>\n<h4><strong><span style=\"color: #ff0000;\">Nos derniers webinaires culinaires<\/span><\/strong><\/h4>\n<p><span style=\"color: #808080;\">Vous avez manqu\u00e9 nos Souper gourmand italien chez soi? Pas de probl\u00e8mes!<\/span><\/p>\n<h6><a href=\"https:\/\/italchamber.qc.ca\/events\/souper-gourmand-italien-chez-soi-4-2\/?lang=fr\" target=\"_blank\" rel=\"noopener noreferrer\"><span style=\"color: #008000;\">LUNDI 14 SEPTEMBRE : <\/span><strong>CHEF PASQUALE VARI &#8211; ITHQ<\/strong><\/a><\/h6>\n<p><span style=\"color: #808080;\">Retrouvez la vid\u00e9o de notre soir\u00e9e <\/span><a href=\"https:\/\/www.facebook.com\/ccic.iccc\/videos\/2725588467719064\" target=\"_blank\" rel=\"noopener noreferrer\"><strong><span style=\"color: #808080;\">ici.<\/span> <\/strong><\/a><\/p>\n<h6><a href=\"https:\/\/italchamber.qc.ca\/events\/souper-gourmand-italien-chez-soi-3\/?lang=fr\"><span style=\"color: #008000;\">MERCREDI 7 JUILLET :<\/span> <strong><span style=\"color: #333333;\">CHEF GIOVANNI BALDOLINI \u2013 RESTAURANT FIORELLINO<\/span><\/strong><\/a><\/h6>\n<p><span style=\"color: #808080;\">Retrouvez la vid\u00e9o de notre soir\u00e9e en compagnie du chef Giovanni Baldolini et de notre ma\u00eetre de c\u00e9r\u00e9monie, Gu\u00e9na\u00ebl Revel, sur <a href=\"https:\/\/www.facebook.com\/watch\/live\/?v=279500256649353&amp;ref=watch_permalink\"><strong>notre page Facebook ici.<\/strong><\/a><\/span><\/p>\n<h6><a href=\"https:\/\/italchamber.qc.ca\/events\/souper-gourmand-italien-chez-soi\/?lang=fr&amp;eflyer_rand=220360387\"><span style=\"color: #008000;\">JEUDI 17 JUIN :<\/span><strong><span style=\"color: #333333;\"> CHEF ROBERTO STABILE \u2013 RESTAURANT PRIMO &amp; SECONDO<\/span><\/strong><\/a><\/h6>\n<h6><a href=\"https:\/\/italchamber.qc.ca\/events\/souper-gourmand-italien-la-maison\/?lang=fr&amp;eflyer_rand=37052691\"><span style=\"color: #008000;\">MERCREDI 26 MAI :<\/span><strong><span style=\"color: #333333;\"> CHEF GRAZIELLA BATTISTA \u2013 RESTAURANT GRAZIELLA<\/span><\/strong><\/a><\/h6>\n<p><span style=\"color: #808080;\">Visionnez <strong><a style=\"color: #808080;\" href=\"http:\/\/www.montreal.tv\/2020\/05\/video-souper-italien-gourmand-chez-soi-avec-la-chef-graziella-battista\/\">ici<\/a> <\/strong>la pr\u00e9paration de la d\u00e9licieuse recette de Croustade de riz, asperges et guanciale de la renomm\u00e9e chef Graziella Battista du Restaurant Graziella.<\/span><\/p>\n<div>\n<p><span style=\"color: #ffffff;\">.<\/span><\/p>\n<\/div>\n<div>\n<hr \/>\n<\/div>\n<p><span style=\"color: #000000;\">[gravityform id=\u00a0\u00bb29&Prime; title=\u00a0\u00bbtrue\u00a0\u00bb description=\u00a0\u00bbtrue\u00a0\u00bb]<\/span><\/p>\n","protected":false},"excerpt":{"rendered":"<p>Rendez-vous le 22 septembre au restaurant Le Richmond en compagnie du Chef Gianfranco Schifano. Au programme : des produits authentiques de la r\u00e9gion de Calabre et des recettes savoureuses !<\/p>\n","protected":false},"featured_media":8884,"template":"","event_category":[179],"class_list":["post-8964","event","type-event","status-publish","has-post-thumbnail","hentry","event_category-la-difference-est-dans-le-goutsouper-gourmand-italien"],"acf":[],"yoast_head":"<!-- This site is optimized with the Yoast SEO plugin v27.4 - https:\/\/yoast.com\/product\/yoast-seo-wordpress\/ -->\n<title>Souper Gourmand Italien chez soi - Chef Gianfranco Schifano - ICCC<\/title>\n<meta name=\"robots\" content=\"index, follow, max-snippet:-1, max-image-preview:large, max-video-preview:-1\" \/>\n<link rel=\"canonical\" href=\"https:\/\/italchamber.qc.ca\/fr\/events\/souper-gourmand-italien-chez-soi-chef-gianfranco-schifano\/\" \/>\n<meta property=\"og:locale\" content=\"fr_FR\" \/>\n<meta property=\"og:type\" content=\"article\" \/>\n<meta property=\"og:title\" content=\"Souper Gourmand Italien chez soi - Chef Gianfranco Schifano - ICCC\" \/>\n<meta property=\"og:description\" content=\"Rendez-vous le 22 septembre au restaurant Le Richmond en compagnie du Chef Gianfranco Schifano. Au programme : des produits authentiques de la r\u00e9gion de Calabre et des recettes savoureuses !\" \/>\n<meta property=\"og:url\" content=\"https:\/\/italchamber.qc.ca\/fr\/events\/souper-gourmand-italien-chez-soi-chef-gianfranco-schifano\/\" \/>\n<meta property=\"og:site_name\" content=\"ICCC\" \/>\n<meta property=\"article:modified_time\" content=\"2024-10-11T19:30:12+00:00\" \/>\n<meta property=\"og:image\" content=\"https:\/\/italchamber.qc.ca\/wp-content\/uploads\/2024\/10\/test-SGI-BANNIERE.png\" \/>\n\t<meta property=\"og:image:width\" content=\"1050\" \/>\n\t<meta property=\"og:image:height\" content=\"420\" \/>\n\t<meta property=\"og:image:type\" content=\"image\/png\" \/>\n<meta name=\"twitter:card\" content=\"summary_large_image\" \/>\n<meta name=\"twitter:label1\" content=\"Dur\u00e9e de lecture estim\u00e9e\" \/>\n\t<meta name=\"twitter:data1\" content=\"4 minutes\" \/>\n<script type=\"application\/ld+json\" class=\"yoast-schema-graph\">{\"@context\":\"https:\\\/\\\/schema.org\",\"@graph\":[{\"@type\":\"WebPage\",\"@id\":\"https:\\\/\\\/italchamber.qc.ca\\\/fr\\\/events\\\/souper-gourmand-italien-chez-soi-chef-gianfranco-schifano\\\/\",\"url\":\"https:\\\/\\\/italchamber.qc.ca\\\/fr\\\/events\\\/souper-gourmand-italien-chez-soi-chef-gianfranco-schifano\\\/\",\"name\":\"Souper Gourmand Italien chez soi - Chef Gianfranco Schifano - ICCC\",\"isPartOf\":{\"@id\":\"https:\\\/\\\/italchamber.qc.ca\\\/fr\\\/#website\"},\"primaryImageOfPage\":{\"@id\":\"https:\\\/\\\/italchamber.qc.ca\\\/fr\\\/events\\\/souper-gourmand-italien-chez-soi-chef-gianfranco-schifano\\\/#primaryimage\"},\"image\":{\"@id\":\"https:\\\/\\\/italchamber.qc.ca\\\/fr\\\/events\\\/souper-gourmand-italien-chez-soi-chef-gianfranco-schifano\\\/#primaryimage\"},\"thumbnailUrl\":\"https:\\\/\\\/italchamber.qc.ca\\\/wp-content\\\/uploads\\\/2024\\\/10\\\/test-SGI-BANNIERE.png\",\"datePublished\":\"2020-08-20T02:42:09+00:00\",\"dateModified\":\"2024-10-11T19:30:12+00:00\",\"breadcrumb\":{\"@id\":\"https:\\\/\\\/italchamber.qc.ca\\\/fr\\\/events\\\/souper-gourmand-italien-chez-soi-chef-gianfranco-schifano\\\/#breadcrumb\"},\"inLanguage\":\"fr-FR\",\"potentialAction\":[{\"@type\":\"ReadAction\",\"target\":[\"https:\\\/\\\/italchamber.qc.ca\\\/fr\\\/events\\\/souper-gourmand-italien-chez-soi-chef-gianfranco-schifano\\\/\"]}]},{\"@type\":\"ImageObject\",\"inLanguage\":\"fr-FR\",\"@id\":\"https:\\\/\\\/italchamber.qc.ca\\\/fr\\\/events\\\/souper-gourmand-italien-chez-soi-chef-gianfranco-schifano\\\/#primaryimage\",\"url\":\"https:\\\/\\\/italchamber.qc.ca\\\/wp-content\\\/uploads\\\/2024\\\/10\\\/test-SGI-BANNIERE.png\",\"contentUrl\":\"https:\\\/\\\/italchamber.qc.ca\\\/wp-content\\\/uploads\\\/2024\\\/10\\\/test-SGI-BANNIERE.png\",\"width\":1050,\"height\":420},{\"@type\":\"BreadcrumbList\",\"@id\":\"https:\\\/\\\/italchamber.qc.ca\\\/fr\\\/events\\\/souper-gourmand-italien-chez-soi-chef-gianfranco-schifano\\\/#breadcrumb\",\"itemListElement\":[{\"@type\":\"ListItem\",\"position\":1,\"name\":\"Home\",\"item\":\"https:\\\/\\\/italchamber.qc.ca\\\/fr\\\/accueil\\\/\"},{\"@type\":\"ListItem\",\"position\":2,\"name\":\"Events\",\"item\":\"https:\\\/\\\/italchamber.qc.ca\\\/fr\\\/events\\\/\"},{\"@type\":\"ListItem\",\"position\":3,\"name\":\"Souper Gourmand Italien chez soi &#8211; Chef Gianfranco Schifano\"}]},{\"@type\":\"WebSite\",\"@id\":\"https:\\\/\\\/italchamber.qc.ca\\\/fr\\\/#website\",\"url\":\"https:\\\/\\\/italchamber.qc.ca\\\/fr\\\/\",\"name\":\"ICCC\",\"description\":\"Italian Chamber of Commerce in Canada\",\"publisher\":{\"@id\":\"https:\\\/\\\/italchamber.qc.ca\\\/fr\\\/#organization\"},\"potentialAction\":[{\"@type\":\"SearchAction\",\"target\":{\"@type\":\"EntryPoint\",\"urlTemplate\":\"https:\\\/\\\/italchamber.qc.ca\\\/fr\\\/?s={search_term_string}\"},\"query-input\":{\"@type\":\"PropertyValueSpecification\",\"valueRequired\":true,\"valueName\":\"search_term_string\"}}],\"inLanguage\":\"fr-FR\"},{\"@type\":\"Organization\",\"@id\":\"https:\\\/\\\/italchamber.qc.ca\\\/fr\\\/#organization\",\"name\":\"ICCC\",\"url\":\"https:\\\/\\\/italchamber.qc.ca\\\/fr\\\/\",\"logo\":{\"@type\":\"ImageObject\",\"inLanguage\":\"fr-FR\",\"@id\":\"https:\\\/\\\/italchamber.qc.ca\\\/fr\\\/#\\\/schema\\\/logo\\\/image\\\/\",\"url\":\"https:\\\/\\\/italchamber.qc.ca\\\/wp-content\\\/uploads\\\/2025\\\/05\\\/ICCC-Logo-French.svg\",\"contentUrl\":\"https:\\\/\\\/italchamber.qc.ca\\\/wp-content\\\/uploads\\\/2025\\\/05\\\/ICCC-Logo-French.svg\",\"caption\":\"ICCC\"},\"image\":{\"@id\":\"https:\\\/\\\/italchamber.qc.ca\\\/fr\\\/#\\\/schema\\\/logo\\\/image\\\/\"}}]}<\/script>\n<!-- \/ Yoast SEO plugin. -->","yoast_head_json":{"title":"Souper Gourmand Italien chez soi - Chef Gianfranco Schifano - ICCC","robots":{"index":"index","follow":"follow","max-snippet":"max-snippet:-1","max-image-preview":"max-image-preview:large","max-video-preview":"max-video-preview:-1"},"canonical":"https:\/\/italchamber.qc.ca\/fr\/events\/souper-gourmand-italien-chez-soi-chef-gianfranco-schifano\/","og_locale":"fr_FR","og_type":"article","og_title":"Souper Gourmand Italien chez soi - Chef Gianfranco Schifano - ICCC","og_description":"Rendez-vous le 22 septembre au restaurant Le Richmond en compagnie du Chef Gianfranco Schifano. Au programme : des produits authentiques de la r\u00e9gion de Calabre et des recettes savoureuses !","og_url":"https:\/\/italchamber.qc.ca\/fr\/events\/souper-gourmand-italien-chez-soi-chef-gianfranco-schifano\/","og_site_name":"ICCC","article_modified_time":"2024-10-11T19:30:12+00:00","og_image":[{"width":1050,"height":420,"url":"https:\/\/italchamber.qc.ca\/wp-content\/uploads\/2024\/10\/test-SGI-BANNIERE.png","type":"image\/png"}],"twitter_card":"summary_large_image","twitter_misc":{"Dur\u00e9e de lecture estim\u00e9e":"4 minutes"},"schema":{"@context":"https:\/\/schema.org","@graph":[{"@type":"WebPage","@id":"https:\/\/italchamber.qc.ca\/fr\/events\/souper-gourmand-italien-chez-soi-chef-gianfranco-schifano\/","url":"https:\/\/italchamber.qc.ca\/fr\/events\/souper-gourmand-italien-chez-soi-chef-gianfranco-schifano\/","name":"Souper Gourmand Italien chez soi - Chef Gianfranco Schifano - ICCC","isPartOf":{"@id":"https:\/\/italchamber.qc.ca\/fr\/#website"},"primaryImageOfPage":{"@id":"https:\/\/italchamber.qc.ca\/fr\/events\/souper-gourmand-italien-chez-soi-chef-gianfranco-schifano\/#primaryimage"},"image":{"@id":"https:\/\/italchamber.qc.ca\/fr\/events\/souper-gourmand-italien-chez-soi-chef-gianfranco-schifano\/#primaryimage"},"thumbnailUrl":"https:\/\/italchamber.qc.ca\/wp-content\/uploads\/2024\/10\/test-SGI-BANNIERE.png","datePublished":"2020-08-20T02:42:09+00:00","dateModified":"2024-10-11T19:30:12+00:00","breadcrumb":{"@id":"https:\/\/italchamber.qc.ca\/fr\/events\/souper-gourmand-italien-chez-soi-chef-gianfranco-schifano\/#breadcrumb"},"inLanguage":"fr-FR","potentialAction":[{"@type":"ReadAction","target":["https:\/\/italchamber.qc.ca\/fr\/events\/souper-gourmand-italien-chez-soi-chef-gianfranco-schifano\/"]}]},{"@type":"ImageObject","inLanguage":"fr-FR","@id":"https:\/\/italchamber.qc.ca\/fr\/events\/souper-gourmand-italien-chez-soi-chef-gianfranco-schifano\/#primaryimage","url":"https:\/\/italchamber.qc.ca\/wp-content\/uploads\/2024\/10\/test-SGI-BANNIERE.png","contentUrl":"https:\/\/italchamber.qc.ca\/wp-content\/uploads\/2024\/10\/test-SGI-BANNIERE.png","width":1050,"height":420},{"@type":"BreadcrumbList","@id":"https:\/\/italchamber.qc.ca\/fr\/events\/souper-gourmand-italien-chez-soi-chef-gianfranco-schifano\/#breadcrumb","itemListElement":[{"@type":"ListItem","position":1,"name":"Home","item":"https:\/\/italchamber.qc.ca\/fr\/accueil\/"},{"@type":"ListItem","position":2,"name":"Events","item":"https:\/\/italchamber.qc.ca\/fr\/events\/"},{"@type":"ListItem","position":3,"name":"Souper Gourmand Italien chez soi &#8211; Chef Gianfranco Schifano"}]},{"@type":"WebSite","@id":"https:\/\/italchamber.qc.ca\/fr\/#website","url":"https:\/\/italchamber.qc.ca\/fr\/","name":"ICCC","description":"Italian Chamber of Commerce in Canada","publisher":{"@id":"https:\/\/italchamber.qc.ca\/fr\/#organization"},"potentialAction":[{"@type":"SearchAction","target":{"@type":"EntryPoint","urlTemplate":"https:\/\/italchamber.qc.ca\/fr\/?s={search_term_string}"},"query-input":{"@type":"PropertyValueSpecification","valueRequired":true,"valueName":"search_term_string"}}],"inLanguage":"fr-FR"},{"@type":"Organization","@id":"https:\/\/italchamber.qc.ca\/fr\/#organization","name":"ICCC","url":"https:\/\/italchamber.qc.ca\/fr\/","logo":{"@type":"ImageObject","inLanguage":"fr-FR","@id":"https:\/\/italchamber.qc.ca\/fr\/#\/schema\/logo\/image\/","url":"https:\/\/italchamber.qc.ca\/wp-content\/uploads\/2025\/05\/ICCC-Logo-French.svg","contentUrl":"https:\/\/italchamber.qc.ca\/wp-content\/uploads\/2025\/05\/ICCC-Logo-French.svg","caption":"ICCC"},"image":{"@id":"https:\/\/italchamber.qc.ca\/fr\/#\/schema\/logo\/image\/"}}]}},"_links":{"self":[{"href":"https:\/\/italchamber.qc.ca\/fr\/wp-json\/wp\/v2\/event\/8964","targetHints":{"allow":["GET"]}}],"collection":[{"href":"https:\/\/italchamber.qc.ca\/fr\/wp-json\/wp\/v2\/event"}],"about":[{"href":"https:\/\/italchamber.qc.ca\/fr\/wp-json\/wp\/v2\/types\/event"}],"version-history":[{"count":0,"href":"https:\/\/italchamber.qc.ca\/fr\/wp-json\/wp\/v2\/event\/8964\/revisions"}],"wp:featuredmedia":[{"embeddable":true,"href":"https:\/\/italchamber.qc.ca\/fr\/wp-json\/wp\/v2\/media\/8884"}],"wp:attachment":[{"href":"https:\/\/italchamber.qc.ca\/fr\/wp-json\/wp\/v2\/media?parent=8964"}],"wp:term":[{"taxonomy":"event_category","embeddable":true,"href":"https:\/\/italchamber.qc.ca\/fr\/wp-json\/wp\/v2\/event_category?post=8964"}],"curies":[{"name":"wp","href":"https:\/\/api.w.org\/{rel}","templated":true}]}}