{"id":8772,"date":"2019-12-17T22:23:11","date_gmt":"2019-12-17T22:23:11","guid":{"rendered":"https:\/\/italchamber.qc.ca\/events\/calendrier-des-evenements-2020\/"},"modified":"2024-10-11T19:19:15","modified_gmt":"2024-10-11T19:19:15","slug":"calendrier-des-evenements-2020","status":"publish","type":"event","link":"https:\/\/italchamber.qc.ca\/fr\/events\/calendrier-des-evenements-2020\/","title":{"rendered":"Calendrier des \u00e9v\u00e9nements 2020"},"content":{"rendered":"<p><span style=\"color: #808080;\"><span style=\"color: #008000;\">23 Avril<\/span> \u00a0 \u00a0 \u00a0 \u00a0 \u00a0 \u00a0 \u00a0 \u00a0 \u00a0 \u00a0 \u00a0Soir\u00e9e de d\u00e9gustation 2.0 \u2013 V\u00e9n\u00e9tie<\/span><\/p>\n<p><span style=\"color: #808080;\"><span style=\"color: #008000;\">29 Avril\u00a0<\/span> \u00a0 \u00a0 \u00a0 \u00a0 \u00a0 \u00a0 \u00a0 \u00a0 \u00a0 \u00a0\u00a0<a style=\"color: #808080;\" href=\"https:\/\/italchamber.qc.ca\/events\/webinar-the-canadian-and-italian-agri-food-industries-during-covid-19\/?lang=fr\" target=\"_blank\" rel=\"noopener noreferrer\">Webinaire avec des experts canadiens et italiens de l\u2019industrie agroalimentaire<\/a><\/span><\/p>\n<p><span style=\"color: #808080;\"><span style=\"color: #008000;\">14 Mai \u00a0<\/span> \u00a0 \u00a0 \u00a0 \u00a0 \u00a0 \u00a0 \u00a0 \u00a0 \u00a0 \u00a0\u00a0Soir\u00e9e de d\u00e9gustation 2.0 \u2013 Lombardie, \u00c9milie-Romagne et Pi\u00e9mont<\/span><\/p>\n<p><span style=\"color: #808080;\"><span style=\"color: #008000;\"><a style=\"color: #008000;\" href=\"https:\/\/italchamber.qc.ca\/events\/souper-gourmand-italien-la-maison\/?lang=fr\" target=\"_blank\" rel=\"noopener noreferrer\">26 Mai<\/a>\u00a0<\/span> \u00a0 \u00a0 \u00a0 \u00a0 \u00a0 \u00a0 \u00a0 \u00a0 \u00a0 \u00a0 \u00a0<a style=\"color: #808080;\" href=\"https:\/\/italchamber.qc.ca\/events\/souper-gourmand-italien-la-maison\/?lang=fr\" target=\"_blank\" rel=\"noopener noreferrer\">Souper Gourmand Italien\u00a0chez soi, avec chef Graziella Battista \u2013 Restaurant Graziella<\/a><\/span><\/p>\n<p><span style=\"color: #808080;\"><span style=\"color: #008000;\">3 juin \u00a0<\/span> \u00a0 \u00a0 \u00a0 \u00a0 \u00a0 \u00a0 \u00a0 \u00a0 \u00a0 \u00a0 \u00a0 Assembl\u00e9e g\u00e9n\u00e9rale annuelle des membres \u00a0 \u00a0 \u00a0<\/span><\/p>\n<p><span style=\"color: #808080;\"><span style=\"color: #008000;\"><a style=\"color: #008000;\" href=\"https:\/\/italchamber.qc.ca\/events\/souper-gourmand-italien-chez-soi\/?lang=fr\" target=\"_blank\" rel=\"noopener noreferrer\">17 Juin\u00a0<\/a> <\/span>\u00a0 \u00a0 \u00a0 \u00a0 \u00a0 \u00a0 \u00a0 \u00a0 \u00a0 \u00a0 <a style=\"color: #808080;\" href=\"https:\/\/italchamber.qc.ca\/events\/souper-gourmand-italien-chez-soi\/?lang=fr\" target=\"_blank\" rel=\"noopener noreferrer\">Souper Gourmand Italien\u00a0chez soi, avec chef Roberto Stabile \u2013 Restaurant Primo &amp; Secondo<\/a><\/span><\/p>\n<p><span style=\"color: #808080;\"><a style=\"color: #808080;\" href=\"https:\/\/italchamber.qc.ca\/events\/souper-gourmand-italien-chez-soi-3\/?lang=fr\" target=\"_blank\" rel=\"noopener noreferrer\"><span style=\"color: #008000;\">7 Juillet<\/span> \u00a0\u00a0<\/a> \u00a0 \u00a0 \u00a0 \u00a0 \u00a0 \u00a0 \u00a0 \u00a0 \u00a0 <a style=\"color: #808080;\" href=\"https:\/\/italchamber.qc.ca\/events\/souper-gourmand-italien-chez-soi-3\/?lang=fr\" target=\"_blank\" rel=\"noopener noreferrer\">Souper gourmand italien chez soi, avec chef Giovanni Baldolini \u2013 Restaurant Fiorellino<\/a><\/span><\/p>\n<p><span style=\"color: #808080;\"><span style=\"color: #008000;\"><a style=\"color: #008000;\" href=\"https:\/\/italchamber.qc.ca\/events\/souper-gourmand-italien-chez-soi-4-2\/?lang=fr\" target=\"_blank\" rel=\"noopener noreferrer\">14 Septembre<\/a><\/span>\u00a0 \u00a0 \u00a0 \u00a0 \u00a0\u00a0 <a style=\"color: #808080;\" href=\"https:\/\/italchamber.qc.ca\/events\/souper-gourmand-italien-chez-soi-4-2\/?lang=fr\" target=\"_blank\" rel=\"noopener noreferrer\">Souper gourmand italien chez soi, avec chef Pasquale Vari<\/a><\/span><\/p>\n<p><span style=\"color: #808080;\"><span style=\"color: #008000;\"><a style=\"color: #008000;\" href=\"https:\/\/italchamber.qc.ca\/events\/souper-gourmand-italien-chez-soi-4\/?lang=fr\" target=\"_blank\" rel=\"noopener noreferrer\">22 Septembre<\/a>\u00a0 \u00a0<\/span> \u00a0 \u00a0 \u00a0\u00a0 <a style=\"color: #808080;\" href=\"https:\/\/italchamber.qc.ca\/events\/souper-gourmand-italien-chez-soi-4\/?lang=fr\" target=\"_blank\" rel=\"noopener noreferrer\">Souper gourmand italien chez soi, avec chef Gianfranco Schifano \u2013 Le Richmond<\/a><\/span><\/p>\n<p><span style=\"color: #808080;\"><a style=\"color: #808080;\" href=\"https:\/\/italchamber.qc.ca\/events\/souper-gourmand-italien-chez-soi-6\/?lang=fr\" target=\"_blank\" rel=\"noopener noreferrer\"><span style=\"color: #008000;\">29 Septembre<\/span>\u00a0<\/a> \u00a0 \u00a0 \u00a0 \u00a0\u00a0 <a style=\"color: #808080;\" href=\"https:\/\/italchamber.qc.ca\/events\/souper-gourmand-italien-chez-soi-6\/?lang=fr\" target=\"_blank\" rel=\"noopener noreferrer\">Souper gourmand italien chez soi, avec chef Adele Forgione \u2013 Beatrice<\/a><\/span><\/p>\n<p><span style=\"color: #808080;\"><span style=\"color: #008000;\"><a style=\"color: #008000;\" href=\"https:\/\/italchamber.qc.ca\/events\/webinar-creativerescue\/?lang=fr\" target=\"_blank\" rel=\"noopener noreferrer\">30 Septembre\u00a0<\/a>\u00a0<\/span>\u00a0\u00a0\u00a0\u00a0\u00a0\u00a0\u00a0<a style=\"color: #808080;\" href=\"https:\/\/italchamber.qc.ca\/events\/webinar-creativerescue\/?lang=fr\" target=\"_blank\" rel=\"noopener noreferrer\">\u00a0 Webinaire \u00ab\u00a0Utiliser la cr\u00e9ativit\u00e9 pour b\u00e2tir le monde de demain\u00a0\u00bb<\/a><\/span><\/p>\n<p><span style=\"color: #808080;\"><a style=\"color: #808080;\" href=\"https:\/\/italchamber.qc.ca\/forum-daffaires-sur-lintelligence-artificielle-2020\/?lang=fr\" target=\"_blank\" rel=\"noopener noreferrer\"><span style=\"color: #008000;\">18 \u2013 20 Novembre<\/span> \u00a0<\/a><a style=\"color: #808080;\" href=\"https:\/\/italchamber.qc.ca\/forum-daffaires-sur-lintelligence-artificielle-2020\/?lang=fr\" target=\"_blank\" rel=\"noopener noreferrer\"> \u00a0 Forum d\u2019affaires sur l\u2019Intelligence Artificielle 2020<\/a><\/span><\/p>\n<p><span style=\"color: #808080;\"><span style=\"color: #008000;\">8 D\u00e9cembre<\/span>\u00a0 \u00a0 \u00a0 \u00a0 \u00a0 \u00a0 \u00a0 <a href=\"https:\/\/italchamber.qc.ca\/events\/masterclass-avec-chef-pasquale-vari\/?lang=fr\">1\u00e8re Masterclass avec Chef Pasquale Vari<\/a><\/span><\/p>\n<p><span style=\"color: #808080;\"><span style=\"color: #008000;\">15 D\u00e9cembre<\/span>\u00a0 \u00a0 \u00a0 \u00a0 \u00a0 \u00a0 <a href=\"https:\/\/italchamber.qc.ca\/events\/masterclass-pasquale-vari-2\/?lang=fr\">2e Masterclass avec Chef Pasquale Vari<\/a><\/span><\/p>\n<p>&nbsp;<\/p>\n<p><span style=\"color: #808080;\"><a style=\"color: #808080;\" href=\"https:\/\/italchamber.qc.ca\/membership\/?lang=it\"><img fetchpriority=\"high\" decoding=\"async\" class=\"aligncenter wp-image-2795\" src=\"https:\/\/italchamber.qc.ca\/wp-content\/uploads\/2024\/10\/Action-button.png\" alt=\"\" width=\"400\" height=\"192\" \/><\/a><\/span><\/p>\n<p>&nbsp;<\/p>\n","protected":false},"excerpt":{"rendered":"<p>La CCIC est f\u00e9brile de vous pr\u00e9senter un aper\u00e7u de son calendrier des activit\u00e9s \u00e0 venir pour 2020!<\/p>\n","protected":false},"featured_media":0,"template":"","event_category":[],"class_list":["post-8772","event","type-event","status-publish","hentry"],"acf":[],"yoast_head":"<!-- This site is optimized with the Yoast SEO plugin v27.4 - https:\/\/yoast.com\/product\/yoast-seo-wordpress\/ -->\n<title>Calendrier des \u00e9v\u00e9nements 2020 - ICCC<\/title>\n<meta name=\"robots\" content=\"index, follow, max-snippet:-1, max-image-preview:large, max-video-preview:-1\" \/>\n<link rel=\"canonical\" href=\"https:\/\/italchamber.qc.ca\/fr\/events\/calendrier-des-evenements-2020\/\" \/>\n<meta property=\"og:locale\" content=\"fr_FR\" \/>\n<meta property=\"og:type\" content=\"article\" \/>\n<meta property=\"og:title\" content=\"Calendrier des \u00e9v\u00e9nements 2020 - ICCC\" \/>\n<meta property=\"og:description\" content=\"La CCIC est f\u00e9brile de vous pr\u00e9senter un aper\u00e7u de son calendrier des activit\u00e9s \u00e0 venir pour 2020!\" \/>\n<meta property=\"og:url\" content=\"https:\/\/italchamber.qc.ca\/fr\/events\/calendrier-des-evenements-2020\/\" \/>\n<meta property=\"og:site_name\" content=\"ICCC\" \/>\n<meta property=\"article:modified_time\" content=\"2024-10-11T19:19:15+00:00\" \/>\n<meta property=\"og:image\" content=\"https:\/\/italchamber.qc.ca\/wp-content\/uploads\/2024\/10\/Action-button.png\" \/>\n<meta name=\"twitter:card\" content=\"summary_large_image\" \/>\n<meta name=\"twitter:label1\" content=\"Dur\u00e9e de lecture estim\u00e9e\" \/>\n\t<meta name=\"twitter:data1\" content=\"1 minute\" \/>\n<script type=\"application\/ld+json\" class=\"yoast-schema-graph\">{\"@context\":\"https:\\\/\\\/schema.org\",\"@graph\":[{\"@type\":\"WebPage\",\"@id\":\"https:\\\/\\\/italchamber.qc.ca\\\/fr\\\/events\\\/calendrier-des-evenements-2020\\\/\",\"url\":\"https:\\\/\\\/italchamber.qc.ca\\\/fr\\\/events\\\/calendrier-des-evenements-2020\\\/\",\"name\":\"Calendrier des \u00e9v\u00e9nements 2020 - ICCC\",\"isPartOf\":{\"@id\":\"https:\\\/\\\/italchamber.qc.ca\\\/fr\\\/#website\"},\"primaryImageOfPage\":{\"@id\":\"https:\\\/\\\/italchamber.qc.ca\\\/fr\\\/events\\\/calendrier-des-evenements-2020\\\/#primaryimage\"},\"image\":{\"@id\":\"https:\\\/\\\/italchamber.qc.ca\\\/fr\\\/events\\\/calendrier-des-evenements-2020\\\/#primaryimage\"},\"thumbnailUrl\":\"https:\\\/\\\/italchamber.qc.ca\\\/wp-content\\\/uploads\\\/2024\\\/10\\\/Action-button.png\",\"datePublished\":\"2019-12-17T22:23:11+00:00\",\"dateModified\":\"2024-10-11T19:19:15+00:00\",\"breadcrumb\":{\"@id\":\"https:\\\/\\\/italchamber.qc.ca\\\/fr\\\/events\\\/calendrier-des-evenements-2020\\\/#breadcrumb\"},\"inLanguage\":\"fr-FR\",\"potentialAction\":[{\"@type\":\"ReadAction\",\"target\":[\"https:\\\/\\\/italchamber.qc.ca\\\/fr\\\/events\\\/calendrier-des-evenements-2020\\\/\"]}]},{\"@type\":\"ImageObject\",\"inLanguage\":\"fr-FR\",\"@id\":\"https:\\\/\\\/italchamber.qc.ca\\\/fr\\\/events\\\/calendrier-des-evenements-2020\\\/#primaryimage\",\"url\":\"https:\\\/\\\/italchamber.qc.ca\\\/wp-content\\\/uploads\\\/2024\\\/10\\\/Action-button.png\",\"contentUrl\":\"https:\\\/\\\/italchamber.qc.ca\\\/wp-content\\\/uploads\\\/2024\\\/10\\\/Action-button.png\"},{\"@type\":\"BreadcrumbList\",\"@id\":\"https:\\\/\\\/italchamber.qc.ca\\\/fr\\\/events\\\/calendrier-des-evenements-2020\\\/#breadcrumb\",\"itemListElement\":[{\"@type\":\"ListItem\",\"position\":1,\"name\":\"Home\",\"item\":\"https:\\\/\\\/italchamber.qc.ca\\\/fr\\\/accueil\\\/\"},{\"@type\":\"ListItem\",\"position\":2,\"name\":\"Events\",\"item\":\"https:\\\/\\\/italchamber.qc.ca\\\/fr\\\/events\\\/\"},{\"@type\":\"ListItem\",\"position\":3,\"name\":\"Calendrier des \u00e9v\u00e9nements 2020\"}]},{\"@type\":\"WebSite\",\"@id\":\"https:\\\/\\\/italchamber.qc.ca\\\/fr\\\/#website\",\"url\":\"https:\\\/\\\/italchamber.qc.ca\\\/fr\\\/\",\"name\":\"ICCC\",\"description\":\"Italian Chamber of Commerce in Canada\",\"publisher\":{\"@id\":\"https:\\\/\\\/italchamber.qc.ca\\\/fr\\\/#organization\"},\"potentialAction\":[{\"@type\":\"SearchAction\",\"target\":{\"@type\":\"EntryPoint\",\"urlTemplate\":\"https:\\\/\\\/italchamber.qc.ca\\\/fr\\\/?s={search_term_string}\"},\"query-input\":{\"@type\":\"PropertyValueSpecification\",\"valueRequired\":true,\"valueName\":\"search_term_string\"}}],\"inLanguage\":\"fr-FR\"},{\"@type\":\"Organization\",\"@id\":\"https:\\\/\\\/italchamber.qc.ca\\\/fr\\\/#organization\",\"name\":\"ICCC\",\"url\":\"https:\\\/\\\/italchamber.qc.ca\\\/fr\\\/\",\"logo\":{\"@type\":\"ImageObject\",\"inLanguage\":\"fr-FR\",\"@id\":\"https:\\\/\\\/italchamber.qc.ca\\\/fr\\\/#\\\/schema\\\/logo\\\/image\\\/\",\"url\":\"https:\\\/\\\/italchamber.qc.ca\\\/wp-content\\\/uploads\\\/2025\\\/05\\\/ICCC-Logo-French.svg\",\"contentUrl\":\"https:\\\/\\\/italchamber.qc.ca\\\/wp-content\\\/uploads\\\/2025\\\/05\\\/ICCC-Logo-French.svg\",\"caption\":\"ICCC\"},\"image\":{\"@id\":\"https:\\\/\\\/italchamber.qc.ca\\\/fr\\\/#\\\/schema\\\/logo\\\/image\\\/\"}}]}<\/script>\n<!-- \/ Yoast SEO plugin. -->","yoast_head_json":{"title":"Calendrier des \u00e9v\u00e9nements 2020 - ICCC","robots":{"index":"index","follow":"follow","max-snippet":"max-snippet:-1","max-image-preview":"max-image-preview:large","max-video-preview":"max-video-preview:-1"},"canonical":"https:\/\/italchamber.qc.ca\/fr\/events\/calendrier-des-evenements-2020\/","og_locale":"fr_FR","og_type":"article","og_title":"Calendrier des \u00e9v\u00e9nements 2020 - ICCC","og_description":"La CCIC est f\u00e9brile de vous pr\u00e9senter un aper\u00e7u de son calendrier des activit\u00e9s \u00e0 venir pour 2020!","og_url":"https:\/\/italchamber.qc.ca\/fr\/events\/calendrier-des-evenements-2020\/","og_site_name":"ICCC","article_modified_time":"2024-10-11T19:19:15+00:00","og_image":[{"url":"https:\/\/italchamber.qc.ca\/wp-content\/uploads\/2024\/10\/Action-button.png","type":"","width":"","height":""}],"twitter_card":"summary_large_image","twitter_misc":{"Dur\u00e9e de lecture estim\u00e9e":"1 minute"},"schema":{"@context":"https:\/\/schema.org","@graph":[{"@type":"WebPage","@id":"https:\/\/italchamber.qc.ca\/fr\/events\/calendrier-des-evenements-2020\/","url":"https:\/\/italchamber.qc.ca\/fr\/events\/calendrier-des-evenements-2020\/","name":"Calendrier des \u00e9v\u00e9nements 2020 - ICCC","isPartOf":{"@id":"https:\/\/italchamber.qc.ca\/fr\/#website"},"primaryImageOfPage":{"@id":"https:\/\/italchamber.qc.ca\/fr\/events\/calendrier-des-evenements-2020\/#primaryimage"},"image":{"@id":"https:\/\/italchamber.qc.ca\/fr\/events\/calendrier-des-evenements-2020\/#primaryimage"},"thumbnailUrl":"https:\/\/italchamber.qc.ca\/wp-content\/uploads\/2024\/10\/Action-button.png","datePublished":"2019-12-17T22:23:11+00:00","dateModified":"2024-10-11T19:19:15+00:00","breadcrumb":{"@id":"https:\/\/italchamber.qc.ca\/fr\/events\/calendrier-des-evenements-2020\/#breadcrumb"},"inLanguage":"fr-FR","potentialAction":[{"@type":"ReadAction","target":["https:\/\/italchamber.qc.ca\/fr\/events\/calendrier-des-evenements-2020\/"]}]},{"@type":"ImageObject","inLanguage":"fr-FR","@id":"https:\/\/italchamber.qc.ca\/fr\/events\/calendrier-des-evenements-2020\/#primaryimage","url":"https:\/\/italchamber.qc.ca\/wp-content\/uploads\/2024\/10\/Action-button.png","contentUrl":"https:\/\/italchamber.qc.ca\/wp-content\/uploads\/2024\/10\/Action-button.png"},{"@type":"BreadcrumbList","@id":"https:\/\/italchamber.qc.ca\/fr\/events\/calendrier-des-evenements-2020\/#breadcrumb","itemListElement":[{"@type":"ListItem","position":1,"name":"Home","item":"https:\/\/italchamber.qc.ca\/fr\/accueil\/"},{"@type":"ListItem","position":2,"name":"Events","item":"https:\/\/italchamber.qc.ca\/fr\/events\/"},{"@type":"ListItem","position":3,"name":"Calendrier des \u00e9v\u00e9nements 2020"}]},{"@type":"WebSite","@id":"https:\/\/italchamber.qc.ca\/fr\/#website","url":"https:\/\/italchamber.qc.ca\/fr\/","name":"ICCC","description":"Italian Chamber of Commerce in Canada","publisher":{"@id":"https:\/\/italchamber.qc.ca\/fr\/#organization"},"potentialAction":[{"@type":"SearchAction","target":{"@type":"EntryPoint","urlTemplate":"https:\/\/italchamber.qc.ca\/fr\/?s={search_term_string}"},"query-input":{"@type":"PropertyValueSpecification","valueRequired":true,"valueName":"search_term_string"}}],"inLanguage":"fr-FR"},{"@type":"Organization","@id":"https:\/\/italchamber.qc.ca\/fr\/#organization","name":"ICCC","url":"https:\/\/italchamber.qc.ca\/fr\/","logo":{"@type":"ImageObject","inLanguage":"fr-FR","@id":"https:\/\/italchamber.qc.ca\/fr\/#\/schema\/logo\/image\/","url":"https:\/\/italchamber.qc.ca\/wp-content\/uploads\/2025\/05\/ICCC-Logo-French.svg","contentUrl":"https:\/\/italchamber.qc.ca\/wp-content\/uploads\/2025\/05\/ICCC-Logo-French.svg","caption":"ICCC"},"image":{"@id":"https:\/\/italchamber.qc.ca\/fr\/#\/schema\/logo\/image\/"}}]}},"_links":{"self":[{"href":"https:\/\/italchamber.qc.ca\/fr\/wp-json\/wp\/v2\/event\/8772","targetHints":{"allow":["GET"]}}],"collection":[{"href":"https:\/\/italchamber.qc.ca\/fr\/wp-json\/wp\/v2\/event"}],"about":[{"href":"https:\/\/italchamber.qc.ca\/fr\/wp-json\/wp\/v2\/types\/event"}],"version-history":[{"count":0,"href":"https:\/\/italchamber.qc.ca\/fr\/wp-json\/wp\/v2\/event\/8772\/revisions"}],"wp:attachment":[{"href":"https:\/\/italchamber.qc.ca\/fr\/wp-json\/wp\/v2\/media?parent=8772"}],"wp:term":[{"taxonomy":"event_category","embeddable":true,"href":"https:\/\/italchamber.qc.ca\/fr\/wp-json\/wp\/v2\/event_category?post=8772"}],"curies":[{"name":"wp","href":"https:\/\/api.w.org\/{rel}","templated":true}]}}