{"id":8494,"date":"2019-11-12T17:14:49","date_gmt":"2019-11-12T17:14:49","guid":{"rendered":"https:\/\/italchamber.qc.ca\/events\/soiree-de-degustation-des-vins-lambrusco-et-sangiovese-di-romagna\/"},"modified":"2024-10-11T18:50:52","modified_gmt":"2024-10-11T18:50:52","slug":"soiree-de-degustation-des-vins-lambrusco-et-sangiovese-di-romagna","status":"publish","type":"event","link":"https:\/\/italchamber.qc.ca\/fr\/events\/soiree-de-degustation-des-vins-lambrusco-et-sangiovese-di-romagna\/","title":{"rendered":"Soir\u00e9e de d\u00e9gustation des vins Lambrusco et Sangiovese di Romagna"},"content":{"rendered":"<p style=\"text-align: center;\"><span style=\"color: #a92c5c;\">&#8212; SUR INVITATION SEULEMENT &#8212;<\/span><\/p>\n<p><span style=\"color: #000000;\">Dans le cadre de \u00ab\u00a0Voyage Vin Italie C\u00e9l\u00e8bre\u00a0\u00bb \u00e0 Montr\u00e9al, les membres de la CCIC et les amateurs de vins sont invit\u00e9s \u00e0 un s\u00e9minaire et souper pour d\u00e9couvrir : <\/span><\/p>\n<ul>\n<li><span style=\"color: #000000;\">les vins <span style=\"color: #00938a;\">Sangiovese di Romagna<\/span>\u00a0<\/span><\/li>\n<li><span style=\"color: #000000;\">le nouveau visage du <span style=\"color: #00938a;\">Lambrusco<\/span>, le seul et unique vin rouge p\u00e9tillant naturel<\/span><\/li>\n<li><span style=\"color: #000000;\">les <span style=\"color: #00938a;\">accords vins et sp\u00e9cialit\u00e9s<\/span> de l&rsquo;\u00c9milie-Romagne.<\/span><\/li>\n<\/ul>\n<p><span style=\"color: #000000;\">La soir\u00e9e sera anim\u00e9e par <span style=\"color: #00938a;\">Gu\u00e9na\u00ebl Revel<\/span>, historien et chroniqueur de vin.<\/span><\/p>\n<p><span style=\"color: #000000;\"><span style=\"color: #a92c5c;\">Date<\/span> : 18 novembre 2019<\/span><br \/>\n<span style=\"color: #000000;\"><span style=\"color: #a92c5c;\">Heure<\/span> : 18h \u00e0 20h<\/span><br \/>\n<span style=\"color: #000000;\"><span style=\"color: #a92c5c;\">Lieu :<\/span> ITHQ &#8211;\u00a0Salle Mont-Royal, 3535, St-Denis Montr\u00e9al, QC H2X 3P1<\/span><br \/>\n<span style=\"color: #a92c5c;\">RSVP<\/span> : <a href=\"fentroter.montreal@italchamber.qc.ca\" target=\"_blank\" rel=\"noopener noreferrer\">\u00a0fentroter.montreal@italchamber.qc.ca<\/a> <span style=\"color: #000000;\">ou 514-844-4249 poste 235<\/span><\/p>\n<p><img fetchpriority=\"high\" decoding=\"async\" class=\"aligncenter size-large wp-image-13383\" src=\"https:\/\/italchamber.qc.ca\/wp-content\/uploads\/2024\/10\/DAN_7067-scaled.jpg\" alt=\"\" width=\"860\" height=\"572\" \/> <img decoding=\"async\" class=\"aligncenter size-large wp-image-13386\" src=\"https:\/\/italchamber.qc.ca\/wp-content\/uploads\/2024\/10\/DAN_7068-scaled.jpg\" alt=\"\" width=\"860\" height=\"572\" \/> <img decoding=\"async\" class=\"aligncenter size-large wp-image-13389\" src=\"https:\/\/italchamber.qc.ca\/wp-content\/uploads\/2024\/10\/DAN_7069-scaled.jpg\" alt=\"\" width=\"730\" height=\"1024\" \/> <img loading=\"lazy\" decoding=\"async\" class=\"aligncenter size-large wp-image-13392\" src=\"https:\/\/italchamber.qc.ca\/wp-content\/uploads\/2024\/10\/DAN_7071-scaled.jpg\" alt=\"\" width=\"860\" height=\"572\" \/> <img loading=\"lazy\" decoding=\"async\" class=\"aligncenter size-large wp-image-13395\" src=\"https:\/\/italchamber.qc.ca\/wp-content\/uploads\/2024\/10\/DAN_7077-scaled.jpg\" alt=\"\" width=\"860\" height=\"572\" \/> <img loading=\"lazy\" decoding=\"async\" class=\"aligncenter size-large wp-image-13398\" src=\"https:\/\/italchamber.qc.ca\/wp-content\/uploads\/2024\/10\/DAN_7078-scaled.jpg\" alt=\"\" width=\"860\" height=\"572\" \/> <img loading=\"lazy\" decoding=\"async\" class=\"aligncenter size-large wp-image-13401\" src=\"https:\/\/italchamber.qc.ca\/wp-content\/uploads\/2024\/10\/DAN_7080-scaled.jpg\" alt=\"\" width=\"860\" height=\"572\" \/> <img loading=\"lazy\" decoding=\"async\" class=\"aligncenter size-large wp-image-13404\" src=\"https:\/\/italchamber.qc.ca\/wp-content\/uploads\/2024\/10\/DAN_7085-scaled.jpg\" alt=\"\" width=\"860\" height=\"572\" \/> <img loading=\"lazy\" decoding=\"async\" class=\"aligncenter size-large wp-image-13407\" src=\"https:\/\/italchamber.qc.ca\/wp-content\/uploads\/2024\/10\/DAN_7089-scaled.jpg\" alt=\"\" width=\"860\" height=\"572\" \/> <img loading=\"lazy\" decoding=\"async\" class=\"aligncenter size-large wp-image-13410\" src=\"https:\/\/italchamber.qc.ca\/wp-content\/uploads\/2024\/10\/DAN_7096-scaled.jpg\" alt=\"\" width=\"749\" height=\"1024\" \/> <img loading=\"lazy\" decoding=\"async\" class=\"aligncenter size-large wp-image-13413\" src=\"https:\/\/italchamber.qc.ca\/wp-content\/uploads\/2024\/10\/DAN_7104-scaled.jpg\" alt=\"\" width=\"860\" height=\"572\" \/> <img loading=\"lazy\" decoding=\"async\" class=\"aligncenter size-large wp-image-13416\" src=\"https:\/\/italchamber.qc.ca\/wp-content\/uploads\/2024\/10\/DAN_7108-scaled.jpg\" alt=\"\" width=\"860\" height=\"572\" \/> <img loading=\"lazy\" decoding=\"async\" class=\"aligncenter size-large wp-image-13419\" src=\"https:\/\/italchamber.qc.ca\/wp-content\/uploads\/2024\/10\/DAN_7111-scaled.jpg\" alt=\"\" width=\"860\" height=\"572\" \/> <img loading=\"lazy\" decoding=\"async\" class=\"aligncenter size-large wp-image-13422\" src=\"https:\/\/italchamber.qc.ca\/wp-content\/uploads\/2024\/10\/DAN_7120-scaled.jpg\" alt=\"\" width=\"860\" height=\"756\" \/> <img loading=\"lazy\" decoding=\"async\" class=\"aligncenter size-large wp-image-13425\" src=\"https:\/\/italchamber.qc.ca\/wp-content\/uploads\/2024\/10\/DAN_7121-scaled.jpg\" alt=\"\" width=\"860\" height=\"572\" \/> <img loading=\"lazy\" decoding=\"async\" class=\"aligncenter size-large wp-image-13428\" src=\"https:\/\/italchamber.qc.ca\/wp-content\/uploads\/2024\/10\/DAN_7126-scaled.jpg\" alt=\"\" width=\"860\" height=\"669\" \/> <img loading=\"lazy\" decoding=\"async\" class=\"aligncenter size-large wp-image-13431\" src=\"https:\/\/italchamber.qc.ca\/wp-content\/uploads\/2024\/10\/DAN_7127-scaled.jpg\" alt=\"\" width=\"860\" height=\"572\" \/> <img loading=\"lazy\" decoding=\"async\" class=\"aligncenter size-large wp-image-13434\" src=\"https:\/\/italchamber.qc.ca\/wp-content\/uploads\/2024\/10\/DAN_7128-scaled.jpg\" alt=\"\" width=\"860\" height=\"572\" \/> <img loading=\"lazy\" decoding=\"async\" class=\"aligncenter size-large wp-image-13437\" src=\"https:\/\/italchamber.qc.ca\/wp-content\/uploads\/2024\/10\/DAN_7141-scaled.jpg\" alt=\"\" width=\"748\" height=\"1024\" \/> <img loading=\"lazy\" decoding=\"async\" class=\"aligncenter size-large wp-image-13440\" src=\"https:\/\/italchamber.qc.ca\/wp-content\/uploads\/2024\/10\/DAN_7153-scaled.jpg\" alt=\"\" width=\"860\" height=\"572\" \/> <img loading=\"lazy\" decoding=\"async\" class=\"aligncenter size-large wp-image-13443\" src=\"https:\/\/italchamber.qc.ca\/wp-content\/uploads\/2024\/10\/DAN_7167-scaled.jpg\" alt=\"\" width=\"681\" height=\"1024\" \/> <img loading=\"lazy\" decoding=\"async\" class=\"aligncenter size-large wp-image-13446\" src=\"https:\/\/italchamber.qc.ca\/wp-content\/uploads\/2024\/10\/DAN_7171-scaled.jpg\" alt=\"\" width=\"860\" height=\"572\" \/> <img loading=\"lazy\" decoding=\"async\" class=\"aligncenter size-large wp-image-13449\" src=\"https:\/\/italchamber.qc.ca\/wp-content\/uploads\/2024\/10\/DAN_7178-scaled.jpg\" alt=\"\" width=\"860\" height=\"572\" \/> <img loading=\"lazy\" decoding=\"async\" class=\"aligncenter size-large wp-image-13452\" src=\"https:\/\/italchamber.qc.ca\/wp-content\/uploads\/2024\/10\/DAN_7184-scaled.jpg\" alt=\"\" width=\"860\" height=\"572\" \/> <img loading=\"lazy\" decoding=\"async\" class=\"aligncenter size-large wp-image-13455\" src=\"https:\/\/italchamber.qc.ca\/wp-content\/uploads\/2024\/10\/DAN_7190-scaled.jpg\" alt=\"\" width=\"860\" height=\"572\" \/> <img loading=\"lazy\" decoding=\"async\" class=\"aligncenter size-large wp-image-13458\" src=\"https:\/\/italchamber.qc.ca\/wp-content\/uploads\/2024\/10\/DAN_7202-scaled.jpg\" alt=\"\" width=\"681\" height=\"1024\" \/> <img loading=\"lazy\" decoding=\"async\" class=\"aligncenter size-large wp-image-13461\" src=\"https:\/\/italchamber.qc.ca\/wp-content\/uploads\/2024\/10\/DAN_7211-scaled.jpg\" alt=\"\" width=\"860\" height=\"572\" \/> <img loading=\"lazy\" decoding=\"async\" class=\"aligncenter size-large wp-image-13464\" src=\"https:\/\/italchamber.qc.ca\/wp-content\/uploads\/2024\/10\/DAN_7218-scaled.jpg\" alt=\"\" width=\"681\" height=\"1024\" \/><\/p>\n<p>&nbsp;<\/p>\n","protected":false},"excerpt":{"rendered":"<p>Un s\u00e9minaire et souper pour les membres de la CCIC amateurs de vins, d\u00e9di\u00e9s aux vins Sangiovese di Romagna et Lambrusco.<\/p>\n","protected":false},"featured_media":8553,"template":"","event_category":[],"class_list":["post-8494","event","type-event","status-publish","has-post-thumbnail","hentry"],"acf":[],"yoast_head":"<!-- This site is optimized with the Yoast SEO plugin v27.4 - https:\/\/yoast.com\/product\/yoast-seo-wordpress\/ -->\n<title>Soir\u00e9e de d\u00e9gustation des vins Lambrusco et Sangiovese di Romagna - ICCC<\/title>\n<meta name=\"robots\" content=\"index, follow, max-snippet:-1, max-image-preview:large, max-video-preview:-1\" \/>\n<link rel=\"canonical\" href=\"https:\/\/italchamber.qc.ca\/fr\/events\/soiree-de-degustation-des-vins-lambrusco-et-sangiovese-di-romagna\/\" \/>\n<meta property=\"og:locale\" content=\"fr_FR\" \/>\n<meta property=\"og:type\" content=\"article\" \/>\n<meta property=\"og:title\" content=\"Soir\u00e9e de d\u00e9gustation des vins Lambrusco et Sangiovese di Romagna - ICCC\" \/>\n<meta property=\"og:description\" content=\"Un s\u00e9minaire et souper pour les membres de la CCIC amateurs de vins, d\u00e9di\u00e9s aux vins Sangiovese di Romagna et Lambrusco.\" \/>\n<meta property=\"og:url\" content=\"https:\/\/italchamber.qc.ca\/fr\/events\/soiree-de-degustation-des-vins-lambrusco-et-sangiovese-di-romagna\/\" \/>\n<meta property=\"og:site_name\" content=\"ICCC\" \/>\n<meta property=\"article:modified_time\" content=\"2024-10-11T18:50:52+00:00\" \/>\n<meta property=\"og:image\" content=\"https:\/\/italchamber.qc.ca\/wp-content\/uploads\/2024\/10\/1144-atelier-winelovers-header.png\" \/>\n\t<meta property=\"og:image:width\" content=\"766\" \/>\n\t<meta property=\"og:image:height\" content=\"174\" \/>\n\t<meta property=\"og:image:type\" content=\"image\/png\" \/>\n<meta name=\"twitter:card\" content=\"summary_large_image\" \/>\n<meta name=\"twitter:label1\" content=\"Dur\u00e9e de lecture estim\u00e9e\" \/>\n\t<meta name=\"twitter:data1\" content=\"1 minute\" \/>\n<script type=\"application\/ld+json\" class=\"yoast-schema-graph\">{\"@context\":\"https:\\\/\\\/schema.org\",\"@graph\":[{\"@type\":\"WebPage\",\"@id\":\"https:\\\/\\\/italchamber.qc.ca\\\/fr\\\/events\\\/soiree-de-degustation-des-vins-lambrusco-et-sangiovese-di-romagna\\\/\",\"url\":\"https:\\\/\\\/italchamber.qc.ca\\\/fr\\\/events\\\/soiree-de-degustation-des-vins-lambrusco-et-sangiovese-di-romagna\\\/\",\"name\":\"Soir\u00e9e de d\u00e9gustation des vins Lambrusco et Sangiovese di Romagna - ICCC\",\"isPartOf\":{\"@id\":\"https:\\\/\\\/italchamber.qc.ca\\\/fr\\\/#website\"},\"primaryImageOfPage\":{\"@id\":\"https:\\\/\\\/italchamber.qc.ca\\\/fr\\\/events\\\/soiree-de-degustation-des-vins-lambrusco-et-sangiovese-di-romagna\\\/#primaryimage\"},\"image\":{\"@id\":\"https:\\\/\\\/italchamber.qc.ca\\\/fr\\\/events\\\/soiree-de-degustation-des-vins-lambrusco-et-sangiovese-di-romagna\\\/#primaryimage\"},\"thumbnailUrl\":\"https:\\\/\\\/italchamber.qc.ca\\\/wp-content\\\/uploads\\\/2024\\\/10\\\/1144-atelier-winelovers-header.png\",\"datePublished\":\"2019-11-12T17:14:49+00:00\",\"dateModified\":\"2024-10-11T18:50:52+00:00\",\"breadcrumb\":{\"@id\":\"https:\\\/\\\/italchamber.qc.ca\\\/fr\\\/events\\\/soiree-de-degustation-des-vins-lambrusco-et-sangiovese-di-romagna\\\/#breadcrumb\"},\"inLanguage\":\"fr-FR\",\"potentialAction\":[{\"@type\":\"ReadAction\",\"target\":[\"https:\\\/\\\/italchamber.qc.ca\\\/fr\\\/events\\\/soiree-de-degustation-des-vins-lambrusco-et-sangiovese-di-romagna\\\/\"]}]},{\"@type\":\"ImageObject\",\"inLanguage\":\"fr-FR\",\"@id\":\"https:\\\/\\\/italchamber.qc.ca\\\/fr\\\/events\\\/soiree-de-degustation-des-vins-lambrusco-et-sangiovese-di-romagna\\\/#primaryimage\",\"url\":\"https:\\\/\\\/italchamber.qc.ca\\\/wp-content\\\/uploads\\\/2024\\\/10\\\/1144-atelier-winelovers-header.png\",\"contentUrl\":\"https:\\\/\\\/italchamber.qc.ca\\\/wp-content\\\/uploads\\\/2024\\\/10\\\/1144-atelier-winelovers-header.png\",\"width\":766,\"height\":174},{\"@type\":\"BreadcrumbList\",\"@id\":\"https:\\\/\\\/italchamber.qc.ca\\\/fr\\\/events\\\/soiree-de-degustation-des-vins-lambrusco-et-sangiovese-di-romagna\\\/#breadcrumb\",\"itemListElement\":[{\"@type\":\"ListItem\",\"position\":1,\"name\":\"Home\",\"item\":\"https:\\\/\\\/italchamber.qc.ca\\\/fr\\\/accueil\\\/\"},{\"@type\":\"ListItem\",\"position\":2,\"name\":\"Events\",\"item\":\"https:\\\/\\\/italchamber.qc.ca\\\/fr\\\/events\\\/\"},{\"@type\":\"ListItem\",\"position\":3,\"name\":\"Soir\u00e9e de d\u00e9gustation des vins Lambrusco et Sangiovese di Romagna\"}]},{\"@type\":\"WebSite\",\"@id\":\"https:\\\/\\\/italchamber.qc.ca\\\/fr\\\/#website\",\"url\":\"https:\\\/\\\/italchamber.qc.ca\\\/fr\\\/\",\"name\":\"ICCC\",\"description\":\"Italian Chamber of Commerce in Canada\",\"publisher\":{\"@id\":\"https:\\\/\\\/italchamber.qc.ca\\\/fr\\\/#organization\"},\"potentialAction\":[{\"@type\":\"SearchAction\",\"target\":{\"@type\":\"EntryPoint\",\"urlTemplate\":\"https:\\\/\\\/italchamber.qc.ca\\\/fr\\\/?s={search_term_string}\"},\"query-input\":{\"@type\":\"PropertyValueSpecification\",\"valueRequired\":true,\"valueName\":\"search_term_string\"}}],\"inLanguage\":\"fr-FR\"},{\"@type\":\"Organization\",\"@id\":\"https:\\\/\\\/italchamber.qc.ca\\\/fr\\\/#organization\",\"name\":\"ICCC\",\"url\":\"https:\\\/\\\/italchamber.qc.ca\\\/fr\\\/\",\"logo\":{\"@type\":\"ImageObject\",\"inLanguage\":\"fr-FR\",\"@id\":\"https:\\\/\\\/italchamber.qc.ca\\\/fr\\\/#\\\/schema\\\/logo\\\/image\\\/\",\"url\":\"https:\\\/\\\/italchamber.qc.ca\\\/wp-content\\\/uploads\\\/2025\\\/05\\\/ICCC-Logo-French.svg\",\"contentUrl\":\"https:\\\/\\\/italchamber.qc.ca\\\/wp-content\\\/uploads\\\/2025\\\/05\\\/ICCC-Logo-French.svg\",\"caption\":\"ICCC\"},\"image\":{\"@id\":\"https:\\\/\\\/italchamber.qc.ca\\\/fr\\\/#\\\/schema\\\/logo\\\/image\\\/\"}}]}<\/script>\n<!-- \/ Yoast SEO plugin. -->","yoast_head_json":{"title":"Soir\u00e9e de d\u00e9gustation des vins Lambrusco et Sangiovese di Romagna - ICCC","robots":{"index":"index","follow":"follow","max-snippet":"max-snippet:-1","max-image-preview":"max-image-preview:large","max-video-preview":"max-video-preview:-1"},"canonical":"https:\/\/italchamber.qc.ca\/fr\/events\/soiree-de-degustation-des-vins-lambrusco-et-sangiovese-di-romagna\/","og_locale":"fr_FR","og_type":"article","og_title":"Soir\u00e9e de d\u00e9gustation des vins Lambrusco et Sangiovese di Romagna - ICCC","og_description":"Un s\u00e9minaire et souper pour les membres de la CCIC amateurs de vins, d\u00e9di\u00e9s aux vins Sangiovese di Romagna et Lambrusco.","og_url":"https:\/\/italchamber.qc.ca\/fr\/events\/soiree-de-degustation-des-vins-lambrusco-et-sangiovese-di-romagna\/","og_site_name":"ICCC","article_modified_time":"2024-10-11T18:50:52+00:00","og_image":[{"width":766,"height":174,"url":"https:\/\/italchamber.qc.ca\/wp-content\/uploads\/2024\/10\/1144-atelier-winelovers-header.png","type":"image\/png"}],"twitter_card":"summary_large_image","twitter_misc":{"Dur\u00e9e de lecture estim\u00e9e":"1 minute"},"schema":{"@context":"https:\/\/schema.org","@graph":[{"@type":"WebPage","@id":"https:\/\/italchamber.qc.ca\/fr\/events\/soiree-de-degustation-des-vins-lambrusco-et-sangiovese-di-romagna\/","url":"https:\/\/italchamber.qc.ca\/fr\/events\/soiree-de-degustation-des-vins-lambrusco-et-sangiovese-di-romagna\/","name":"Soir\u00e9e de d\u00e9gustation des vins Lambrusco et Sangiovese di Romagna - ICCC","isPartOf":{"@id":"https:\/\/italchamber.qc.ca\/fr\/#website"},"primaryImageOfPage":{"@id":"https:\/\/italchamber.qc.ca\/fr\/events\/soiree-de-degustation-des-vins-lambrusco-et-sangiovese-di-romagna\/#primaryimage"},"image":{"@id":"https:\/\/italchamber.qc.ca\/fr\/events\/soiree-de-degustation-des-vins-lambrusco-et-sangiovese-di-romagna\/#primaryimage"},"thumbnailUrl":"https:\/\/italchamber.qc.ca\/wp-content\/uploads\/2024\/10\/1144-atelier-winelovers-header.png","datePublished":"2019-11-12T17:14:49+00:00","dateModified":"2024-10-11T18:50:52+00:00","breadcrumb":{"@id":"https:\/\/italchamber.qc.ca\/fr\/events\/soiree-de-degustation-des-vins-lambrusco-et-sangiovese-di-romagna\/#breadcrumb"},"inLanguage":"fr-FR","potentialAction":[{"@type":"ReadAction","target":["https:\/\/italchamber.qc.ca\/fr\/events\/soiree-de-degustation-des-vins-lambrusco-et-sangiovese-di-romagna\/"]}]},{"@type":"ImageObject","inLanguage":"fr-FR","@id":"https:\/\/italchamber.qc.ca\/fr\/events\/soiree-de-degustation-des-vins-lambrusco-et-sangiovese-di-romagna\/#primaryimage","url":"https:\/\/italchamber.qc.ca\/wp-content\/uploads\/2024\/10\/1144-atelier-winelovers-header.png","contentUrl":"https:\/\/italchamber.qc.ca\/wp-content\/uploads\/2024\/10\/1144-atelier-winelovers-header.png","width":766,"height":174},{"@type":"BreadcrumbList","@id":"https:\/\/italchamber.qc.ca\/fr\/events\/soiree-de-degustation-des-vins-lambrusco-et-sangiovese-di-romagna\/#breadcrumb","itemListElement":[{"@type":"ListItem","position":1,"name":"Home","item":"https:\/\/italchamber.qc.ca\/fr\/accueil\/"},{"@type":"ListItem","position":2,"name":"Events","item":"https:\/\/italchamber.qc.ca\/fr\/events\/"},{"@type":"ListItem","position":3,"name":"Soir\u00e9e de d\u00e9gustation des vins Lambrusco et Sangiovese di Romagna"}]},{"@type":"WebSite","@id":"https:\/\/italchamber.qc.ca\/fr\/#website","url":"https:\/\/italchamber.qc.ca\/fr\/","name":"ICCC","description":"Italian Chamber of Commerce in Canada","publisher":{"@id":"https:\/\/italchamber.qc.ca\/fr\/#organization"},"potentialAction":[{"@type":"SearchAction","target":{"@type":"EntryPoint","urlTemplate":"https:\/\/italchamber.qc.ca\/fr\/?s={search_term_string}"},"query-input":{"@type":"PropertyValueSpecification","valueRequired":true,"valueName":"search_term_string"}}],"inLanguage":"fr-FR"},{"@type":"Organization","@id":"https:\/\/italchamber.qc.ca\/fr\/#organization","name":"ICCC","url":"https:\/\/italchamber.qc.ca\/fr\/","logo":{"@type":"ImageObject","inLanguage":"fr-FR","@id":"https:\/\/italchamber.qc.ca\/fr\/#\/schema\/logo\/image\/","url":"https:\/\/italchamber.qc.ca\/wp-content\/uploads\/2025\/05\/ICCC-Logo-French.svg","contentUrl":"https:\/\/italchamber.qc.ca\/wp-content\/uploads\/2025\/05\/ICCC-Logo-French.svg","caption":"ICCC"},"image":{"@id":"https:\/\/italchamber.qc.ca\/fr\/#\/schema\/logo\/image\/"}}]}},"_links":{"self":[{"href":"https:\/\/italchamber.qc.ca\/fr\/wp-json\/wp\/v2\/event\/8494","targetHints":{"allow":["GET"]}}],"collection":[{"href":"https:\/\/italchamber.qc.ca\/fr\/wp-json\/wp\/v2\/event"}],"about":[{"href":"https:\/\/italchamber.qc.ca\/fr\/wp-json\/wp\/v2\/types\/event"}],"version-history":[{"count":0,"href":"https:\/\/italchamber.qc.ca\/fr\/wp-json\/wp\/v2\/event\/8494\/revisions"}],"wp:featuredmedia":[{"embeddable":true,"href":"https:\/\/italchamber.qc.ca\/fr\/wp-json\/wp\/v2\/media\/8553"}],"wp:attachment":[{"href":"https:\/\/italchamber.qc.ca\/fr\/wp-json\/wp\/v2\/media?parent=8494"}],"wp:term":[{"taxonomy":"event_category","embeddable":true,"href":"https:\/\/italchamber.qc.ca\/fr\/wp-json\/wp\/v2\/event_category?post=8494"}],"curies":[{"name":"wp","href":"https:\/\/api.w.org\/{rel}","templated":true}]}}