{"id":8348,"date":"2019-05-27T14:37:12","date_gmt":"2019-05-27T14:37:12","guid":{"rendered":"https:\/\/italchamber.qc.ca\/events\/degustations-de-produits-authentiques-demilie-romagne\/"},"modified":"2024-10-11T18:35:39","modified_gmt":"2024-10-11T18:35:39","slug":"degustations-de-produits-authentiques-demilie-romagne","status":"publish","type":"event","link":"https:\/\/italchamber.qc.ca\/fr\/events\/degustations-de-produits-authentiques-demilie-romagne\/","title":{"rendered":"D\u00e9gustations de produits authentiques d&rsquo;\u00c9milie Romagne"},"content":{"rendered":"<p>Cette fin de semaine, visitez les \u00e9piceries fines et supermarch\u00e9s de Montr\u00e9al pour d\u00e9gustez des produits authentiques italiens, qui sont intimement li\u00e9s \u00e0 l\u2019histoire et aux traditions de la r\u00e9gion de l&rsquo;\u00c9milie-Romagne, connue comme la capitale gastronomique de l&rsquo;Italie.<\/p>\n<p><a href=\"https:\/\/wineandtravelitaly.com\/fr\/producteur-alimentaire\/gia-s-r-l\/\" target=\"_blank\" rel=\"noopener noreferrer\"><strong>Produits Gia<\/strong><\/a><\/p>\n<p>L&rsquo;<strong>Escouade culinaire<\/strong> vous fera d\u00e9guster des recettes savoureuses mettant en valeur des p\u00e2tes d&rsquo;ail, d&rsquo;anchois, tomates s\u00e9ch\u00e9es au soleil et plus.<\/p>\n<p><strong>31 mai au 1er juin, 2019<\/strong><br \/>\n11:30 \u00e0 17:30<br \/>\n<a href=\"https:\/\/www.google.com\/maps\/place\/Iga\/@45.4256452,-73.6119339,15z\/data=!4m2!3m1!1s0x0:0x4cf511776830d8f?sa=X&amp;ved=2ahUKEwjhqMvk87viAhUSnFkKHVbqBhEQ_BIwCnoECA8QCA\" target=\"_blank\" rel=\"noopener noreferrer\">Supermarch\u00e9 IGA Beck<\/a><br \/>\n8130, boul. Champlain<br \/>\nLaSalle, H8P 1B4<\/p>\n<p><strong>1er &#8211; 2 juin, 2019<\/strong><br \/>\n11:30 \u00e0 17:30<br \/>\n<a href=\"https:\/\/www.google.com\/maps\/place\/IGA\/@45.4837692,-73.8048407,15z\/data=!4m2!3m1!1s0x0:0x83ab39c6ae1ef7f2?sa=X&amp;ved=2ahUKEwjujKnx87viAhXQuVkKHT4pCD4Q_BIwCnoECA8QCA\" target=\"_blank\" rel=\"noopener noreferrer\">Supermarch\u00e9 IGA Extra DDO<\/a><br \/>\n11800, rue Salaberry<br \/>\nDollard-des-Ormeaux, H9B 2R8<\/p>\n<p><img fetchpriority=\"high\" decoding=\"async\" class=\"size-medium wp-image-9371 alignleft\" src=\"https:\/\/italchamber.qc.ca\/wp-content\/uploads\/2024\/10\/61415031_2024628654332512_2639819468582158336_n-300x169.jpg\" alt=\"\" width=\"300\" height=\"169\" \/><\/p>\n<p>&nbsp;<\/p>\n<p>&nbsp;<\/p>\n<p>&nbsp;<\/p>\n<p>&nbsp;<\/p>\n<p>&nbsp;<\/p>\n<p>&nbsp;<\/p>\n<p><strong><a href=\"https:\/\/wineandtravelitaly.com\/fr\/producteur-alimentaire\/villani-salumi\/\" target=\"_blank\" rel=\"noopener noreferrer\">Villani Salumi<\/a><\/strong><\/p>\n<p>D\u00e9gustez une vari\u00e9t\u00e9 de charcuteries qui mettent en valeur la passion et l\u2019artisanat associ\u00e9s \u00e0 la fabrication de d\u00e9licieuses viandes italiennes :\u00a0Salame Cacciatorino DOP; Cotechino IGP; Mortadella Bologna IGP; Coppa; Pancetta arrotolata<\/p>\n<p><strong>31 mai \u2013 2 juin, 2019<\/strong><br \/>\n10 :30 \u00e0 17 :00<br \/>\n<strong><a href=\"https:\/\/www.google.com\/maps\/place\/Boucherie+des+Faubourgs\/@45.521904,-73.562127,15z\/data=!4m2!3m1!1s0x0:0xff1015e6d3cd83f7?sa=X&amp;ved=2ahUKEwiinsDO9bviAhWCneAKHfwODIoQ_BIwCnoECA8QCA\" target=\"_blank\" rel=\"noopener noreferrer\">Boucherie des Faubourgs<\/a><\/strong><br \/>\n1267, rue Ontario E,<br \/>\nMontr\u00e9al, H2L 1R7<\/p>\n<p><strong>31 mai \u2013 1<sup>er<\/sup> juin, 2019<\/strong><br \/>\n10:30 \u00e0 16:30<br \/>\n<strong><a href=\"https:\/\/www.google.com\/search?rlz=1C1AZAA_enCA814CA814&amp;ei=3fPrXOK7BIK7ggf8nbDQCA&amp;q=EuroMarch%C3%A9&amp;oq=EuroMarch%C3%A9&amp;gs_l=psy-ab.3..0l10.1152.1152..1733...0.0..0.117.117.0j1......0....2j1..gws-wiz.Mm13XaVUPDg&amp;npsic=0&amp;rflfq=1&amp;rlha=0&amp;rllag=45552545,-73677726,4061&amp;tbm=lcl&amp;rldimm=9489045692704373429&amp;lqi=CgtFdXJvTWFyY2jDqUiQn9Ll5YCAgAhaEQoLZXVyb21hcmNow6kQABgA&amp;phdesc=QKNVnFMXDQs&amp;ved=2ahUKEwiwrrPZ9bviAhVwU98KHYSSARoQvS4wAXoECAoQJw&amp;rldoc=1&amp;tbs=lrf:!2m1!1e2!2m1!1e3!3sIAE,lf:1,lf_ui:9#rlfi=hd:;si:9489045692704373429,l,CgtFdXJvTWFyY2jDqUiQn9Ll5YCAgAhaEQoLZXVyb21hcmNow6kQABgA,y,QKNVnFMXDQs;mv:!1m2!1d45.6212644!2d-73.6343242!2m2!1d45.490952!2d-73.7922524!3m12!1m3!1d63207.74407996817!2d-73.71328829999999!3d45.556108200000004!2m3!1f0!2f0!3f0!3m2!1i460!2i543!4f13.1;tbs:lrf:!2m1!1e2!2m1!1e3!3sIAE,lf:1,lf_ui:9\" target=\"_blank\" rel=\"noopener noreferrer\">EuroMarch\u00e9<\/a><\/strong><br \/>\n10181 Boulevard Saint-Michel<br \/>\nMontr\u00e9al-Nord, H1H 5G9<\/p>\n<p><strong>31 mai \u2013 2 juin,2019<\/strong><br \/>\n<strong>10:30 \u00e0 16:00<\/strong><br \/>\n<strong><a href=\"https:\/\/www.google.com\/maps\/place\/Maison+Buon+Appetito\/@45.3253429,-72.64816,15z\/data=!4m2!3m1!1s0x0:0x9d72509c9ac3428a?sa=X&amp;ved=2ahUKEwis4KLq9bviAhVjZN8KHZ2iAaQQ_BIwD3oECA4QCA\" target=\"_blank\" rel=\"noopener noreferrer\">Maison Buon Appetito<\/a><\/strong><br \/>\n60 Boulevard de Bromont<br \/>\nBromont, J2L 2K3<br \/>\n<img decoding=\"async\" class=\"size-medium wp-image-9375 alignleft\" src=\"https:\/\/italchamber.qc.ca\/wp-content\/uploads\/2024\/10\/Copy-of-Come-taste-Emilia-Romangna.png\" alt=\"\" width=\"300\" height=\"250\" \/><\/p>\n<p>&nbsp;<\/p>\n<p>&nbsp;<\/p>\n<p>&nbsp;<\/p>\n<p>&nbsp;<\/p>\n<p>&nbsp;<\/p>\n<p>&nbsp;<\/p>\n<p><img decoding=\"async\" class=\"aligncenter wp-image-9360 size-full\" src=\"https:\/\/italchamber.qc.ca\/wp-content\/uploads\/2024\/10\/ER-logos-1.png\" alt=\"\" width=\"800\" height=\"99\" \/><\/p>\n","protected":false},"excerpt":{"rendered":"<p>Cette fin de semaine, visitez les \u00e9piceries fines et supermarch\u00e9s de Montr\u00e9al pour d\u00e9gustez des produits authentiques italiens, qui sont intimement li\u00e9s \u00e0 l\u2019histoire et aux traditions de la r\u00e9gion de l&rsquo;\u00c9milie-Romagne, connue comme la capitale gastronomique de l&rsquo;Italie. Produits Gia L&rsquo;Escouade culinaire vous fera d\u00e9guster des recettes savoureuses mettant en valeur des p\u00e2tes d&rsquo;ail, [&hellip;]<\/p>\n","protected":false},"featured_media":8344,"template":"","event_category":[],"class_list":["post-8348","event","type-event","status-publish","has-post-thumbnail","hentry"],"acf":[],"yoast_head":"<!-- This site is optimized with the Yoast SEO plugin v27.4 - https:\/\/yoast.com\/product\/yoast-seo-wordpress\/ -->\n<title>D\u00e9gustations de produits authentiques d&#039;\u00c9milie Romagne - ICCC<\/title>\n<meta name=\"robots\" content=\"index, follow, max-snippet:-1, max-image-preview:large, max-video-preview:-1\" \/>\n<link rel=\"canonical\" href=\"https:\/\/italchamber.qc.ca\/fr\/events\/degustations-de-produits-authentiques-demilie-romagne\/\" \/>\n<meta property=\"og:locale\" content=\"fr_FR\" \/>\n<meta property=\"og:type\" content=\"article\" \/>\n<meta property=\"og:title\" content=\"D\u00e9gustations de produits authentiques d&#039;\u00c9milie Romagne - ICCC\" \/>\n<meta property=\"og:description\" content=\"Cette fin de semaine, visitez les \u00e9piceries fines et supermarch\u00e9s de Montr\u00e9al pour d\u00e9gustez des produits authentiques italiens, qui sont intimement li\u00e9s \u00e0 l\u2019histoire et aux traditions de la r\u00e9gion de l&rsquo;\u00c9milie-Romagne, connue comme la capitale gastronomique de l&rsquo;Italie. Produits Gia L&rsquo;Escouade culinaire vous fera d\u00e9guster des recettes savoureuses mettant en valeur des p\u00e2tes d&rsquo;ail, [&hellip;]\" \/>\n<meta property=\"og:url\" content=\"https:\/\/italchamber.qc.ca\/fr\/events\/degustations-de-produits-authentiques-demilie-romagne\/\" \/>\n<meta property=\"og:site_name\" content=\"ICCC\" \/>\n<meta property=\"article:modified_time\" content=\"2024-10-11T18:35:39+00:00\" \/>\n<meta property=\"og:image\" content=\"https:\/\/italchamber.qc.ca\/wp-content\/uploads\/2024\/10\/Resto-Weeks-ER-web.png\" \/>\n\t<meta property=\"og:image:width\" content=\"860\" \/>\n\t<meta property=\"og:image:height\" content=\"315\" \/>\n\t<meta property=\"og:image:type\" content=\"image\/png\" \/>\n<meta name=\"twitter:card\" content=\"summary_large_image\" \/>\n<meta name=\"twitter:label1\" content=\"Dur\u00e9e de lecture estim\u00e9e\" \/>\n\t<meta name=\"twitter:data1\" content=\"1 minute\" \/>\n<script type=\"application\/ld+json\" class=\"yoast-schema-graph\">{\"@context\":\"https:\\\/\\\/schema.org\",\"@graph\":[{\"@type\":\"WebPage\",\"@id\":\"https:\\\/\\\/italchamber.qc.ca\\\/fr\\\/events\\\/degustations-de-produits-authentiques-demilie-romagne\\\/\",\"url\":\"https:\\\/\\\/italchamber.qc.ca\\\/fr\\\/events\\\/degustations-de-produits-authentiques-demilie-romagne\\\/\",\"name\":\"D\u00e9gustations de produits authentiques d'\u00c9milie Romagne - ICCC\",\"isPartOf\":{\"@id\":\"https:\\\/\\\/italchamber.qc.ca\\\/fr\\\/#website\"},\"primaryImageOfPage\":{\"@id\":\"https:\\\/\\\/italchamber.qc.ca\\\/fr\\\/events\\\/degustations-de-produits-authentiques-demilie-romagne\\\/#primaryimage\"},\"image\":{\"@id\":\"https:\\\/\\\/italchamber.qc.ca\\\/fr\\\/events\\\/degustations-de-produits-authentiques-demilie-romagne\\\/#primaryimage\"},\"thumbnailUrl\":\"https:\\\/\\\/italchamber.qc.ca\\\/wp-content\\\/uploads\\\/2024\\\/10\\\/Resto-Weeks-ER-web.png\",\"datePublished\":\"2019-05-27T14:37:12+00:00\",\"dateModified\":\"2024-10-11T18:35:39+00:00\",\"breadcrumb\":{\"@id\":\"https:\\\/\\\/italchamber.qc.ca\\\/fr\\\/events\\\/degustations-de-produits-authentiques-demilie-romagne\\\/#breadcrumb\"},\"inLanguage\":\"fr-FR\",\"potentialAction\":[{\"@type\":\"ReadAction\",\"target\":[\"https:\\\/\\\/italchamber.qc.ca\\\/fr\\\/events\\\/degustations-de-produits-authentiques-demilie-romagne\\\/\"]}]},{\"@type\":\"ImageObject\",\"inLanguage\":\"fr-FR\",\"@id\":\"https:\\\/\\\/italchamber.qc.ca\\\/fr\\\/events\\\/degustations-de-produits-authentiques-demilie-romagne\\\/#primaryimage\",\"url\":\"https:\\\/\\\/italchamber.qc.ca\\\/wp-content\\\/uploads\\\/2024\\\/10\\\/Resto-Weeks-ER-web.png\",\"contentUrl\":\"https:\\\/\\\/italchamber.qc.ca\\\/wp-content\\\/uploads\\\/2024\\\/10\\\/Resto-Weeks-ER-web.png\",\"width\":860,\"height\":315},{\"@type\":\"BreadcrumbList\",\"@id\":\"https:\\\/\\\/italchamber.qc.ca\\\/fr\\\/events\\\/degustations-de-produits-authentiques-demilie-romagne\\\/#breadcrumb\",\"itemListElement\":[{\"@type\":\"ListItem\",\"position\":1,\"name\":\"Home\",\"item\":\"https:\\\/\\\/italchamber.qc.ca\\\/fr\\\/accueil\\\/\"},{\"@type\":\"ListItem\",\"position\":2,\"name\":\"Events\",\"item\":\"https:\\\/\\\/italchamber.qc.ca\\\/fr\\\/events\\\/\"},{\"@type\":\"ListItem\",\"position\":3,\"name\":\"D\u00e9gustations de produits authentiques d&#8217;\u00c9milie Romagne\"}]},{\"@type\":\"WebSite\",\"@id\":\"https:\\\/\\\/italchamber.qc.ca\\\/fr\\\/#website\",\"url\":\"https:\\\/\\\/italchamber.qc.ca\\\/fr\\\/\",\"name\":\"ICCC\",\"description\":\"Italian Chamber of Commerce in Canada\",\"publisher\":{\"@id\":\"https:\\\/\\\/italchamber.qc.ca\\\/fr\\\/#organization\"},\"potentialAction\":[{\"@type\":\"SearchAction\",\"target\":{\"@type\":\"EntryPoint\",\"urlTemplate\":\"https:\\\/\\\/italchamber.qc.ca\\\/fr\\\/?s={search_term_string}\"},\"query-input\":{\"@type\":\"PropertyValueSpecification\",\"valueRequired\":true,\"valueName\":\"search_term_string\"}}],\"inLanguage\":\"fr-FR\"},{\"@type\":\"Organization\",\"@id\":\"https:\\\/\\\/italchamber.qc.ca\\\/fr\\\/#organization\",\"name\":\"ICCC\",\"url\":\"https:\\\/\\\/italchamber.qc.ca\\\/fr\\\/\",\"logo\":{\"@type\":\"ImageObject\",\"inLanguage\":\"fr-FR\",\"@id\":\"https:\\\/\\\/italchamber.qc.ca\\\/fr\\\/#\\\/schema\\\/logo\\\/image\\\/\",\"url\":\"https:\\\/\\\/italchamber.qc.ca\\\/wp-content\\\/uploads\\\/2025\\\/05\\\/ICCC-Logo-French.svg\",\"contentUrl\":\"https:\\\/\\\/italchamber.qc.ca\\\/wp-content\\\/uploads\\\/2025\\\/05\\\/ICCC-Logo-French.svg\",\"caption\":\"ICCC\"},\"image\":{\"@id\":\"https:\\\/\\\/italchamber.qc.ca\\\/fr\\\/#\\\/schema\\\/logo\\\/image\\\/\"}}]}<\/script>\n<!-- \/ Yoast SEO plugin. -->","yoast_head_json":{"title":"D\u00e9gustations de produits authentiques d'\u00c9milie Romagne - ICCC","robots":{"index":"index","follow":"follow","max-snippet":"max-snippet:-1","max-image-preview":"max-image-preview:large","max-video-preview":"max-video-preview:-1"},"canonical":"https:\/\/italchamber.qc.ca\/fr\/events\/degustations-de-produits-authentiques-demilie-romagne\/","og_locale":"fr_FR","og_type":"article","og_title":"D\u00e9gustations de produits authentiques d'\u00c9milie Romagne - ICCC","og_description":"Cette fin de semaine, visitez les \u00e9piceries fines et supermarch\u00e9s de Montr\u00e9al pour d\u00e9gustez des produits authentiques italiens, qui sont intimement li\u00e9s \u00e0 l\u2019histoire et aux traditions de la r\u00e9gion de l&rsquo;\u00c9milie-Romagne, connue comme la capitale gastronomique de l&rsquo;Italie. Produits Gia L&rsquo;Escouade culinaire vous fera d\u00e9guster des recettes savoureuses mettant en valeur des p\u00e2tes d&rsquo;ail, [&hellip;]","og_url":"https:\/\/italchamber.qc.ca\/fr\/events\/degustations-de-produits-authentiques-demilie-romagne\/","og_site_name":"ICCC","article_modified_time":"2024-10-11T18:35:39+00:00","og_image":[{"width":860,"height":315,"url":"https:\/\/italchamber.qc.ca\/wp-content\/uploads\/2024\/10\/Resto-Weeks-ER-web.png","type":"image\/png"}],"twitter_card":"summary_large_image","twitter_misc":{"Dur\u00e9e de lecture estim\u00e9e":"1 minute"},"schema":{"@context":"https:\/\/schema.org","@graph":[{"@type":"WebPage","@id":"https:\/\/italchamber.qc.ca\/fr\/events\/degustations-de-produits-authentiques-demilie-romagne\/","url":"https:\/\/italchamber.qc.ca\/fr\/events\/degustations-de-produits-authentiques-demilie-romagne\/","name":"D\u00e9gustations de produits authentiques d'\u00c9milie Romagne - ICCC","isPartOf":{"@id":"https:\/\/italchamber.qc.ca\/fr\/#website"},"primaryImageOfPage":{"@id":"https:\/\/italchamber.qc.ca\/fr\/events\/degustations-de-produits-authentiques-demilie-romagne\/#primaryimage"},"image":{"@id":"https:\/\/italchamber.qc.ca\/fr\/events\/degustations-de-produits-authentiques-demilie-romagne\/#primaryimage"},"thumbnailUrl":"https:\/\/italchamber.qc.ca\/wp-content\/uploads\/2024\/10\/Resto-Weeks-ER-web.png","datePublished":"2019-05-27T14:37:12+00:00","dateModified":"2024-10-11T18:35:39+00:00","breadcrumb":{"@id":"https:\/\/italchamber.qc.ca\/fr\/events\/degustations-de-produits-authentiques-demilie-romagne\/#breadcrumb"},"inLanguage":"fr-FR","potentialAction":[{"@type":"ReadAction","target":["https:\/\/italchamber.qc.ca\/fr\/events\/degustations-de-produits-authentiques-demilie-romagne\/"]}]},{"@type":"ImageObject","inLanguage":"fr-FR","@id":"https:\/\/italchamber.qc.ca\/fr\/events\/degustations-de-produits-authentiques-demilie-romagne\/#primaryimage","url":"https:\/\/italchamber.qc.ca\/wp-content\/uploads\/2024\/10\/Resto-Weeks-ER-web.png","contentUrl":"https:\/\/italchamber.qc.ca\/wp-content\/uploads\/2024\/10\/Resto-Weeks-ER-web.png","width":860,"height":315},{"@type":"BreadcrumbList","@id":"https:\/\/italchamber.qc.ca\/fr\/events\/degustations-de-produits-authentiques-demilie-romagne\/#breadcrumb","itemListElement":[{"@type":"ListItem","position":1,"name":"Home","item":"https:\/\/italchamber.qc.ca\/fr\/accueil\/"},{"@type":"ListItem","position":2,"name":"Events","item":"https:\/\/italchamber.qc.ca\/fr\/events\/"},{"@type":"ListItem","position":3,"name":"D\u00e9gustations de produits authentiques d&#8217;\u00c9milie Romagne"}]},{"@type":"WebSite","@id":"https:\/\/italchamber.qc.ca\/fr\/#website","url":"https:\/\/italchamber.qc.ca\/fr\/","name":"ICCC","description":"Italian Chamber of Commerce in Canada","publisher":{"@id":"https:\/\/italchamber.qc.ca\/fr\/#organization"},"potentialAction":[{"@type":"SearchAction","target":{"@type":"EntryPoint","urlTemplate":"https:\/\/italchamber.qc.ca\/fr\/?s={search_term_string}"},"query-input":{"@type":"PropertyValueSpecification","valueRequired":true,"valueName":"search_term_string"}}],"inLanguage":"fr-FR"},{"@type":"Organization","@id":"https:\/\/italchamber.qc.ca\/fr\/#organization","name":"ICCC","url":"https:\/\/italchamber.qc.ca\/fr\/","logo":{"@type":"ImageObject","inLanguage":"fr-FR","@id":"https:\/\/italchamber.qc.ca\/fr\/#\/schema\/logo\/image\/","url":"https:\/\/italchamber.qc.ca\/wp-content\/uploads\/2025\/05\/ICCC-Logo-French.svg","contentUrl":"https:\/\/italchamber.qc.ca\/wp-content\/uploads\/2025\/05\/ICCC-Logo-French.svg","caption":"ICCC"},"image":{"@id":"https:\/\/italchamber.qc.ca\/fr\/#\/schema\/logo\/image\/"}}]}},"_links":{"self":[{"href":"https:\/\/italchamber.qc.ca\/fr\/wp-json\/wp\/v2\/event\/8348","targetHints":{"allow":["GET"]}}],"collection":[{"href":"https:\/\/italchamber.qc.ca\/fr\/wp-json\/wp\/v2\/event"}],"about":[{"href":"https:\/\/italchamber.qc.ca\/fr\/wp-json\/wp\/v2\/types\/event"}],"version-history":[{"count":0,"href":"https:\/\/italchamber.qc.ca\/fr\/wp-json\/wp\/v2\/event\/8348\/revisions"}],"wp:featuredmedia":[{"embeddable":true,"href":"https:\/\/italchamber.qc.ca\/fr\/wp-json\/wp\/v2\/media\/8344"}],"wp:attachment":[{"href":"https:\/\/italchamber.qc.ca\/fr\/wp-json\/wp\/v2\/media?parent=8348"}],"wp:term":[{"taxonomy":"event_category","embeddable":true,"href":"https:\/\/italchamber.qc.ca\/fr\/wp-json\/wp\/v2\/event_category?post=8348"}],"curies":[{"name":"wp","href":"https:\/\/api.w.org\/{rel}","templated":true}]}}