{"id":8011,"date":"2018-11-21T16:42:40","date_gmt":"2018-11-21T16:42:40","guid":{"rendered":"https:\/\/italchamber.qc.ca\/events\/ajoutez-du-petillant-a-votre-quotidien\/"},"modified":"2024-10-11T18:22:19","modified_gmt":"2024-10-11T18:22:19","slug":"ajoutez-du-petillant-a-votre-quotidien","status":"publish","type":"event","link":"https:\/\/italchamber.qc.ca\/fr\/events\/ajoutez-du-petillant-a-votre-quotidien\/","title":{"rendered":"Ajoutez du p\u00e9tillant \u00e0 votre quotidien"},"content":{"rendered":"<p><span style=\"color: #000000;\">La\u00a0Chambre\u00a0de\u00a0commerce\u00a0italienne\u00a0au\u00a0Canada\u00a0vous\u00a0invite\u00a0\u00e0\u00a0un\u00a0cocktail\u00a0d\u00eenatoire\u00a0exclusif\u00a0o\u00f9\u00a0le\u00a0<\/span><strong><span style=\"color: #00938a;\">Prosecco\u00a0DOC<\/span><\/strong>\u00a0<span style=\"color: #000000;\">sera\u00a0en\u00a0vedette.<\/span><\/p>\n<p><span style=\"color: #000000;\">D\u00e9couvrez diff\u00e9rentes fa\u00e7ons de consommer le Prosecco DOC \u00e0 la table:\u00a0<\/span><\/p>\n<ul>\n<li><span style=\"color: #000000;\">\u00e0\u00a0l&rsquo;<\/span><i><span style=\"color: #00938a;\">aperitivo<\/span><\/i><\/li>\n<li><span style=\"color: #000000;\">avec\u00a0l<\/span><i>&lsquo;<\/i><span style=\"color: #00938a;\">entr\u00e9e<\/span><\/li>\n<li><span style=\"color: #000000;\">avec\u00a0le<\/span>\u00a0<span style=\"color: #00938a;\">plat\u00a0principal<\/span><\/li>\n<li><span style=\"color: #000000;\">au<\/span>\u00a0<span style=\"color: #00938a;\">dessert<\/span><\/li>\n<\/ul>\n<p><span style=\"color: #000000;\">Durant la soir\u00e9e, les restaurants de la province qui offriront \u00e0 leurs clients des menus sp\u00e9ciaux accords mets et Prosecco DOC, dans le cadre de la campagne \u00ab\u00a0<em>Ajoutez du p\u00e9tillant \u00e0 votre quotidien<\/em>\u00ab\u00a0, seront d\u00e9voil\u00e9s.\u00a0<\/span><\/p>\n<p><strong>Activit\u00e9 r\u00e9serv\u00e9e aux membres de la CCIC.<\/strong><\/p>\n<p><span style=\"color: #000000;\"><span style=\"color: #00938a;\"><strong>RSVP obligatoire<\/strong><\/span> : Connie Russo 514-844-4249 #229 <a href=\"mailto:russo.montreal@italchamber.qc.ca\">russo.montreal@italchamber.qc.ca<\/a><\/span><\/p>\n<p><img fetchpriority=\"high\" decoding=\"async\" class=\"alignleft size-full wp-image-5619\" src=\"https:\/\/italchamber.qc.ca\/wp-content\/uploads\/2024\/10\/DAN_2234-resized.jpg\" alt=\"\" width=\"1500\" height=\"1001\" \/> <img decoding=\"async\" class=\"alignleft size-full wp-image-5623\" src=\"https:\/\/italchamber.qc.ca\/wp-content\/uploads\/2024\/10\/DAN_2232-resized.jpg\" alt=\"\" width=\"1001\" height=\"1500\" \/> <img decoding=\"async\" class=\"alignleft size-full wp-image-5626\" src=\"https:\/\/italchamber.qc.ca\/wp-content\/uploads\/2024\/10\/DAN_2239-resized.jpg\" alt=\"\" width=\"1500\" height=\"1001\" \/> <img loading=\"lazy\" decoding=\"async\" class=\"alignleft size-full wp-image-5629\" src=\"https:\/\/italchamber.qc.ca\/wp-content\/uploads\/2024\/10\/DAN_2240-resized.jpg\" alt=\"\" width=\"1500\" height=\"1001\" \/> <img loading=\"lazy\" decoding=\"async\" class=\"alignleft size-full wp-image-5632\" src=\"https:\/\/italchamber.qc.ca\/wp-content\/uploads\/2024\/10\/DAN_2242-resized.jpg\" alt=\"\" width=\"1001\" height=\"1500\" \/> <img loading=\"lazy\" decoding=\"async\" class=\"alignleft size-full wp-image-5635\" src=\"https:\/\/italchamber.qc.ca\/wp-content\/uploads\/2024\/10\/DAN_2247-resized.jpg\" alt=\"\" width=\"1500\" height=\"968\" \/> <img loading=\"lazy\" decoding=\"async\" class=\"alignleft size-full wp-image-5638\" src=\"https:\/\/italchamber.qc.ca\/wp-content\/uploads\/2024\/10\/DAN_2258-resized.jpg\" alt=\"\" width=\"1500\" height=\"1001\" \/> <img loading=\"lazy\" decoding=\"async\" class=\"alignleft size-full wp-image-5641\" src=\"https:\/\/italchamber.qc.ca\/wp-content\/uploads\/2024\/10\/DAN_2271-resized.jpg\" alt=\"\" width=\"1163\" height=\"1500\" \/> <img loading=\"lazy\" decoding=\"async\" class=\"alignleft size-full wp-image-5644\" src=\"https:\/\/italchamber.qc.ca\/wp-content\/uploads\/2024\/10\/DAN_2276-resized.jpg\" alt=\"\" width=\"1146\" height=\"1500\" \/> <img loading=\"lazy\" decoding=\"async\" class=\"alignleft size-full wp-image-5647\" src=\"https:\/\/italchamber.qc.ca\/wp-content\/uploads\/2024\/10\/DAN_2277-resized.jpg\" alt=\"\" width=\"1082\" height=\"1500\" \/> <img loading=\"lazy\" decoding=\"async\" class=\"alignleft size-full wp-image-5650\" src=\"https:\/\/italchamber.qc.ca\/wp-content\/uploads\/2024\/10\/DAN_2278-resized.jpg\" alt=\"\" width=\"1173\" height=\"1500\" \/> <img loading=\"lazy\" decoding=\"async\" class=\"alignleft size-full wp-image-5653\" src=\"https:\/\/italchamber.qc.ca\/wp-content\/uploads\/2024\/10\/DAN_2282-resized.jpg\" alt=\"\" width=\"1500\" height=\"1184\" \/> <img loading=\"lazy\" decoding=\"async\" class=\"alignleft size-full wp-image-5656\" src=\"https:\/\/italchamber.qc.ca\/wp-content\/uploads\/2024\/10\/DAN_2283-resized.jpg\" alt=\"\" width=\"1475\" height=\"1500\" \/> <img loading=\"lazy\" decoding=\"async\" class=\"alignleft size-full wp-image-5659\" src=\"https:\/\/italchamber.qc.ca\/wp-content\/uploads\/2024\/10\/DAN_2292-resized.jpg\" alt=\"\" width=\"1500\" height=\"1001\" \/> <img loading=\"lazy\" decoding=\"async\" class=\"alignleft size-full wp-image-5662\" src=\"https:\/\/italchamber.qc.ca\/wp-content\/uploads\/2024\/10\/DAN_2294-resized.jpg\" alt=\"\" width=\"1500\" height=\"1001\" \/> <img loading=\"lazy\" decoding=\"async\" class=\"alignleft size-full wp-image-5665\" src=\"https:\/\/italchamber.qc.ca\/wp-content\/uploads\/2024\/10\/DAN_2308-resized.jpg\" alt=\"\" width=\"1500\" height=\"1001\" \/> <img loading=\"lazy\" decoding=\"async\" class=\"alignleft size-full wp-image-5668\" src=\"https:\/\/italchamber.qc.ca\/wp-content\/uploads\/2024\/10\/DAN_2317-resized.jpg\" alt=\"\" width=\"1500\" height=\"1347\" \/> <img loading=\"lazy\" decoding=\"async\" class=\"alignleft size-full wp-image-5671\" src=\"https:\/\/italchamber.qc.ca\/wp-content\/uploads\/2024\/10\/DAN_2321-resized.jpg\" alt=\"\" width=\"1500\" height=\"811\" \/> <img loading=\"lazy\" decoding=\"async\" class=\"alignleft size-full wp-image-5674\" src=\"https:\/\/italchamber.qc.ca\/wp-content\/uploads\/2024\/10\/DAN_2335-resized.jpg\" alt=\"\" width=\"1500\" height=\"1001\" \/> <img loading=\"lazy\" decoding=\"async\" class=\"alignleft size-full wp-image-5677\" src=\"https:\/\/italchamber.qc.ca\/wp-content\/uploads\/2024\/10\/DAN_2336-resized.jpg\" alt=\"\" width=\"1500\" height=\"912\" \/> <img loading=\"lazy\" decoding=\"async\" class=\"alignleft size-full wp-image-5680\" src=\"https:\/\/italchamber.qc.ca\/wp-content\/uploads\/2024\/10\/DAN_2338-resized.jpg\" alt=\"\" width=\"1500\" height=\"1209\" \/> <img loading=\"lazy\" decoding=\"async\" class=\"alignleft size-full wp-image-5683\" src=\"https:\/\/italchamber.qc.ca\/wp-content\/uploads\/2024\/10\/DAN_2356-resized.jpg\" alt=\"\" width=\"1455\" height=\"1500\" \/> <img loading=\"lazy\" decoding=\"async\" class=\"alignleft size-full wp-image-5686\" src=\"https:\/\/italchamber.qc.ca\/wp-content\/uploads\/2024\/10\/DAN_2362-resized.jpg\" alt=\"\" width=\"1223\" height=\"1500\" \/> <img loading=\"lazy\" decoding=\"async\" class=\"alignleft size-full wp-image-5689\" src=\"https:\/\/italchamber.qc.ca\/wp-content\/uploads\/2024\/10\/DAN_2363-resized.jpg\" alt=\"\" width=\"1500\" height=\"1001\" \/> <img loading=\"lazy\" decoding=\"async\" class=\"alignleft size-full wp-image-5692\" src=\"https:\/\/italchamber.qc.ca\/wp-content\/uploads\/2024\/10\/DAN_2369-resized.jpg\" alt=\"\" width=\"1404\" height=\"1500\" \/> <img loading=\"lazy\" decoding=\"async\" class=\"alignleft size-full wp-image-5695\" src=\"https:\/\/italchamber.qc.ca\/wp-content\/uploads\/2024\/10\/DAN_2372-resized.jpg\" alt=\"\" width=\"1500\" height=\"1001\" \/> <img loading=\"lazy\" decoding=\"async\" class=\"alignleft size-full wp-image-5698\" src=\"https:\/\/italchamber.qc.ca\/wp-content\/uploads\/2024\/10\/DAN_2375-resized.jpg\" alt=\"\" width=\"1500\" height=\"1014\" \/> <img loading=\"lazy\" decoding=\"async\" class=\"alignleft size-full wp-image-5701\" src=\"https:\/\/italchamber.qc.ca\/wp-content\/uploads\/2024\/10\/DAN_2377-resized.jpg\" alt=\"\" width=\"1500\" height=\"1001\" \/> <img loading=\"lazy\" decoding=\"async\" class=\"alignleft size-full wp-image-5704\" src=\"https:\/\/italchamber.qc.ca\/wp-content\/uploads\/2024\/10\/DAN_2379-resized.jpg\" alt=\"\" width=\"1001\" height=\"1500\" \/> <img loading=\"lazy\" decoding=\"async\" class=\"alignleft size-full wp-image-5707\" src=\"https:\/\/italchamber.qc.ca\/wp-content\/uploads\/2024\/10\/DAN_2380-resized.jpg\" alt=\"\" width=\"1001\" height=\"1500\" \/> <img loading=\"lazy\" decoding=\"async\" class=\"alignleft size-full wp-image-5710\" src=\"https:\/\/italchamber.qc.ca\/wp-content\/uploads\/2024\/10\/DAN_2381-resized.jpg\" alt=\"\" width=\"1001\" height=\"1500\" \/> <img loading=\"lazy\" decoding=\"async\" class=\"alignleft size-full wp-image-5713\" src=\"https:\/\/italchamber.qc.ca\/wp-content\/uploads\/2024\/10\/DAN_2382-resized.jpg\" alt=\"\" width=\"1419\" height=\"1500\" \/> <img loading=\"lazy\" decoding=\"async\" class=\"alignleft size-full wp-image-5716\" src=\"https:\/\/italchamber.qc.ca\/wp-content\/uploads\/2024\/10\/DAN_2383-resized.jpg\" alt=\"\" width=\"1001\" height=\"1500\" \/> <img loading=\"lazy\" decoding=\"async\" class=\"alignleft size-full wp-image-5719\" src=\"https:\/\/italchamber.qc.ca\/wp-content\/uploads\/2024\/10\/DAN_2384-resized.jpg\" alt=\"\" width=\"1001\" height=\"1500\" \/> <img loading=\"lazy\" decoding=\"async\" class=\"alignleft size-full wp-image-5722\" src=\"https:\/\/italchamber.qc.ca\/wp-content\/uploads\/2024\/10\/DAN_2392-resized.jpg\" alt=\"\" width=\"1500\" height=\"1246\" \/> <img loading=\"lazy\" decoding=\"async\" class=\"alignleft size-full wp-image-5725\" src=\"https:\/\/italchamber.qc.ca\/wp-content\/uploads\/2024\/10\/DAN_2422-resized.jpg\" alt=\"\" width=\"1500\" height=\"1001\" \/><\/p>\n","protected":false},"excerpt":{"rendered":"<p>La\u00a0Chambre\u00a0de\u00a0commerce\u00a0italienne\u00a0au\u00a0Canada\u00a0vous\u00a0invite\u00a0\u00e0\u00a0un\u00a0cocktail\u00a0d\u00eenatoire\u00a0exclusif\u00a0o\u00f9\u00a0le\u00a0Prosecco\u00a0DOC\u00a0sera\u00a0en\u00a0vedette. D\u00e9couvrez diff\u00e9rentes fa\u00e7ons de consommer le Prosecco DOC \u00e0 la table:\u00a0 \u00e0\u00a0l&rsquo;aperitivo avec\u00a0l&lsquo;entr\u00e9e avec\u00a0le\u00a0plat\u00a0principal au\u00a0dessert Durant la soir\u00e9e, les restaurants de la province qui offriront \u00e0 leurs clients des menus sp\u00e9ciaux accords mets et Prosecco DOC, dans le cadre de la campagne \u00ab\u00a0Ajoutez du p\u00e9tillant \u00e0 votre quotidien\u00ab\u00a0, seront d\u00e9voil\u00e9s.\u00a0 Activit\u00e9 r\u00e9serv\u00e9e aux membres [&hellip;]<\/p>\n","protected":false},"featured_media":8048,"template":"","event_category":[],"class_list":["post-8011","event","type-event","status-publish","has-post-thumbnail","hentry"],"acf":[],"yoast_head":"<!-- This site is optimized with the Yoast SEO plugin v27.4 - https:\/\/yoast.com\/product\/yoast-seo-wordpress\/ -->\n<title>Ajoutez du p\u00e9tillant \u00e0 votre quotidien - ICCC<\/title>\n<meta name=\"robots\" content=\"index, follow, max-snippet:-1, max-image-preview:large, max-video-preview:-1\" \/>\n<link rel=\"canonical\" href=\"https:\/\/italchamber.qc.ca\/fr\/events\/ajoutez-du-petillant-a-votre-quotidien\/\" \/>\n<meta property=\"og:locale\" content=\"fr_FR\" \/>\n<meta property=\"og:type\" content=\"article\" \/>\n<meta property=\"og:title\" content=\"Ajoutez du p\u00e9tillant \u00e0 votre quotidien - ICCC\" \/>\n<meta property=\"og:description\" content=\"La\u00a0Chambre\u00a0de\u00a0commerce\u00a0italienne\u00a0au\u00a0Canada\u00a0vous\u00a0invite\u00a0\u00e0\u00a0un\u00a0cocktail\u00a0d\u00eenatoire\u00a0exclusif\u00a0o\u00f9\u00a0le\u00a0Prosecco\u00a0DOC\u00a0sera\u00a0en\u00a0vedette. D\u00e9couvrez diff\u00e9rentes fa\u00e7ons de consommer le Prosecco DOC \u00e0 la table:\u00a0 \u00e0\u00a0l&rsquo;aperitivo avec\u00a0l&lsquo;entr\u00e9e avec\u00a0le\u00a0plat\u00a0principal au\u00a0dessert Durant la soir\u00e9e, les restaurants de la province qui offriront \u00e0 leurs clients des menus sp\u00e9ciaux accords mets et Prosecco DOC, dans le cadre de la campagne \u00ab\u00a0Ajoutez du p\u00e9tillant \u00e0 votre quotidien\u00ab\u00a0, seront d\u00e9voil\u00e9s.\u00a0 Activit\u00e9 r\u00e9serv\u00e9e aux membres [&hellip;]\" \/>\n<meta property=\"og:url\" content=\"https:\/\/italchamber.qc.ca\/fr\/events\/ajoutez-du-petillant-a-votre-quotidien\/\" \/>\n<meta property=\"og:site_name\" content=\"ICCC\" \/>\n<meta property=\"article:modified_time\" content=\"2024-10-11T18:22:19+00:00\" \/>\n<meta property=\"og:image\" content=\"https:\/\/italchamber.qc.ca\/wp-content\/uploads\/2024\/10\/header-Prosecco-DOC-Resto-Weeks.png\" \/>\n\t<meta property=\"og:image:width\" content=\"767\" \/>\n\t<meta property=\"og:image:height\" content=\"173\" \/>\n\t<meta property=\"og:image:type\" content=\"image\/png\" \/>\n<meta name=\"twitter:card\" content=\"summary_large_image\" \/>\n<meta name=\"twitter:label1\" content=\"Dur\u00e9e de lecture estim\u00e9e\" \/>\n\t<meta name=\"twitter:data1\" content=\"1 minute\" \/>\n<script type=\"application\/ld+json\" class=\"yoast-schema-graph\">{\"@context\":\"https:\\\/\\\/schema.org\",\"@graph\":[{\"@type\":\"WebPage\",\"@id\":\"https:\\\/\\\/italchamber.qc.ca\\\/fr\\\/events\\\/ajoutez-du-petillant-a-votre-quotidien\\\/\",\"url\":\"https:\\\/\\\/italchamber.qc.ca\\\/fr\\\/events\\\/ajoutez-du-petillant-a-votre-quotidien\\\/\",\"name\":\"Ajoutez du p\u00e9tillant \u00e0 votre quotidien - ICCC\",\"isPartOf\":{\"@id\":\"https:\\\/\\\/italchamber.qc.ca\\\/fr\\\/#website\"},\"primaryImageOfPage\":{\"@id\":\"https:\\\/\\\/italchamber.qc.ca\\\/fr\\\/events\\\/ajoutez-du-petillant-a-votre-quotidien\\\/#primaryimage\"},\"image\":{\"@id\":\"https:\\\/\\\/italchamber.qc.ca\\\/fr\\\/events\\\/ajoutez-du-petillant-a-votre-quotidien\\\/#primaryimage\"},\"thumbnailUrl\":\"https:\\\/\\\/italchamber.qc.ca\\\/wp-content\\\/uploads\\\/2024\\\/10\\\/header-Prosecco-DOC-Resto-Weeks.png\",\"datePublished\":\"2018-11-21T16:42:40+00:00\",\"dateModified\":\"2024-10-11T18:22:19+00:00\",\"breadcrumb\":{\"@id\":\"https:\\\/\\\/italchamber.qc.ca\\\/fr\\\/events\\\/ajoutez-du-petillant-a-votre-quotidien\\\/#breadcrumb\"},\"inLanguage\":\"fr-FR\",\"potentialAction\":[{\"@type\":\"ReadAction\",\"target\":[\"https:\\\/\\\/italchamber.qc.ca\\\/fr\\\/events\\\/ajoutez-du-petillant-a-votre-quotidien\\\/\"]}]},{\"@type\":\"ImageObject\",\"inLanguage\":\"fr-FR\",\"@id\":\"https:\\\/\\\/italchamber.qc.ca\\\/fr\\\/events\\\/ajoutez-du-petillant-a-votre-quotidien\\\/#primaryimage\",\"url\":\"https:\\\/\\\/italchamber.qc.ca\\\/wp-content\\\/uploads\\\/2024\\\/10\\\/header-Prosecco-DOC-Resto-Weeks.png\",\"contentUrl\":\"https:\\\/\\\/italchamber.qc.ca\\\/wp-content\\\/uploads\\\/2024\\\/10\\\/header-Prosecco-DOC-Resto-Weeks.png\",\"width\":767,\"height\":173},{\"@type\":\"BreadcrumbList\",\"@id\":\"https:\\\/\\\/italchamber.qc.ca\\\/fr\\\/events\\\/ajoutez-du-petillant-a-votre-quotidien\\\/#breadcrumb\",\"itemListElement\":[{\"@type\":\"ListItem\",\"position\":1,\"name\":\"Home\",\"item\":\"https:\\\/\\\/italchamber.qc.ca\\\/fr\\\/accueil\\\/\"},{\"@type\":\"ListItem\",\"position\":2,\"name\":\"Events\",\"item\":\"https:\\\/\\\/italchamber.qc.ca\\\/fr\\\/events\\\/\"},{\"@type\":\"ListItem\",\"position\":3,\"name\":\"Ajoutez du p\u00e9tillant \u00e0 votre quotidien\"}]},{\"@type\":\"WebSite\",\"@id\":\"https:\\\/\\\/italchamber.qc.ca\\\/fr\\\/#website\",\"url\":\"https:\\\/\\\/italchamber.qc.ca\\\/fr\\\/\",\"name\":\"ICCC\",\"description\":\"Italian Chamber of Commerce in Canada\",\"publisher\":{\"@id\":\"https:\\\/\\\/italchamber.qc.ca\\\/fr\\\/#organization\"},\"potentialAction\":[{\"@type\":\"SearchAction\",\"target\":{\"@type\":\"EntryPoint\",\"urlTemplate\":\"https:\\\/\\\/italchamber.qc.ca\\\/fr\\\/?s={search_term_string}\"},\"query-input\":{\"@type\":\"PropertyValueSpecification\",\"valueRequired\":true,\"valueName\":\"search_term_string\"}}],\"inLanguage\":\"fr-FR\"},{\"@type\":\"Organization\",\"@id\":\"https:\\\/\\\/italchamber.qc.ca\\\/fr\\\/#organization\",\"name\":\"ICCC\",\"url\":\"https:\\\/\\\/italchamber.qc.ca\\\/fr\\\/\",\"logo\":{\"@type\":\"ImageObject\",\"inLanguage\":\"fr-FR\",\"@id\":\"https:\\\/\\\/italchamber.qc.ca\\\/fr\\\/#\\\/schema\\\/logo\\\/image\\\/\",\"url\":\"https:\\\/\\\/italchamber.qc.ca\\\/wp-content\\\/uploads\\\/2025\\\/05\\\/ICCC-Logo-French.svg\",\"contentUrl\":\"https:\\\/\\\/italchamber.qc.ca\\\/wp-content\\\/uploads\\\/2025\\\/05\\\/ICCC-Logo-French.svg\",\"caption\":\"ICCC\"},\"image\":{\"@id\":\"https:\\\/\\\/italchamber.qc.ca\\\/fr\\\/#\\\/schema\\\/logo\\\/image\\\/\"}}]}<\/script>\n<!-- \/ Yoast SEO plugin. -->","yoast_head_json":{"title":"Ajoutez du p\u00e9tillant \u00e0 votre quotidien - ICCC","robots":{"index":"index","follow":"follow","max-snippet":"max-snippet:-1","max-image-preview":"max-image-preview:large","max-video-preview":"max-video-preview:-1"},"canonical":"https:\/\/italchamber.qc.ca\/fr\/events\/ajoutez-du-petillant-a-votre-quotidien\/","og_locale":"fr_FR","og_type":"article","og_title":"Ajoutez du p\u00e9tillant \u00e0 votre quotidien - ICCC","og_description":"La\u00a0Chambre\u00a0de\u00a0commerce\u00a0italienne\u00a0au\u00a0Canada\u00a0vous\u00a0invite\u00a0\u00e0\u00a0un\u00a0cocktail\u00a0d\u00eenatoire\u00a0exclusif\u00a0o\u00f9\u00a0le\u00a0Prosecco\u00a0DOC\u00a0sera\u00a0en\u00a0vedette. D\u00e9couvrez diff\u00e9rentes fa\u00e7ons de consommer le Prosecco DOC \u00e0 la table:\u00a0 \u00e0\u00a0l&rsquo;aperitivo avec\u00a0l&lsquo;entr\u00e9e avec\u00a0le\u00a0plat\u00a0principal au\u00a0dessert Durant la soir\u00e9e, les restaurants de la province qui offriront \u00e0 leurs clients des menus sp\u00e9ciaux accords mets et Prosecco DOC, dans le cadre de la campagne \u00ab\u00a0Ajoutez du p\u00e9tillant \u00e0 votre quotidien\u00ab\u00a0, seront d\u00e9voil\u00e9s.\u00a0 Activit\u00e9 r\u00e9serv\u00e9e aux membres [&hellip;]","og_url":"https:\/\/italchamber.qc.ca\/fr\/events\/ajoutez-du-petillant-a-votre-quotidien\/","og_site_name":"ICCC","article_modified_time":"2024-10-11T18:22:19+00:00","og_image":[{"width":767,"height":173,"url":"https:\/\/italchamber.qc.ca\/wp-content\/uploads\/2024\/10\/header-Prosecco-DOC-Resto-Weeks.png","type":"image\/png"}],"twitter_card":"summary_large_image","twitter_misc":{"Dur\u00e9e de lecture estim\u00e9e":"1 minute"},"schema":{"@context":"https:\/\/schema.org","@graph":[{"@type":"WebPage","@id":"https:\/\/italchamber.qc.ca\/fr\/events\/ajoutez-du-petillant-a-votre-quotidien\/","url":"https:\/\/italchamber.qc.ca\/fr\/events\/ajoutez-du-petillant-a-votre-quotidien\/","name":"Ajoutez du p\u00e9tillant \u00e0 votre quotidien - ICCC","isPartOf":{"@id":"https:\/\/italchamber.qc.ca\/fr\/#website"},"primaryImageOfPage":{"@id":"https:\/\/italchamber.qc.ca\/fr\/events\/ajoutez-du-petillant-a-votre-quotidien\/#primaryimage"},"image":{"@id":"https:\/\/italchamber.qc.ca\/fr\/events\/ajoutez-du-petillant-a-votre-quotidien\/#primaryimage"},"thumbnailUrl":"https:\/\/italchamber.qc.ca\/wp-content\/uploads\/2024\/10\/header-Prosecco-DOC-Resto-Weeks.png","datePublished":"2018-11-21T16:42:40+00:00","dateModified":"2024-10-11T18:22:19+00:00","breadcrumb":{"@id":"https:\/\/italchamber.qc.ca\/fr\/events\/ajoutez-du-petillant-a-votre-quotidien\/#breadcrumb"},"inLanguage":"fr-FR","potentialAction":[{"@type":"ReadAction","target":["https:\/\/italchamber.qc.ca\/fr\/events\/ajoutez-du-petillant-a-votre-quotidien\/"]}]},{"@type":"ImageObject","inLanguage":"fr-FR","@id":"https:\/\/italchamber.qc.ca\/fr\/events\/ajoutez-du-petillant-a-votre-quotidien\/#primaryimage","url":"https:\/\/italchamber.qc.ca\/wp-content\/uploads\/2024\/10\/header-Prosecco-DOC-Resto-Weeks.png","contentUrl":"https:\/\/italchamber.qc.ca\/wp-content\/uploads\/2024\/10\/header-Prosecco-DOC-Resto-Weeks.png","width":767,"height":173},{"@type":"BreadcrumbList","@id":"https:\/\/italchamber.qc.ca\/fr\/events\/ajoutez-du-petillant-a-votre-quotidien\/#breadcrumb","itemListElement":[{"@type":"ListItem","position":1,"name":"Home","item":"https:\/\/italchamber.qc.ca\/fr\/accueil\/"},{"@type":"ListItem","position":2,"name":"Events","item":"https:\/\/italchamber.qc.ca\/fr\/events\/"},{"@type":"ListItem","position":3,"name":"Ajoutez du p\u00e9tillant \u00e0 votre quotidien"}]},{"@type":"WebSite","@id":"https:\/\/italchamber.qc.ca\/fr\/#website","url":"https:\/\/italchamber.qc.ca\/fr\/","name":"ICCC","description":"Italian Chamber of Commerce in Canada","publisher":{"@id":"https:\/\/italchamber.qc.ca\/fr\/#organization"},"potentialAction":[{"@type":"SearchAction","target":{"@type":"EntryPoint","urlTemplate":"https:\/\/italchamber.qc.ca\/fr\/?s={search_term_string}"},"query-input":{"@type":"PropertyValueSpecification","valueRequired":true,"valueName":"search_term_string"}}],"inLanguage":"fr-FR"},{"@type":"Organization","@id":"https:\/\/italchamber.qc.ca\/fr\/#organization","name":"ICCC","url":"https:\/\/italchamber.qc.ca\/fr\/","logo":{"@type":"ImageObject","inLanguage":"fr-FR","@id":"https:\/\/italchamber.qc.ca\/fr\/#\/schema\/logo\/image\/","url":"https:\/\/italchamber.qc.ca\/wp-content\/uploads\/2025\/05\/ICCC-Logo-French.svg","contentUrl":"https:\/\/italchamber.qc.ca\/wp-content\/uploads\/2025\/05\/ICCC-Logo-French.svg","caption":"ICCC"},"image":{"@id":"https:\/\/italchamber.qc.ca\/fr\/#\/schema\/logo\/image\/"}}]}},"_links":{"self":[{"href":"https:\/\/italchamber.qc.ca\/fr\/wp-json\/wp\/v2\/event\/8011","targetHints":{"allow":["GET"]}}],"collection":[{"href":"https:\/\/italchamber.qc.ca\/fr\/wp-json\/wp\/v2\/event"}],"about":[{"href":"https:\/\/italchamber.qc.ca\/fr\/wp-json\/wp\/v2\/types\/event"}],"version-history":[{"count":0,"href":"https:\/\/italchamber.qc.ca\/fr\/wp-json\/wp\/v2\/event\/8011\/revisions"}],"wp:featuredmedia":[{"embeddable":true,"href":"https:\/\/italchamber.qc.ca\/fr\/wp-json\/wp\/v2\/media\/8048"}],"wp:attachment":[{"href":"https:\/\/italchamber.qc.ca\/fr\/wp-json\/wp\/v2\/media?parent=8011"}],"wp:term":[{"taxonomy":"event_category","embeddable":true,"href":"https:\/\/italchamber.qc.ca\/fr\/wp-json\/wp\/v2\/event_category?post=8011"}],"curies":[{"name":"wp","href":"https:\/\/api.w.org\/{rel}","templated":true}]}}