{"id":7778,"date":"2018-04-18T13:52:01","date_gmt":"2018-04-18T13:52:01","guid":{"rendered":"https:\/\/italchamber.qc.ca\/events\/petit-dejeuner-reseautage-connaissez-vous-les-opportunites-daffaires-en-italie\/"},"modified":"2024-10-11T18:18:16","modified_gmt":"2024-10-11T18:18:16","slug":"petit-dejeuner-reseautage-connaissez-vous-les-opportunites-daffaires-en-italie","status":"publish","type":"event","link":"https:\/\/italchamber.qc.ca\/fr\/events\/petit-dejeuner-reseautage-connaissez-vous-les-opportunites-daffaires-en-italie\/","title":{"rendered":"Petit-d\u00e9jeuner r\u00e9seautage : Connaissez-vous les opportunit\u00e9s d&rsquo;affaires en Italie?"},"content":{"rendered":"<p><span style=\"color: #000000;\">Le <strong>Minist\u00e8re de l\u2019\u00c9conomie, de la Science et de l\u2019Innovation<\/strong><strong>,<\/strong> par l\u2019entremise de sa division\u00a0<strong>Export Qu\u00e9bec<\/strong> et en collaboration avec la Chambre de commerce italienne du Canada, vous invitent \u00e0 un petit-d\u00e9jeuner portant sur les <strong>opportunit\u00e9s d&rsquo;affaires en Italie.<\/strong><\/span><\/p>\n<p><img decoding=\"async\" class=\"wp-image-3233 alignleft\" src=\"https:\/\/italchamber.qc.ca\/wp-content\/uploads\/2024\/10\/marianna.jpg\" alt=\"\" width=\"200\" height=\"200\" \/><\/p>\n<p>&nbsp;<\/p>\n<p><span style=\"color: #000000;\"><strong>Marianna Simeone<\/strong>,\u00a0D\u00e9l\u00e9gu\u00e9e du Qu\u00e9bec \u00e0 Rome, et des repr\u00e9sentants d\u2019Export Qu\u00e9bec vous pr\u00e9senteront les opportunit\u00e9s d\u2019affaires en Italie.<\/span><\/p>\n<p><span style=\"color: #000000;\">Venez en apprendre plus sur la culture d\u2019affaire en Italie, son tissu industriel et sur comment l\u2019AECG donne un avantage concurrentiel et permet aux entreprises qu\u00e9b\u00e9coises d\u2019acc\u00e9der \u00e0 ce march\u00e9.\u00a0<\/span><\/p>\n<p>&nbsp;<\/p>\n<p style=\"text-align: left;\"><span style=\"color: #0000ff;\"><strong>T\u00e9moignages<\/strong><\/span><\/p>\n<p><span style=\"color: #000000;\">Venez rencontrer 2 repr\u00e9sentants d\u2019entreprises\u00a0 qui partageront leur exp\u00e9rience sur le march\u00e9 italien et vous feront part de leurs bonnes pratiques et de leurs d\u00e9fis.<\/span><\/p>\n<p><span style=\"color: #000000;\"> \u00a0&#8211; Jean-Pierre G\u00e9n\u00e9reux, Vice-Pr\u00e9sident Environnements de marque et Vice-Pr\u00e9sident <\/span><br \/>\n<span style=\"color: #000000;\"> \u00a0 \u00a0 par Interim,\u00a0Europe chez <a style=\"color: #000000;\" href=\"https:\/\/www.aldoshoes.com\/ca\/fr\"><strong>Aldo<\/strong><\/a><\/span><\/p>\n<p><span style=\"color: #000000;\"> \u00a0&#8211; Jean-Philippe Robert, pr\u00e9sident de <a style=\"color: #000000;\" href=\"https:\/\/ca-fr.quartz-co.ca\/\"><strong>Quartz Co<\/strong><\/a><strong>\u00a0 \u00a0<\/strong><\/span><\/p>\n<p style=\"text-align: center;\"><span style=\"color: #0000ff;\"><a style=\"color: #0000ff;\" href=\"mailto:russo.montreal@italchamber.qc.ca\"><strong>Inscrivez-vous!<\/strong><\/a><\/span><\/p>\n<p><span style=\"color: #000000;\"><span style=\"color: #0000ff;\"><strong>Date:<\/strong><\/span>\u00a0Lundi, le 7 mai 2018<\/span><\/p>\n<p><span style=\"color: #000000;\"><strong><span style=\"color: #0000ff;\">Heure:<\/span><\/strong> 8h00 \u00e0 10h00<\/span><\/p>\n<p><span style=\"color: #000000;\"><span style=\"color: #0000ff;\"><strong>Lieu<\/strong><\/span><strong>:<\/strong> ITHQ &#8211;\u00a03535, St-Denis, 5e \u00e9tage,\u00a0Montr\u00e9al H2X 3P1<\/span><\/p>\n<p><span style=\"color: #000000;\"><span style=\"color: #0000ff;\"><strong>Co\u00fbt:<\/strong><\/span> Gratuit &#8211; Inscription obligatoire &#8211; <a style=\"color: #000000;\" href=\"mailto:russo.montreal@italchamber.qc.ca\">russo.montreal@italchamber.qc.ca<\/a><\/span><\/p>\n","protected":false},"excerpt":{"rendered":"<p>Le Minist\u00e8re de l\u2019\u00c9conomie, de la Science et de l\u2019Innovation, par l\u2019entremise de sa division\u00a0Export Qu\u00e9bec et en collaboration avec la Chambre de commerce italienne du Canada, vous invitent \u00e0 un petit-d\u00e9jeuner portant sur les opportunit\u00e9s d&rsquo;affaires en Italie. &nbsp; Marianna Simeone,\u00a0D\u00e9l\u00e9gu\u00e9e du Qu\u00e9bec \u00e0 Rome, et des repr\u00e9sentants d\u2019Export Qu\u00e9bec vous pr\u00e9senteront les opportunit\u00e9s [&hellip;]<\/p>\n","protected":false},"featured_media":3828,"template":"","event_category":[],"class_list":["post-7778","event","type-event","status-publish","has-post-thumbnail","hentry"],"acf":[],"yoast_head":"<!-- This site is optimized with the Yoast SEO plugin v27.4 - https:\/\/yoast.com\/product\/yoast-seo-wordpress\/ -->\n<title>Petit-d\u00e9jeuner r\u00e9seautage : Connaissez-vous les opportunit\u00e9s d&#039;affaires en Italie? - ICCC<\/title>\n<meta name=\"robots\" content=\"index, follow, max-snippet:-1, max-image-preview:large, max-video-preview:-1\" \/>\n<link rel=\"canonical\" href=\"https:\/\/italchamber.qc.ca\/fr\/events\/petit-dejeuner-reseautage-connaissez-vous-les-opportunites-daffaires-en-italie\/\" \/>\n<meta property=\"og:locale\" content=\"fr_FR\" \/>\n<meta property=\"og:type\" content=\"article\" \/>\n<meta property=\"og:title\" content=\"Petit-d\u00e9jeuner r\u00e9seautage : Connaissez-vous les opportunit\u00e9s d&#039;affaires en Italie? - ICCC\" \/>\n<meta property=\"og:description\" content=\"Le Minist\u00e8re de l\u2019\u00c9conomie, de la Science et de l\u2019Innovation, par l\u2019entremise de sa division\u00a0Export Qu\u00e9bec et en collaboration avec la Chambre de commerce italienne du Canada, vous invitent \u00e0 un petit-d\u00e9jeuner portant sur les opportunit\u00e9s d&rsquo;affaires en Italie. &nbsp; Marianna Simeone,\u00a0D\u00e9l\u00e9gu\u00e9e du Qu\u00e9bec \u00e0 Rome, et des repr\u00e9sentants d\u2019Export Qu\u00e9bec vous pr\u00e9senteront les opportunit\u00e9s [&hellip;]\" \/>\n<meta property=\"og:url\" content=\"https:\/\/italchamber.qc.ca\/fr\/events\/petit-dejeuner-reseautage-connaissez-vous-les-opportunites-daffaires-en-italie\/\" \/>\n<meta property=\"og:site_name\" content=\"ICCC\" \/>\n<meta property=\"article:modified_time\" content=\"2024-10-11T18:18:16+00:00\" \/>\n<meta property=\"og:image\" content=\"https:\/\/italchamber.qc.ca\/wp-content\/uploads\/2024\/10\/7-mai-eflyer-3.png\" \/>\n\t<meta property=\"og:image:width\" content=\"860\" \/>\n\t<meta property=\"og:image:height\" content=\"315\" \/>\n\t<meta property=\"og:image:type\" content=\"image\/png\" \/>\n<meta name=\"twitter:card\" content=\"summary_large_image\" \/>\n<meta name=\"twitter:label1\" content=\"Dur\u00e9e de lecture estim\u00e9e\" \/>\n\t<meta name=\"twitter:data1\" content=\"1 minute\" \/>\n<script type=\"application\/ld+json\" class=\"yoast-schema-graph\">{\"@context\":\"https:\\\/\\\/schema.org\",\"@graph\":[{\"@type\":\"WebPage\",\"@id\":\"https:\\\/\\\/italchamber.qc.ca\\\/fr\\\/events\\\/petit-dejeuner-reseautage-connaissez-vous-les-opportunites-daffaires-en-italie\\\/\",\"url\":\"https:\\\/\\\/italchamber.qc.ca\\\/fr\\\/events\\\/petit-dejeuner-reseautage-connaissez-vous-les-opportunites-daffaires-en-italie\\\/\",\"name\":\"Petit-d\u00e9jeuner r\u00e9seautage : Connaissez-vous les opportunit\u00e9s d'affaires en Italie? - ICCC\",\"isPartOf\":{\"@id\":\"https:\\\/\\\/italchamber.qc.ca\\\/fr\\\/#website\"},\"primaryImageOfPage\":{\"@id\":\"https:\\\/\\\/italchamber.qc.ca\\\/fr\\\/events\\\/petit-dejeuner-reseautage-connaissez-vous-les-opportunites-daffaires-en-italie\\\/#primaryimage\"},\"image\":{\"@id\":\"https:\\\/\\\/italchamber.qc.ca\\\/fr\\\/events\\\/petit-dejeuner-reseautage-connaissez-vous-les-opportunites-daffaires-en-italie\\\/#primaryimage\"},\"thumbnailUrl\":\"https:\\\/\\\/italchamber.qc.ca\\\/wp-content\\\/uploads\\\/2024\\\/10\\\/7-mai-eflyer-3.png\",\"datePublished\":\"2018-04-18T13:52:01+00:00\",\"dateModified\":\"2024-10-11T18:18:16+00:00\",\"breadcrumb\":{\"@id\":\"https:\\\/\\\/italchamber.qc.ca\\\/fr\\\/events\\\/petit-dejeuner-reseautage-connaissez-vous-les-opportunites-daffaires-en-italie\\\/#breadcrumb\"},\"inLanguage\":\"fr-FR\",\"potentialAction\":[{\"@type\":\"ReadAction\",\"target\":[\"https:\\\/\\\/italchamber.qc.ca\\\/fr\\\/events\\\/petit-dejeuner-reseautage-connaissez-vous-les-opportunites-daffaires-en-italie\\\/\"]}]},{\"@type\":\"ImageObject\",\"inLanguage\":\"fr-FR\",\"@id\":\"https:\\\/\\\/italchamber.qc.ca\\\/fr\\\/events\\\/petit-dejeuner-reseautage-connaissez-vous-les-opportunites-daffaires-en-italie\\\/#primaryimage\",\"url\":\"https:\\\/\\\/italchamber.qc.ca\\\/wp-content\\\/uploads\\\/2024\\\/10\\\/7-mai-eflyer-3.png\",\"contentUrl\":\"https:\\\/\\\/italchamber.qc.ca\\\/wp-content\\\/uploads\\\/2024\\\/10\\\/7-mai-eflyer-3.png\",\"width\":860,\"height\":315},{\"@type\":\"BreadcrumbList\",\"@id\":\"https:\\\/\\\/italchamber.qc.ca\\\/fr\\\/events\\\/petit-dejeuner-reseautage-connaissez-vous-les-opportunites-daffaires-en-italie\\\/#breadcrumb\",\"itemListElement\":[{\"@type\":\"ListItem\",\"position\":1,\"name\":\"Home\",\"item\":\"https:\\\/\\\/italchamber.qc.ca\\\/fr\\\/accueil\\\/\"},{\"@type\":\"ListItem\",\"position\":2,\"name\":\"Events\",\"item\":\"https:\\\/\\\/italchamber.qc.ca\\\/fr\\\/events\\\/\"},{\"@type\":\"ListItem\",\"position\":3,\"name\":\"Petit-d\u00e9jeuner r\u00e9seautage : Connaissez-vous les opportunit\u00e9s d&#8217;affaires en Italie?\"}]},{\"@type\":\"WebSite\",\"@id\":\"https:\\\/\\\/italchamber.qc.ca\\\/fr\\\/#website\",\"url\":\"https:\\\/\\\/italchamber.qc.ca\\\/fr\\\/\",\"name\":\"ICCC\",\"description\":\"Italian Chamber of Commerce in Canada\",\"publisher\":{\"@id\":\"https:\\\/\\\/italchamber.qc.ca\\\/fr\\\/#organization\"},\"potentialAction\":[{\"@type\":\"SearchAction\",\"target\":{\"@type\":\"EntryPoint\",\"urlTemplate\":\"https:\\\/\\\/italchamber.qc.ca\\\/fr\\\/?s={search_term_string}\"},\"query-input\":{\"@type\":\"PropertyValueSpecification\",\"valueRequired\":true,\"valueName\":\"search_term_string\"}}],\"inLanguage\":\"fr-FR\"},{\"@type\":\"Organization\",\"@id\":\"https:\\\/\\\/italchamber.qc.ca\\\/fr\\\/#organization\",\"name\":\"ICCC\",\"url\":\"https:\\\/\\\/italchamber.qc.ca\\\/fr\\\/\",\"logo\":{\"@type\":\"ImageObject\",\"inLanguage\":\"fr-FR\",\"@id\":\"https:\\\/\\\/italchamber.qc.ca\\\/fr\\\/#\\\/schema\\\/logo\\\/image\\\/\",\"url\":\"https:\\\/\\\/italchamber.qc.ca\\\/wp-content\\\/uploads\\\/2025\\\/05\\\/ICCC-Logo-French.svg\",\"contentUrl\":\"https:\\\/\\\/italchamber.qc.ca\\\/wp-content\\\/uploads\\\/2025\\\/05\\\/ICCC-Logo-French.svg\",\"caption\":\"ICCC\"},\"image\":{\"@id\":\"https:\\\/\\\/italchamber.qc.ca\\\/fr\\\/#\\\/schema\\\/logo\\\/image\\\/\"}}]}<\/script>\n<!-- \/ Yoast SEO plugin. -->","yoast_head_json":{"title":"Petit-d\u00e9jeuner r\u00e9seautage : Connaissez-vous les opportunit\u00e9s d'affaires en Italie? - ICCC","robots":{"index":"index","follow":"follow","max-snippet":"max-snippet:-1","max-image-preview":"max-image-preview:large","max-video-preview":"max-video-preview:-1"},"canonical":"https:\/\/italchamber.qc.ca\/fr\/events\/petit-dejeuner-reseautage-connaissez-vous-les-opportunites-daffaires-en-italie\/","og_locale":"fr_FR","og_type":"article","og_title":"Petit-d\u00e9jeuner r\u00e9seautage : Connaissez-vous les opportunit\u00e9s d'affaires en Italie? - ICCC","og_description":"Le Minist\u00e8re de l\u2019\u00c9conomie, de la Science et de l\u2019Innovation, par l\u2019entremise de sa division\u00a0Export Qu\u00e9bec et en collaboration avec la Chambre de commerce italienne du Canada, vous invitent \u00e0 un petit-d\u00e9jeuner portant sur les opportunit\u00e9s d&rsquo;affaires en Italie. &nbsp; Marianna Simeone,\u00a0D\u00e9l\u00e9gu\u00e9e du Qu\u00e9bec \u00e0 Rome, et des repr\u00e9sentants d\u2019Export Qu\u00e9bec vous pr\u00e9senteront les opportunit\u00e9s [&hellip;]","og_url":"https:\/\/italchamber.qc.ca\/fr\/events\/petit-dejeuner-reseautage-connaissez-vous-les-opportunites-daffaires-en-italie\/","og_site_name":"ICCC","article_modified_time":"2024-10-11T18:18:16+00:00","og_image":[{"width":860,"height":315,"url":"https:\/\/italchamber.qc.ca\/wp-content\/uploads\/2024\/10\/7-mai-eflyer-3.png","type":"image\/png"}],"twitter_card":"summary_large_image","twitter_misc":{"Dur\u00e9e de lecture estim\u00e9e":"1 minute"},"schema":{"@context":"https:\/\/schema.org","@graph":[{"@type":"WebPage","@id":"https:\/\/italchamber.qc.ca\/fr\/events\/petit-dejeuner-reseautage-connaissez-vous-les-opportunites-daffaires-en-italie\/","url":"https:\/\/italchamber.qc.ca\/fr\/events\/petit-dejeuner-reseautage-connaissez-vous-les-opportunites-daffaires-en-italie\/","name":"Petit-d\u00e9jeuner r\u00e9seautage : Connaissez-vous les opportunit\u00e9s d'affaires en Italie? - ICCC","isPartOf":{"@id":"https:\/\/italchamber.qc.ca\/fr\/#website"},"primaryImageOfPage":{"@id":"https:\/\/italchamber.qc.ca\/fr\/events\/petit-dejeuner-reseautage-connaissez-vous-les-opportunites-daffaires-en-italie\/#primaryimage"},"image":{"@id":"https:\/\/italchamber.qc.ca\/fr\/events\/petit-dejeuner-reseautage-connaissez-vous-les-opportunites-daffaires-en-italie\/#primaryimage"},"thumbnailUrl":"https:\/\/italchamber.qc.ca\/wp-content\/uploads\/2024\/10\/7-mai-eflyer-3.png","datePublished":"2018-04-18T13:52:01+00:00","dateModified":"2024-10-11T18:18:16+00:00","breadcrumb":{"@id":"https:\/\/italchamber.qc.ca\/fr\/events\/petit-dejeuner-reseautage-connaissez-vous-les-opportunites-daffaires-en-italie\/#breadcrumb"},"inLanguage":"fr-FR","potentialAction":[{"@type":"ReadAction","target":["https:\/\/italchamber.qc.ca\/fr\/events\/petit-dejeuner-reseautage-connaissez-vous-les-opportunites-daffaires-en-italie\/"]}]},{"@type":"ImageObject","inLanguage":"fr-FR","@id":"https:\/\/italchamber.qc.ca\/fr\/events\/petit-dejeuner-reseautage-connaissez-vous-les-opportunites-daffaires-en-italie\/#primaryimage","url":"https:\/\/italchamber.qc.ca\/wp-content\/uploads\/2024\/10\/7-mai-eflyer-3.png","contentUrl":"https:\/\/italchamber.qc.ca\/wp-content\/uploads\/2024\/10\/7-mai-eflyer-3.png","width":860,"height":315},{"@type":"BreadcrumbList","@id":"https:\/\/italchamber.qc.ca\/fr\/events\/petit-dejeuner-reseautage-connaissez-vous-les-opportunites-daffaires-en-italie\/#breadcrumb","itemListElement":[{"@type":"ListItem","position":1,"name":"Home","item":"https:\/\/italchamber.qc.ca\/fr\/accueil\/"},{"@type":"ListItem","position":2,"name":"Events","item":"https:\/\/italchamber.qc.ca\/fr\/events\/"},{"@type":"ListItem","position":3,"name":"Petit-d\u00e9jeuner r\u00e9seautage : Connaissez-vous les opportunit\u00e9s d&#8217;affaires en Italie?"}]},{"@type":"WebSite","@id":"https:\/\/italchamber.qc.ca\/fr\/#website","url":"https:\/\/italchamber.qc.ca\/fr\/","name":"ICCC","description":"Italian Chamber of Commerce in Canada","publisher":{"@id":"https:\/\/italchamber.qc.ca\/fr\/#organization"},"potentialAction":[{"@type":"SearchAction","target":{"@type":"EntryPoint","urlTemplate":"https:\/\/italchamber.qc.ca\/fr\/?s={search_term_string}"},"query-input":{"@type":"PropertyValueSpecification","valueRequired":true,"valueName":"search_term_string"}}],"inLanguage":"fr-FR"},{"@type":"Organization","@id":"https:\/\/italchamber.qc.ca\/fr\/#organization","name":"ICCC","url":"https:\/\/italchamber.qc.ca\/fr\/","logo":{"@type":"ImageObject","inLanguage":"fr-FR","@id":"https:\/\/italchamber.qc.ca\/fr\/#\/schema\/logo\/image\/","url":"https:\/\/italchamber.qc.ca\/wp-content\/uploads\/2025\/05\/ICCC-Logo-French.svg","contentUrl":"https:\/\/italchamber.qc.ca\/wp-content\/uploads\/2025\/05\/ICCC-Logo-French.svg","caption":"ICCC"},"image":{"@id":"https:\/\/italchamber.qc.ca\/fr\/#\/schema\/logo\/image\/"}}]}},"_links":{"self":[{"href":"https:\/\/italchamber.qc.ca\/fr\/wp-json\/wp\/v2\/event\/7778","targetHints":{"allow":["GET"]}}],"collection":[{"href":"https:\/\/italchamber.qc.ca\/fr\/wp-json\/wp\/v2\/event"}],"about":[{"href":"https:\/\/italchamber.qc.ca\/fr\/wp-json\/wp\/v2\/types\/event"}],"version-history":[{"count":0,"href":"https:\/\/italchamber.qc.ca\/fr\/wp-json\/wp\/v2\/event\/7778\/revisions"}],"wp:featuredmedia":[{"embeddable":true,"href":"https:\/\/italchamber.qc.ca\/fr\/wp-json\/wp\/v2\/media\/3828"}],"wp:attachment":[{"href":"https:\/\/italchamber.qc.ca\/fr\/wp-json\/wp\/v2\/media?parent=7778"}],"wp:term":[{"taxonomy":"event_category","embeddable":true,"href":"https:\/\/italchamber.qc.ca\/fr\/wp-json\/wp\/v2\/event_category?post=7778"}],"curies":[{"name":"wp","href":"https:\/\/api.w.org\/{rel}","templated":true}]}}