{"id":7750,"date":"2018-03-19T21:24:38","date_gmt":"2018-03-19T21:24:38","guid":{"rendered":"https:\/\/italchamber.qc.ca\/events\/la-releve-dentreprise-les-cles-dune-releve-reussie\/"},"modified":"2024-10-11T18:18:05","modified_gmt":"2024-10-11T18:18:05","slug":"la-releve-dentreprise-les-cles-dune-releve-reussie","status":"publish","type":"event","link":"https:\/\/italchamber.qc.ca\/fr\/events\/la-releve-dentreprise-les-cles-dune-releve-reussie\/","title":{"rendered":"La Rel\u00e8ve d\u2019entreprise : les cl\u00e9s d\u2019une rel\u00e8ve r\u00e9ussie"},"content":{"rendered":"<p><span style=\"color: #000000;\">La Chambre de Commerce italienne au Canada organise un atelier autour du th\u00e8me de la rel\u00e8ve entrepreneuriale, en collaboration avec le Centre de Transfert d\u2019Entreprise du Qu\u00e9bec (CTEQ), Amplio Strat\u00e9gies, la John Molson School of Business, et en partenariat avec RBC Banque Royale et Dentons.<\/span><\/p>\n<p><span style=\"color: #000000;\"> Venez entendre des t\u00e9moignages captivants de c\u00e9dants et repreneurs sur leurs exp\u00e9riences de rel\u00e8ve, l\u2019aspect humain et \u00e9motif d\u2019un transfert, ainsi que leurs conseils et r\u00f4le de l\u2019internationalisation dans la p\u00e9rennit\u00e9 de leurs activit\u00e9s.<\/span><\/p>\n<p><strong><span style=\"color: #993366;\">Assister \u00e0 cette conf\u00e9rence vous permettra:<\/span><\/strong><\/p>\n<ul>\n<li><span style=\"color: #000000;\">Acc\u00e9der et \u00e9changer avec un r\u00e9seau riche d\u2019entrepreneurs, experts et invit\u00e9s sur la rel\u00e8ve<\/span><\/li>\n<li><span style=\"color: #000000;\">\u00c9changer sur les enjeux importants avant de d\u00e9buter un processus de transfert d\u2019entreprise<\/span><\/li>\n<li><span style=\"color: #000000;\">D\u00e9couvrir les dynamiques humaines pr\u00e9sentes \u00e0 la fois chez le repreneur et le c\u00e9dant<\/span><\/li>\n<li><span style=\"color: #000000;\">D\u00e9mystifier les mod\u00e8les de transfert d\u2019entreprise et comment ils se vivent en pratique<\/span><\/li>\n<li><span style=\"color: #000000;\">Conna\u00eetre les bonnes pratiques professionnelles en mati\u00e8re de droit, fiscalit\u00e9, RH et financement<\/span><\/li>\n<\/ul>\n<p><span style=\"color: #000000;\">Un panel d\u2019entrepreneurs sera anim\u00e9 par Genevi\u00e8ve Desautels, Pr\u00e9sidente d\u2019Amplio Strat\u00e9gies, et Vincent Lecorne, PDG du Centre de Transfert d\u2019Entreprise du Qu\u00e9bec (CTEQ).<\/span><\/p>\n<p><strong><span style=\"color: #993366;\">Cette activit\u00e9 d&rsquo;adresse aux:<\/span><\/strong><\/p>\n<ul>\n<li><span style=\"color: #000000;\">Entrepreneurs (repreneurs et c\u00e9dants) qui d\u00e9butent ou entament leurs r\u00e9flexions sur la rel\u00e8ve ou sont en cours de r\u00e9alisation d\u2019un transfert.<\/span><\/li>\n<li><span style=\"color: #000000;\">Gens d\u2019affaires int\u00e9ress\u00e9s aux dynamiques humaines d\u2019un transfert d\u2019entreprise<\/span><\/li>\n<li><span style=\"color: #000000;\">Personnes int\u00e9ress\u00e9es \u00e0 consid\u00e9rer la repreneuriat comme choix de carri\u00e8re<\/span><\/li>\n<\/ul>\n<p><span style=\"color: #000000;\"><strong><span style=\"color: #993366;\">Date<\/span><\/strong> : Jeudi le 12 avril 2018<\/span><\/p>\n<p><span style=\"color: #000000;\"><strong><span style=\"color: #993366;\">Heure<\/span><\/strong> : 7:30 \u00e0 10:00<\/span><\/p>\n<p><span style=\"color: #000000;\"><strong><span style=\"color: #993366;\">Lieu<\/span><\/strong> : Dentons &#8211; 1, Place Ville Marie, 39e \u00e9tage, Montr\u00e9al H3B 4M7<\/span><\/p>\n<p><strong><span style=\"color: #993366;\">Billets<\/span><\/strong><\/p>\n<ul>\n<li><span style=\"color: #000000;\">Membre : 55$*<\/span><\/li>\n<li><span style=\"color: #000000;\">Non-membre : 65$*<\/span><\/li>\n<\/ul>\n<p><span style=\"color: #000000;\">*taxes comprises<\/span><\/p>\n<p style=\"text-align: center;\"><strong><span style=\"color: #993366;\">Achetez vos billets d\u00e8s aujourd\u2019hui!<\/span><\/strong><\/p>\n<p style=\"text-align: center;\"><span style=\"color: #000000;\">Connie Russo : T\u00e9l : 514-844-4249\u00a0 \u00a0 \u00a0\u00a0<\/span><span style=\"color: #000000;\">Courriel : russo.montreal@italchamber.qc.ca\u00a0\u00a0<\/span><\/p>\n<p><img fetchpriority=\"high\" decoding=\"async\" class=\"alignnone size-large wp-image-3205\" src=\"https:\/\/italchamber.qc.ca\/wp-content\/uploads\/2024\/10\/1-1024x768.jpg\" alt=\"\" width=\"860\" height=\"645\" \/> <img decoding=\"async\" class=\"alignnone size-large wp-image-3206\" src=\"https:\/\/italchamber.qc.ca\/wp-content\/uploads\/2024\/10\/2-1024x768.jpg\" alt=\"\" width=\"860\" height=\"645\" \/> <img decoding=\"async\" class=\"alignnone size-large wp-image-3208\" src=\"https:\/\/italchamber.qc.ca\/wp-content\/uploads\/2024\/10\/5-1024x768.jpg\" alt=\"\" width=\"860\" height=\"645\" \/> <img loading=\"lazy\" decoding=\"async\" class=\"alignnone size-large wp-image-3207\" src=\"https:\/\/italchamber.qc.ca\/wp-content\/uploads\/2024\/10\/4-1024x768.jpg\" alt=\"\" width=\"860\" height=\"645\" \/> <img loading=\"lazy\" decoding=\"async\" class=\"alignnone size-large wp-image-3209\" src=\"https:\/\/italchamber.qc.ca\/wp-content\/uploads\/2024\/10\/8-1024x768.jpg\" alt=\"\" width=\"860\" height=\"645\" \/> <img loading=\"lazy\" decoding=\"async\" class=\"alignnone size-large wp-image-3210\" src=\"https:\/\/italchamber.qc.ca\/wp-content\/uploads\/2024\/10\/9-1024x768.jpg\" alt=\"\" width=\"860\" height=\"645\" \/><\/p>\n<p><img loading=\"lazy\" decoding=\"async\" class=\"alignnone wp-image-3161 size-full\" src=\"https:\/\/italchamber.qc.ca\/wp-content\/uploads\/2024\/10\/Collaborateurs-newest-FR.png\" alt=\"\" width=\"784\" height=\"295\" \/><\/p>\n","protected":false},"excerpt":{"rendered":"<p>La Chambre de Commerce italienne au Canada organise un atelier autour du th\u00e8me de la rel\u00e8ve entrepreneuriale, en collaboration avec le Centre de Transfert d\u2019Entreprise du Qu\u00e9bec (CTEQ), Amplio Strat\u00e9gies, la John Molson School of Business, et en partenariat avec RBC Banque Royale et Dentons. Venez entendre des t\u00e9moignages captivants de c\u00e9dants et repreneurs sur [&hellip;]<\/p>\n","protected":false},"featured_media":7751,"template":"","event_category":[],"class_list":["post-7750","event","type-event","status-publish","has-post-thumbnail","hentry"],"acf":[],"yoast_head":"<!-- This site is optimized with the Yoast SEO plugin v27.4 - https:\/\/yoast.com\/product\/yoast-seo-wordpress\/ -->\n<title>La Rel\u00e8ve d\u2019entreprise : les cl\u00e9s d\u2019une rel\u00e8ve r\u00e9ussie - ICCC<\/title>\n<meta name=\"robots\" content=\"index, follow, max-snippet:-1, max-image-preview:large, max-video-preview:-1\" \/>\n<link rel=\"canonical\" href=\"https:\/\/italchamber.qc.ca\/fr\/events\/la-releve-dentreprise-les-cles-dune-releve-reussie\/\" \/>\n<meta property=\"og:locale\" content=\"fr_FR\" \/>\n<meta property=\"og:type\" content=\"article\" \/>\n<meta property=\"og:title\" content=\"La Rel\u00e8ve d\u2019entreprise : les cl\u00e9s d\u2019une rel\u00e8ve r\u00e9ussie - ICCC\" \/>\n<meta property=\"og:description\" content=\"La Chambre de Commerce italienne au Canada organise un atelier autour du th\u00e8me de la rel\u00e8ve entrepreneuriale, en collaboration avec le Centre de Transfert d\u2019Entreprise du Qu\u00e9bec (CTEQ), Amplio Strat\u00e9gies, la John Molson School of Business, et en partenariat avec RBC Banque Royale et Dentons. Venez entendre des t\u00e9moignages captivants de c\u00e9dants et repreneurs sur [&hellip;]\" \/>\n<meta property=\"og:url\" content=\"https:\/\/italchamber.qc.ca\/fr\/events\/la-releve-dentreprise-les-cles-dune-releve-reussie\/\" \/>\n<meta property=\"og:site_name\" content=\"ICCC\" \/>\n<meta property=\"article:modified_time\" content=\"2024-10-11T18:18:05+00:00\" \/>\n<meta property=\"og:image\" content=\"https:\/\/italchamber.qc.ca\/wp-content\/uploads\/2024\/10\/La-releve-website.png\" \/>\n\t<meta property=\"og:image:width\" content=\"860\" \/>\n\t<meta property=\"og:image:height\" content=\"315\" \/>\n\t<meta property=\"og:image:type\" content=\"image\/png\" \/>\n<meta name=\"twitter:card\" content=\"summary_large_image\" \/>\n<meta name=\"twitter:label1\" content=\"Dur\u00e9e de lecture estim\u00e9e\" \/>\n\t<meta name=\"twitter:data1\" content=\"2 minutes\" \/>\n<script type=\"application\/ld+json\" class=\"yoast-schema-graph\">{\"@context\":\"https:\\\/\\\/schema.org\",\"@graph\":[{\"@type\":\"WebPage\",\"@id\":\"https:\\\/\\\/italchamber.qc.ca\\\/fr\\\/events\\\/la-releve-dentreprise-les-cles-dune-releve-reussie\\\/\",\"url\":\"https:\\\/\\\/italchamber.qc.ca\\\/fr\\\/events\\\/la-releve-dentreprise-les-cles-dune-releve-reussie\\\/\",\"name\":\"La Rel\u00e8ve d\u2019entreprise : les cl\u00e9s d\u2019une rel\u00e8ve r\u00e9ussie - ICCC\",\"isPartOf\":{\"@id\":\"https:\\\/\\\/italchamber.qc.ca\\\/fr\\\/#website\"},\"primaryImageOfPage\":{\"@id\":\"https:\\\/\\\/italchamber.qc.ca\\\/fr\\\/events\\\/la-releve-dentreprise-les-cles-dune-releve-reussie\\\/#primaryimage\"},\"image\":{\"@id\":\"https:\\\/\\\/italchamber.qc.ca\\\/fr\\\/events\\\/la-releve-dentreprise-les-cles-dune-releve-reussie\\\/#primaryimage\"},\"thumbnailUrl\":\"https:\\\/\\\/italchamber.qc.ca\\\/wp-content\\\/uploads\\\/2024\\\/10\\\/La-releve-website.png\",\"datePublished\":\"2018-03-19T21:24:38+00:00\",\"dateModified\":\"2024-10-11T18:18:05+00:00\",\"breadcrumb\":{\"@id\":\"https:\\\/\\\/italchamber.qc.ca\\\/fr\\\/events\\\/la-releve-dentreprise-les-cles-dune-releve-reussie\\\/#breadcrumb\"},\"inLanguage\":\"fr-FR\",\"potentialAction\":[{\"@type\":\"ReadAction\",\"target\":[\"https:\\\/\\\/italchamber.qc.ca\\\/fr\\\/events\\\/la-releve-dentreprise-les-cles-dune-releve-reussie\\\/\"]}]},{\"@type\":\"ImageObject\",\"inLanguage\":\"fr-FR\",\"@id\":\"https:\\\/\\\/italchamber.qc.ca\\\/fr\\\/events\\\/la-releve-dentreprise-les-cles-dune-releve-reussie\\\/#primaryimage\",\"url\":\"https:\\\/\\\/italchamber.qc.ca\\\/wp-content\\\/uploads\\\/2024\\\/10\\\/La-releve-website.png\",\"contentUrl\":\"https:\\\/\\\/italchamber.qc.ca\\\/wp-content\\\/uploads\\\/2024\\\/10\\\/La-releve-website.png\",\"width\":860,\"height\":315},{\"@type\":\"BreadcrumbList\",\"@id\":\"https:\\\/\\\/italchamber.qc.ca\\\/fr\\\/events\\\/la-releve-dentreprise-les-cles-dune-releve-reussie\\\/#breadcrumb\",\"itemListElement\":[{\"@type\":\"ListItem\",\"position\":1,\"name\":\"Home\",\"item\":\"https:\\\/\\\/italchamber.qc.ca\\\/fr\\\/accueil\\\/\"},{\"@type\":\"ListItem\",\"position\":2,\"name\":\"Events\",\"item\":\"https:\\\/\\\/italchamber.qc.ca\\\/fr\\\/events\\\/\"},{\"@type\":\"ListItem\",\"position\":3,\"name\":\"La Rel\u00e8ve d\u2019entreprise : les cl\u00e9s d\u2019une rel\u00e8ve r\u00e9ussie\"}]},{\"@type\":\"WebSite\",\"@id\":\"https:\\\/\\\/italchamber.qc.ca\\\/fr\\\/#website\",\"url\":\"https:\\\/\\\/italchamber.qc.ca\\\/fr\\\/\",\"name\":\"ICCC\",\"description\":\"Italian Chamber of Commerce in Canada\",\"publisher\":{\"@id\":\"https:\\\/\\\/italchamber.qc.ca\\\/fr\\\/#organization\"},\"potentialAction\":[{\"@type\":\"SearchAction\",\"target\":{\"@type\":\"EntryPoint\",\"urlTemplate\":\"https:\\\/\\\/italchamber.qc.ca\\\/fr\\\/?s={search_term_string}\"},\"query-input\":{\"@type\":\"PropertyValueSpecification\",\"valueRequired\":true,\"valueName\":\"search_term_string\"}}],\"inLanguage\":\"fr-FR\"},{\"@type\":\"Organization\",\"@id\":\"https:\\\/\\\/italchamber.qc.ca\\\/fr\\\/#organization\",\"name\":\"ICCC\",\"url\":\"https:\\\/\\\/italchamber.qc.ca\\\/fr\\\/\",\"logo\":{\"@type\":\"ImageObject\",\"inLanguage\":\"fr-FR\",\"@id\":\"https:\\\/\\\/italchamber.qc.ca\\\/fr\\\/#\\\/schema\\\/logo\\\/image\\\/\",\"url\":\"https:\\\/\\\/italchamber.qc.ca\\\/wp-content\\\/uploads\\\/2025\\\/05\\\/ICCC-Logo-French.svg\",\"contentUrl\":\"https:\\\/\\\/italchamber.qc.ca\\\/wp-content\\\/uploads\\\/2025\\\/05\\\/ICCC-Logo-French.svg\",\"caption\":\"ICCC\"},\"image\":{\"@id\":\"https:\\\/\\\/italchamber.qc.ca\\\/fr\\\/#\\\/schema\\\/logo\\\/image\\\/\"}}]}<\/script>\n<!-- \/ Yoast SEO plugin. -->","yoast_head_json":{"title":"La Rel\u00e8ve d\u2019entreprise : les cl\u00e9s d\u2019une rel\u00e8ve r\u00e9ussie - ICCC","robots":{"index":"index","follow":"follow","max-snippet":"max-snippet:-1","max-image-preview":"max-image-preview:large","max-video-preview":"max-video-preview:-1"},"canonical":"https:\/\/italchamber.qc.ca\/fr\/events\/la-releve-dentreprise-les-cles-dune-releve-reussie\/","og_locale":"fr_FR","og_type":"article","og_title":"La Rel\u00e8ve d\u2019entreprise : les cl\u00e9s d\u2019une rel\u00e8ve r\u00e9ussie - ICCC","og_description":"La Chambre de Commerce italienne au Canada organise un atelier autour du th\u00e8me de la rel\u00e8ve entrepreneuriale, en collaboration avec le Centre de Transfert d\u2019Entreprise du Qu\u00e9bec (CTEQ), Amplio Strat\u00e9gies, la John Molson School of Business, et en partenariat avec RBC Banque Royale et Dentons. Venez entendre des t\u00e9moignages captivants de c\u00e9dants et repreneurs sur [&hellip;]","og_url":"https:\/\/italchamber.qc.ca\/fr\/events\/la-releve-dentreprise-les-cles-dune-releve-reussie\/","og_site_name":"ICCC","article_modified_time":"2024-10-11T18:18:05+00:00","og_image":[{"width":860,"height":315,"url":"https:\/\/italchamber.qc.ca\/wp-content\/uploads\/2024\/10\/La-releve-website.png","type":"image\/png"}],"twitter_card":"summary_large_image","twitter_misc":{"Dur\u00e9e de lecture estim\u00e9e":"2 minutes"},"schema":{"@context":"https:\/\/schema.org","@graph":[{"@type":"WebPage","@id":"https:\/\/italchamber.qc.ca\/fr\/events\/la-releve-dentreprise-les-cles-dune-releve-reussie\/","url":"https:\/\/italchamber.qc.ca\/fr\/events\/la-releve-dentreprise-les-cles-dune-releve-reussie\/","name":"La Rel\u00e8ve d\u2019entreprise : les cl\u00e9s d\u2019une rel\u00e8ve r\u00e9ussie - ICCC","isPartOf":{"@id":"https:\/\/italchamber.qc.ca\/fr\/#website"},"primaryImageOfPage":{"@id":"https:\/\/italchamber.qc.ca\/fr\/events\/la-releve-dentreprise-les-cles-dune-releve-reussie\/#primaryimage"},"image":{"@id":"https:\/\/italchamber.qc.ca\/fr\/events\/la-releve-dentreprise-les-cles-dune-releve-reussie\/#primaryimage"},"thumbnailUrl":"https:\/\/italchamber.qc.ca\/wp-content\/uploads\/2024\/10\/La-releve-website.png","datePublished":"2018-03-19T21:24:38+00:00","dateModified":"2024-10-11T18:18:05+00:00","breadcrumb":{"@id":"https:\/\/italchamber.qc.ca\/fr\/events\/la-releve-dentreprise-les-cles-dune-releve-reussie\/#breadcrumb"},"inLanguage":"fr-FR","potentialAction":[{"@type":"ReadAction","target":["https:\/\/italchamber.qc.ca\/fr\/events\/la-releve-dentreprise-les-cles-dune-releve-reussie\/"]}]},{"@type":"ImageObject","inLanguage":"fr-FR","@id":"https:\/\/italchamber.qc.ca\/fr\/events\/la-releve-dentreprise-les-cles-dune-releve-reussie\/#primaryimage","url":"https:\/\/italchamber.qc.ca\/wp-content\/uploads\/2024\/10\/La-releve-website.png","contentUrl":"https:\/\/italchamber.qc.ca\/wp-content\/uploads\/2024\/10\/La-releve-website.png","width":860,"height":315},{"@type":"BreadcrumbList","@id":"https:\/\/italchamber.qc.ca\/fr\/events\/la-releve-dentreprise-les-cles-dune-releve-reussie\/#breadcrumb","itemListElement":[{"@type":"ListItem","position":1,"name":"Home","item":"https:\/\/italchamber.qc.ca\/fr\/accueil\/"},{"@type":"ListItem","position":2,"name":"Events","item":"https:\/\/italchamber.qc.ca\/fr\/events\/"},{"@type":"ListItem","position":3,"name":"La Rel\u00e8ve d\u2019entreprise : les cl\u00e9s d\u2019une rel\u00e8ve r\u00e9ussie"}]},{"@type":"WebSite","@id":"https:\/\/italchamber.qc.ca\/fr\/#website","url":"https:\/\/italchamber.qc.ca\/fr\/","name":"ICCC","description":"Italian Chamber of Commerce in Canada","publisher":{"@id":"https:\/\/italchamber.qc.ca\/fr\/#organization"},"potentialAction":[{"@type":"SearchAction","target":{"@type":"EntryPoint","urlTemplate":"https:\/\/italchamber.qc.ca\/fr\/?s={search_term_string}"},"query-input":{"@type":"PropertyValueSpecification","valueRequired":true,"valueName":"search_term_string"}}],"inLanguage":"fr-FR"},{"@type":"Organization","@id":"https:\/\/italchamber.qc.ca\/fr\/#organization","name":"ICCC","url":"https:\/\/italchamber.qc.ca\/fr\/","logo":{"@type":"ImageObject","inLanguage":"fr-FR","@id":"https:\/\/italchamber.qc.ca\/fr\/#\/schema\/logo\/image\/","url":"https:\/\/italchamber.qc.ca\/wp-content\/uploads\/2025\/05\/ICCC-Logo-French.svg","contentUrl":"https:\/\/italchamber.qc.ca\/wp-content\/uploads\/2025\/05\/ICCC-Logo-French.svg","caption":"ICCC"},"image":{"@id":"https:\/\/italchamber.qc.ca\/fr\/#\/schema\/logo\/image\/"}}]}},"_links":{"self":[{"href":"https:\/\/italchamber.qc.ca\/fr\/wp-json\/wp\/v2\/event\/7750","targetHints":{"allow":["GET"]}}],"collection":[{"href":"https:\/\/italchamber.qc.ca\/fr\/wp-json\/wp\/v2\/event"}],"about":[{"href":"https:\/\/italchamber.qc.ca\/fr\/wp-json\/wp\/v2\/types\/event"}],"version-history":[{"count":0,"href":"https:\/\/italchamber.qc.ca\/fr\/wp-json\/wp\/v2\/event\/7750\/revisions"}],"wp:featuredmedia":[{"embeddable":true,"href":"https:\/\/italchamber.qc.ca\/fr\/wp-json\/wp\/v2\/media\/7751"}],"wp:attachment":[{"href":"https:\/\/italchamber.qc.ca\/fr\/wp-json\/wp\/v2\/media?parent=7750"}],"wp:term":[{"taxonomy":"event_category","embeddable":true,"href":"https:\/\/italchamber.qc.ca\/fr\/wp-json\/wp\/v2\/event_category?post=7750"}],"curies":[{"name":"wp","href":"https:\/\/api.w.org\/{rel}","templated":true}]}}