{"id":7744,"date":"2018-03-14T20:12:38","date_gmt":"2018-03-14T20:12:38","guid":{"rendered":"https:\/\/italchamber.qc.ca\/events\/serata-degustazione-presentee-par-la-saq\/"},"modified":"2018-03-14T20:12:38","modified_gmt":"2018-03-14T20:12:38","slug":"serata-degustazione-presentee-par-la-saq","status":"publish","type":"event","link":"https:\/\/italchamber.qc.ca\/fr\/events\/serata-degustazione-presentee-par-la-saq\/","title":{"rendered":"Serata Degustazione &#8211; pr\u00e9sent\u00e9e par la SAQ"},"content":{"rendered":"<p><span style=\"color: #000000;\">Amateurs de vins et\u00a0<em>foodies,\u00a0<\/em>parcourez la\u00a0<strong>route des vins et des saveurs de l\u2019Italie<\/strong>\u00a0et<em>\u00a0<\/em>d\u00e9couvrez l\u2019excellence des produits 100%\u00a0<em>Made in Italy<\/em>, qui font la renomm\u00e9e de l\u2019Italie autour du monde.<\/span><\/p>\n<p><span style=\"color: #000000;\">Lors d\u2019une soir\u00e9e inoubliable, d\u00e9gustez des\u00a0vins \u00e0\u00a0<strong>d\u00e9nomination d\u2019origine contr\u00f4l\u00e9e\u00a0<\/strong>(DOC, DOCG), des vins\u00a0<strong>rares\u00a0<\/strong>et\u00a0<strong>biologiques, <\/strong>tels<strong>:\u00a0<\/strong><\/span><\/p>\n<ul>\n<li><span style=\"color: #000000;\">le c\u00e9l\u00e8bre\u00a0<a href=\"https:\/\/www.saq.com\/page\/fr\/saqcom\/vin-rouge\/masseto-2014\/10816636\"><strong>Masseto de la Tenuta Dell\u2019Ornellaia<\/strong><\/a>, un des vins les plus prestigieux d\u2019<span class=\"text_exposed_show\">Italie et consid\u00e9r\u00e9 par plusieurs comme le\u00a0<strong>Petrus\u00a0italien<\/strong><\/span>.<\/span><\/li>\n<li><span style=\"color: #000000;\"><a href=\"https:\/\/www.saq.com\/page\/fr\/saqcom\/vin-rouge\/solaia-2014\/12274885\" target=\"_blank\" rel=\"noopener\"><strong>Solaia 2014<\/strong><\/a>, du domaine Marchesi Antinori<\/span><\/li>\n<li><span style=\"color: #000000;\"><a href=\"https:\/\/www.saq.com\/page\/fr\/saqcom\/vin-rouge\/sassicaia-2014\/13057401\" target=\"_blank\" rel=\"noopener\"><strong>Sassicaia 2014<\/strong><\/a>, du domaine Bolgheri Sassicaia<\/span><\/li>\n<li><span style=\"color: #000000;\"><a href=\"https:\/\/www.saq.com\/page\/fr\/saqcom\/vin-rouge\/tignanello-2014\/10820900?selectedIndex=2&amp;searchContextId=26464670321104839384\" target=\"_blank\" rel=\"noopener\"><strong>Tignanello 2014<\/strong><\/a>, du domaine Marchesi Antinori<\/span><\/li>\n<\/ul>\n<p><span style=\"color: #000000;\">R\u00e9galez vos papilles avec une vari\u00e9t\u00e9 de\u00a0<strong><span style=\"color: #000000;\">sp\u00e9cia<\/span>lit\u00e9s typiquement italiennes<\/strong>, de grande qualit\u00e9, assorties aux vins.<\/span><\/p>\n<p><span style=\"color: #000000;\">Une partie de b\u00e9n\u00e9fices de la soir\u00e9e seront remis \u00e0 la Fondation Santa Cabrini.<\/span><\/p>\n<h3><span style=\"color: #00ff00;\"><a style=\"color: #00ff00;\" href=\"https:\/\/italchamber.qc.ca\/wp-content\/uploads\/2018\/03\/Programme-de-visibilit\u00e9-2018-Serata-Degustazione_REV-16.07.2018.pdf\"><span style=\"color: #11d111;\">\u00bb<\/span> Devenez Partenaire de la Serata<\/a><\/span><\/h3>\n<p><span style=\"color: #000000;\"><span style=\"color: #0a7682;\"><strong><span style=\"color: #993366;\">Date : <\/span><\/strong><\/span>Mardi le 18 septembre 2018<\/span><br \/>\n<span style=\"color: #000000;\"><span style=\"color: #993366;\"><strong>Heure : <\/strong><span style=\"color: #000000;\">18h \u00e0 21h<\/span><\/span><\/span><br \/>\n<span style=\"color: #000000;\"><span style=\"color: #993366;\"><strong>Lieu : <\/strong><span style=\"color: #000000;\">Pavillon du Grand Quai &#8211;\u00a0 200 de la Commune Ouest, Montr\u00e9al, QC H2Y 4B2<\/span><\/span>\u00a0(en face du Mus\u00e9e Pointe-\u00e0-Calli\u00e8re)<\/span><\/p>\n<p style=\"text-align: center;\"><span style=\"color: #000000;\"><span style=\"color: #0a7682;\"><strong><span style=\"color: #993366;\">Achetez vos billets d\u00e8s aujourd&rsquo;hui!<\/span><\/strong><\/span><\/span><br \/>\n<span style=\"color: #000000;\">Connie Russo<\/span><br \/>\n<span style=\"color: #000000;\">T\u00e9l : 514-844-4249 poste 229<\/span><span style=\"color: #000000;\">\u00a0<\/span><br \/>\n<span style=\"color: #000000;\">Courriel : <\/span><span style=\"color: #000000;\"><a href=\"mailto:russo.montreal@italchamber.qc.ca\">russo.montreal@italchamber.qc.ca<\/a><\/span><\/p>\n<p>[gravityform id=\u00a0\u00bb6&Prime; title=\u00a0\u00bbfalse\u00a0\u00bb description=\u00a0\u00bbtrue\u00a0\u00bb<span style=\"display: inline !important; float: none; background-color: transparent; color: #494949; cursor: text; font-family: 'Lato',sans-serif; font-size: 16px; font-style: normal; font-variant: normal; font-weight: 300; letter-spacing: normal; orphans: 2; text-align: left; text-decoration: none; text-indent: 0px; text-transform: none; -webkit-text-stroke-width: 0px; white-space: normal; word-spacing: 0px;\">]<\/span><\/p>\n","protected":false},"excerpt":{"rendered":"<p>Amateurs de vins et\u00a0foodies,\u00a0parcourez la\u00a0route des vins et des saveurs de l\u2019Italie\u00a0et\u00a0d\u00e9couvrez l\u2019excellence des produits 100%\u00a0Made in Italy, qui font la renomm\u00e9e de l\u2019Italie autour du monde. Lors d\u2019une soir\u00e9e inoubliable, d\u00e9gustez des\u00a0vins \u00e0\u00a0d\u00e9nomination d\u2019origine contr\u00f4l\u00e9e\u00a0(DOC, DOCG), des vins\u00a0rares\u00a0et\u00a0biologiques, tels:\u00a0 le c\u00e9l\u00e8bre\u00a0Masseto de la Tenuta Dell\u2019Ornellaia, un des vins les plus prestigieux d\u2019Italie et consid\u00e9r\u00e9 [&hellip;]<\/p>\n","protected":false},"featured_media":7733,"template":"","event_category":[],"class_list":["post-7744","event","type-event","status-publish","has-post-thumbnail","hentry"],"acf":[],"yoast_head":"<!-- This site is optimized with the Yoast SEO plugin v27.4 - https:\/\/yoast.com\/product\/yoast-seo-wordpress\/ -->\n<title>Serata Degustazione - pr\u00e9sent\u00e9e par la SAQ - ICCC<\/title>\n<meta name=\"robots\" content=\"index, follow, max-snippet:-1, max-image-preview:large, max-video-preview:-1\" \/>\n<link rel=\"canonical\" href=\"https:\/\/italchamber.qc.ca\/fr\/events\/serata-degustazione-presentee-par-la-saq\/\" \/>\n<meta property=\"og:locale\" content=\"fr_FR\" \/>\n<meta property=\"og:type\" content=\"article\" \/>\n<meta property=\"og:title\" content=\"Serata Degustazione - pr\u00e9sent\u00e9e par la SAQ - ICCC\" \/>\n<meta property=\"og:description\" content=\"Amateurs de vins et\u00a0foodies,\u00a0parcourez la\u00a0route des vins et des saveurs de l\u2019Italie\u00a0et\u00a0d\u00e9couvrez l\u2019excellence des produits 100%\u00a0Made in Italy, qui font la renomm\u00e9e de l\u2019Italie autour du monde. Lors d\u2019une soir\u00e9e inoubliable, d\u00e9gustez des\u00a0vins \u00e0\u00a0d\u00e9nomination d\u2019origine contr\u00f4l\u00e9e\u00a0(DOC, DOCG), des vins\u00a0rares\u00a0et\u00a0biologiques, tels:\u00a0 le c\u00e9l\u00e8bre\u00a0Masseto de la Tenuta Dell\u2019Ornellaia, un des vins les plus prestigieux d\u2019Italie et consid\u00e9r\u00e9 [&hellip;]\" \/>\n<meta property=\"og:url\" content=\"https:\/\/italchamber.qc.ca\/fr\/events\/serata-degustazione-presentee-par-la-saq\/\" \/>\n<meta property=\"og:site_name\" content=\"ICCC\" \/>\n<meta property=\"og:image\" content=\"https:\/\/italchamber.qc.ca\/wp-content\/uploads\/2024\/10\/Slider-serata-degustazione-web.png\" \/>\n\t<meta property=\"og:image:width\" content=\"860\" \/>\n\t<meta property=\"og:image:height\" content=\"315\" \/>\n\t<meta property=\"og:image:type\" content=\"image\/png\" \/>\n<meta name=\"twitter:card\" content=\"summary_large_image\" \/>\n<meta name=\"twitter:label1\" content=\"Dur\u00e9e de lecture estim\u00e9e\" \/>\n\t<meta name=\"twitter:data1\" content=\"1 minute\" \/>\n<script type=\"application\/ld+json\" class=\"yoast-schema-graph\">{\"@context\":\"https:\\\/\\\/schema.org\",\"@graph\":[{\"@type\":\"WebPage\",\"@id\":\"https:\\\/\\\/italchamber.qc.ca\\\/fr\\\/events\\\/serata-degustazione-presentee-par-la-saq\\\/\",\"url\":\"https:\\\/\\\/italchamber.qc.ca\\\/fr\\\/events\\\/serata-degustazione-presentee-par-la-saq\\\/\",\"name\":\"Serata Degustazione - pr\u00e9sent\u00e9e par la SAQ - ICCC\",\"isPartOf\":{\"@id\":\"https:\\\/\\\/italchamber.qc.ca\\\/fr\\\/#website\"},\"primaryImageOfPage\":{\"@id\":\"https:\\\/\\\/italchamber.qc.ca\\\/fr\\\/events\\\/serata-degustazione-presentee-par-la-saq\\\/#primaryimage\"},\"image\":{\"@id\":\"https:\\\/\\\/italchamber.qc.ca\\\/fr\\\/events\\\/serata-degustazione-presentee-par-la-saq\\\/#primaryimage\"},\"thumbnailUrl\":\"https:\\\/\\\/italchamber.qc.ca\\\/wp-content\\\/uploads\\\/2024\\\/10\\\/Slider-serata-degustazione-web.png\",\"datePublished\":\"2018-03-14T20:12:38+00:00\",\"breadcrumb\":{\"@id\":\"https:\\\/\\\/italchamber.qc.ca\\\/fr\\\/events\\\/serata-degustazione-presentee-par-la-saq\\\/#breadcrumb\"},\"inLanguage\":\"fr-FR\",\"potentialAction\":[{\"@type\":\"ReadAction\",\"target\":[\"https:\\\/\\\/italchamber.qc.ca\\\/fr\\\/events\\\/serata-degustazione-presentee-par-la-saq\\\/\"]}]},{\"@type\":\"ImageObject\",\"inLanguage\":\"fr-FR\",\"@id\":\"https:\\\/\\\/italchamber.qc.ca\\\/fr\\\/events\\\/serata-degustazione-presentee-par-la-saq\\\/#primaryimage\",\"url\":\"https:\\\/\\\/italchamber.qc.ca\\\/wp-content\\\/uploads\\\/2024\\\/10\\\/Slider-serata-degustazione-web.png\",\"contentUrl\":\"https:\\\/\\\/italchamber.qc.ca\\\/wp-content\\\/uploads\\\/2024\\\/10\\\/Slider-serata-degustazione-web.png\",\"width\":860,\"height\":315},{\"@type\":\"BreadcrumbList\",\"@id\":\"https:\\\/\\\/italchamber.qc.ca\\\/fr\\\/events\\\/serata-degustazione-presentee-par-la-saq\\\/#breadcrumb\",\"itemListElement\":[{\"@type\":\"ListItem\",\"position\":1,\"name\":\"Home\",\"item\":\"https:\\\/\\\/italchamber.qc.ca\\\/fr\\\/accueil\\\/\"},{\"@type\":\"ListItem\",\"position\":2,\"name\":\"Events\",\"item\":\"https:\\\/\\\/italchamber.qc.ca\\\/fr\\\/events\\\/\"},{\"@type\":\"ListItem\",\"position\":3,\"name\":\"Serata Degustazione &#8211; pr\u00e9sent\u00e9e par la SAQ\"}]},{\"@type\":\"WebSite\",\"@id\":\"https:\\\/\\\/italchamber.qc.ca\\\/fr\\\/#website\",\"url\":\"https:\\\/\\\/italchamber.qc.ca\\\/fr\\\/\",\"name\":\"ICCC\",\"description\":\"Italian Chamber of Commerce in Canada\",\"publisher\":{\"@id\":\"https:\\\/\\\/italchamber.qc.ca\\\/fr\\\/#organization\"},\"potentialAction\":[{\"@type\":\"SearchAction\",\"target\":{\"@type\":\"EntryPoint\",\"urlTemplate\":\"https:\\\/\\\/italchamber.qc.ca\\\/fr\\\/?s={search_term_string}\"},\"query-input\":{\"@type\":\"PropertyValueSpecification\",\"valueRequired\":true,\"valueName\":\"search_term_string\"}}],\"inLanguage\":\"fr-FR\"},{\"@type\":\"Organization\",\"@id\":\"https:\\\/\\\/italchamber.qc.ca\\\/fr\\\/#organization\",\"name\":\"ICCC\",\"url\":\"https:\\\/\\\/italchamber.qc.ca\\\/fr\\\/\",\"logo\":{\"@type\":\"ImageObject\",\"inLanguage\":\"fr-FR\",\"@id\":\"https:\\\/\\\/italchamber.qc.ca\\\/fr\\\/#\\\/schema\\\/logo\\\/image\\\/\",\"url\":\"https:\\\/\\\/italchamber.qc.ca\\\/wp-content\\\/uploads\\\/2025\\\/05\\\/ICCC-Logo-French.svg\",\"contentUrl\":\"https:\\\/\\\/italchamber.qc.ca\\\/wp-content\\\/uploads\\\/2025\\\/05\\\/ICCC-Logo-French.svg\",\"caption\":\"ICCC\"},\"image\":{\"@id\":\"https:\\\/\\\/italchamber.qc.ca\\\/fr\\\/#\\\/schema\\\/logo\\\/image\\\/\"}}]}<\/script>\n<!-- \/ Yoast SEO plugin. -->","yoast_head_json":{"title":"Serata Degustazione - pr\u00e9sent\u00e9e par la SAQ - ICCC","robots":{"index":"index","follow":"follow","max-snippet":"max-snippet:-1","max-image-preview":"max-image-preview:large","max-video-preview":"max-video-preview:-1"},"canonical":"https:\/\/italchamber.qc.ca\/fr\/events\/serata-degustazione-presentee-par-la-saq\/","og_locale":"fr_FR","og_type":"article","og_title":"Serata Degustazione - pr\u00e9sent\u00e9e par la SAQ - ICCC","og_description":"Amateurs de vins et\u00a0foodies,\u00a0parcourez la\u00a0route des vins et des saveurs de l\u2019Italie\u00a0et\u00a0d\u00e9couvrez l\u2019excellence des produits 100%\u00a0Made in Italy, qui font la renomm\u00e9e de l\u2019Italie autour du monde. Lors d\u2019une soir\u00e9e inoubliable, d\u00e9gustez des\u00a0vins \u00e0\u00a0d\u00e9nomination d\u2019origine contr\u00f4l\u00e9e\u00a0(DOC, DOCG), des vins\u00a0rares\u00a0et\u00a0biologiques, tels:\u00a0 le c\u00e9l\u00e8bre\u00a0Masseto de la Tenuta Dell\u2019Ornellaia, un des vins les plus prestigieux d\u2019Italie et consid\u00e9r\u00e9 [&hellip;]","og_url":"https:\/\/italchamber.qc.ca\/fr\/events\/serata-degustazione-presentee-par-la-saq\/","og_site_name":"ICCC","og_image":[{"width":860,"height":315,"url":"https:\/\/italchamber.qc.ca\/wp-content\/uploads\/2024\/10\/Slider-serata-degustazione-web.png","type":"image\/png"}],"twitter_card":"summary_large_image","twitter_misc":{"Dur\u00e9e de lecture estim\u00e9e":"1 minute"},"schema":{"@context":"https:\/\/schema.org","@graph":[{"@type":"WebPage","@id":"https:\/\/italchamber.qc.ca\/fr\/events\/serata-degustazione-presentee-par-la-saq\/","url":"https:\/\/italchamber.qc.ca\/fr\/events\/serata-degustazione-presentee-par-la-saq\/","name":"Serata Degustazione - pr\u00e9sent\u00e9e par la SAQ - ICCC","isPartOf":{"@id":"https:\/\/italchamber.qc.ca\/fr\/#website"},"primaryImageOfPage":{"@id":"https:\/\/italchamber.qc.ca\/fr\/events\/serata-degustazione-presentee-par-la-saq\/#primaryimage"},"image":{"@id":"https:\/\/italchamber.qc.ca\/fr\/events\/serata-degustazione-presentee-par-la-saq\/#primaryimage"},"thumbnailUrl":"https:\/\/italchamber.qc.ca\/wp-content\/uploads\/2024\/10\/Slider-serata-degustazione-web.png","datePublished":"2018-03-14T20:12:38+00:00","breadcrumb":{"@id":"https:\/\/italchamber.qc.ca\/fr\/events\/serata-degustazione-presentee-par-la-saq\/#breadcrumb"},"inLanguage":"fr-FR","potentialAction":[{"@type":"ReadAction","target":["https:\/\/italchamber.qc.ca\/fr\/events\/serata-degustazione-presentee-par-la-saq\/"]}]},{"@type":"ImageObject","inLanguage":"fr-FR","@id":"https:\/\/italchamber.qc.ca\/fr\/events\/serata-degustazione-presentee-par-la-saq\/#primaryimage","url":"https:\/\/italchamber.qc.ca\/wp-content\/uploads\/2024\/10\/Slider-serata-degustazione-web.png","contentUrl":"https:\/\/italchamber.qc.ca\/wp-content\/uploads\/2024\/10\/Slider-serata-degustazione-web.png","width":860,"height":315},{"@type":"BreadcrumbList","@id":"https:\/\/italchamber.qc.ca\/fr\/events\/serata-degustazione-presentee-par-la-saq\/#breadcrumb","itemListElement":[{"@type":"ListItem","position":1,"name":"Home","item":"https:\/\/italchamber.qc.ca\/fr\/accueil\/"},{"@type":"ListItem","position":2,"name":"Events","item":"https:\/\/italchamber.qc.ca\/fr\/events\/"},{"@type":"ListItem","position":3,"name":"Serata Degustazione &#8211; pr\u00e9sent\u00e9e par la SAQ"}]},{"@type":"WebSite","@id":"https:\/\/italchamber.qc.ca\/fr\/#website","url":"https:\/\/italchamber.qc.ca\/fr\/","name":"ICCC","description":"Italian Chamber of Commerce in Canada","publisher":{"@id":"https:\/\/italchamber.qc.ca\/fr\/#organization"},"potentialAction":[{"@type":"SearchAction","target":{"@type":"EntryPoint","urlTemplate":"https:\/\/italchamber.qc.ca\/fr\/?s={search_term_string}"},"query-input":{"@type":"PropertyValueSpecification","valueRequired":true,"valueName":"search_term_string"}}],"inLanguage":"fr-FR"},{"@type":"Organization","@id":"https:\/\/italchamber.qc.ca\/fr\/#organization","name":"ICCC","url":"https:\/\/italchamber.qc.ca\/fr\/","logo":{"@type":"ImageObject","inLanguage":"fr-FR","@id":"https:\/\/italchamber.qc.ca\/fr\/#\/schema\/logo\/image\/","url":"https:\/\/italchamber.qc.ca\/wp-content\/uploads\/2025\/05\/ICCC-Logo-French.svg","contentUrl":"https:\/\/italchamber.qc.ca\/wp-content\/uploads\/2025\/05\/ICCC-Logo-French.svg","caption":"ICCC"},"image":{"@id":"https:\/\/italchamber.qc.ca\/fr\/#\/schema\/logo\/image\/"}}]}},"_links":{"self":[{"href":"https:\/\/italchamber.qc.ca\/fr\/wp-json\/wp\/v2\/event\/7744","targetHints":{"allow":["GET"]}}],"collection":[{"href":"https:\/\/italchamber.qc.ca\/fr\/wp-json\/wp\/v2\/event"}],"about":[{"href":"https:\/\/italchamber.qc.ca\/fr\/wp-json\/wp\/v2\/types\/event"}],"version-history":[{"count":0,"href":"https:\/\/italchamber.qc.ca\/fr\/wp-json\/wp\/v2\/event\/7744\/revisions"}],"wp:featuredmedia":[{"embeddable":true,"href":"https:\/\/italchamber.qc.ca\/fr\/wp-json\/wp\/v2\/media\/7733"}],"wp:attachment":[{"href":"https:\/\/italchamber.qc.ca\/fr\/wp-json\/wp\/v2\/media?parent=7744"}],"wp:term":[{"taxonomy":"event_category","embeddable":true,"href":"https:\/\/italchamber.qc.ca\/fr\/wp-json\/wp\/v2\/event_category?post=7744"}],"curies":[{"name":"wp","href":"https:\/\/api.w.org\/{rel}","templated":true}]}}