{"id":7515,"date":"2017-04-05T16:47:13","date_gmt":"2017-04-05T16:47:13","guid":{"rendered":"https:\/\/italchamber.qc.ca\/events\/assemblee-generale-annuelle-des-membres-de-la-ccic\/"},"modified":"2024-10-11T18:15:46","modified_gmt":"2024-10-11T18:15:46","slug":"assemblee-generale-annuelle-des-membres-de-la-ccic","status":"publish","type":"event","link":"https:\/\/italchamber.qc.ca\/fr\/events\/assemblee-generale-annuelle-des-membres-de-la-ccic\/","title":{"rendered":"Assembl\u00e9e g\u00e9n\u00e9rale annuelle des membres de la CCIC"},"content":{"rendered":"<p>Les membres de la Chambre de commerce\u00a0italienne au Canada sont invit\u00e9s \u00e0 l\u2019assembl\u00e9e g\u00e9n\u00e9rale annuelle, qui aura lieu le<strong> jeudi 4 mai \u00e0 18h<\/strong> chez <a href=\"https:\/\/www.google.ca\/maps\/dir\/''\/Distinctive+Appliances+Inc.,+8210+Chemin+Devonshire,+Mont-Royal,+QC+H4P+2P7\/@45.4938898,-73.7378569,12z\/data=!3m1!4b1!4m8!4m7!1m0!1m5!1m1!1s0x4cc9182baaa9fb39:0xe3c62e04abf1e737!2m2!1d-73.6678171!2d45.4939112\" target=\"_blank\" rel=\"noopener noreferrer\">Distinctive Appliances<\/a>, et sera suivi par un cocktail d\u00eenatoire.<\/p>\n<p><strong>Ordre du jour<\/strong><br \/>\n18h00 &#8211; 18h15 Accueil<br \/>\n18h15 &#8211; 19h00 Assembl\u00e9e g\u00e9n\u00e9rale<br \/>\n19h00 &#8211; 20h00 Cocktail d\u00eenatoire<\/p>\n<p>Pour lire l&rsquo;avis de convocation : <a href=\"https:\/\/italchamber.qc.ca\/wp-content\/uploads\/2017\/04\/Avis-Assemblee-Generale-2017.pdf\" target=\"_blank\" rel=\"noopener noreferrer\">cliquer ici<\/a><\/p>\n<p><strong>Date<\/strong> : Jeudi, le 4 mai 2017 \u00e0 18h<br \/>\n<strong>Lieu<\/strong> : 8210 chemin Devonshire, Ville Mont-Royal, Qc H4P 2P7<\/p>\n<p><strong>RSVP &#8211; avant le 25 avril<\/strong><br \/>\nConnie Russo<br \/>\n(514) 844-4249 #229<br \/>\n<a href=\"mailto:russo.montreal@italchamber.qc.ca\" target=\"_blank\" rel=\"noopener noreferrer\">russo.montreal@italchamber.qc.ca<\/a><\/p>\n<p>&nbsp;<\/p>\n<p style=\"text-align: center;\"><strong>Au plaisir de vous voir en grand nombre!<\/strong><\/p>\n<p style=\"text-align: left;\"><img fetchpriority=\"high\" decoding=\"async\" class=\"alignleft wp-image-1503 size-large\" src=\"https:\/\/italchamber.qc.ca\/wp-content\/uploads\/2024\/10\/IMG_1160-scaled.jpg\" alt=\"\" width=\"860\" height=\"645\" \/> <img decoding=\"async\" class=\"alignleft wp-image-1507 size-full\" src=\"https:\/\/italchamber.qc.ca\/wp-content\/uploads\/2024\/10\/18199018_891564420981822_1081966701357623264_n.jpg\" alt=\"\" width=\"960\" height=\"540\" \/> <img decoding=\"async\" class=\"alignleft wp-image-1508 size-full\" src=\"https:\/\/italchamber.qc.ca\/wp-content\/uploads\/2024\/10\/18199025_10208898006343575_6916665363764326478_n.jpg\" alt=\"\" width=\"960\" height=\"720\" \/> <img loading=\"lazy\" decoding=\"async\" class=\"alignleft wp-image-1509 size-full\" src=\"https:\/\/italchamber.qc.ca\/wp-content\/uploads\/2024\/10\/18199262_891567120981552_4215523075139441863_n.jpg\" alt=\"\" width=\"960\" height=\"540\" \/> <img loading=\"lazy\" decoding=\"async\" class=\"alignleft wp-image-1510 size-full\" src=\"https:\/\/italchamber.qc.ca\/wp-content\/uploads\/2024\/10\/18222045_891566764314921_8833219567803020046_n.jpg\" alt=\"\" width=\"960\" height=\"540\" \/> <img loading=\"lazy\" decoding=\"async\" class=\"alignleft wp-image-1511 size-full\" src=\"https:\/\/italchamber.qc.ca\/wp-content\/uploads\/2024\/10\/18222048_891567024314895_3325311833627820414_n.jpg\" alt=\"\" width=\"960\" height=\"540\" \/> <img loading=\"lazy\" decoding=\"async\" class=\"alignleft wp-image-1512 size-full\" src=\"https:\/\/italchamber.qc.ca\/wp-content\/uploads\/2024\/10\/18222053_891567180981546_7206047369557095176_n.jpg\" alt=\"\" width=\"960\" height=\"540\" \/> <img loading=\"lazy\" decoding=\"async\" class=\"alignleft wp-image-1514 size-full\" src=\"https:\/\/italchamber.qc.ca\/wp-content\/uploads\/2024\/10\/18222213_891567150981549_3478011798341997948_n.jpg\" alt=\"\" width=\"960\" height=\"540\" \/> <img loading=\"lazy\" decoding=\"async\" class=\"alignleft wp-image-1515 size-full\" src=\"https:\/\/italchamber.qc.ca\/wp-content\/uploads\/2024\/10\/18268118_891565157648415_2344999721036648445_n.jpg\" alt=\"\" width=\"960\" height=\"540\" \/> <img loading=\"lazy\" decoding=\"async\" class=\"alignleft wp-image-1516 size-full\" src=\"https:\/\/italchamber.qc.ca\/wp-content\/uploads\/2024\/10\/18274977_891566794314918_8540438348179037994_n.jpg\" alt=\"\" width=\"960\" height=\"540\" \/> <img loading=\"lazy\" decoding=\"async\" class=\"alignleft wp-image-1517 size-full\" src=\"https:\/\/italchamber.qc.ca\/wp-content\/uploads\/2024\/10\/18300902_10208898003623507_8259272055280939521_n.jpg\" alt=\"\" width=\"960\" height=\"720\" \/> <img loading=\"lazy\" decoding=\"async\" class=\"alignleft wp-image-1518 size-full\" src=\"https:\/\/italchamber.qc.ca\/wp-content\/uploads\/2024\/10\/18342021_10208897999223397_3639901173452246278_n.jpg\" alt=\"\" width=\"960\" height=\"720\" \/> <img loading=\"lazy\" decoding=\"async\" class=\"alignleft wp-image-1519 size-large\" src=\"https:\/\/italchamber.qc.ca\/wp-content\/uploads\/2024\/10\/IMG_1152-scaled.jpg\" alt=\"\" width=\"860\" height=\"645\" \/> <img loading=\"lazy\" decoding=\"async\" class=\"alignleft wp-image-1520 size-large\" src=\"https:\/\/italchamber.qc.ca\/wp-content\/uploads\/2024\/10\/IMG_1169-scaled.jpg\" alt=\"\" width=\"860\" height=\"645\" \/> <img loading=\"lazy\" decoding=\"async\" class=\"alignleft wp-image-1523 size-full\" src=\"https:\/\/italchamber.qc.ca\/wp-content\/uploads\/2024\/10\/18199046_10208898009943665_90007594972299298_n.jpg\" alt=\"\" width=\"960\" height=\"720\" \/> <img loading=\"lazy\" decoding=\"async\" class=\"alignleft wp-image-1524 size-full\" src=\"https:\/\/italchamber.qc.ca\/wp-content\/uploads\/2024\/10\/18199232_891564287648502_1398104680180535110_n.jpg\" alt=\"\" width=\"960\" height=\"540\" \/> <img loading=\"lazy\" decoding=\"async\" class=\"alignleft wp-image-1526 size-full\" src=\"https:\/\/italchamber.qc.ca\/wp-content\/uploads\/2024\/10\/18221989_891564464315151_8639711102776814139_n.jpg\" alt=\"\" width=\"960\" height=\"540\" \/> <img loading=\"lazy\" decoding=\"async\" class=\"alignleft wp-image-1527 size-full\" src=\"https:\/\/italchamber.qc.ca\/wp-content\/uploads\/2024\/10\/18268650_891564390981825_3436304917624565619_n.jpg\" alt=\"\" width=\"960\" height=\"540\" \/> <img loading=\"lazy\" decoding=\"async\" class=\"alignleft wp-image-1528 size-full\" src=\"https:\/\/italchamber.qc.ca\/wp-content\/uploads\/2024\/10\/18275130_891564557648475_4931668374430820008_n.jpg\" alt=\"\" width=\"960\" height=\"540\" \/><\/p>\n","protected":false},"excerpt":{"rendered":"<p>Les membres de la Chambre de commerce\u00a0italienne au Canada sont invit\u00e9s \u00e0 l\u2019assembl\u00e9e g\u00e9n\u00e9rale annuelle, qui aura lieu le jeudi 4 mai \u00e0 18h chez Distinctive Appliances, et sera suivi par un cocktail d\u00eenatoire. Ordre du jour 18h00 &#8211; 18h15 Accueil 18h15 &#8211; 19h00 Assembl\u00e9e g\u00e9n\u00e9rale 19h00 &#8211; 20h00 Cocktail d\u00eenatoire Pour lire l&rsquo;avis de [&hellip;]<\/p>\n","protected":false},"featured_media":7516,"template":"","event_category":[],"class_list":["post-7515","event","type-event","status-publish","has-post-thumbnail","hentry"],"acf":[],"yoast_head":"<!-- This site is optimized with the Yoast SEO plugin v27.4 - https:\/\/yoast.com\/product\/yoast-seo-wordpress\/ -->\n<title>Assembl\u00e9e g\u00e9n\u00e9rale annuelle des membres de la CCIC - ICCC<\/title>\n<meta name=\"robots\" content=\"index, follow, max-snippet:-1, max-image-preview:large, max-video-preview:-1\" \/>\n<link rel=\"canonical\" href=\"https:\/\/italchamber.qc.ca\/fr\/events\/assemblee-generale-annuelle-des-membres-de-la-ccic\/\" \/>\n<meta property=\"og:locale\" content=\"fr_FR\" \/>\n<meta property=\"og:type\" content=\"article\" \/>\n<meta property=\"og:title\" content=\"Assembl\u00e9e g\u00e9n\u00e9rale annuelle des membres de la CCIC - ICCC\" \/>\n<meta property=\"og:description\" content=\"Les membres de la Chambre de commerce\u00a0italienne au Canada sont invit\u00e9s \u00e0 l\u2019assembl\u00e9e g\u00e9n\u00e9rale annuelle, qui aura lieu le jeudi 4 mai \u00e0 18h chez Distinctive Appliances, et sera suivi par un cocktail d\u00eenatoire. Ordre du jour 18h00 &#8211; 18h15 Accueil 18h15 &#8211; 19h00 Assembl\u00e9e g\u00e9n\u00e9rale 19h00 &#8211; 20h00 Cocktail d\u00eenatoire Pour lire l&rsquo;avis de [&hellip;]\" \/>\n<meta property=\"og:url\" content=\"https:\/\/italchamber.qc.ca\/fr\/events\/assemblee-generale-annuelle-des-membres-de-la-ccic\/\" \/>\n<meta property=\"og:site_name\" content=\"ICCC\" \/>\n<meta property=\"article:modified_time\" content=\"2024-10-11T18:15:46+00:00\" \/>\n<meta property=\"og:image\" content=\"https:\/\/italchamber.qc.ca\/wp-content\/uploads\/2024\/10\/Copy-of-Avis-de-convocation-a-lAssemblee-generale-annuelle-des-membres-de-la-CCIC.png\" \/>\n\t<meta property=\"og:image:width\" content=\"600\" \/>\n\t<meta property=\"og:image:height\" content=\"200\" \/>\n\t<meta property=\"og:image:type\" content=\"image\/png\" \/>\n<meta name=\"twitter:card\" content=\"summary_large_image\" \/>\n<meta name=\"twitter:label1\" content=\"Dur\u00e9e de lecture estim\u00e9e\" \/>\n\t<meta name=\"twitter:data1\" content=\"1 minute\" \/>\n<script type=\"application\/ld+json\" class=\"yoast-schema-graph\">{\"@context\":\"https:\\\/\\\/schema.org\",\"@graph\":[{\"@type\":\"WebPage\",\"@id\":\"https:\\\/\\\/italchamber.qc.ca\\\/fr\\\/events\\\/assemblee-generale-annuelle-des-membres-de-la-ccic\\\/\",\"url\":\"https:\\\/\\\/italchamber.qc.ca\\\/fr\\\/events\\\/assemblee-generale-annuelle-des-membres-de-la-ccic\\\/\",\"name\":\"Assembl\u00e9e g\u00e9n\u00e9rale annuelle des membres de la CCIC - ICCC\",\"isPartOf\":{\"@id\":\"https:\\\/\\\/italchamber.qc.ca\\\/fr\\\/#website\"},\"primaryImageOfPage\":{\"@id\":\"https:\\\/\\\/italchamber.qc.ca\\\/fr\\\/events\\\/assemblee-generale-annuelle-des-membres-de-la-ccic\\\/#primaryimage\"},\"image\":{\"@id\":\"https:\\\/\\\/italchamber.qc.ca\\\/fr\\\/events\\\/assemblee-generale-annuelle-des-membres-de-la-ccic\\\/#primaryimage\"},\"thumbnailUrl\":\"https:\\\/\\\/italchamber.qc.ca\\\/wp-content\\\/uploads\\\/2024\\\/10\\\/Copy-of-Avis-de-convocation-a-lAssemblee-generale-annuelle-des-membres-de-la-CCIC.png\",\"datePublished\":\"2017-04-05T16:47:13+00:00\",\"dateModified\":\"2024-10-11T18:15:46+00:00\",\"breadcrumb\":{\"@id\":\"https:\\\/\\\/italchamber.qc.ca\\\/fr\\\/events\\\/assemblee-generale-annuelle-des-membres-de-la-ccic\\\/#breadcrumb\"},\"inLanguage\":\"fr-FR\",\"potentialAction\":[{\"@type\":\"ReadAction\",\"target\":[\"https:\\\/\\\/italchamber.qc.ca\\\/fr\\\/events\\\/assemblee-generale-annuelle-des-membres-de-la-ccic\\\/\"]}]},{\"@type\":\"ImageObject\",\"inLanguage\":\"fr-FR\",\"@id\":\"https:\\\/\\\/italchamber.qc.ca\\\/fr\\\/events\\\/assemblee-generale-annuelle-des-membres-de-la-ccic\\\/#primaryimage\",\"url\":\"https:\\\/\\\/italchamber.qc.ca\\\/wp-content\\\/uploads\\\/2024\\\/10\\\/Copy-of-Avis-de-convocation-a-lAssemblee-generale-annuelle-des-membres-de-la-CCIC.png\",\"contentUrl\":\"https:\\\/\\\/italchamber.qc.ca\\\/wp-content\\\/uploads\\\/2024\\\/10\\\/Copy-of-Avis-de-convocation-a-lAssemblee-generale-annuelle-des-membres-de-la-CCIC.png\",\"width\":600,\"height\":200},{\"@type\":\"BreadcrumbList\",\"@id\":\"https:\\\/\\\/italchamber.qc.ca\\\/fr\\\/events\\\/assemblee-generale-annuelle-des-membres-de-la-ccic\\\/#breadcrumb\",\"itemListElement\":[{\"@type\":\"ListItem\",\"position\":1,\"name\":\"Home\",\"item\":\"https:\\\/\\\/italchamber.qc.ca\\\/fr\\\/accueil\\\/\"},{\"@type\":\"ListItem\",\"position\":2,\"name\":\"Events\",\"item\":\"https:\\\/\\\/italchamber.qc.ca\\\/fr\\\/events\\\/\"},{\"@type\":\"ListItem\",\"position\":3,\"name\":\"Assembl\u00e9e g\u00e9n\u00e9rale annuelle des membres de la CCIC\"}]},{\"@type\":\"WebSite\",\"@id\":\"https:\\\/\\\/italchamber.qc.ca\\\/fr\\\/#website\",\"url\":\"https:\\\/\\\/italchamber.qc.ca\\\/fr\\\/\",\"name\":\"ICCC\",\"description\":\"Italian Chamber of Commerce in Canada\",\"publisher\":{\"@id\":\"https:\\\/\\\/italchamber.qc.ca\\\/fr\\\/#organization\"},\"potentialAction\":[{\"@type\":\"SearchAction\",\"target\":{\"@type\":\"EntryPoint\",\"urlTemplate\":\"https:\\\/\\\/italchamber.qc.ca\\\/fr\\\/?s={search_term_string}\"},\"query-input\":{\"@type\":\"PropertyValueSpecification\",\"valueRequired\":true,\"valueName\":\"search_term_string\"}}],\"inLanguage\":\"fr-FR\"},{\"@type\":\"Organization\",\"@id\":\"https:\\\/\\\/italchamber.qc.ca\\\/fr\\\/#organization\",\"name\":\"ICCC\",\"url\":\"https:\\\/\\\/italchamber.qc.ca\\\/fr\\\/\",\"logo\":{\"@type\":\"ImageObject\",\"inLanguage\":\"fr-FR\",\"@id\":\"https:\\\/\\\/italchamber.qc.ca\\\/fr\\\/#\\\/schema\\\/logo\\\/image\\\/\",\"url\":\"https:\\\/\\\/italchamber.qc.ca\\\/wp-content\\\/uploads\\\/2025\\\/05\\\/ICCC-Logo-French.svg\",\"contentUrl\":\"https:\\\/\\\/italchamber.qc.ca\\\/wp-content\\\/uploads\\\/2025\\\/05\\\/ICCC-Logo-French.svg\",\"caption\":\"ICCC\"},\"image\":{\"@id\":\"https:\\\/\\\/italchamber.qc.ca\\\/fr\\\/#\\\/schema\\\/logo\\\/image\\\/\"}}]}<\/script>\n<!-- \/ Yoast SEO plugin. -->","yoast_head_json":{"title":"Assembl\u00e9e g\u00e9n\u00e9rale annuelle des membres de la CCIC - ICCC","robots":{"index":"index","follow":"follow","max-snippet":"max-snippet:-1","max-image-preview":"max-image-preview:large","max-video-preview":"max-video-preview:-1"},"canonical":"https:\/\/italchamber.qc.ca\/fr\/events\/assemblee-generale-annuelle-des-membres-de-la-ccic\/","og_locale":"fr_FR","og_type":"article","og_title":"Assembl\u00e9e g\u00e9n\u00e9rale annuelle des membres de la CCIC - ICCC","og_description":"Les membres de la Chambre de commerce\u00a0italienne au Canada sont invit\u00e9s \u00e0 l\u2019assembl\u00e9e g\u00e9n\u00e9rale annuelle, qui aura lieu le jeudi 4 mai \u00e0 18h chez Distinctive Appliances, et sera suivi par un cocktail d\u00eenatoire. Ordre du jour 18h00 &#8211; 18h15 Accueil 18h15 &#8211; 19h00 Assembl\u00e9e g\u00e9n\u00e9rale 19h00 &#8211; 20h00 Cocktail d\u00eenatoire Pour lire l&rsquo;avis de [&hellip;]","og_url":"https:\/\/italchamber.qc.ca\/fr\/events\/assemblee-generale-annuelle-des-membres-de-la-ccic\/","og_site_name":"ICCC","article_modified_time":"2024-10-11T18:15:46+00:00","og_image":[{"width":600,"height":200,"url":"https:\/\/italchamber.qc.ca\/wp-content\/uploads\/2024\/10\/Copy-of-Avis-de-convocation-a-lAssemblee-generale-annuelle-des-membres-de-la-CCIC.png","type":"image\/png"}],"twitter_card":"summary_large_image","twitter_misc":{"Dur\u00e9e de lecture estim\u00e9e":"1 minute"},"schema":{"@context":"https:\/\/schema.org","@graph":[{"@type":"WebPage","@id":"https:\/\/italchamber.qc.ca\/fr\/events\/assemblee-generale-annuelle-des-membres-de-la-ccic\/","url":"https:\/\/italchamber.qc.ca\/fr\/events\/assemblee-generale-annuelle-des-membres-de-la-ccic\/","name":"Assembl\u00e9e g\u00e9n\u00e9rale annuelle des membres de la CCIC - ICCC","isPartOf":{"@id":"https:\/\/italchamber.qc.ca\/fr\/#website"},"primaryImageOfPage":{"@id":"https:\/\/italchamber.qc.ca\/fr\/events\/assemblee-generale-annuelle-des-membres-de-la-ccic\/#primaryimage"},"image":{"@id":"https:\/\/italchamber.qc.ca\/fr\/events\/assemblee-generale-annuelle-des-membres-de-la-ccic\/#primaryimage"},"thumbnailUrl":"https:\/\/italchamber.qc.ca\/wp-content\/uploads\/2024\/10\/Copy-of-Avis-de-convocation-a-lAssemblee-generale-annuelle-des-membres-de-la-CCIC.png","datePublished":"2017-04-05T16:47:13+00:00","dateModified":"2024-10-11T18:15:46+00:00","breadcrumb":{"@id":"https:\/\/italchamber.qc.ca\/fr\/events\/assemblee-generale-annuelle-des-membres-de-la-ccic\/#breadcrumb"},"inLanguage":"fr-FR","potentialAction":[{"@type":"ReadAction","target":["https:\/\/italchamber.qc.ca\/fr\/events\/assemblee-generale-annuelle-des-membres-de-la-ccic\/"]}]},{"@type":"ImageObject","inLanguage":"fr-FR","@id":"https:\/\/italchamber.qc.ca\/fr\/events\/assemblee-generale-annuelle-des-membres-de-la-ccic\/#primaryimage","url":"https:\/\/italchamber.qc.ca\/wp-content\/uploads\/2024\/10\/Copy-of-Avis-de-convocation-a-lAssemblee-generale-annuelle-des-membres-de-la-CCIC.png","contentUrl":"https:\/\/italchamber.qc.ca\/wp-content\/uploads\/2024\/10\/Copy-of-Avis-de-convocation-a-lAssemblee-generale-annuelle-des-membres-de-la-CCIC.png","width":600,"height":200},{"@type":"BreadcrumbList","@id":"https:\/\/italchamber.qc.ca\/fr\/events\/assemblee-generale-annuelle-des-membres-de-la-ccic\/#breadcrumb","itemListElement":[{"@type":"ListItem","position":1,"name":"Home","item":"https:\/\/italchamber.qc.ca\/fr\/accueil\/"},{"@type":"ListItem","position":2,"name":"Events","item":"https:\/\/italchamber.qc.ca\/fr\/events\/"},{"@type":"ListItem","position":3,"name":"Assembl\u00e9e g\u00e9n\u00e9rale annuelle des membres de la CCIC"}]},{"@type":"WebSite","@id":"https:\/\/italchamber.qc.ca\/fr\/#website","url":"https:\/\/italchamber.qc.ca\/fr\/","name":"ICCC","description":"Italian Chamber of Commerce in Canada","publisher":{"@id":"https:\/\/italchamber.qc.ca\/fr\/#organization"},"potentialAction":[{"@type":"SearchAction","target":{"@type":"EntryPoint","urlTemplate":"https:\/\/italchamber.qc.ca\/fr\/?s={search_term_string}"},"query-input":{"@type":"PropertyValueSpecification","valueRequired":true,"valueName":"search_term_string"}}],"inLanguage":"fr-FR"},{"@type":"Organization","@id":"https:\/\/italchamber.qc.ca\/fr\/#organization","name":"ICCC","url":"https:\/\/italchamber.qc.ca\/fr\/","logo":{"@type":"ImageObject","inLanguage":"fr-FR","@id":"https:\/\/italchamber.qc.ca\/fr\/#\/schema\/logo\/image\/","url":"https:\/\/italchamber.qc.ca\/wp-content\/uploads\/2025\/05\/ICCC-Logo-French.svg","contentUrl":"https:\/\/italchamber.qc.ca\/wp-content\/uploads\/2025\/05\/ICCC-Logo-French.svg","caption":"ICCC"},"image":{"@id":"https:\/\/italchamber.qc.ca\/fr\/#\/schema\/logo\/image\/"}}]}},"_links":{"self":[{"href":"https:\/\/italchamber.qc.ca\/fr\/wp-json\/wp\/v2\/event\/7515","targetHints":{"allow":["GET"]}}],"collection":[{"href":"https:\/\/italchamber.qc.ca\/fr\/wp-json\/wp\/v2\/event"}],"about":[{"href":"https:\/\/italchamber.qc.ca\/fr\/wp-json\/wp\/v2\/types\/event"}],"version-history":[{"count":0,"href":"https:\/\/italchamber.qc.ca\/fr\/wp-json\/wp\/v2\/event\/7515\/revisions"}],"wp:featuredmedia":[{"embeddable":true,"href":"https:\/\/italchamber.qc.ca\/fr\/wp-json\/wp\/v2\/media\/7516"}],"wp:attachment":[{"href":"https:\/\/italchamber.qc.ca\/fr\/wp-json\/wp\/v2\/media?parent=7515"}],"wp:term":[{"taxonomy":"event_category","embeddable":true,"href":"https:\/\/italchamber.qc.ca\/fr\/wp-json\/wp\/v2\/event_category?post=7515"}],"curies":[{"name":"wp","href":"https:\/\/api.w.org\/{rel}","templated":true}]}}