{"id":7509,"date":"2017-02-07T20:31:27","date_gmt":"2017-02-07T20:31:27","guid":{"rendered":"https:\/\/italchamber.qc.ca\/events\/propulsons-ensemble-notre-metropole-vers-la-prosperite-2\/"},"modified":"2024-10-11T18:15:44","modified_gmt":"2024-10-11T18:15:44","slug":"propulsons-ensemble-notre-metropole-vers-la-prosperite-2","status":"publish","type":"event","link":"https:\/\/italchamber.qc.ca\/fr\/events\/propulsons-ensemble-notre-metropole-vers-la-prosperite-2\/","title":{"rendered":"Propulsons ensemble notre m\u00e9tropole vers la prosp\u00e9rit\u00e9"},"content":{"rendered":"<p>Lors d&rsquo;un d\u00e9jeuner-conf\u00e9rence, M. Martin Coiteux, Ministre des Affaires municipales et de l&rsquo;Occupation du territoire, Ministre de la S\u00e9curit\u00e9 publique et Ministre responsable de la r\u00e9gion de Montr\u00e9al, s\u2019adressera \u00e0 un auditoire de dirigeants, parties-prenantes et repr\u00e9sentants de la communaut\u00e9 d\u2019affaires de la ville.<\/p>\n<p><strong>Date:<\/strong>\u00a015 Mai 2017<br \/>\n<strong>Heure:<\/strong> 12h \u00e0 14h<br \/>\n<strong>Lieu:<\/strong> Ritz Carlton Montr\u00e9al (1228, Sherbrooke Ouest, Montr\u00e9al, QC H3G 1H6)<\/p>\n<p><strong>R\u00e9servez vos places d\u00e8s aujourd\u2019hui!<\/strong><\/p>\n<p><strong>T\u00e9l :<\/strong> 514-844-4249 poste 229<br \/>\n<strong>@ :<\/strong> <a href=\"mailto:russo.montreal@italchamber.qc.ca\">russo.montreal@italchamber.qc.ca<\/a><\/p>\n<p><a href=\"https:\/\/martincoiteuxccic.eventbrite.ca\" target=\"_blank\" rel=\"noopener noreferrer\">https:\/\/martincoiteuxccic.eventbrite.ca<\/a><\/p>\n<p>&nbsp;<\/p>\n<p><strong>Photos de l&rsquo;\u00e9v\u00e9nement<\/strong><\/p>\n<p><img fetchpriority=\"high\" decoding=\"async\" class=\"alignnone size-large wp-image-1596\" src=\"https:\/\/italchamber.qc.ca\/wp-content\/uploads\/2024\/10\/C_4dc2GXcAAmXsj-1024x768.jpg\" alt=\"\" width=\"860\" height=\"645\" \/><\/p>\n<p><img decoding=\"async\" class=\"alignnone size-full wp-image-1597\" src=\"https:\/\/italchamber.qc.ca\/wp-content\/uploads\/2024\/10\/18446636_898050213666576_8264680585827110830_n.jpg\" alt=\"\" width=\"960\" height=\"540\" \/><\/p>\n<p><img decoding=\"async\" class=\"alignnone size-full wp-image-1599\" src=\"https:\/\/italchamber.qc.ca\/wp-content\/uploads\/2024\/10\/IMG_0100.jpg\" alt=\"\" width=\"640\" height=\"360\" \/><\/p>\n<p><img loading=\"lazy\" decoding=\"async\" class=\"alignnone size-full wp-image-1600\" src=\"https:\/\/italchamber.qc.ca\/wp-content\/uploads\/2024\/10\/IMG_0107.jpg\" alt=\"\" width=\"640\" height=\"360\" \/><\/p>\n<p><img loading=\"lazy\" decoding=\"async\" class=\"alignnone size-full wp-image-1598\" src=\"https:\/\/italchamber.qc.ca\/wp-content\/uploads\/2024\/10\/18447541_898068993664698_4955180560327975704_n.jpg\" alt=\"\" width=\"960\" height=\"540\" \/><\/p>\n<p><img loading=\"lazy\" decoding=\"async\" class=\"alignnone size-large wp-image-1602\" src=\"https:\/\/italchamber.qc.ca\/wp-content\/uploads\/2024\/10\/C_4zCaZXcAEZd4g-1024x768.jpg\" alt=\"\" width=\"860\" height=\"645\" \/><\/p>\n<p><img loading=\"lazy\" decoding=\"async\" class=\"alignleft wp-image-1279 size-full\" src=\"https:\/\/italchamber.qc.ca\/wp-content\/uploads\/2024\/10\/Partenaires-Martin-Coiteux-without-borders.png\" width=\"800\" height=\"800\" \/><\/p>\n<h4 style=\"text-align: center;\"><\/h4>\n","protected":false},"excerpt":{"rendered":"<p>Lors d&rsquo;un d\u00e9jeuner-conf\u00e9rence, M. Martin Coiteux, Ministre des Affaires municipales et de l&rsquo;Occupation du territoire, Ministre de la S\u00e9curit\u00e9 publique et Ministre responsable de la r\u00e9gion de Montr\u00e9al, s\u2019adressera \u00e0 un auditoire de dirigeants, parties-prenantes et repr\u00e9sentants de la communaut\u00e9 d\u2019affaires de la ville. Date:\u00a015 Mai 2017 Heure: 12h \u00e0 14h Lieu: Ritz Carlton Montr\u00e9al [&hellip;]<\/p>\n","protected":false},"featured_media":7504,"template":"","event_category":[],"class_list":["post-7509","event","type-event","status-publish","has-post-thumbnail","hentry"],"acf":[],"yoast_head":"<!-- This site is optimized with the Yoast SEO plugin v27.4 - https:\/\/yoast.com\/product\/yoast-seo-wordpress\/ -->\n<title>Propulsons ensemble notre m\u00e9tropole vers la prosp\u00e9rit\u00e9 - ICCC<\/title>\n<meta name=\"robots\" content=\"index, follow, max-snippet:-1, max-image-preview:large, max-video-preview:-1\" \/>\n<link rel=\"canonical\" href=\"https:\/\/italchamber.qc.ca\/fr\/events\/propulsons-ensemble-notre-metropole-vers-la-prosperite-2\/\" \/>\n<meta property=\"og:locale\" content=\"fr_FR\" \/>\n<meta property=\"og:type\" content=\"article\" \/>\n<meta property=\"og:title\" content=\"Propulsons ensemble notre m\u00e9tropole vers la prosp\u00e9rit\u00e9 - ICCC\" \/>\n<meta property=\"og:description\" content=\"Lors d&rsquo;un d\u00e9jeuner-conf\u00e9rence, M. Martin Coiteux, Ministre des Affaires municipales et de l&rsquo;Occupation du territoire, Ministre de la S\u00e9curit\u00e9 publique et Ministre responsable de la r\u00e9gion de Montr\u00e9al, s\u2019adressera \u00e0 un auditoire de dirigeants, parties-prenantes et repr\u00e9sentants de la communaut\u00e9 d\u2019affaires de la ville. Date:\u00a015 Mai 2017 Heure: 12h \u00e0 14h Lieu: Ritz Carlton Montr\u00e9al [&hellip;]\" \/>\n<meta property=\"og:url\" content=\"https:\/\/italchamber.qc.ca\/fr\/events\/propulsons-ensemble-notre-metropole-vers-la-prosperite-2\/\" \/>\n<meta property=\"og:site_name\" content=\"ICCC\" \/>\n<meta property=\"article:modified_time\" content=\"2024-10-11T18:15:44+00:00\" \/>\n<meta property=\"og:image\" content=\"https:\/\/italchamber.qc.ca\/wp-content\/uploads\/2024\/10\/2nd-version-Martin-Coiteux-webpage-1.png\" \/>\n\t<meta property=\"og:image:width\" content=\"860\" \/>\n\t<meta property=\"og:image:height\" content=\"315\" \/>\n\t<meta property=\"og:image:type\" content=\"image\/png\" \/>\n<meta name=\"twitter:card\" content=\"summary_large_image\" \/>\n<script type=\"application\/ld+json\" class=\"yoast-schema-graph\">{\"@context\":\"https:\\\/\\\/schema.org\",\"@graph\":[{\"@type\":\"WebPage\",\"@id\":\"https:\\\/\\\/italchamber.qc.ca\\\/fr\\\/events\\\/propulsons-ensemble-notre-metropole-vers-la-prosperite-2\\\/\",\"url\":\"https:\\\/\\\/italchamber.qc.ca\\\/fr\\\/events\\\/propulsons-ensemble-notre-metropole-vers-la-prosperite-2\\\/\",\"name\":\"Propulsons ensemble notre m\u00e9tropole vers la prosp\u00e9rit\u00e9 - ICCC\",\"isPartOf\":{\"@id\":\"https:\\\/\\\/italchamber.qc.ca\\\/fr\\\/#website\"},\"primaryImageOfPage\":{\"@id\":\"https:\\\/\\\/italchamber.qc.ca\\\/fr\\\/events\\\/propulsons-ensemble-notre-metropole-vers-la-prosperite-2\\\/#primaryimage\"},\"image\":{\"@id\":\"https:\\\/\\\/italchamber.qc.ca\\\/fr\\\/events\\\/propulsons-ensemble-notre-metropole-vers-la-prosperite-2\\\/#primaryimage\"},\"thumbnailUrl\":\"https:\\\/\\\/italchamber.qc.ca\\\/wp-content\\\/uploads\\\/2024\\\/10\\\/2nd-version-Martin-Coiteux-webpage-1.png\",\"datePublished\":\"2017-02-07T20:31:27+00:00\",\"dateModified\":\"2024-10-11T18:15:44+00:00\",\"breadcrumb\":{\"@id\":\"https:\\\/\\\/italchamber.qc.ca\\\/fr\\\/events\\\/propulsons-ensemble-notre-metropole-vers-la-prosperite-2\\\/#breadcrumb\"},\"inLanguage\":\"fr-FR\",\"potentialAction\":[{\"@type\":\"ReadAction\",\"target\":[\"https:\\\/\\\/italchamber.qc.ca\\\/fr\\\/events\\\/propulsons-ensemble-notre-metropole-vers-la-prosperite-2\\\/\"]}]},{\"@type\":\"ImageObject\",\"inLanguage\":\"fr-FR\",\"@id\":\"https:\\\/\\\/italchamber.qc.ca\\\/fr\\\/events\\\/propulsons-ensemble-notre-metropole-vers-la-prosperite-2\\\/#primaryimage\",\"url\":\"https:\\\/\\\/italchamber.qc.ca\\\/wp-content\\\/uploads\\\/2024\\\/10\\\/2nd-version-Martin-Coiteux-webpage-1.png\",\"contentUrl\":\"https:\\\/\\\/italchamber.qc.ca\\\/wp-content\\\/uploads\\\/2024\\\/10\\\/2nd-version-Martin-Coiteux-webpage-1.png\",\"width\":860,\"height\":315},{\"@type\":\"BreadcrumbList\",\"@id\":\"https:\\\/\\\/italchamber.qc.ca\\\/fr\\\/events\\\/propulsons-ensemble-notre-metropole-vers-la-prosperite-2\\\/#breadcrumb\",\"itemListElement\":[{\"@type\":\"ListItem\",\"position\":1,\"name\":\"Home\",\"item\":\"https:\\\/\\\/italchamber.qc.ca\\\/fr\\\/accueil\\\/\"},{\"@type\":\"ListItem\",\"position\":2,\"name\":\"Events\",\"item\":\"https:\\\/\\\/italchamber.qc.ca\\\/fr\\\/events\\\/\"},{\"@type\":\"ListItem\",\"position\":3,\"name\":\"Propulsons ensemble notre m\u00e9tropole vers la prosp\u00e9rit\u00e9\"}]},{\"@type\":\"WebSite\",\"@id\":\"https:\\\/\\\/italchamber.qc.ca\\\/fr\\\/#website\",\"url\":\"https:\\\/\\\/italchamber.qc.ca\\\/fr\\\/\",\"name\":\"ICCC\",\"description\":\"Italian Chamber of Commerce in Canada\",\"publisher\":{\"@id\":\"https:\\\/\\\/italchamber.qc.ca\\\/fr\\\/#organization\"},\"potentialAction\":[{\"@type\":\"SearchAction\",\"target\":{\"@type\":\"EntryPoint\",\"urlTemplate\":\"https:\\\/\\\/italchamber.qc.ca\\\/fr\\\/?s={search_term_string}\"},\"query-input\":{\"@type\":\"PropertyValueSpecification\",\"valueRequired\":true,\"valueName\":\"search_term_string\"}}],\"inLanguage\":\"fr-FR\"},{\"@type\":\"Organization\",\"@id\":\"https:\\\/\\\/italchamber.qc.ca\\\/fr\\\/#organization\",\"name\":\"ICCC\",\"url\":\"https:\\\/\\\/italchamber.qc.ca\\\/fr\\\/\",\"logo\":{\"@type\":\"ImageObject\",\"inLanguage\":\"fr-FR\",\"@id\":\"https:\\\/\\\/italchamber.qc.ca\\\/fr\\\/#\\\/schema\\\/logo\\\/image\\\/\",\"url\":\"https:\\\/\\\/italchamber.qc.ca\\\/wp-content\\\/uploads\\\/2025\\\/05\\\/ICCC-Logo-French.svg\",\"contentUrl\":\"https:\\\/\\\/italchamber.qc.ca\\\/wp-content\\\/uploads\\\/2025\\\/05\\\/ICCC-Logo-French.svg\",\"caption\":\"ICCC\"},\"image\":{\"@id\":\"https:\\\/\\\/italchamber.qc.ca\\\/fr\\\/#\\\/schema\\\/logo\\\/image\\\/\"}}]}<\/script>\n<!-- \/ Yoast SEO plugin. -->","yoast_head_json":{"title":"Propulsons ensemble notre m\u00e9tropole vers la prosp\u00e9rit\u00e9 - ICCC","robots":{"index":"index","follow":"follow","max-snippet":"max-snippet:-1","max-image-preview":"max-image-preview:large","max-video-preview":"max-video-preview:-1"},"canonical":"https:\/\/italchamber.qc.ca\/fr\/events\/propulsons-ensemble-notre-metropole-vers-la-prosperite-2\/","og_locale":"fr_FR","og_type":"article","og_title":"Propulsons ensemble notre m\u00e9tropole vers la prosp\u00e9rit\u00e9 - ICCC","og_description":"Lors d&rsquo;un d\u00e9jeuner-conf\u00e9rence, M. Martin Coiteux, Ministre des Affaires municipales et de l&rsquo;Occupation du territoire, Ministre de la S\u00e9curit\u00e9 publique et Ministre responsable de la r\u00e9gion de Montr\u00e9al, s\u2019adressera \u00e0 un auditoire de dirigeants, parties-prenantes et repr\u00e9sentants de la communaut\u00e9 d\u2019affaires de la ville. Date:\u00a015 Mai 2017 Heure: 12h \u00e0 14h Lieu: Ritz Carlton Montr\u00e9al [&hellip;]","og_url":"https:\/\/italchamber.qc.ca\/fr\/events\/propulsons-ensemble-notre-metropole-vers-la-prosperite-2\/","og_site_name":"ICCC","article_modified_time":"2024-10-11T18:15:44+00:00","og_image":[{"width":860,"height":315,"url":"https:\/\/italchamber.qc.ca\/wp-content\/uploads\/2024\/10\/2nd-version-Martin-Coiteux-webpage-1.png","type":"image\/png"}],"twitter_card":"summary_large_image","schema":{"@context":"https:\/\/schema.org","@graph":[{"@type":"WebPage","@id":"https:\/\/italchamber.qc.ca\/fr\/events\/propulsons-ensemble-notre-metropole-vers-la-prosperite-2\/","url":"https:\/\/italchamber.qc.ca\/fr\/events\/propulsons-ensemble-notre-metropole-vers-la-prosperite-2\/","name":"Propulsons ensemble notre m\u00e9tropole vers la prosp\u00e9rit\u00e9 - ICCC","isPartOf":{"@id":"https:\/\/italchamber.qc.ca\/fr\/#website"},"primaryImageOfPage":{"@id":"https:\/\/italchamber.qc.ca\/fr\/events\/propulsons-ensemble-notre-metropole-vers-la-prosperite-2\/#primaryimage"},"image":{"@id":"https:\/\/italchamber.qc.ca\/fr\/events\/propulsons-ensemble-notre-metropole-vers-la-prosperite-2\/#primaryimage"},"thumbnailUrl":"https:\/\/italchamber.qc.ca\/wp-content\/uploads\/2024\/10\/2nd-version-Martin-Coiteux-webpage-1.png","datePublished":"2017-02-07T20:31:27+00:00","dateModified":"2024-10-11T18:15:44+00:00","breadcrumb":{"@id":"https:\/\/italchamber.qc.ca\/fr\/events\/propulsons-ensemble-notre-metropole-vers-la-prosperite-2\/#breadcrumb"},"inLanguage":"fr-FR","potentialAction":[{"@type":"ReadAction","target":["https:\/\/italchamber.qc.ca\/fr\/events\/propulsons-ensemble-notre-metropole-vers-la-prosperite-2\/"]}]},{"@type":"ImageObject","inLanguage":"fr-FR","@id":"https:\/\/italchamber.qc.ca\/fr\/events\/propulsons-ensemble-notre-metropole-vers-la-prosperite-2\/#primaryimage","url":"https:\/\/italchamber.qc.ca\/wp-content\/uploads\/2024\/10\/2nd-version-Martin-Coiteux-webpage-1.png","contentUrl":"https:\/\/italchamber.qc.ca\/wp-content\/uploads\/2024\/10\/2nd-version-Martin-Coiteux-webpage-1.png","width":860,"height":315},{"@type":"BreadcrumbList","@id":"https:\/\/italchamber.qc.ca\/fr\/events\/propulsons-ensemble-notre-metropole-vers-la-prosperite-2\/#breadcrumb","itemListElement":[{"@type":"ListItem","position":1,"name":"Home","item":"https:\/\/italchamber.qc.ca\/fr\/accueil\/"},{"@type":"ListItem","position":2,"name":"Events","item":"https:\/\/italchamber.qc.ca\/fr\/events\/"},{"@type":"ListItem","position":3,"name":"Propulsons ensemble notre m\u00e9tropole vers la prosp\u00e9rit\u00e9"}]},{"@type":"WebSite","@id":"https:\/\/italchamber.qc.ca\/fr\/#website","url":"https:\/\/italchamber.qc.ca\/fr\/","name":"ICCC","description":"Italian Chamber of Commerce in Canada","publisher":{"@id":"https:\/\/italchamber.qc.ca\/fr\/#organization"},"potentialAction":[{"@type":"SearchAction","target":{"@type":"EntryPoint","urlTemplate":"https:\/\/italchamber.qc.ca\/fr\/?s={search_term_string}"},"query-input":{"@type":"PropertyValueSpecification","valueRequired":true,"valueName":"search_term_string"}}],"inLanguage":"fr-FR"},{"@type":"Organization","@id":"https:\/\/italchamber.qc.ca\/fr\/#organization","name":"ICCC","url":"https:\/\/italchamber.qc.ca\/fr\/","logo":{"@type":"ImageObject","inLanguage":"fr-FR","@id":"https:\/\/italchamber.qc.ca\/fr\/#\/schema\/logo\/image\/","url":"https:\/\/italchamber.qc.ca\/wp-content\/uploads\/2025\/05\/ICCC-Logo-French.svg","contentUrl":"https:\/\/italchamber.qc.ca\/wp-content\/uploads\/2025\/05\/ICCC-Logo-French.svg","caption":"ICCC"},"image":{"@id":"https:\/\/italchamber.qc.ca\/fr\/#\/schema\/logo\/image\/"}}]}},"_links":{"self":[{"href":"https:\/\/italchamber.qc.ca\/fr\/wp-json\/wp\/v2\/event\/7509","targetHints":{"allow":["GET"]}}],"collection":[{"href":"https:\/\/italchamber.qc.ca\/fr\/wp-json\/wp\/v2\/event"}],"about":[{"href":"https:\/\/italchamber.qc.ca\/fr\/wp-json\/wp\/v2\/types\/event"}],"version-history":[{"count":0,"href":"https:\/\/italchamber.qc.ca\/fr\/wp-json\/wp\/v2\/event\/7509\/revisions"}],"wp:featuredmedia":[{"embeddable":true,"href":"https:\/\/italchamber.qc.ca\/fr\/wp-json\/wp\/v2\/media\/7504"}],"wp:attachment":[{"href":"https:\/\/italchamber.qc.ca\/fr\/wp-json\/wp\/v2\/media?parent=7509"}],"wp:term":[{"taxonomy":"event_category","embeddable":true,"href":"https:\/\/italchamber.qc.ca\/fr\/wp-json\/wp\/v2\/event_category?post=7509"}],"curies":[{"name":"wp","href":"https:\/\/api.w.org\/{rel}","templated":true}]}}