{"id":15302,"date":"2025-03-12T20:35:01","date_gmt":"2025-03-12T20:35:01","guid":{"rendered":"https:\/\/italchamber.qc.ca\/events\/breakfast-conference-with-julie-gascon\/"},"modified":"2025-03-12T20:45:05","modified_gmt":"2025-03-12T20:45:05","slug":"breakfast-conference-with-julie-gascon","status":"publish","type":"event","link":"https:\/\/italchamber.qc.ca\/fr\/events\/breakfast-conference-with-julie-gascon\/","title":{"rendered":"Petit-d\u00e9jeuner-conf\u00e9rence avec Julie Gascon"},"content":{"rendered":"\n<h3 class=\"wp-block-heading\"><strong>Le Port de Montr\u00e9al : Une plaque tournante du commerce international<\/strong><\/h3>\n\n<p>Le 24 avril, <strong>joignez-vous<\/strong> \u00e0 nous pour un petit-d\u00e9jeuner-conf\u00e9rence exclusif avec <strong>Mme Julie Gascon, Pr\u00e9sidente et Chef de la direction de l\u2019Administration portuaire de Montr\u00e9al<\/strong>.<\/p>\n\n<p>V\u00e9ritable carrefour strat\u00e9gique du commerce international, le Port de Montr\u00e9al joue un r\u00f4le cl\u00e9 dans les \u00e9changes entre l&rsquo;Am\u00e9rique du Nord et le monde, notamment avec l&rsquo;Europe. Cette rencontre sera l\u2019occasion d\u2019en apprendre davantage sur les enjeux, opportunit\u00e9s et perspectives de d\u00e9veloppement de cette infrastructure essentielle \u00e0 notre \u00e9conomie.<\/p>\n\n<p>Ne manquez pas cette opportunit\u00e9 d\u2019\u00e9changer avec une leader influente du secteur maritime !<\/p>\n\n<p><strong>Heure<\/strong> : 7h30 \u00e0 9h15<br\/><strong>Location<\/strong> : Sofitel Montreal \u2013 Picasso Room (1155 Sherbrooke St W, Montreal, Quebec H3A 2N3)<\/p>\n\n<p><strong>Billets en vente bient\u00f4t!<\/strong><\/p>\n","protected":false},"excerpt":{"rendered":"<p><b>Le Port de Montr\u00e9al : Une plaque tournante du commerce international<\/b><br \/>\n<br \/>V\u00e9ritable carrefour strat\u00e9gique du commerce international, le Port de Montr\u00e9al joue un r\u00f4le cl\u00e9 dans les \u00e9changes entre l&rsquo;Am\u00e9rique du Nord et le monde, notamment avec l&rsquo;Europe. Cette rencontre sera l\u2019occasion d\u2019en apprendre davantage sur les enjeux, opportunit\u00e9s et perspectives de d\u00e9veloppement de cette infrastructure essentielle \u00e0 notre \u00e9conomie.<\/p>\n","protected":false},"featured_media":15180,"template":"","event_category":[],"class_list":["post-15302","event","type-event","status-publish","has-post-thumbnail","hentry"],"acf":[],"yoast_head":"<!-- This site is optimized with the Yoast SEO plugin v27.4 - https:\/\/yoast.com\/product\/yoast-seo-wordpress\/ -->\n<title>Petit-d\u00e9jeuner-conf\u00e9rence avec Julie Gascon - ICCC<\/title>\n<meta name=\"robots\" content=\"index, follow, max-snippet:-1, max-image-preview:large, max-video-preview:-1\" \/>\n<link rel=\"canonical\" href=\"https:\/\/italchamber.qc.ca\/fr\/events\/breakfast-conference-with-julie-gascon\/\" \/>\n<meta property=\"og:locale\" content=\"fr_FR\" \/>\n<meta property=\"og:type\" content=\"article\" \/>\n<meta property=\"og:title\" content=\"Petit-d\u00e9jeuner-conf\u00e9rence avec Julie Gascon - ICCC\" \/>\n<meta property=\"og:description\" content=\"Le Port de Montr\u00e9al : Une plaque tournante du commerce international V\u00e9ritable carrefour strat\u00e9gique du commerce international, le Port de Montr\u00e9al joue un r\u00f4le cl\u00e9 dans les \u00e9changes entre l&#039;Am\u00e9rique du Nord et le monde, notamment avec l&#039;Europe. Cette rencontre sera l\u2019occasion d\u2019en apprendre davantage sur les enjeux, opportunit\u00e9s et perspectives de d\u00e9veloppement de cette infrastructure essentielle \u00e0 notre \u00e9conomie.\" \/>\n<meta property=\"og:url\" content=\"https:\/\/italchamber.qc.ca\/fr\/events\/breakfast-conference-with-julie-gascon\/\" \/>\n<meta property=\"og:site_name\" content=\"ICCC\" \/>\n<meta property=\"article:modified_time\" content=\"2025-03-12T20:45:05+00:00\" \/>\n<meta property=\"og:image\" content=\"https:\/\/italchamber.qc.ca\/wp-content\/uploads\/2025\/03\/Julie-Gascon-FR.jpg\" \/>\n\t<meta property=\"og:image:width\" content=\"860\" \/>\n\t<meta property=\"og:image:height\" content=\"315\" \/>\n\t<meta property=\"og:image:type\" content=\"image\/jpeg\" \/>\n<meta name=\"twitter:card\" content=\"summary_large_image\" \/>\n<meta name=\"twitter:label1\" content=\"Dur\u00e9e de lecture estim\u00e9e\" \/>\n\t<meta name=\"twitter:data1\" content=\"1 minute\" \/>\n<script type=\"application\/ld+json\" class=\"yoast-schema-graph\">{\"@context\":\"https:\\\/\\\/schema.org\",\"@graph\":[{\"@type\":\"WebPage\",\"@id\":\"https:\\\/\\\/italchamber.qc.ca\\\/fr\\\/events\\\/breakfast-conference-with-julie-gascon\\\/\",\"url\":\"https:\\\/\\\/italchamber.qc.ca\\\/fr\\\/events\\\/breakfast-conference-with-julie-gascon\\\/\",\"name\":\"Petit-d\u00e9jeuner-conf\u00e9rence avec Julie Gascon - ICCC\",\"isPartOf\":{\"@id\":\"https:\\\/\\\/italchamber.qc.ca\\\/fr\\\/#website\"},\"primaryImageOfPage\":{\"@id\":\"https:\\\/\\\/italchamber.qc.ca\\\/fr\\\/events\\\/breakfast-conference-with-julie-gascon\\\/#primaryimage\"},\"image\":{\"@id\":\"https:\\\/\\\/italchamber.qc.ca\\\/fr\\\/events\\\/breakfast-conference-with-julie-gascon\\\/#primaryimage\"},\"thumbnailUrl\":\"https:\\\/\\\/italchamber.qc.ca\\\/wp-content\\\/uploads\\\/2025\\\/03\\\/Julie-Gascon-FR.jpg\",\"datePublished\":\"2025-03-12T20:35:01+00:00\",\"dateModified\":\"2025-03-12T20:45:05+00:00\",\"breadcrumb\":{\"@id\":\"https:\\\/\\\/italchamber.qc.ca\\\/fr\\\/events\\\/breakfast-conference-with-julie-gascon\\\/#breadcrumb\"},\"inLanguage\":\"fr-FR\",\"potentialAction\":[{\"@type\":\"ReadAction\",\"target\":[\"https:\\\/\\\/italchamber.qc.ca\\\/fr\\\/events\\\/breakfast-conference-with-julie-gascon\\\/\"]}]},{\"@type\":\"ImageObject\",\"inLanguage\":\"fr-FR\",\"@id\":\"https:\\\/\\\/italchamber.qc.ca\\\/fr\\\/events\\\/breakfast-conference-with-julie-gascon\\\/#primaryimage\",\"url\":\"https:\\\/\\\/italchamber.qc.ca\\\/wp-content\\\/uploads\\\/2025\\\/03\\\/Julie-Gascon-FR.jpg\",\"contentUrl\":\"https:\\\/\\\/italchamber.qc.ca\\\/wp-content\\\/uploads\\\/2025\\\/03\\\/Julie-Gascon-FR.jpg\",\"width\":860,\"height\":315},{\"@type\":\"BreadcrumbList\",\"@id\":\"https:\\\/\\\/italchamber.qc.ca\\\/fr\\\/events\\\/breakfast-conference-with-julie-gascon\\\/#breadcrumb\",\"itemListElement\":[{\"@type\":\"ListItem\",\"position\":1,\"name\":\"Home\",\"item\":\"https:\\\/\\\/italchamber.qc.ca\\\/fr\\\/accueil\\\/\"},{\"@type\":\"ListItem\",\"position\":2,\"name\":\"Events\",\"item\":\"https:\\\/\\\/italchamber.qc.ca\\\/fr\\\/events\\\/\"},{\"@type\":\"ListItem\",\"position\":3,\"name\":\"Petit-d\u00e9jeuner-conf\u00e9rence avec Julie Gascon\"}]},{\"@type\":\"WebSite\",\"@id\":\"https:\\\/\\\/italchamber.qc.ca\\\/fr\\\/#website\",\"url\":\"https:\\\/\\\/italchamber.qc.ca\\\/fr\\\/\",\"name\":\"ICCC\",\"description\":\"Italian Chamber of Commerce in Canada\",\"publisher\":{\"@id\":\"https:\\\/\\\/italchamber.qc.ca\\\/fr\\\/#organization\"},\"potentialAction\":[{\"@type\":\"SearchAction\",\"target\":{\"@type\":\"EntryPoint\",\"urlTemplate\":\"https:\\\/\\\/italchamber.qc.ca\\\/fr\\\/?s={search_term_string}\"},\"query-input\":{\"@type\":\"PropertyValueSpecification\",\"valueRequired\":true,\"valueName\":\"search_term_string\"}}],\"inLanguage\":\"fr-FR\"},{\"@type\":\"Organization\",\"@id\":\"https:\\\/\\\/italchamber.qc.ca\\\/fr\\\/#organization\",\"name\":\"ICCC\",\"url\":\"https:\\\/\\\/italchamber.qc.ca\\\/fr\\\/\",\"logo\":{\"@type\":\"ImageObject\",\"inLanguage\":\"fr-FR\",\"@id\":\"https:\\\/\\\/italchamber.qc.ca\\\/fr\\\/#\\\/schema\\\/logo\\\/image\\\/\",\"url\":\"https:\\\/\\\/italchamber.qc.ca\\\/wp-content\\\/uploads\\\/2025\\\/05\\\/ICCC-Logo-French.svg\",\"contentUrl\":\"https:\\\/\\\/italchamber.qc.ca\\\/wp-content\\\/uploads\\\/2025\\\/05\\\/ICCC-Logo-French.svg\",\"caption\":\"ICCC\"},\"image\":{\"@id\":\"https:\\\/\\\/italchamber.qc.ca\\\/fr\\\/#\\\/schema\\\/logo\\\/image\\\/\"}}]}<\/script>\n<!-- \/ Yoast SEO plugin. -->","yoast_head_json":{"title":"Petit-d\u00e9jeuner-conf\u00e9rence avec Julie Gascon - ICCC","robots":{"index":"index","follow":"follow","max-snippet":"max-snippet:-1","max-image-preview":"max-image-preview:large","max-video-preview":"max-video-preview:-1"},"canonical":"https:\/\/italchamber.qc.ca\/fr\/events\/breakfast-conference-with-julie-gascon\/","og_locale":"fr_FR","og_type":"article","og_title":"Petit-d\u00e9jeuner-conf\u00e9rence avec Julie Gascon - ICCC","og_description":"Le Port de Montr\u00e9al : Une plaque tournante du commerce international V\u00e9ritable carrefour strat\u00e9gique du commerce international, le Port de Montr\u00e9al joue un r\u00f4le cl\u00e9 dans les \u00e9changes entre l'Am\u00e9rique du Nord et le monde, notamment avec l'Europe. Cette rencontre sera l\u2019occasion d\u2019en apprendre davantage sur les enjeux, opportunit\u00e9s et perspectives de d\u00e9veloppement de cette infrastructure essentielle \u00e0 notre \u00e9conomie.","og_url":"https:\/\/italchamber.qc.ca\/fr\/events\/breakfast-conference-with-julie-gascon\/","og_site_name":"ICCC","article_modified_time":"2025-03-12T20:45:05+00:00","og_image":[{"width":860,"height":315,"url":"https:\/\/italchamber.qc.ca\/wp-content\/uploads\/2025\/03\/Julie-Gascon-FR.jpg","type":"image\/jpeg"}],"twitter_card":"summary_large_image","twitter_misc":{"Dur\u00e9e de lecture estim\u00e9e":"1 minute"},"schema":{"@context":"https:\/\/schema.org","@graph":[{"@type":"WebPage","@id":"https:\/\/italchamber.qc.ca\/fr\/events\/breakfast-conference-with-julie-gascon\/","url":"https:\/\/italchamber.qc.ca\/fr\/events\/breakfast-conference-with-julie-gascon\/","name":"Petit-d\u00e9jeuner-conf\u00e9rence avec Julie Gascon - ICCC","isPartOf":{"@id":"https:\/\/italchamber.qc.ca\/fr\/#website"},"primaryImageOfPage":{"@id":"https:\/\/italchamber.qc.ca\/fr\/events\/breakfast-conference-with-julie-gascon\/#primaryimage"},"image":{"@id":"https:\/\/italchamber.qc.ca\/fr\/events\/breakfast-conference-with-julie-gascon\/#primaryimage"},"thumbnailUrl":"https:\/\/italchamber.qc.ca\/wp-content\/uploads\/2025\/03\/Julie-Gascon-FR.jpg","datePublished":"2025-03-12T20:35:01+00:00","dateModified":"2025-03-12T20:45:05+00:00","breadcrumb":{"@id":"https:\/\/italchamber.qc.ca\/fr\/events\/breakfast-conference-with-julie-gascon\/#breadcrumb"},"inLanguage":"fr-FR","potentialAction":[{"@type":"ReadAction","target":["https:\/\/italchamber.qc.ca\/fr\/events\/breakfast-conference-with-julie-gascon\/"]}]},{"@type":"ImageObject","inLanguage":"fr-FR","@id":"https:\/\/italchamber.qc.ca\/fr\/events\/breakfast-conference-with-julie-gascon\/#primaryimage","url":"https:\/\/italchamber.qc.ca\/wp-content\/uploads\/2025\/03\/Julie-Gascon-FR.jpg","contentUrl":"https:\/\/italchamber.qc.ca\/wp-content\/uploads\/2025\/03\/Julie-Gascon-FR.jpg","width":860,"height":315},{"@type":"BreadcrumbList","@id":"https:\/\/italchamber.qc.ca\/fr\/events\/breakfast-conference-with-julie-gascon\/#breadcrumb","itemListElement":[{"@type":"ListItem","position":1,"name":"Home","item":"https:\/\/italchamber.qc.ca\/fr\/accueil\/"},{"@type":"ListItem","position":2,"name":"Events","item":"https:\/\/italchamber.qc.ca\/fr\/events\/"},{"@type":"ListItem","position":3,"name":"Petit-d\u00e9jeuner-conf\u00e9rence avec Julie Gascon"}]},{"@type":"WebSite","@id":"https:\/\/italchamber.qc.ca\/fr\/#website","url":"https:\/\/italchamber.qc.ca\/fr\/","name":"ICCC","description":"Italian Chamber of Commerce in Canada","publisher":{"@id":"https:\/\/italchamber.qc.ca\/fr\/#organization"},"potentialAction":[{"@type":"SearchAction","target":{"@type":"EntryPoint","urlTemplate":"https:\/\/italchamber.qc.ca\/fr\/?s={search_term_string}"},"query-input":{"@type":"PropertyValueSpecification","valueRequired":true,"valueName":"search_term_string"}}],"inLanguage":"fr-FR"},{"@type":"Organization","@id":"https:\/\/italchamber.qc.ca\/fr\/#organization","name":"ICCC","url":"https:\/\/italchamber.qc.ca\/fr\/","logo":{"@type":"ImageObject","inLanguage":"fr-FR","@id":"https:\/\/italchamber.qc.ca\/fr\/#\/schema\/logo\/image\/","url":"https:\/\/italchamber.qc.ca\/wp-content\/uploads\/2025\/05\/ICCC-Logo-French.svg","contentUrl":"https:\/\/italchamber.qc.ca\/wp-content\/uploads\/2025\/05\/ICCC-Logo-French.svg","caption":"ICCC"},"image":{"@id":"https:\/\/italchamber.qc.ca\/fr\/#\/schema\/logo\/image\/"}}]}},"_links":{"self":[{"href":"https:\/\/italchamber.qc.ca\/fr\/wp-json\/wp\/v2\/event\/15302","targetHints":{"allow":["GET"]}}],"collection":[{"href":"https:\/\/italchamber.qc.ca\/fr\/wp-json\/wp\/v2\/event"}],"about":[{"href":"https:\/\/italchamber.qc.ca\/fr\/wp-json\/wp\/v2\/types\/event"}],"version-history":[{"count":2,"href":"https:\/\/italchamber.qc.ca\/fr\/wp-json\/wp\/v2\/event\/15302\/revisions"}],"predecessor-version":[{"id":15305,"href":"https:\/\/italchamber.qc.ca\/fr\/wp-json\/wp\/v2\/event\/15302\/revisions\/15305"}],"wp:featuredmedia":[{"embeddable":true,"href":"https:\/\/italchamber.qc.ca\/fr\/wp-json\/wp\/v2\/media\/15180"}],"wp:attachment":[{"href":"https:\/\/italchamber.qc.ca\/fr\/wp-json\/wp\/v2\/media?parent=15302"}],"wp:term":[{"taxonomy":"event_category","embeddable":true,"href":"https:\/\/italchamber.qc.ca\/fr\/wp-json\/wp\/v2\/event_category?post=15302"}],"curies":[{"name":"wp","href":"https:\/\/api.w.org\/{rel}","templated":true}]}}