{"version":"1.0","provider_name":"ICCC","provider_url":"https:\/\/italchamber.qc.ca\/fr\/","author_name":"ICCC","author_url":"https:\/\/italchamber.qc.ca\/fr\/author\/iccc\/","title":"Dialogues transatlantiques : b\u00e2tir la croissance avec l\u2019Europe - ICCC","type":"rich","width":600,"height":338,"html":"<blockquote class=\"wp-embedded-content\" data-secret=\"dbWtxIiko0\"><a href=\"https:\/\/italchamber.qc.ca\/fr\/transatlantic-dialogues-building-growth-with-europe\/\">Dialogues transatlantiques : b\u00e2tir la croissance avec l\u2019Europe<\/a><\/blockquote><iframe sandbox=\"allow-scripts\" security=\"restricted\" src=\"https:\/\/italchamber.qc.ca\/fr\/transatlantic-dialogues-building-growth-with-europe\/embed\/#?secret=dbWtxIiko0\" width=\"600\" height=\"338\" title=\"\u00ab\u00a0Dialogues transatlantiques : b\u00e2tir la croissance avec l\u2019Europe\u00a0\u00bb &#8212; ICCC\" data-secret=\"dbWtxIiko0\" frameborder=\"0\" marginwidth=\"0\" marginheight=\"0\" scrolling=\"no\" class=\"wp-embedded-content\"><\/iframe><script>\n\/*! This file is auto-generated *\/\n!function(d,l){\"use strict\";l.querySelector&&d.addEventListener&&\"undefined\"!=typeof URL&&(d.wp=d.wp||{},d.wp.receiveEmbedMessage||(d.wp.receiveEmbedMessage=function(e){var t=e.data;if((t||t.secret||t.message||t.value)&&!\/[^a-zA-Z0-9]\/.test(t.secret)){for(var s,r,n,a=l.querySelectorAll('iframe[data-secret=\"'+t.secret+'\"]'),o=l.querySelectorAll('blockquote[data-secret=\"'+t.secret+'\"]'),c=new RegExp(\"^https?:$\",\"i\"),i=0;i<o.length;i++)o[i].style.display=\"none\";for(i=0;i<a.length;i++)s=a[i],e.source===s.contentWindow&&(s.removeAttribute(\"style\"),\"height\"===t.message?(1e3<(r=parseInt(t.value,10))?r=1e3:~~r<200&&(r=200),s.height=r):\"link\"===t.message&&(r=new URL(s.getAttribute(\"src\")),n=new URL(t.value),c.test(n.protocol))&&n.host===r.host&&l.activeElement===s&&(d.top.location.href=t.value))}},d.addEventListener(\"message\",d.wp.receiveEmbedMessage,!1),l.addEventListener(\"DOMContentLoaded\",function(){for(var e,t,s=l.querySelectorAll(\"iframe.wp-embedded-content\"),r=0;r<s.length;r++)(t=(e=s[r]).getAttribute(\"data-secret\"))||(t=Math.random().toString(36).substring(2,12),e.src+=\"#?secret=\"+t,e.setAttribute(\"data-secret\",t)),e.contentWindow.postMessage({message:\"ready\",secret:t},\"*\")},!1)))}(window,document);\n\/\/# sourceURL=https:\/\/italchamber.qc.ca\/wp-includes\/js\/wp-embed.min.js\n<\/script>\n","thumbnail_url":"https:\/\/italchamber.qc.ca\/wp-content\/uploads\/2026\/01\/1765252012071.jpeg","thumbnail_width":1024,"thumbnail_height":683,"description":"Un \u00e9change strat\u00e9gique entre l\u2019Europe et le Canada Le December 4th, la Chambre a eu le plaisir de pr\u00e9senter \u00ab Dialogues transatlantiques : b\u00e2tir la croissance avec l\u2019Europe \u00bb, un \u00e9v\u00e9nement organis\u00e9 en collaboration avec la Chambre de commerce et d\u2019industrie fran\u00e7aise au Canada (CCIFC), la Belgian Canadian Business Chamber, ainsi que nos partenaires officiels [&hellip;]"}