{"version":"1.0","provider_name":"ICCC","provider_url":"https:\/\/italchamber.qc.ca\/fr\/","author_name":"ICCC","author_url":"https:\/\/italchamber.qc.ca\/fr\/","title":"M\u00e9lanie Lussier - ICCC","type":"rich","width":600,"height":338,"html":"<blockquote class=\"wp-embedded-content\" data-secret=\"WPwm0ns9Zl\"><a href=\"https:\/\/italchamber.qc.ca\/fr\/speakers\/melanie-lussier-2\/\">M\u00e9lanie Lussier<\/a><\/blockquote><iframe sandbox=\"allow-scripts\" security=\"restricted\" src=\"https:\/\/italchamber.qc.ca\/fr\/speakers\/melanie-lussier-2\/embed\/#?secret=WPwm0ns9Zl\" width=\"600\" height=\"338\" title=\"\u00ab\u00a0M\u00e9lanie Lussier\u00a0\u00bb &#8212; ICCC\" data-secret=\"WPwm0ns9Zl\" frameborder=\"0\" marginwidth=\"0\" marginheight=\"0\" scrolling=\"no\" class=\"wp-embedded-content\"><\/iframe><script>\n\/*! This file is auto-generated *\/\n!function(d,l){\"use strict\";l.querySelector&&d.addEventListener&&\"undefined\"!=typeof URL&&(d.wp=d.wp||{},d.wp.receiveEmbedMessage||(d.wp.receiveEmbedMessage=function(e){var t=e.data;if((t||t.secret||t.message||t.value)&&!\/[^a-zA-Z0-9]\/.test(t.secret)){for(var s,r,n,a=l.querySelectorAll('iframe[data-secret=\"'+t.secret+'\"]'),o=l.querySelectorAll('blockquote[data-secret=\"'+t.secret+'\"]'),c=new RegExp(\"^https?:$\",\"i\"),i=0;i<o.length;i++)o[i].style.display=\"none\";for(i=0;i<a.length;i++)s=a[i],e.source===s.contentWindow&&(s.removeAttribute(\"style\"),\"height\"===t.message?(1e3<(r=parseInt(t.value,10))?r=1e3:~~r<200&&(r=200),s.height=r):\"link\"===t.message&&(r=new URL(s.getAttribute(\"src\")),n=new URL(t.value),c.test(n.protocol))&&n.host===r.host&&l.activeElement===s&&(d.top.location.href=t.value))}},d.addEventListener(\"message\",d.wp.receiveEmbedMessage,!1),l.addEventListener(\"DOMContentLoaded\",function(){for(var e,t,s=l.querySelectorAll(\"iframe.wp-embedded-content\"),r=0;r<s.length;r++)(t=(e=s[r]).getAttribute(\"data-secret\"))||(t=Math.random().toString(36).substring(2,12),e.src+=\"#?secret=\"+t,e.setAttribute(\"data-secret\",t)),e.contentWindow.postMessage({message:\"ready\",secret:t},\"*\")},!1)))}(window,document);\n\/\/# sourceURL=https:\/\/italchamber.qc.ca\/wp-includes\/js\/wp-embed.min.js\n<\/script>\n","thumbnail_url":"https:\/\/italchamber.qc.ca\/wp-content\/uploads\/2024\/10\/Melanie-Lussier-Aero-Montreal.jpg","thumbnail_width":410,"thumbnail_height":410,"description":"M\u00e9lanie Lussier a joint A\u00e9ro Montr\u00e9al en octobre 2014 comme directrice principale, d\u00e9veloppement des march\u00e9s pour les PME &amp; Cha\u00eene d\u2019approvisionnement. Elle est aujourd\u2019hui vice-pr\u00e9sidente des op\u00e9rations. Son premier mandat \u00e0 A\u00e9ro Montr\u00e9al comprenait la supervision de diverses initiatives visant \u00e0 soutenir le d\u00e9veloppement et l\u2019internationalisation des petites et moyennes entreprises les plus dynamiques du [&hellip;]"}