{"version":"1.0","provider_name":"ICCC","provider_url":"https:\/\/italchamber.qc.ca\/fr\/","author_name":"ICCC","author_url":"https:\/\/italchamber.qc.ca\/fr\/author\/iccc\/","title":"CALLARI, Sebastiano - R\u00e9gion Frioul V\u00e9n\u00e9tie Julienne - ICCC","type":"rich","width":600,"height":338,"html":"<blockquote class=\"wp-embedded-content\" data-secret=\"koP6WdQpX8\"><a href=\"https:\/\/italchamber.qc.ca\/fr\/speakers\/callari-sebastiano-region-of-friuli-venezia-giulia\/\">CALLARI, Sebastiano &#8211; R\u00e9gion Frioul V\u00e9n\u00e9tie Julienne<\/a><\/blockquote><iframe sandbox=\"allow-scripts\" security=\"restricted\" src=\"https:\/\/italchamber.qc.ca\/fr\/speakers\/callari-sebastiano-region-of-friuli-venezia-giulia\/embed\/#?secret=koP6WdQpX8\" width=\"600\" height=\"338\" title=\"\u00ab\u00a0CALLARI, Sebastiano &#8211; R\u00e9gion Frioul V\u00e9n\u00e9tie Julienne\u00a0\u00bb &#8212; ICCC\" data-secret=\"koP6WdQpX8\" frameborder=\"0\" marginwidth=\"0\" marginheight=\"0\" scrolling=\"no\" class=\"wp-embedded-content\"><\/iframe><script>\n\/*! This file is auto-generated *\/\n!function(d,l){\"use strict\";l.querySelector&&d.addEventListener&&\"undefined\"!=typeof URL&&(d.wp=d.wp||{},d.wp.receiveEmbedMessage||(d.wp.receiveEmbedMessage=function(e){var t=e.data;if((t||t.secret||t.message||t.value)&&!\/[^a-zA-Z0-9]\/.test(t.secret)){for(var s,r,n,a=l.querySelectorAll('iframe[data-secret=\"'+t.secret+'\"]'),o=l.querySelectorAll('blockquote[data-secret=\"'+t.secret+'\"]'),c=new RegExp(\"^https?:$\",\"i\"),i=0;i<o.length;i++)o[i].style.display=\"none\";for(i=0;i<a.length;i++)s=a[i],e.source===s.contentWindow&&(s.removeAttribute(\"style\"),\"height\"===t.message?(1e3<(r=parseInt(t.value,10))?r=1e3:~~r<200&&(r=200),s.height=r):\"link\"===t.message&&(r=new URL(s.getAttribute(\"src\")),n=new URL(t.value),c.test(n.protocol))&&n.host===r.host&&l.activeElement===s&&(d.top.location.href=t.value))}},d.addEventListener(\"message\",d.wp.receiveEmbedMessage,!1),l.addEventListener(\"DOMContentLoaded\",function(){for(var e,t,s=l.querySelectorAll(\"iframe.wp-embedded-content\"),r=0;r<s.length;r++)(t=(e=s[r]).getAttribute(\"data-secret\"))||(t=Math.random().toString(36).substring(2,12),e.src+=\"#?secret=\"+t,e.setAttribute(\"data-secret\",t)),e.contentWindow.postMessage({message:\"ready\",secret:t},\"*\")},!1)))}(window,document);\n\/\/# sourceURL=https:\/\/italchamber.qc.ca\/wp-includes\/js\/wp-embed.min.js\n<\/script>\n","thumbnail_url":"https:\/\/italchamber.qc.ca\/wp-content\/uploads\/2025\/10\/assessore-callari-png.png","thumbnail_width":1600,"thumbnail_height":900,"description":"Sebastiano Callari est le Ministre r\u00e9gional du Patrimoine, du Domaine public, des Services g\u00e9n\u00e9raux et des Syst\u00e8mes informatiques de la R\u00e9gion Frioul V\u00e9n\u00e9tie Julienne depuis 2018, et Coordinateur adjoint de la Commission Technologie et Innovation Num\u00e9rique (ITD) de la Conf\u00e9rence des R\u00e9gions et Provinces autonomes."}