{"version":"1.0","provider_name":"ICCC","provider_url":"https:\/\/italchamber.qc.ca\/fr\/","author_name":"ICCC","author_url":"https:\/\/italchamber.qc.ca\/fr\/author\/iccc\/","title":"Une mission Qu\u00e9bec\u2013Pi\u00e9mont pour renforcer les collaborations dans des secteurs cl\u00e9s de l\u2019innovation - ICCC","type":"rich","width":600,"height":338,"html":"<blockquote class=\"wp-embedded-content\" data-secret=\"f5JiHOcOBR\"><a href=\"https:\/\/italchamber.qc.ca\/fr\/quebec-piemont-mission-deepens-ties-across-innovation-sectors\/\">Une mission Qu\u00e9bec\u2013Pi\u00e9mont pour renforcer les collaborations dans des secteurs cl\u00e9s de l\u2019innovation<\/a><\/blockquote><iframe sandbox=\"allow-scripts\" security=\"restricted\" src=\"https:\/\/italchamber.qc.ca\/fr\/quebec-piemont-mission-deepens-ties-across-innovation-sectors\/embed\/#?secret=f5JiHOcOBR\" width=\"600\" height=\"338\" title=\"\u00ab\u00a0Une mission Qu\u00e9bec\u2013Pi\u00e9mont pour renforcer les collaborations dans des secteurs cl\u00e9s de l\u2019innovation\u00a0\u00bb &#8212; ICCC\" data-secret=\"f5JiHOcOBR\" frameborder=\"0\" marginwidth=\"0\" marginheight=\"0\" scrolling=\"no\" class=\"wp-embedded-content\"><\/iframe><script>\n\/*! This file is auto-generated *\/\n!function(d,l){\"use strict\";l.querySelector&&d.addEventListener&&\"undefined\"!=typeof URL&&(d.wp=d.wp||{},d.wp.receiveEmbedMessage||(d.wp.receiveEmbedMessage=function(e){var t=e.data;if((t||t.secret||t.message||t.value)&&!\/[^a-zA-Z0-9]\/.test(t.secret)){for(var s,r,n,a=l.querySelectorAll('iframe[data-secret=\"'+t.secret+'\"]'),o=l.querySelectorAll('blockquote[data-secret=\"'+t.secret+'\"]'),c=new RegExp(\"^https?:$\",\"i\"),i=0;i<o.length;i++)o[i].style.display=\"none\";for(i=0;i<a.length;i++)s=a[i],e.source===s.contentWindow&&(s.removeAttribute(\"style\"),\"height\"===t.message?(1e3<(r=parseInt(t.value,10))?r=1e3:~~r<200&&(r=200),s.height=r):\"link\"===t.message&&(r=new URL(s.getAttribute(\"src\")),n=new URL(t.value),c.test(n.protocol))&&n.host===r.host&&l.activeElement===s&&(d.top.location.href=t.value))}},d.addEventListener(\"message\",d.wp.receiveEmbedMessage,!1),l.addEventListener(\"DOMContentLoaded\",function(){for(var e,t,s=l.querySelectorAll(\"iframe.wp-embedded-content\"),r=0;r<s.length;r++)(t=(e=s[r]).getAttribute(\"data-secret\"))||(t=Math.random().toString(36).substring(2,12),e.src+=\"#?secret=\"+t,e.setAttribute(\"data-secret\",t)),e.contentWindow.postMessage({message:\"ready\",secret:t},\"*\")},!1)))}(window,document);\n\/\/# sourceURL=https:\/\/italchamber.qc.ca\/wp-includes\/js\/wp-embed.min.js\n<\/script>\n","thumbnail_url":"https:\/\/italchamber.qc.ca\/wp-content\/uploads\/2026\/04\/ZA-Deleg.Piemont_2026-04-13.jpg","thumbnail_width":1024,"thumbnail_height":768,"description":"Montr\u00e9al a r\u00e9cemment accueilli une d\u00e9l\u00e9gation institutionnelle de haut niveau en provenance de la R\u00e9gion du Pi\u00e9mont, dans le cadre d\u2019une mission de plusieurs jours au Qu\u00e9bec visant \u00e0 approfondir les liens de collaboration dans des secteurs strat\u00e9giques. Compos\u00e9e de plus de 30 repr\u00e9sentants d\u2019agences et d\u2019institutions publiques, la d\u00e9l\u00e9gation refl\u00e9tait toute la diversit\u00e9 et [&hellip;]"}