{"version":"1.0","provider_name":"ICCC","provider_url":"https:\/\/italchamber.qc.ca\/fr\/","author_name":"ICCC","author_url":"https:\/\/italchamber.qc.ca\/fr\/","title":"Gala della CCIC avec Chef Carlo Cracco - ICCC","type":"rich","width":600,"height":338,"html":"<blockquote class=\"wp-embedded-content\" data-secret=\"Va7bnh31I2\"><a href=\"https:\/\/italchamber.qc.ca\/fr\/events\/gala-della-ccic-avec-chef-carlo-cracco\/\">Gala della CCIC avec Chef Carlo Cracco<\/a><\/blockquote><iframe sandbox=\"allow-scripts\" security=\"restricted\" src=\"https:\/\/italchamber.qc.ca\/fr\/events\/gala-della-ccic-avec-chef-carlo-cracco\/embed\/#?secret=Va7bnh31I2\" width=\"600\" height=\"338\" title=\"\u00ab\u00a0Gala della CCIC avec Chef Carlo Cracco\u00a0\u00bb &#8212; ICCC\" data-secret=\"Va7bnh31I2\" frameborder=\"0\" marginwidth=\"0\" marginheight=\"0\" scrolling=\"no\" class=\"wp-embedded-content\"><\/iframe><script>\n\/*! This file is auto-generated *\/\n!function(d,l){\"use strict\";l.querySelector&&d.addEventListener&&\"undefined\"!=typeof URL&&(d.wp=d.wp||{},d.wp.receiveEmbedMessage||(d.wp.receiveEmbedMessage=function(e){var t=e.data;if((t||t.secret||t.message||t.value)&&!\/[^a-zA-Z0-9]\/.test(t.secret)){for(var s,r,n,a=l.querySelectorAll('iframe[data-secret=\"'+t.secret+'\"]'),o=l.querySelectorAll('blockquote[data-secret=\"'+t.secret+'\"]'),c=new RegExp(\"^https?:$\",\"i\"),i=0;i<o.length;i++)o[i].style.display=\"none\";for(i=0;i<a.length;i++)s=a[i],e.source===s.contentWindow&&(s.removeAttribute(\"style\"),\"height\"===t.message?(1e3<(r=parseInt(t.value,10))?r=1e3:~~r<200&&(r=200),s.height=r):\"link\"===t.message&&(r=new URL(s.getAttribute(\"src\")),n=new URL(t.value),c.test(n.protocol))&&n.host===r.host&&l.activeElement===s&&(d.top.location.href=t.value))}},d.addEventListener(\"message\",d.wp.receiveEmbedMessage,!1),l.addEventListener(\"DOMContentLoaded\",function(){for(var e,t,s=l.querySelectorAll(\"iframe.wp-embedded-content\"),r=0;r<s.length;r++)(t=(e=s[r]).getAttribute(\"data-secret\"))||(t=Math.random().toString(36).substring(2,12),e.src+=\"#?secret=\"+t,e.setAttribute(\"data-secret\",t)),e.contentWindow.postMessage({message:\"ready\",secret:t},\"*\")},!1)))}(window,document);\n\/\/# sourceURL=https:\/\/italchamber.qc.ca\/wp-includes\/js\/wp-embed.min.js\n<\/script>\n","thumbnail_url":"https:\/\/italchamber.qc.ca\/wp-content\/uploads\/2024\/10\/Headers-1.png","thumbnail_width":860,"thumbnail_height":315,"description":"Sous la pr\u00e9sidence d&rsquo;honneur de M. Nicolas Touchette, co-propri\u00e9taire et chef de l&rsquo;exploitation du Groupe Touchette, vivez l&rsquo;apog\u00e9e de la sophistication lors de la c\u00e9l\u00e9bration exclusive de la \u00a0Chambre de Commerce Italienne au Canada, r\u00e9unissant 300 membres, partenaires et parties prenantes \u00e9minents du monde des affaires de la province. Savourez un voyage gastronomique in\u00e9gal\u00e9, concoct\u00e9 [&hellip;]"}