{"version":"1.0","provider_name":"ICCC","provider_url":"https:\/\/italchamber.qc.ca\/fr\/","author_name":"motto","author_url":"https:\/\/italchamber.qc.ca\/fr\/author\/motto\/","title":"Petit-d\u00e9jeuner-conf\u00e9rence avec Julie Gascon - ICCC","type":"rich","width":600,"height":338,"html":"<blockquote class=\"wp-embedded-content\" data-secret=\"1fzdQSyf6b\"><a href=\"https:\/\/italchamber.qc.ca\/fr\/events\/breakfast-conference-with-julie-gascon\/\">Petit-d\u00e9jeuner-conf\u00e9rence avec Julie Gascon<\/a><\/blockquote><iframe sandbox=\"allow-scripts\" security=\"restricted\" src=\"https:\/\/italchamber.qc.ca\/fr\/events\/breakfast-conference-with-julie-gascon\/embed\/#?secret=1fzdQSyf6b\" width=\"600\" height=\"338\" title=\"\u00ab\u00a0Petit-d\u00e9jeuner-conf\u00e9rence avec Julie Gascon\u00a0\u00bb &#8212; ICCC\" data-secret=\"1fzdQSyf6b\" frameborder=\"0\" marginwidth=\"0\" marginheight=\"0\" scrolling=\"no\" class=\"wp-embedded-content\"><\/iframe><script>\n\/*! This file is auto-generated *\/\n!function(d,l){\"use strict\";l.querySelector&&d.addEventListener&&\"undefined\"!=typeof URL&&(d.wp=d.wp||{},d.wp.receiveEmbedMessage||(d.wp.receiveEmbedMessage=function(e){var t=e.data;if((t||t.secret||t.message||t.value)&&!\/[^a-zA-Z0-9]\/.test(t.secret)){for(var s,r,n,a=l.querySelectorAll('iframe[data-secret=\"'+t.secret+'\"]'),o=l.querySelectorAll('blockquote[data-secret=\"'+t.secret+'\"]'),c=new RegExp(\"^https?:$\",\"i\"),i=0;i<o.length;i++)o[i].style.display=\"none\";for(i=0;i<a.length;i++)s=a[i],e.source===s.contentWindow&&(s.removeAttribute(\"style\"),\"height\"===t.message?(1e3<(r=parseInt(t.value,10))?r=1e3:~~r<200&&(r=200),s.height=r):\"link\"===t.message&&(r=new URL(s.getAttribute(\"src\")),n=new URL(t.value),c.test(n.protocol))&&n.host===r.host&&l.activeElement===s&&(d.top.location.href=t.value))}},d.addEventListener(\"message\",d.wp.receiveEmbedMessage,!1),l.addEventListener(\"DOMContentLoaded\",function(){for(var e,t,s=l.querySelectorAll(\"iframe.wp-embedded-content\"),r=0;r<s.length;r++)(t=(e=s[r]).getAttribute(\"data-secret\"))||(t=Math.random().toString(36).substring(2,12),e.src+=\"#?secret=\"+t,e.setAttribute(\"data-secret\",t)),e.contentWindow.postMessage({message:\"ready\",secret:t},\"*\")},!1)))}(window,document);\n\/\/# sourceURL=https:\/\/italchamber.qc.ca\/wp-includes\/js\/wp-embed.min.js\n<\/script>\n","thumbnail_url":"https:\/\/italchamber.qc.ca\/wp-content\/uploads\/2025\/03\/Julie-Gascon-FR.jpg","thumbnail_width":860,"thumbnail_height":315,"description":"Le Port de Montr\u00e9al : Une plaque tournante du commerce international V\u00e9ritable carrefour strat\u00e9gique du commerce international, le Port de Montr\u00e9al joue un r\u00f4le cl\u00e9 dans les \u00e9changes entre l'Am\u00e9rique du Nord et le monde, notamment avec l'Europe. Cette rencontre sera l\u2019occasion d\u2019en apprendre davantage sur les enjeux, opportunit\u00e9s et perspectives de d\u00e9veloppement de cette infrastructure essentielle \u00e0 notre \u00e9conomie."}